{"id":9241,"date":"2020-12-26T18:53:23","date_gmt":"2020-12-26T17:53:23","guid":{"rendered":"https:\/\/projectes.xtec.cat\/memoriaieducacio\/?page_id=9241"},"modified":"2020-12-26T18:53:23","modified_gmt":"2020-12-26T17:53:23","slug":"espais-del-camp","status":"publish","type":"page","link":"https:\/\/projectes.xtec.cat\/memoriaieducacio\/activitats\/itineraris-de-memoria\/buchenwald-weimar-2018\/buchenwald-2\/espais-del-camp\/","title":{"rendered":"Espais del camp"},"content":{"rendered":"<p><b>ESPAIS\u00a0 DEL CAMP<\/b><\/p>\n<p>&nbsp;<\/p>\n<p><b>Arquitectura del camp<\/b><\/p>\n<p><span style=\"font-weight: 400;\">190 hect\u00e0rees, dividides en 3 sectors:<\/span><\/p>\n<ul>\n<li style=\"font-weight: 400;\"><span style=\"font-weight: 400;\">Instal\u00b7lacions de les SS: casernes i centres d\u2019instrucci\u00f3 dels nois (17\/18 anys) que es formaven per a dirigir altres camps (d\u2019aqu\u00ed que l\u2019espai sigui tan gran).<\/span><\/li>\n<li style=\"font-weight: 400;\"><span style=\"font-weight: 400;\">Instal\u00b7lacions pels presoners. Incloent el \u201ccamp petit\u201d, creat al 1942, primer com a espai de quarentena (per evitar epid\u00e8mies), i a partir de 1944 (que arriben els jueus d\u2019Auschwitz i de tots els camps de l\u2019est) esdev\u00e9 nom\u00e9s per als presoners jueus: barracots tancats i inhumans on moren en massa.<\/span><\/li>\n<li style=\"font-weight: 400;\"><span style=\"font-weight: 400;\">Instal\u00b7lacions de treball: f\u00e0briques de producci\u00f3 d\u2019armament (DAB) de les SS per a la guerra. A m\u00e9s, del camp de Buchenwald depenien administrativament 300 subcamps que tamb\u00e9 en produ\u00efen i que estaven distribu\u00efts per tot el centre d\u2019Alemanya.<\/span><\/li>\n<\/ul>\n<p>&nbsp;<\/p>\n<p><b>Instal\u00b7lacions del camp<\/b><\/p>\n<p><span style=\"font-weight: 400;\">Un enorme complex amb moltes instal\u00b7lacions, com per exemple: granges de porcs, conills i gallines per als SS, l\u2019anomenat<\/span><b> \u201cCamino del carajo\u201d<\/b><span style=\"font-weight: 400;\">, una biblioteca (?!), dotada de 100 llibres del <\/span><i><span style=\"font-weight: 400;\">Mein Kampf<\/span><\/i><span style=\"font-weight: 400;\">, vil\u00b7les i zones d\u2019esbarjo (zoo i camins als afores del camp) per als SS i les seves fam\u00edlies, una planta de En el 43, reciclatge d\u2019aigua (1943) per regar la plantaci\u00f3 d\u2019arbres fruiters. Era una ciutat que es prove\u00efa a si mateixa&#8230; Per aix\u00f2 l\u2019entrada a Buchenwald es fa molt abans que s\u2019hagi arribat a la porta de la torre del rellotge (aturat a un quart de quatre de l\u201911 d\u2019abril de 1945). Perqu\u00e8 el camp no \u00e9s nom\u00e9s tot l&#8217;espai envoltat de filat electrificat, als afores hi ha la pedrera, les naus per a fabricar armament, els tallers mec\u00e0nics i l&#8217;estaci\u00f3 per a repostar combustible, les barraques dels soldats SS, les depend\u00e8ncies dels oficials, la falconeria, el zoo i el pavell\u00f3 d\u2019h\u00edpica, l\u2019estaci\u00f3 de bombers (presoners), el camp d\u2019ensinistrament de gossos per al maltractament dels presoners, les f\u00e0briques d\u2019armament (destru\u00efdes en el bombardeig de l\u2019agost del 44)&#8230;<\/span><\/p>\n<ol>\n<li><b> Camino del Carajo<\/b><span style=\"font-weight: 400;\">: cam\u00ed d\u2019arribada al camp des de l\u2019estaci\u00f3 a partir del 1943, i \u00e9s on es trobaven els edificis administratius i l\u2019oficina de Comandament.<\/span><\/li>\n<li><b> Oficina del Comandament<\/b><span style=\"font-weight: 400;\">: Koch, nacionalsocialista, fidel a la seva ideologia, violent i corrupte. Tenia la vil\u00b7la m\u00e9s gran i luxosa, feia equitaci\u00f3. Va fer \u00fas dels diners del Camp pel seu propi luxe personal. El va descobrir i l\u2019envien a Pol\u00f2nia. El seu fill es va su\u00efcidar amb 26 anys. La viuda amb cadena perpetua acaba amb trastorns mentals. Hi ha una fotografia representativa de la fam\u00edlia del Comandant esmorzant, mentre ordena un tractament especial als jueus: amb alimentaci\u00f3 m\u00ednima i sense atenci\u00f3 m\u00e8dica (\u201cels jueus no tenen dret a l\u2019atenci\u00f3 m\u00e8dica\u201d). Al novembre del 39 es declara un brot de disenteria. Obliguen als SS a construir el crematori, al costat mateix del zoo. Els SS no s\u2019involucren en la direcci\u00f3 quotidiana del camp sin\u00f3 que el vigilen des de fora i deleguen la \u201cgesti\u00f3\u201d a presoners de confian\u00e7a. El lema de les SS \u00e9s: \u201cMeine Ehre heisst Treue\u201d (\u201cEl meu honor \u00e9s la meva lleialtat\u201d).\u00a0<\/span><\/li>\n<li><b> Casernes de les SS:<\/b><span style=\"font-weight: 400;\"> edifici on actualment ens allotgem. D\u2019altres casernes s\u2019usen avui com a habitatges de manera permanent.<\/span><\/li>\n<li><b> La falconeria<\/b><span style=\"font-weight: 400;\">: per a oficials d\u2019alt rang i com a <\/span><i><span style=\"font-weight: 400;\">hobby.<\/span><\/i><\/li>\n<li><b> Zoo<\/b><span style=\"font-weight: 400;\">: temps lliure pels SS i les seves fam\u00edlies (tamb\u00e9 fills).\u00a0<\/span><\/li>\n<li><b> Pedrera<\/b><span style=\"font-weight: 400;\">: visitada des del punt de vista dels perpetradors fou tamb\u00e9 un centre d&#8217;entrenament dels joves SS (aix\u00ed com nevat un espai de lleure: baixades en trineus!). Molts tenien una edat entre 17 i 18 anys (i fins i tot m\u00e9s joves&#8230;15 anys). Se\u2019ls donava una recompensa per a qui matava a un presoner que fugia de la pedrera; per\u00f2 sobretot ho feien per convicci\u00f3, per defensar la p\u00e0tria i l\u2019orgull de formar part d\u2019una tropa d\u2019elit. Hi va haver fins a 4000 SS, i entre 1937 i 1945, van passar-hi uns 280000 presoners dels quals 56000 (aproximadament) van morir. Fou un extermini pel treball, per les condicions de vida i per la viol\u00e8ncia dels SS. A aquesta Pedrera actualment i durant l\u2019estiu es reuneixen a fer-hi fogueres grups de neonazis.\u00a0<\/span><\/li>\n<li><b><\/b><span style=\"font-weight: 400;\"> Ru\u00efnes del comando de la <\/span><b>Banda de m\u00fasica:<\/b><span style=\"font-weight: 400;\"> eren presoners que tocaven m\u00fasica cl\u00e0ssica; per exemple el quartet jueu. Van compondre fins i tot una opereta \u201cEls polls\u201d. Escapar de la barb\u00e0rie a trav\u00e9s de la m\u00fasica (!?).\u00a0<\/span><\/li>\n<li><b> La porta d\u2019entrada al camp: \u201cJedem das seine\u201d <\/b><span style=\"font-weight: 400;\">(\u201cA cadasc\u00fa el seu\u201d; \u201cA cadasc\u00fa el que es mereix\u201d). La porta d\u2019entrada fou dissenyada per un estudiant de la Bauhaus presoner al camp, d\u2019aqu\u00ed el disseny de les lletres <\/span><i><span style=\"font-weight: 400;\">Jugenstill<\/span><\/i><span style=\"font-weight: 400;\"> (com un intent de resist\u00e8ncia intel\u00b7lectual). Per\u00f2 el lema el va escollir el comandant del camp (Koch), que en un acte de cinisme recupera l\u2019esperit de la Constituci\u00f3 de la Rep\u00fablica de Weimar que havia recollit la norma del <\/span><i><span style=\"font-weight: 400;\">Corpus iuris civilis<\/span><\/i><span style=\"font-weight: 400;\"> (529 d.C., \u201cSuum quisque\u201d), segons la qual: 1) S\u2019ha de viure de forma digna; 2) No s\u2019ha de fer dany al pro\u00efsme; 3) Cadasc\u00fa t\u00e9 dret al que \u00e9s seu. A la fa\u00e7ana exterior del camp, hi havia tamb\u00e9 un lema (actualment desaparegut, es suposa que el van treure els sovi\u00e8tics) que deia: \u201cRech oder unrech, mein Fatherland\u201d (\u201cLegal o il\u00b7legal, tot per la p\u00e0tria\u201d).<\/span><\/li>\n<li><b> Bunker<\/b><span style=\"font-weight: 400;\">. Pres\u00f3 del camp, sadisme, tortures.\u00a0<\/span><\/li>\n<\/ol>\n<p><span style=\"font-weight: 400;\">Ens situem a la porta de la torre de guaita del rellotge i els b\u00fanquers que la custodien a banda i banda. Si passem a l&#8217;interior dels b\u00fanquers podem observar la disposici\u00f3 d&#8217;un passad\u00eds llarg i fosqu\u00edssim. Al seu inici hi ha una habitaci\u00f3 petita amb unes quantes piques per a poder-se rentar. A m\u00e0 dreta i alineats estan disposats els espais individuals de c\u00e0stig i tortura, el primer est\u00e0 reservat a l&#8217;oficina del terror dels SS que consta d&#8217;una taula i una cadira, unes manilles tosques de ferro al damunt, una cartutxera de pell gruixuda i dura per a transportar els fuets, penjada a la cadira del despatx. Tot presidit pel lema \u201cEl meu honor \u00e9s la meva lleialtat\u201d, a partir d&#8217;aquesta sala primera estaven disposats els calabossos on els presoners malvivien i patien fins a morir (amb calefacci\u00f3 a l\u2019estiu, com a mesura de c\u00e0stig). Ara hi trobem alguns memorials a cada un dels calabossos: fotografies, espelmes i recordatoris dels que van ser torturats fins a la mort all\u00e0 mateix.<\/span><\/p>\n<ol start=\"10\">\n<li><b> Edifici de la desinfecci\u00f3:<\/b><span style=\"font-weight: 400;\"> hi passen moltes persones en un dia, rapades i tot el cos submergit en una soluci\u00f3 de desinfecci\u00f3. No hi havia encara el decret de la Soluci\u00f3 Final (Confer\u00e8ncia de Wannsee<\/span><b>).\u00a0<\/b><\/li>\n<li><b> L\u2019edifici de l\u2019Exposici\u00f3<\/b><span style=\"font-weight: 400;\"> (actual) era el dip\u00f2sit dels objectes personals, a prop de l\u2019edifici de la desinfecci\u00f3.<\/span><\/li>\n<li><b> Cantina: maqueta <\/b><span style=\"font-weight: 400;\">del camp instal\u00b7lada a l\u2019edifici de la cantina, enorme i amb una cronologia per colors: del 37 al 39, del 40-41, del 42-44. En el 40, fabricaci\u00f3 d\u2019armament per a les SS. En el 42, armament per a la guerra. Hi destaquen les viles dels SS.\u00a0<\/span><\/li>\n<li><b><\/b> <b>Crematori<\/b><span style=\"font-weight: 400;\">: durant els 3 primers anys de funcionament del camp no hi ha crematori perqu\u00e8 porten els cad\u00e0vers al crematori del cementiri de Weimar. Quan la ciutat -a m\u00e9s de cobrar pel \u201cservei\u201d- vol que les SS paguin la reparaci\u00f3 per l\u2019\u00fas exhaustiu que se n\u2019ha fet, aleshores el comandant Koch decideix construir el seu propi crematori al camp (1939). Se n\u2019encarrega l\u2019empresa \u201cTopf i fills\u201d de Weimar que es va enriquir construint tamb\u00e9 el d\u2019Auschwitz. Els cossos per incinerar els SS els anomenen: <\/span><i><span style=\"font-weight: 400;\">Entsorgung<\/span><\/i><span style=\"font-weight: 400;\"> (del verb <\/span><i><span style=\"font-weight: 400;\">entsorgen<\/span><\/i><span style=\"font-weight: 400;\">), terme que s\u2019usa per indicar que cal desfer-se de les escombraries. Molts certificats de defunci\u00f3 falsificats durant l\u2019aut\u00f2psia. S\u2019extreien dents d\u2019or, els cossos eren usats com a \u201cmaterial pedag\u00f2gic\u201d pels estudiants de medicina. \u201cDoctor Wagner SS\u201d, dels presoners morts amb tatuatges feia cobertes de llibres. Hi ha un soterrani que s\u2019usava de morgue i el que hi treballava era com una condemna a mort: estrangulacions als soterranis (uns 1100 morts).<\/span><\/li>\n<li><b> Latrines:<\/b><span style=\"font-weight: 400;\"> era un lloc m\u00e9s o menys lliure perqu\u00e8 els SS i kapos per por a les malalties no s\u2019hi acostaven. Els presoners hi feien bescanvi, per exemple, cigarretes per sucre. Organitzaci\u00f3 Internacional de Resist\u00e8ncia.<\/span><\/li>\n<li><b> Cinema i bordell<\/b><span style=\"font-weight: 400;\">: hi havia sistemes de recompensa per determinats presoners: cigarretes, menjar extra, bordell i cinema. Funcionava el <\/span><i><span style=\"font-weight: 400;\">Lagergeld<\/span><\/i><span style=\"font-weight: 400;\">: diner del camp que molts rebien pel treball i que podien intercanviar (sobretot els <\/span><i><span style=\"font-weight: 400;\">kapos<\/span><\/i><span style=\"font-weight: 400;\">). Pel que fa al\u00a0 <\/span><b>bordell<\/b><span style=\"font-weight: 400;\">, s\u2019hi exercia la prostituci\u00f3 for\u00e7ada en un barracot: 16 dones d\u2019origen alemany, presoneres a Ravensbruck per antisocials (de les quals en van sobreviure 9) que pateixen violacions m\u00faltiples di\u00e0ries (no accessibles ni a jueus ni a gitanos). Casos d\u2019avortament. No van ser reconegudes com a v\u00edctimes a la RDA. Tema tab\u00fa: a qui podia arribar a afectar? Tamb\u00e9 s\u00f3n usats molts nens com a \u201cjoguines sexuals\u201d.<\/span><\/li>\n<li><b> Instal\u00b7laci\u00f3 de tir a la nuca:<\/b><span style=\"font-weight: 400;\"> un edifici on assassinaven a presoners de guerra sovi\u00e8tics jueus. Al principi els semblava un examen m\u00e8dic per\u00f2 darrere la paret els disparava el tret un SS; hi van morir unes 8000 persones.\u00a0<\/span><\/li>\n<li><b> <\/b><span style=\"font-weight: 400;\">En el sector dels presoners, hi ha un sector reservat als ostatges pol\u00edtics, com per exemple la <\/span><b>princesa Mafalda de Savoia <\/b><span style=\"font-weight: 400;\">(que mor 24 agost en un bombardeig)<\/span><b>.<\/b><span style=\"font-weight: 400;\"> Era la zona del camp per a personalitats pol\u00edtiques.\u00a0<\/span><\/li>\n<li><b><\/b> <b>El Camp Petit:<\/b><span style=\"font-weight: 400;\"> durant el novembre\/desembre del 44, els jueus arriben d\u2019Auschwitz i se\u2019ls instal\u00b7la de quarentena en les antigues cavallerisses (per a 50 cavalls on hi encabeixen fins a 2000 persones, sense finestres). S\u2019hi mort en massa, per\u00f2 sembla que ning\u00fa no volia ajudar als presoners d\u2019aquest camp, eren vistos com una c\u00e0rrega! No hi ha cap mena de solidaritat cap a ells. De fet hi havia una clara jerarquia entre els presoners: al principi hi ha molts presoners pol\u00edtics, asocials i criminals, i cap al final m\u00e9s jueus i gitanos. Els SS dividien els presoners per poder dominar-los millor: presoners pol\u00edtics, asocials, homosexuals, jueus, gitanos, comunistes\u2026 D\u2019aqu\u00ed que les xarxes de solidaritat que hi havia eren nom\u00e9s entre els membres de cada grup (per\u00f2 mai entre grups diferents!).<\/span><\/li>\n<li><b><\/b> <b>Camp sovi\u00e8tic n\u00famero II: o<\/b><span style=\"font-weight: 400;\">cupaci\u00f3 sovi\u00e8tica, camp d\u2019internament n\u00famero 2. Aprofiten la infraestructura, el camp i la part administrativa. Destrueixen el camp petit, no utilitzen el crematori per falta de carb\u00f3. S\u2019hi troben dues fosses comunes (1991?). Hi havia traductors (rus\/alemany), tot tancat, 5 anys, 28000 persones, molts s\u00f3n funcionaris, joventuts hitlerianes, noies (no SS). Moren de fam, fred i monotonia (depressi\u00f3 col\u00b7lectiva) perqu\u00e8 no treballen ni duen a terme cap activitat. Hi haur\u00e0 1000 dones, separades dels homes.\u00a0<\/span><\/li>\n<\/ol>\n<p><b>20. Fosses comunes: <\/b><span style=\"font-weight: 400;\">situades al bosc, a prop de l\u2019estaci\u00f3 del tren (avui un memorial). Hi ha unes 5000 persones enterrades, totes darrere de l\u2019edifici constru\u00eft pels sovi\u00e8tics. La RDA va fer treure els barracots per usar la fusta per calefacci\u00f3 i l\u2019Stasi va imposar el silenci (que va continuar despr\u00e9s de la caiguda del mur de Berlin). <\/span><\/p>\n","protected":false},"excerpt":{"rendered":"<p>ESPAIS\u00a0 DEL CAMP<br \/>\n&nbsp;<br \/>\nArquitectura del camp<br \/>\n190 hect\u00e0rees, dividides en 3 sectors:<\/p>\n<ul>\n<li style=\"font-weight: 400;\">Instal\u00b7lacions de les SS: casernes i centres d\u2019instrucci\u00f3 dels nois (17\/18 anys) que es formaven per a dirigir altres camps (d\u2019aqu\u00ed que l\u2019espai sigui tan gran).<\/li>\n<li style=\"font-weight: 400;\">Instal\u00b7lacions pels presoners. Incloent el \u201ccamp petit\u201d,&hellip;  <a href=\"https:\/\/projectes.xtec.cat\/memoriaieducacio\/activitats\/itineraris-de-memoria\/buchenwald-weimar-2018\/buchenwald-2\/espais-del-camp\/\" title=\"Read Espais del camp\">Llegeix m\u00e9s\u00bb<\/a><br \/>\n","protected":false},"author":3,"featured_media":0,"parent":9143,"menu_order":0,"comment_status":"closed","ping_status":"closed","template":"page-templates\/side-menu.php","meta":{"_bbp_topic_count":0,"_bbp_reply_count":0,"_bbp_total_topic_count":0,"_bbp_total_reply_count":0,"_bbp_voice_count":0,"_bbp_anonymous_reply_count":0,"_bbp_topic_count_hidden":0,"_bbp_reply_count_hidden":0,"_bbp_forum_subforum_count":0,"footnotes":""},"class_list":["post-9241","page","type-page","status-publish","hentry"],"post_mailing_queue_ids":[],"_links":{"self":[{"href":"https:\/\/projectes.xtec.cat\/memoriaieducacio\/wp-json\/wp\/v2\/pages\/9241","targetHints":{"allow":["GET"]}}],"collection":[{"href":"https:\/\/projectes.xtec.cat\/memoriaieducacio\/wp-json\/wp\/v2\/pages"}],"about":[{"href":"https:\/\/projectes.xtec.cat\/memoriaieducacio\/wp-json\/wp\/v2\/types\/page"}],"author":[{"embeddable":true,"href":"https:\/\/projectes.xtec.cat\/memoriaieducacio\/wp-json\/wp\/v2\/users\/3"}],"replies":[{"embeddable":true,"href":"https:\/\/projectes.xtec.cat\/memoriaieducacio\/wp-json\/wp\/v2\/comments?post=9241"}],"version-history":[{"count":1,"href":"https:\/\/projectes.xtec.cat\/memoriaieducacio\/wp-json\/wp\/v2\/pages\/9241\/revisions"}],"predecessor-version":[{"id":9242,"href":"https:\/\/projectes.xtec.cat\/memoriaieducacio\/wp-json\/wp\/v2\/pages\/9241\/revisions\/9242"}],"up":[{"embeddable":true,"href":"https:\/\/projectes.xtec.cat\/memoriaieducacio\/wp-json\/wp\/v2\/pages\/9143"}],"wp:attachment":[{"href":"https:\/\/projectes.xtec.cat\/memoriaieducacio\/wp-json\/wp\/v2\/media?parent=9241"}],"curies":[{"name":"wp","href":"https:\/\/api.w.org\/{rel}","templated":true}]}}