{"id":9856,"date":"2020-01-02T11:56:55","date_gmt":"2020-01-02T10:56:55","guid":{"rendered":"http:\/\/projectes.xtec.cat\/mobilitatfp\/?page_id=9856"},"modified":"2020-05-19T17:03:26","modified_gmt":"2020-05-19T15:03:26","slug":"programa-mobilitatfp","status":"publish","type":"page","link":"https:\/\/projectes.xtec.cat\/mobilitatfp\/programa-mobilitatfp\/","title":{"rendered":"Programa Mobilitat FP"},"content":{"rendered":"<p><a href=\"https:\/\/projectes.xtec.cat\/mobilitatfp\/wp-content\/uploads\/usu1833\/2020\/05\/010_LISTA3.jpg\"><img loading=\"lazy\" decoding=\"async\" class=\" wp-image-10692 alignright\" src=\"https:\/\/projectes.xtec.cat\/mobilitatfp\/wp-content\/uploads\/usu1833\/2020\/05\/010_LISTA3-1024x576.jpg\" alt=\"\" width=\"412\" height=\"232\" \/><\/a><\/p>\n<p>&nbsp;<\/p>\n<p style=\"text-align: justify;\">La Direcci\u00f3 General de Formaci\u00f3 Professional Inicial i Ensenyaments de R\u00e8gim Especial impulsa el\u00a0 Programa de mobilitat formativa i cooperaci\u00f3 europea i internacional en els ensenyaments professionals, amb la finalitat d\u2019acompanyar als centres que tenen implantat un sistema de gesti\u00f3 de qualitat i millora, en l\u2019establiment de la seva pr\u00f2pia estrat\u00e8gia d\u2019internacionalitzaci\u00f3 del centre, per tal que en facin la seva definici\u00f3, implantaci\u00f3, avaluaci\u00f3 i millora continuada.<\/p>\n","protected":false},"excerpt":{"rendered":"<p><a href=\"https:\/\/projectes.xtec.cat\/mobilitatfp\/wp-content\/uploads\/usu1833\/2020\/05\/010_LISTA3.jpg\"><\/a><br \/>\n&nbsp;<br \/>\nLa Direcci\u00f3 General de Formaci\u00f3 Professional Inicial i Ensenyaments de R\u00e8gim Especial impulsa el\u00a0 Programa de mobilitat formativa i cooperaci\u00f3 europea i internacional en els ensenyaments professionals, amb la finalitat d\u2019acompanyar als centres que tenen implantat un sistema de gesti\u00f3 de qualitat i millora,&hellip;  <a href=\"https:\/\/projectes.xtec.cat\/mobilitatfp\/programa-mobilitatfp\/\" title=\"Read Programa Mobilitat FP\">Llegeix m\u00e9s\u00bb<\/a><\/p>\n","protected":false},"author":216,"featured_media":0,"parent":0,"menu_order":0,"comment_status":"closed","ping_status":"closed","template":"","meta":{"_bbp_topic_count":0,"_bbp_reply_count":0,"_bbp_total_topic_count":0,"_bbp_total_reply_count":0,"_bbp_voice_count":0,"_bbp_anonymous_reply_count":0,"_bbp_topic_count_hidden":0,"_bbp_reply_count_hidden":0,"_bbp_forum_subforum_count":0,"footnotes":""},"class_list":["post-9856","page","type-page","status-publish","hentry"],"post_mailing_queue_ids":[],"_links":{"self":[{"href":"https:\/\/projectes.xtec.cat\/mobilitatfp\/wp-json\/wp\/v2\/pages\/9856","targetHints":{"allow":["GET"]}}],"collection":[{"href":"https:\/\/projectes.xtec.cat\/mobilitatfp\/wp-json\/wp\/v2\/pages"}],"about":[{"href":"https:\/\/projectes.xtec.cat\/mobilitatfp\/wp-json\/wp\/v2\/types\/page"}],"author":[{"embeddable":true,"href":"https:\/\/projectes.xtec.cat\/mobilitatfp\/wp-json\/wp\/v2\/users\/216"}],"replies":[{"embeddable":true,"href":"https:\/\/projectes.xtec.cat\/mobilitatfp\/wp-json\/wp\/v2\/comments?post=9856"}],"version-history":[{"count":3,"href":"https:\/\/projectes.xtec.cat\/mobilitatfp\/wp-json\/wp\/v2\/pages\/9856\/revisions"}],"predecessor-version":[{"id":10701,"href":"https:\/\/projectes.xtec.cat\/mobilitatfp\/wp-json\/wp\/v2\/pages\/9856\/revisions\/10701"}],"wp:attachment":[{"href":"https:\/\/projectes.xtec.cat\/mobilitatfp\/wp-json\/wp\/v2\/media?parent=9856"}],"curies":[{"name":"wp","href":"https:\/\/api.w.org\/{rel}","templated":true}]}}