{"id":11332,"date":"2023-02-27T19:28:41","date_gmt":"2023-02-27T18:28:41","guid":{"rendered":"https:\/\/projectes.xtec.cat\/nou-curriculum\/?page_id=11332"},"modified":"2026-04-24T09:40:45","modified_gmt":"2026-04-24T07:40:45","slug":"situacions-aprenentatge-educacio-infantil","status":"publish","type":"page","link":"https:\/\/projectes.xtec.cat\/nou-curriculum\/educacio-infantil\/situacions-aprenentatge-educacio-infantil\/","title":{"rendered":"Situacions d&#8217;aprenentatge d&#8217;educaci\u00f3 infantil"},"content":{"rendered":"\n<div class=\"wp-block-columns is-layout-flex wp-container-core-columns-is-layout-4 wp-block-columns-is-layout-flex\">\n<div class=\"wp-block-column is-layout-flow wp-block-column-is-layout-flow\">\n<h2 class=\"wp-block-heading\" style=\"font-size:1px\">Model de programaci\u00f3<\/h2>\n\n\n\n<div class=\"wp-block-columns is-layout-flex wp-container-core-columns-is-layout-1 wp-block-columns-is-layout-flex\">\n<div class=\"wp-block-column is-layout-flow wp-block-column-is-layout-flow\">\n<p>Usem el terme situaci\u00f3 d\u2019aprenentatge per referir-nos a aquelles <strong>experi\u00e8ncies<\/strong> que, independentment de la forma en qu\u00e8 es presenten, parteixen d\u2019un <strong>context<\/strong> i plantegen un <strong>repte<\/strong> a la persona que apr\u00e8n.<\/p>\n<\/div>\n\n\n\n<div class=\"wp-block-column is-layout-flow wp-block-column-is-layout-flow\">\n<p>El fet que l\u2019aprenentatge es fonamenti en la resoluci\u00f3 d\u2019un<br>repte o d\u2019una problem\u00e0tica real provoca que l\u2019aprenent hagi de dur a terme amb efic\u00e0cia una acci\u00f3 o un seguit d\u2019accions que impliquen una o m\u00e9s capacitats per a les quals s\u00f3n imprescindibles els sabers d\u2019un o m\u00e9s camps de coneixement; per aix\u00f2 diem que les situacions d\u2019aprenentatge s\u2019orienten a l\u2019assoliment de compet\u00e8ncies.<\/p>\n<\/div>\n<\/div>\n\n\n\n<div class=\"wp-block-columns is-layout-flex wp-container-core-columns-is-layout-3 wp-block-columns-is-layout-flex\">\n<div class=\"wp-block-column is-layout-flow wp-block-column-is-layout-flow\">\n<h2 class=\"wp-block-heading\" style=\"font-size:23px\"><strong>Model de programaci\u00f3<\/strong><\/h2>\n\n\n\n<div class=\"wp-block-columns is-layout-flex wp-container-core-columns-is-layout-2 wp-block-columns-is-layout-flex\">\n<div class=\"wp-block-column caixa-link educacio-infantil is-layout-flow wp-block-column-is-layout-flow\" id=\"https:\/\/docs.google.com\/document\/d\/1esA4yV8flWVhvzW7iZPRYXSovJ2qqUPXDqiZJkroS74\/template\/preview\">\n<h3 class=\"wp-block-heading has-medium-font-size\">Model<\/h3>\n\n\n\n<figure class=\"wp-block-image alignleft size-large is-resized\"><img loading=\"lazy\" decoding=\"async\" width=\"300\" height=\"300\" src=\"https:\/\/projectes.xtec.cat\/nou-curriculum\/wp-content\/uploads\/usu2072\/2023\/01\/grid-3.png\" alt=\"\" class=\"wp-image-10466\" style=\"width:100px\" srcset=\"https:\/\/projectes.xtec.cat\/nou-curriculum\/wp-content\/uploads\/usu2072\/2023\/01\/grid-3.png 300w, https:\/\/projectes.xtec.cat\/nou-curriculum\/wp-content\/uploads\/usu2072\/2023\/01\/grid-3-150x150.png 150w\" sizes=\"auto, (max-width: 300px) 100vw, 300px\" \/><\/figure>\n\n\n\n<p>Aquest model inclou tots els apartats necessaris per a l&#8217;elaboraci\u00f3 d&#8217;una situaci\u00f3 d&#8217;aprenentatge. &nbsp;<\/p>\n<\/div>\n\n\n\n<div class=\"wp-block-column caixa-link educacio-infantil is-layout-flow wp-block-column-is-layout-flow\" id=\"https:\/\/docs.google.com\/spreadsheets\/d\/1YGVOj7r1nYJLs9xt6IpuRq85mfkWsNzD8Gs-shUTpFg\/template\/preview\">\n<h3 class=\"wp-block-heading has-medium-font-size\">Model digital<\/h3>\n\n\n\n<figure class=\"wp-block-image alignleft size-large is-resized\"><img loading=\"lazy\" decoding=\"async\" width=\"300\" height=\"300\" src=\"https:\/\/projectes.xtec.cat\/nou-curriculum\/wp-content\/uploads\/usu2072\/2023\/01\/grid-3.png\" alt=\"\" class=\"wp-image-10466\" style=\"width:100px\" srcset=\"https:\/\/projectes.xtec.cat\/nou-curriculum\/wp-content\/uploads\/usu2072\/2023\/01\/grid-3.png 300w, https:\/\/projectes.xtec.cat\/nou-curriculum\/wp-content\/uploads\/usu2072\/2023\/01\/grid-3-150x150.png 150w\" sizes=\"auto, (max-width: 300px) 100vw, 300px\" \/><\/figure>\n\n\n\n<p>Aquest model digital inclou tots els apartats necessaris per a l&#8217;elaboraci\u00f3 d&#8217;una situaci\u00f3 d&#8217;aprenentatge. &nbsp;<\/p>\n<\/div>\n\n\n\n<div class=\"wp-block-column caixa-link educacio-infantil is-layout-flow wp-block-column-is-layout-flow\" id=\"https:\/\/projectes.xtec.cat\/nou-curriculum\/wp-content\/uploads\/usu2072\/2023\/02\/20230222_document_de_suport_educacio\u0301-infantil_TS.docx.pdf\">\n<h3 class=\"wp-block-heading has-medium-font-size\">Document de suport<\/h3>\n\n\n\n<figure class=\"wp-block-image alignleft size-large is-resized\"><a href=\"https:\/\/projectes.xtec.cat\/nou-curriculum\/wp-content\/uploads\/usu2072\/2023\/02\/20230112_document_de_suport_educacio\u0301-ba\u0300sica_TS.pdf\" target=\"_blank\" rel=\"noopener\"><img loading=\"lazy\" decoding=\"async\" width=\"300\" height=\"300\" src=\"https:\/\/projectes.xtec.cat\/nou-curriculum\/wp-content\/uploads\/usu2072\/2023\/01\/concept.png\" alt=\"\" class=\"wp-image-10467\" style=\"width:100px\" srcset=\"https:\/\/projectes.xtec.cat\/nou-curriculum\/wp-content\/uploads\/usu2072\/2023\/01\/concept.png 300w, https:\/\/projectes.xtec.cat\/nou-curriculum\/wp-content\/uploads\/usu2072\/2023\/01\/concept-150x150.png 150w\" sizes=\"auto, (max-width: 300px) 100vw, 300px\" \/><\/a><\/figure>\n\n\n\n<p>En aquest document trobareu indicacions complement\u00e0ries per poder construir situacions d&#8217;aprenentatge.<\/p>\n<\/div>\n<\/div>\n<\/div>\n<\/div>\n<\/div>\n<\/div>\n\n\n\n<div style=\"height:48px\" aria-hidden=\"true\" class=\"wp-block-spacer\"><\/div>\n\n\n\n<div class=\"wp-block-columns is-layout-flex wp-container-core-columns-is-layout-5 wp-block-columns-is-layout-flex\">\n<div class=\"wp-block-column is-layout-flow wp-block-column-is-layout-flow\"><\/div>\n\n\n\n<div class=\"wp-block-column caixa-link educacio-infantil is-layout-flow wp-block-column-is-layout-flow\" id=\"https:\/\/projectes.xtec.cat\/nou-curriculum\/wp-content\/uploads\/usu2072\/2024\/07\/GUIA-SA-0-6.pdf\">\n<h3 class=\"wp-block-heading has-medium-font-size\">Guia per a l&#8217;elaboraci\u00f3 de SA<\/h3>\n\n\n\n<figure class=\"wp-block-image alignleft size-full is-resized\"><img loading=\"lazy\" decoding=\"async\" width=\"512\" height=\"512\" src=\"https:\/\/projectes.xtec.cat\/nou-curriculum\/wp-content\/uploads\/usu2072\/2024\/07\/9377234.png\" alt=\"\" class=\"wp-image-13635\" style=\"width:85px\" srcset=\"https:\/\/projectes.xtec.cat\/nou-curriculum\/wp-content\/uploads\/usu2072\/2024\/07\/9377234.png 512w, https:\/\/projectes.xtec.cat\/nou-curriculum\/wp-content\/uploads\/usu2072\/2024\/07\/9377234-300x300.png 300w, https:\/\/projectes.xtec.cat\/nou-curriculum\/wp-content\/uploads\/usu2072\/2024\/07\/9377234-150x150.png 150w\" sizes=\"auto, (max-width: 512px) 100vw, 512px\" \/><\/figure>\n\n\n\n<p>Aquesta guia ha estat dissenyada per acompanyar els equips educatius d&#8217;infantil en la tasca de programar.<\/p>\n<\/div>\n\n\n\n<div class=\"wp-block-column is-layout-flow wp-block-column-is-layout-flow\"><\/div>\n<\/div>\n\n\n\n<div style=\"height:38px\" aria-hidden=\"true\" class=\"wp-block-spacer\"><\/div>\n\n\n\n<h2 class=\"wp-block-heading\" style=\"font-size:24px\"><strong>Model per a l&#8217;elaboraci\u00f3 del pla de suport individualitzat<\/strong><\/h2>\n\n\n\n<div class=\"wp-block-columns is-layout-flex wp-container-core-columns-is-layout-6 wp-block-columns-is-layout-flex\">\n<div class=\"wp-block-column caixa is-layout-flow wp-block-column-is-layout-flow\" style=\"flex-basis:40%\">\n<p>El pla de suport individualitzat \u00e9s el document que recull les valoracions i la presa de decisions dels equips docents, amb la participaci\u00f3 de la fam\u00edlia i de l&#8217;alumne o alumna, sobre la planificaci\u00f3 de mesures, actuacions i suports per donar resposta a situacions singulars de determinats alumnes en tots els contextos en qu\u00e8 es desenvolupa el projecte educatiu. Per elaborar el pla de suport individualitzat cal partir sempre de la programaci\u00f3 did\u00e0ctica.<\/p>\n<\/div>\n\n\n\n<div class=\"wp-block-column caixa-link educacio-infantil is-layout-flow wp-block-column-is-layout-flow\" style=\"flex-basis:30%\" id=\"https:\/\/projectes.xtec.cat\/nou-curriculum\/wp-content\/uploads\/usu2072\/2024\/07\/Orientacions_PI_2_TS.pdf\">\n<h5 class=\"wp-block-heading\">Orientacions per a l\u2019elaboraci\u00f3 del pla de suport individualitzat<\/h5>\n\n\n\n<figure class=\"wp-block-image alignleft size-full is-resized\"><a href=\"https:\/\/projectes.xtec.cat\/nou-curriculum\/wp-content\/uploads\/usu2072\/2024\/07\/orientacio.png\"><img loading=\"lazy\" decoding=\"async\" width=\"128\" height=\"128\" src=\"https:\/\/projectes.xtec.cat\/nou-curriculum\/wp-content\/uploads\/usu2072\/2024\/07\/orientacio.png\" alt=\"\" class=\"wp-image-13700\" style=\"width:75px\"\/><\/a><\/figure>\n\n\n\n<p class=\"has-small-font-size\">Aquest document d&#8217;orientacions ha estat dissenyat per acompanyar els equips docents de l&#8217;educaci\u00f3 b\u00e0sica en la tasca d&#8217;elaborar el Pla de suport individualitzat.<\/p>\n<\/div>\n\n\n\n<div class=\"wp-block-column caixa-link educacio-infantil is-layout-flow wp-block-column-is-layout-flow\" style=\"flex-basis:30%\" id=\"https:\/\/docs.google.com\/document\/d\/1TDU44eptSAeQhMMeZghRHjmIX65x_S1MV89ymIV0G7I\/template\/preview\">\n<h5 class=\"wp-block-heading\">Model per a l&#8217;educaci\u00f3 infantil<\/h5>\n\n\n\n<div style=\"height:12px\" aria-hidden=\"true\" class=\"wp-block-spacer\"><\/div>\n\n\n\n<figure class=\"wp-block-image alignleft size-large is-resized\"><img loading=\"lazy\" decoding=\"async\" width=\"292\" height=\"305\" src=\"https:\/\/projectes.xtec.cat\/nou-curriculum\/wp-content\/uploads\/usu2072\/2023\/07\/Document-PI.png\" alt=\"\" class=\"wp-image-12220\" style=\"width:85px\" srcset=\"https:\/\/projectes.xtec.cat\/nou-curriculum\/wp-content\/uploads\/usu2072\/2023\/07\/Document-PI.png 292w, https:\/\/projectes.xtec.cat\/nou-curriculum\/wp-content\/uploads\/usu2072\/2023\/07\/Document-PI-287x300.png 287w\" sizes=\"auto, (max-width: 292px) 100vw, 292px\" \/><\/figure>\n\n\n\n<p class=\"has-small-font-size\">El model del pla del suport individualitzat, s\u2019ha actualitzat incorporant les novetats del nou curr\u00edculum, per l&#8217;alumnat de l&#8217;educaci\u00f3 infantil.<\/p>\n<\/div>\n<\/div>\n\n\n\n<div style=\"height:45px\" aria-hidden=\"true\" class=\"wp-block-spacer\"><\/div>\n\n\n\n<h2 class=\"wp-block-heading\" style=\"font-size:24px\"><strong>Orientacions i exemples<\/strong><\/h2>\n\n\n\n<p><\/p>\n\n\n\n<div class=\"wp-block-columns is-layout-flex wp-container-core-columns-is-layout-9 wp-block-columns-is-layout-flex\">\n<div class=\"wp-block-column caixa is-layout-flow wp-block-column-is-layout-flow\" style=\"flex-basis:33%\">\n<h3 class=\"wp-block-heading has-medium-font-size\">Document d&#8217;orientacions<\/h3>\n\n\n\n<figure class=\"wp-block-image alignleft size-large is-resized\"><a href=\"https:\/\/projectes.xtec.cat\/nou-curriculum\/wp-content\/uploads\/usu2072\/2023\/03\/orientacions_situacions-prenentatge-infantil.pdf\" target=\"_blank\" rel=\"noopener\"><img loading=\"lazy\" decoding=\"async\" width=\"300\" height=\"300\" src=\"https:\/\/projectes.xtec.cat\/nou-curriculum\/wp-content\/uploads\/usu2072\/2023\/01\/overview-pages-2.png\" alt=\"document\" class=\"wp-image-10501\" style=\"width:80px;height:80px\" srcset=\"https:\/\/projectes.xtec.cat\/nou-curriculum\/wp-content\/uploads\/usu2072\/2023\/01\/overview-pages-2.png 300w, https:\/\/projectes.xtec.cat\/nou-curriculum\/wp-content\/uploads\/usu2072\/2023\/01\/overview-pages-2-150x150.png 150w\" sizes=\"auto, (max-width: 300px) 100vw, 300px\" \/><\/a><\/figure>\n\n\n\n<p>En aquest document es donen orientacions relatives a les situacions d&#8217;aprenentatge.<\/p>\n<\/div>\n\n\n\n<div class=\"wp-block-column is-layout-flow wp-block-column-is-layout-flow\" style=\"flex-basis:66.66%\">\n<div class=\"wp-block-columns is-layout-flex wp-container-core-columns-is-layout-8 wp-block-columns-is-layout-flex\">\n<div class=\"wp-block-column is-layout-flow wp-block-column-is-layout-flow\">\n<h3 class=\"wp-block-heading has-text-align-center caixa has-background\" style=\"background-color:#d9eeff;font-size:18px\">Exemples de situacions d&#8217;aprenentatge<\/h3>\n\n\n\n<div style=\"height:28px\" aria-hidden=\"true\" class=\"wp-block-spacer\"><\/div>\n\n\n\n<div class=\"wp-block-columns is-layout-flex wp-container-core-columns-is-layout-7 wp-block-columns-is-layout-flex\">\n<div class=\"wp-block-column caixa is-layout-flow wp-block-column-is-layout-flow\">\n<h5 class=\"wp-block-heading\">Primer cicle<\/h5>\n\n\n\n<ul class=\"wp-block-list\">\n<li><a rel=\"noreferrer noopener\" href=\"https:\/\/projectes.xtec.cat\/nou-curriculum\/wp-content\/uploads\/usu2072\/2023\/11\/La-paraula-mes-bonica.pdf\" target=\"_blank\">La paraula m\u00e9s bonica.<\/a><\/li>\n\n\n\n<li><a href=\"https:\/\/projectes.xtec.cat\/nou-curriculum\/wp-content\/uploads\/usu2072\/2026\/04\/SA_Educacio-infantil_Quan-som-a-taula.pdf\" target=\"_blank\" rel=\"noreferrer noopener\">Quan som a taula.<\/a><\/li>\n\n\n\n<li><a href=\"https:\/\/docs.google.com\/document\/d\/1FXEUBjNuvOy2fYBdFtk6NqoVHqX_0NecRTWBgvTulZ8\/template\/preview\">Paisatges de joc: quan els espais conviden a descobrir i a crear<\/a><\/li>\n<\/ul>\n<\/div>\n\n\n\n<div class=\"wp-block-column caixa is-layout-flow wp-block-column-is-layout-flow\">\n<h5 class=\"wp-block-heading\">Segon cicle<\/h5>\n\n\n\n<ul class=\"wp-block-list\">\n<li><a href=\"https:\/\/projectes.xtec.cat\/nou-curriculum\/wp-content\/uploads\/usu2072\/2023\/06\/SA_infantil_Lamagatall.pdf\" data-type=\"URL\">L&#8217;amagatall<\/a><\/li>\n\n\n\n<li><a rel=\"noreferrer noopener\" href=\"https:\/\/projectes.xtec.cat\/nou-curriculum\/wp-content\/uploads\/usu2072\/2023\/06\/Aquesta-es-la-nostra-escola-1.pdf\" target=\"_blank\">Aquesta \u00e9s la nostra escola<\/a><\/li>\n\n\n\n<li><a href=\"https:\/\/projectes.xtec.cat\/nou-curriculum\/wp-content\/uploads\/usu2072\/2024\/02\/SEQUERA_-Com-podem-aconseguir-aigua-per-jugar-al-pati.pdf\">Com podem aconseguir aigua per jugar al pati?<\/a><\/li>\n\n\n\n<li><a href=\"https:\/\/projectes.xtec.cat\/nou-curriculum\/wp-content\/uploads\/usu2072\/2024\/06\/SA-Infantil_Que-tenim-en-comu-amb-els-animals_TS_sc-1.pdf\">Qu\u00e8 tenim en com\u00fa amb els animals?<\/a><\/li>\n\n\n\n<li><a href=\"https:\/\/docs.google.com\/document\/d\/1ISHVoqj_S3ebEplObXREFar4DlagGQdouRas857WpTQ\/template\/preview\">Qu\u00e8 passaria si experiment\u00e9ssim amb les lleis de la f\u00edsica?<\/a><\/li>\n<\/ul>\n<\/div>\n<\/div>\n\n\n\n<p><\/p>\n<\/div>\n<\/div>\n<\/div>\n<\/div>\n\n\n\n<div style=\"height:50px\" aria-hidden=\"true\" class=\"wp-block-spacer\"><\/div>\n\n\n\n<p><\/p>\n","protected":false},"excerpt":{"rendered":"<p>Model de programaci\u00f3 Usem el terme situaci\u00f3 d\u2019aprenentatge per referir-nos a aquelles experi\u00e8ncies que, independentment de la forma en qu\u00e8 es presenten, parteixen d\u2019un context i plantegen un repte a la persona que apr\u00e8n. El fet que l\u2019aprenentatge es fonamenti en la resoluci\u00f3 d\u2019unrepte o d\u2019una problem\u00e0tica real provoca que l\u2019aprenent hagi de dur a [&hellip;]<\/p>\n","protected":false},"author":2,"featured_media":0,"parent":8252,"menu_order":20,"comment_status":"closed","ping_status":"close","template":"","meta":{"_acf_changed":false,"site-sidebar-layout":"default","site-content-layout":"","ast-site-content-layout":"default","site-content-style":"default","site-sidebar-style":"default","ast-global-header-display":"","ast-banner-title-visibility":"","ast-main-header-display":"","ast-hfb-above-header-display":"","ast-hfb-below-header-display":"","ast-hfb-mobile-header-display":"","site-post-title":"","ast-breadcrumbs-content":"","ast-featured-img":"","footer-sml-layout":"","theme-transparent-header-meta":"","adv-header-id-meta":"","stick-header-meta":"","header-above-stick-meta":"","header-main-stick-meta":"","header-below-stick-meta":"","astra-migrate-meta-layouts":"set","ast-page-background-enabled":"default","ast-page-background-meta":{"desktop":{"background-color":"","background-image":"","background-repeat":"repeat","background-position":"center center","background-size":"auto","background-attachment":"scroll","background-type":"","background-media":"","overlay-type":"","overlay-color":"","overlay-opacity":"","overlay-gradient":""},"tablet":{"background-color":"","background-image":"","background-repeat":"repeat","background-position":"center center","background-size":"auto","background-attachment":"scroll","background-type":"","background-media":"","overlay-type":"","overlay-color":"","overlay-opacity":"","overlay-gradient":""},"mobile":{"background-color":"","background-image":"","background-repeat":"repeat","background-position":"center center","background-size":"auto","background-attachment":"scroll","background-type":"","background-media":"","overlay-type":"","overlay-color":"","overlay-opacity":"","overlay-gradient":""}},"ast-content-background-meta":{"desktop":{"background-color":"var(--ast-global-color-5)","background-image":"","background-repeat":"repeat","background-position":"center center","background-size":"auto","background-attachment":"scroll","background-type":"","background-media":"","overlay-type":"","overlay-color":"","overlay-opacity":"","overlay-gradient":""},"tablet":{"background-color":"var(--ast-global-color-5)","background-image":"","background-repeat":"repeat","background-position":"center center","background-size":"auto","background-attachment":"scroll","background-type":"","background-media":"","overlay-type":"","overlay-color":"","overlay-opacity":"","overlay-gradient":""},"mobile":{"background-color":"var(--ast-global-color-5)","background-image":"","background-repeat":"repeat","background-position":"center center","background-size":"auto","background-attachment":"scroll","background-type":"","background-media":"","overlay-type":"","overlay-color":"","overlay-opacity":"","overlay-gradient":""}},"footnotes":""},"class_list":["post-11332","page","type-page","status-publish","hentry"],"acf":[],"post_mailing_queue_ids":[],"_links":{"self":[{"href":"https:\/\/projectes.xtec.cat\/nou-curriculum\/wp-json\/wp\/v2\/pages\/11332","targetHints":{"allow":["GET"]}}],"collection":[{"href":"https:\/\/projectes.xtec.cat\/nou-curriculum\/wp-json\/wp\/v2\/pages"}],"about":[{"href":"https:\/\/projectes.xtec.cat\/nou-curriculum\/wp-json\/wp\/v2\/types\/page"}],"author":[{"embeddable":true,"href":"https:\/\/projectes.xtec.cat\/nou-curriculum\/wp-json\/wp\/v2\/users\/2"}],"replies":[{"embeddable":true,"href":"https:\/\/projectes.xtec.cat\/nou-curriculum\/wp-json\/wp\/v2\/comments?post=11332"}],"version-history":[{"count":6,"href":"https:\/\/projectes.xtec.cat\/nou-curriculum\/wp-json\/wp\/v2\/pages\/11332\/revisions"}],"predecessor-version":[{"id":16989,"href":"https:\/\/projectes.xtec.cat\/nou-curriculum\/wp-json\/wp\/v2\/pages\/11332\/revisions\/16989"}],"up":[{"embeddable":true,"href":"https:\/\/projectes.xtec.cat\/nou-curriculum\/wp-json\/wp\/v2\/pages\/8252"}],"wp:attachment":[{"href":"https:\/\/projectes.xtec.cat\/nou-curriculum\/wp-json\/wp\/v2\/media?parent=11332"}],"curies":[{"name":"wp","href":"https:\/\/api.w.org\/{rel}","templated":true}]}}