{"id":35058,"date":"2024-09-18T09:06:49","date_gmt":"2024-09-18T07:06:49","guid":{"rendered":"https:\/\/projectes.xtec.cat\/pensament-computacional\/?page_id=35058"},"modified":"2025-03-05T12:21:21","modified_gmt":"2025-03-05T11:21:21","slug":"jornada-connectem-amb-les-plaques","status":"publish","type":"page","link":"https:\/\/projectes.xtec.cat\/pensament-computacional\/formacio-robotica\/jornades\/jornada-connectem-amb-les-plaques\/","title":{"rendered":"Jornada \u201cConnectem amb les plaques!\u201d"},"content":{"rendered":"\n<div class=\"wp-block-columns is-layout-flex wp-container-core-columns-is-layout-1 wp-block-columns-is-layout-flex\">\n<div class=\"wp-block-column is-layout-flow wp-block-column-is-layout-flow\" style=\"flex-basis:85%\">\n<div class=\"wp-block-getwid-section alignfull alignfull\"><div class=\"wp-block-getwid-section__wrapper\" style=\"padding-bottom:3px\"><div class=\"wp-block-getwid-section__inner-wrapper\"><div class=\"wp-block-getwid-section__background-holder\"><div class=\"wp-block-getwid-section__background\"><\/div><div class=\"wp-block-getwid-section__foreground\"><\/div><\/div><div class=\"wp-block-getwid-section__content\"><div class=\"wp-block-getwid-section__inner-content\">\n<hr class=\"wp-block-separator has-text-color has-alpha-channel-opacity has-background is-style-wide\" style=\"background-color:#273d5c;color:#273d5c\" id=\"block-280137ba-97b7-4e30-ab57-a8db627fadd5\"\/>\n\n\n\n<div class=\"wp-block-getwid-advanced-heading has-custom-font-size\" style=\"font-size:36px\"><span class=\"wp-block-getwid-advanced-heading__content has-text-color\" style=\"text-align:center;color:#bf507f\"><strong>Jornada Connectem amb les plaques!<\/strong><\/span><\/div>\n\n\n\n<div class=\"wp-block-getwid-advanced-heading has-custom-font-size\" style=\"font-size:17px\"><span class=\"wp-block-getwid-advanced-heading__content has-text-color has-ast-global-color-3-color\" style=\"text-align:center\">Tallers per con\u00e8ixer i programar la micro:bit, l\u2019ED1, l\u2019ESP32 STEAMakers i la Keyestudio UNO<\/span><\/div>\n\n\n\n<hr class=\"wp-block-separator has-text-color has-alpha-channel-opacity has-background is-style-wide\" style=\"background-color:#273d5c;color:#273d5c\" id=\"block-e4e1e879-6e81-4be6-88d7-9e1d92f25c37\"\/>\n<\/div><\/div><\/div><\/div><\/div>\n<\/div>\n\n\n\n<div class=\"wp-block-column is-vertically-aligned-center is-layout-flow wp-block-column-is-layout-flow\">\n<figure class=\"wp-block-image aligncenter size-large is-resized\"><img loading=\"lazy\" decoding=\"async\" width=\"1024\" height=\"741\" src=\"https:\/\/projectes.xtec.cat\/pensament-computacional\/wp-content\/uploads\/usu2217\/2024\/09\/logo-plaques-3-1024x741.png\" alt=\"\" class=\"wp-image-36039\" style=\"width:130px;height:auto\" srcset=\"https:\/\/projectes.xtec.cat\/pensament-computacional\/wp-content\/uploads\/usu2217\/2024\/09\/logo-plaques-3-1024x741.png 1024w, https:\/\/projectes.xtec.cat\/pensament-computacional\/wp-content\/uploads\/usu2217\/2024\/09\/logo-plaques-3-300x217.png 300w, https:\/\/projectes.xtec.cat\/pensament-computacional\/wp-content\/uploads\/usu2217\/2024\/09\/logo-plaques-3-768x556.png 768w, https:\/\/projectes.xtec.cat\/pensament-computacional\/wp-content\/uploads\/usu2217\/2024\/09\/logo-plaques-3-1536x1111.png 1536w, https:\/\/projectes.xtec.cat\/pensament-computacional\/wp-content\/uploads\/usu2217\/2024\/09\/logo-plaques-3.png 1804w\" sizes=\"auto, (max-width: 1024px) 100vw, 1024px\" \/><\/figure>\n<\/div>\n<\/div>\n\n\n\n<div class=\"wp-block-getwid-section alignfull font alignfull\"><div class=\"wp-block-getwid-section__wrapper\"><div class=\"wp-block-getwid-section__inner-wrapper\"><div class=\"wp-block-getwid-section__background-holder\"><div class=\"wp-block-getwid-section__background\"><\/div><div class=\"wp-block-getwid-section__foreground\"><\/div><\/div><div class=\"wp-block-getwid-section__content\"><div class=\"wp-block-getwid-section__inner-content\">\n<div class=\"wp-block-getwid-tabs font has-layout-horizontal-center\" data-active-tab=\"0\"><ul class=\"wp-block-getwid-tabs__nav-links\"><\/ul>\n<div class=\"wp-block-getwid-tabs__nav-link\"><span class=\"wp-block-getwid-tabs__title-wrapper\"><a href=\"#\"><span class=\"wp-block-getwid-tabs__title\"><strong><mark style=\"background-color:rgba(0, 0, 0, 0);color:#273d5c\" class=\"has-inline-color\">Inici<\/mark><\/strong><\/span><\/a><\/span><\/div><div class=\"wp-block-getwid-tabs__tab-content-wrapper\"><div class=\"wp-block-getwid-tabs__tab-content\">\n<p style=\"padding-bottom:var(--wp--preset--spacing--20)\">El <strong>dissabte 23 de novembre<\/strong>, <a href=\"https:\/\/www.bsm.upf.edu\/es\" data-type=\"link\" data-id=\"https:\/\/www.bsm.upf.edu\/es\" target=\"_blank\" rel=\"noreferrer noopener\">UPF Barcelona School of Management<\/a> va acollir la jornada<strong><em> <\/em>\u201cConnectem amb les plaques!\u201d<\/strong> dedicada al coneixement i programaci\u00f3 de les plaques programables, una eina fonamental en l&#8217;ensenyament de la rob\u00f2tica i la programaci\u00f3. La jornada era dirigida a docents, professionals de l&#8217;educaci\u00f3 i totes aquelles interessades en la integraci\u00f3 de la dotaci\u00f3 de rob\u00f2tica a les aules de prim\u00e0ria i secund\u00e0ria.<\/p>\n\n\n\n<div align=\"center\"> <iframe loading=\"lazy\" width=\"650\" height=\"365\" src=\"https:\/\/www.youtube.com\/embed\/DV6Xxm0FkXY?si=xQIB6QmGUMTVgCOU\" title=\"YouTube video player\" frameborder=\"0\" allow=\"accelerometer; autoplay; clipboard-write; encrypted-media; gyroscope; picture-in-picture; web-share\" referrerpolicy=\"strict-origin-when-cross-origin\" allowfullscreen><\/iframe><\/div>\n\n\n\n<h4 class=\"wp-block-heading\" style=\"padding-top:var(--wp--preset--spacing--60);padding-bottom:0\"><strong>Objectius de la Jornada<\/strong><\/h4>\n\n\n\n<ul class=\"wp-block-list\">\n<li><strong>Con\u00e8ixer les plaques programables:<\/strong> Es van realitzaran tallers de diferents nivells (inicial, intermedis i avan\u00e7ats) amb les diferents plaques programables incloses en la dotaci\u00f3 de rob\u00f2tica: micro:bit, ED1, ESP32 STEAMakers i Keyestudio UNO. Els assistents van poder familiaritzar-se amb aquestes eines i entendre les seves aplicacions en l&#8217;entorn educatiu mitjan\u00e7ant activitats pr\u00e0ctiques.<\/li>\n\n\n\n<li><strong>Presentaci\u00f3 del document &#8220;Orientacions sobre la introducci\u00f3 del pensament computacional en els centres educatius&#8221;:<\/strong> Aquest document proporciona una guia per a la integraci\u00f3 del pensament computacional en les aules d&#8217;educaci\u00f3 infantil, prim\u00e0ria i secund\u00e0ria.<\/li>\n\n\n\n<li><strong>Promoure el desenvolupament del pensament computacional de l&#8217;alumnat i la compet\u00e8ncia digital de l&#8217;alumnat:<\/strong> La jornada tamb\u00e9 va tenir com a objectiu destacar la import\u00e0ncia d&#8217;aplicar el pensament computacional en tots els nivells educatius.<\/li>\n<\/ul>\n\n\n\n<div class=\"wp-block-columns is-layout-flex wp-container-core-columns-is-layout-2 wp-block-columns-is-layout-flex\" style=\"padding-top:var(--wp--preset--spacing--30);padding-bottom:var(--wp--preset--spacing--60)\">\n<div class=\"wp-block-column is-layout-flow wp-block-column-is-layout-flow\" style=\"flex-basis:60%\">\n<h4 class=\"wp-block-heading\"><strong>A qui va dirigida?<\/strong><\/h4>\n\n\n\n<p>Aquesta jornada estava pensada per a docents i professionals de l\u2019educaci\u00f3 interessats en la tecnologia i l&#8217;educaci\u00f3, especialment aquells que volen con\u00e8ixer m\u00e9s sobre com les plaques programables i la rob\u00f2tica poden enriquir el proc\u00e9s d&#8217;aprenentatge.<\/p>\n<\/div>\n\n\n\n<div class=\"wp-block-column is-vertically-aligned-center is-layout-flow wp-block-column-is-layout-flow\" style=\"flex-basis:40%\">\n<figure class=\"wp-block-image aligncenter size-large is-resized\"><img loading=\"lazy\" decoding=\"async\" width=\"1024\" height=\"630\" src=\"https:\/\/projectes.xtec.cat\/pensament-computacional\/wp-content\/uploads\/usu2217\/2024\/09\/f4fffe7c-75de-4f85-969c-ee8ce6cba8c5-e1726643874965-1024x630.jpg\" alt=\"\" class=\"wp-image-35945\" style=\"width:373px;height:auto\" srcset=\"https:\/\/projectes.xtec.cat\/pensament-computacional\/wp-content\/uploads\/usu2217\/2024\/09\/f4fffe7c-75de-4f85-969c-ee8ce6cba8c5-e1726643874965-1024x630.jpg 1024w, https:\/\/projectes.xtec.cat\/pensament-computacional\/wp-content\/uploads\/usu2217\/2024\/09\/f4fffe7c-75de-4f85-969c-ee8ce6cba8c5-e1726643874965-300x184.jpg 300w, https:\/\/projectes.xtec.cat\/pensament-computacional\/wp-content\/uploads\/usu2217\/2024\/09\/f4fffe7c-75de-4f85-969c-ee8ce6cba8c5-e1726643874965-768x472.jpg 768w, https:\/\/projectes.xtec.cat\/pensament-computacional\/wp-content\/uploads\/usu2217\/2024\/09\/f4fffe7c-75de-4f85-969c-ee8ce6cba8c5-e1726643874965-1536x944.jpg 1536w, https:\/\/projectes.xtec.cat\/pensament-computacional\/wp-content\/uploads\/usu2217\/2024\/09\/f4fffe7c-75de-4f85-969c-ee8ce6cba8c5-e1726643874965.jpg 2048w\" sizes=\"auto, (max-width: 1024px) 100vw, 1024px\" \/><\/figure>\n<\/div>\n<\/div>\n\n\n\n<p class=\"has-background\" style=\"background-color:#eae4d6\">La jornada va ser un esdeveniment enriquidor que va proporcionar als assistents les eines i coneixements necessaris per incorporar la dotaci\u00f3 de rob\u00f2tica a les aules.<\/p>\n<\/div><\/div>\n\n\n\n<div class=\"wp-block-getwid-tabs__nav-link\"><span class=\"wp-block-getwid-tabs__title-wrapper\"><a href=\"#\"><span class=\"wp-block-getwid-tabs__title\"><strong><mark style=\"background-color:rgba(0, 0, 0, 0);color:#273d5c\" class=\"has-inline-color\">Programa<\/mark><\/strong><\/span><\/a><\/span><\/div><div class=\"wp-block-getwid-tabs__tab-content-wrapper\"><div class=\"wp-block-getwid-tabs__tab-content\">\n<p class=\"has-background\" style=\"background-color:#edc2cc\"><mark style=\"background-color:rgba(0, 0, 0, 0)\" class=\"has-inline-color has-ast-global-color-7-color\"><strong>08.30 &#8211; 09.00&nbsp;h Recepci\u00f3 i acreditaci\u00f3<\/strong><\/mark><\/p>\n\n\n\n<p class=\"has-background\" style=\"background-color:#eae4d6\"><mark style=\"background-color:rgba(0, 0, 0, 0)\" class=\"has-inline-color has-ast-global-color-7-color\"><strong>09.00 &#8211; 09.10&nbsp;h&nbsp;Benvinguda i presentaci\u00f3 de l&#8217;esdeveniment<\/strong><\/mark><\/p>\n\n\n\n<p class=\"has-background\" style=\"background-color:#edc2cc\"><mark style=\"background-color:rgba(0, 0, 0, 0)\" class=\"has-inline-color has-ast-global-color-7-color\"><strong>09.10 &#8211; 09.40 h <a href=\"https:\/\/docs.google.com\/presentation\/d\/1hw0-Jforw8_yDpdxP3iLkTyMeuEDGQaOSPvqK-YbGRk\/preview?slide=id.g309663c82a8_0_0\" data-type=\"link\" data-id=\"https:\/\/docs.google.com\/presentation\/d\/1hw0-Jforw8_yDpdxP3iLkTyMeuEDGQaOSPvqK-YbGRk\/preview?slide=id.g309663c82a8_0_0\">Xerrada inaugural <\/a>amb Ra\u00fcl Fern\u00e1ndez i Arnau S\u00e1nchez<\/strong><\/mark><\/p>\n\n\n\n<p class=\"has-ast-global-color-0-color has-text-color has-background has-link-color wp-elements-9c30170146ce2a5c2d2c634ed97162f7\" style=\"background-color:#eae4d6\"><mark style=\"background-color:rgba(0, 0, 0, 0)\" class=\"has-inline-color has-ast-global-color-7-color\"><strong>09.40 &#8211; 10.00&nbsp;h&nbsp;<a href=\"https:\/\/docs.google.com\/presentation\/d\/1VKPNo06slOKuB8CjXwV4IKuOTEDrcdWD8eWu3vxS2sk\/preview?slide=id.g309663c82a8_0_0\" data-type=\"link\" data-id=\"https:\/\/docs.google.com\/presentation\/d\/1VKPNo06slOKuB8CjXwV4IKuOTEDrcdWD8eWu3vxS2sk\/preview?slide=id.g309663c82a8_0_0\">Presentaci\u00f3 <\/a>del document \u201c<a href=\"https:\/\/drive.google.com\/file\/d\/1nFTzGoCGyyNepWqGxDi6tp04NiJJuGfw\/view\" target=\"_blank\" rel=\"noreferrer noopener\">Orientacions sobre la introducci\u00f3 del pensament computacional en els centres educatius<\/a>\u201d<\/strong><\/mark><\/p>\n\n\n\n<p class=\"has-background\" style=\"background-color:#edc2cc;margin-top:var(--wp--preset--spacing--40);margin-bottom:var(--wp--preset--spacing--40)\"><mark style=\"background-color:rgba(0, 0, 0, 0)\" class=\"has-inline-color has-ast-global-color-7-color\"><strong>10.00 &#8211; 11.30 h Tallers de rob\u00f2tica i programaci\u00f3 amb plaques<\/strong><\/mark><\/p>\n\n\n\n<div class=\"wp-block-columns nosub is-layout-flex wp-container-core-columns-is-layout-3 wp-block-columns-is-layout-flex\">\n<div class=\"wp-block-column arrodonir has-border-color has-background is-layout-flow wp-container-core-column-is-layout-5 wp-block-column-is-layout-flow\" style=\"border-color:#edc2cc;border-width:2px;background-color:#f4e4e9;padding-right:0;padding-left:0\">\n<h6 class=\"wp-block-heading has-text-align-center has-ast-global-color-3-color has-text-color has-link-color wp-elements-b436df05860a6a84d5cea11f28132cf1\" style=\"margin-top:0;margin-bottom:0;padding-top:var(--wp--preset--spacing--20);padding-bottom:var(--wp--preset--spacing--20)\"><strong><a href=\"https:\/\/projectes.xtec.cat\/pensament-computacional\/formacio-robotica\/jornades\/jornada-connectem-amb-les-plaques\/taller-1-treballem-la-probabilitat-amb-microbit\/\">Taller 1<\/a><\/strong><\/h6>\n\n\n\n<p class=\"has-text-align-center has-ast-global-color-0-color has-text-color has-link-color wp-elements-8bbffb4e90b253a950460c4c01493fd1\" style=\"margin-top:0;margin-right:var(--wp--preset--spacing--40);margin-bottom:0;margin-left:var(--wp--preset--spacing--40);padding-top:var(--wp--preset--spacing--20);padding-right:var(--wp--preset--spacing--20);padding-bottom:var(--wp--preset--spacing--20);padding-left:var(--wp--preset--spacing--20)\"><a href=\"https:\/\/projectes.xtec.cat\/pensament-computacional\/formacio-robotica\/jornades\/jornada-connectem-amb-les-plaques\/taller-1-treballem-la-probabilitat-amb-microbit\/\" data-type=\"link\" data-id=\"https:\/\/projectes.xtec.cat\/pensament-computacional\/formacio-robotica\/jornades\/jornada-connectem-amb-les-plaques\/taller-1-treballem-la-probabilitat-amb-microbit\/\">Treballem la probabilitat amb micro:bit!<\/a><\/p>\n<\/div>\n\n\n\n<div class=\"wp-block-column arrodonir has-border-color has-background is-layout-flow wp-container-core-column-is-layout-6 wp-block-column-is-layout-flow\" style=\"border-color:#edc2cc;border-width:2px;background-color:#f4e4e9\">\n<h6 class=\"wp-block-heading has-text-align-center has-ast-global-color-3-color has-text-color has-link-color wp-elements-f96b32009fe9ee92b46874cfe4e1936e\" style=\"margin-top:0;margin-bottom:0;padding-top:var(--wp--preset--spacing--20);padding-bottom:var(--wp--preset--spacing--20)\"><strong><a href=\"https:\/\/projectes.xtec.cat\/pensament-computacional\/formacio-robotica\/jornades\/jornada-connectem-amb-les-plaques\/taller-2-dibuixem-poligons-regulars-amb-ed1\/\">Taller 2<\/a><\/strong><\/h6>\n\n\n\n<p class=\"has-text-align-center has-ast-global-color-0-color has-text-color has-link-color wp-elements-3d05cd41cead3307862c0aa143c8c139\" style=\"margin-top:0;margin-right:var(--wp--preset--spacing--40);margin-bottom:0;margin-left:var(--wp--preset--spacing--40);padding-top:var(--wp--preset--spacing--20);padding-right:var(--wp--preset--spacing--20);padding-bottom:var(--wp--preset--spacing--20);padding-left:var(--wp--preset--spacing--20)\"><a href=\"https:\/\/projectes.xtec.cat\/pensament-computacional\/formacio-robotica\/jornades\/jornada-connectem-amb-les-plaques\/taller-2-dibuixem-poligons-regulars-amb-ed1\/\">Dibuixem pol\u00edgons regulars amb ED1<\/a><\/p>\n<\/div>\n\n\n\n<div class=\"wp-block-column arrodonir has-border-color has-background is-layout-flow wp-container-core-column-is-layout-7 wp-block-column-is-layout-flow\" style=\"border-color:#edc2cc;border-width:2px;background-color:#f4e4e9\">\n<h6 class=\"wp-block-heading has-text-align-center has-ast-global-color-3-color has-text-color has-link-color wp-elements-24bae774c66665766c7abb2ef2425ffa\" style=\"margin-top:0;margin-bottom:0;padding-top:var(--wp--preset--spacing--20);padding-bottom:var(--wp--preset--spacing--20)\"><strong><a href=\"https:\/\/projectes.xtec.cat\/pensament-computacional\/formacio-robotica\/jornades\/jornada-connectem-amb-les-plaques\/taller-3-cuidem-les-plantes\/\">Taller 3<\/a><\/strong><\/h6>\n\n\n\n<p class=\"has-text-align-center has-ast-global-color-0-color has-text-color has-link-color wp-elements-e334a8696de4b8b2f64e2ff0fde8fa45\" style=\"margin-top:0;margin-right:var(--wp--preset--spacing--40);margin-bottom:0;margin-left:var(--wp--preset--spacing--40);padding-top:var(--wp--preset--spacing--20);padding-right:var(--wp--preset--spacing--20);padding-bottom:var(--wp--preset--spacing--20);padding-left:var(--wp--preset--spacing--20);font-style:normal;font-weight:400\"><a href=\"https:\/\/projectes.xtec.cat\/pensament-computacional\/formacio-robotica\/jornades\/jornada-connectem-amb-les-plaques\/taller-3-cuidem-les-plantes\/\">Cuidem les plantes<\/a><\/p>\n<\/div>\n\n\n\n<div class=\"wp-block-column arrodonir has-border-color has-background is-layout-flow wp-container-core-column-is-layout-8 wp-block-column-is-layout-flow\" style=\"border-color:#edc2cc;border-width:2px;background-color:#f4e4e9\">\n<h6 class=\"wp-block-heading has-text-align-center has-ast-global-color-3-color has-text-color has-link-color wp-elements-be9ee8621e65d9ce25db5854f07870f7\" style=\"margin-top:0;margin-bottom:0;padding-top:var(--wp--preset--spacing--20);padding-bottom:var(--wp--preset--spacing--20)\"><strong><a href=\"https:\/\/projectes.xtec.cat\/pensament-computacional\/formacio-robotica\/jornades\/jornada-connectem-amb-les-plaques\/taller-4-monitorem-el-confort-ambiental-de-laula\/\">Taller 4<\/a><\/strong><\/h6>\n\n\n\n<p class=\"has-text-align-center has-ast-global-color-0-color has-text-color has-link-color wp-elements-3a8314c8fffa8dd1a76a6ed618f55f66\" style=\"margin-top:0;margin-right:var(--wp--preset--spacing--40);margin-bottom:0;margin-left:var(--wp--preset--spacing--40);padding-top:var(--wp--preset--spacing--20);padding-right:var(--wp--preset--spacing--20);padding-bottom:var(--wp--preset--spacing--20);padding-left:var(--wp--preset--spacing--20);font-style:normal;font-weight:400\"><a href=\"https:\/\/projectes.xtec.cat\/pensament-computacional\/formacio-robotica\/jornades\/jornada-connectem-amb-les-plaques\/taller-4-monitorem-el-confort-ambiental-de-laula\/\">Monitorem el confort ambiental de l&#8217;aula!<\/a><\/p>\n<\/div>\n<\/div>\n\n\n\n<div style=\"height:15px\" aria-hidden=\"true\" class=\"wp-block-spacer\"><\/div>\n\n\n\n<div class=\"wp-block-columns nosub is-layout-flex wp-container-core-columns-is-layout-4 wp-block-columns-is-layout-flex\">\n<div class=\"wp-block-column arrodonir has-border-color has-background is-layout-flow wp-container-core-column-is-layout-9 wp-block-column-is-layout-flow\" style=\"border-color:#edc2cc;border-width:2px;background-color:#f4e4e9\">\n<h6 class=\"wp-block-heading has-text-align-center has-ast-global-color-3-color has-text-color has-link-color wp-elements-d7bd8ef9d79c24dcf0645e9f87a52a76\" style=\"margin-top:0;margin-bottom:0;padding-top:var(--wp--preset--spacing--20);padding-bottom:var(--wp--preset--spacing--20)\"><strong><a href=\"https:\/\/projectes.xtec.cat\/pensament-computacional\/formacio-robotica\/jornades\/jornada-connectem-amb-les-plaques\/taller-5-fem-un-coet-amb-esp32\/\">Taller 5<\/a><\/strong><\/h6>\n\n\n\n<p class=\"has-text-align-center has-ast-global-color-0-color has-text-color has-link-color wp-elements-bbc1f3761a9a1b72b338497990aa411d\" style=\"margin-right:var(--wp--preset--spacing--40);margin-left:var(--wp--preset--spacing--40);padding-top:var(--wp--preset--spacing--20);padding-right:var(--wp--preset--spacing--20);padding-bottom:var(--wp--preset--spacing--20);padding-left:var(--wp--preset--spacing--20);font-style:normal;font-weight:400\"><a href=\"https:\/\/projectes.xtec.cat\/pensament-computacional\/formacio-robotica\/jornades\/jornada-connectem-amb-les-plaques\/taller-5-fem-un-coet-amb-esp32\/\">Fem un coet amb ESP32 STEAMakers (3h)<\/a><\/p>\n<\/div>\n\n\n\n<div class=\"wp-block-column arrodonir has-border-color has-background is-layout-flow wp-container-core-column-is-layout-10 wp-block-column-is-layout-flow\" style=\"border-color:#edc2cc;border-width:2px;background-color:#f4e4e9\">\n<h6 class=\"wp-block-heading has-text-align-center has-ast-global-color-3-color has-text-color has-link-color wp-elements-655de140270976b87b19d6e3f5f27e33\" style=\"margin-top:0;margin-bottom:0;padding-top:var(--wp--preset--spacing--20);padding-bottom:var(--wp--preset--spacing--20)\"><strong><a href=\"https:\/\/projectes.xtec.cat\/pensament-computacional\/formacio-robotica\/jornades\/jornada-connectem-amb-les-plaques\/taller-6-construeix-el-teu-robot-amb-esp32\/\">Taller 6<\/a><\/strong><\/h6>\n\n\n\n<p class=\"has-text-align-center has-ast-global-color-0-color has-text-color has-link-color wp-elements-93f24f94fa263fb14ccadd9112357688\" style=\"margin-top:0;margin-right:var(--wp--preset--spacing--40);margin-bottom:0;margin-left:var(--wp--preset--spacing--40);padding-top:var(--wp--preset--spacing--20);padding-right:var(--wp--preset--spacing--20);padding-bottom:var(--wp--preset--spacing--20);padding-left:var(--wp--preset--spacing--20);font-style:normal;font-weight:400\"><a href=\"https:\/\/projectes.xtec.cat\/pensament-computacional\/formacio-robotica\/jornades\/jornada-connectem-amb-les-plaques\/taller-6-construeix-el-teu-robot-amb-esp32\/\"><\/a><a href=\"https:\/\/projectes.xtec.cat\/pensament-computacional\/formacio-robotica\/jornades\/jornada-connectem-amb-les-plaques\/taller-6-construeix-el-teu-robot-amb-esp32\/\">Construeix el teu robot amb ESP32 STEAMakers i Imagina 3DBot (3h)<\/a><\/p>\n<\/div>\n\n\n\n<div class=\"wp-block-column arrodonir has-border-color has-background is-layout-flow wp-container-core-column-is-layout-11 wp-block-column-is-layout-flow\" style=\"border-color:#edc2cc;border-width:2px;background-color:#f4e4e9\">\n<h6 class=\"wp-block-heading has-text-align-center has-ast-global-color-3-color has-text-color has-link-color wp-elements-becc9b6dd6042de9eabb237a4ab469f1\" style=\"margin-top:0;margin-bottom:0;padding-top:var(--wp--preset--spacing--20);padding-bottom:var(--wp--preset--spacing--20)\"><strong><a href=\"https:\/\/projectes.xtec.cat\/pensament-computacional\/formacio-robotica\/jornades\/jornada-connectem-amb-les-plaques\/taller-7-robotitzat-taller-de-construccio-de-robots\/\" data-type=\"page\" data-id=\"39332\">Taller 7<\/a><\/strong><\/h6>\n\n\n\n<p class=\"has-text-align-center has-ast-global-color-0-color has-text-color has-link-color wp-elements-6ec4f7dfa8ed2de7efff11b2f22532d5\" style=\"margin-top:0;margin-right:var(--wp--preset--spacing--40);margin-bottom:0;margin-left:var(--wp--preset--spacing--40);padding-top:var(--wp--preset--spacing--20);padding-right:var(--wp--preset--spacing--20);padding-bottom:var(--wp--preset--spacing--20);padding-left:var(--wp--preset--spacing--20);font-style:normal;font-weight:400\"><a href=\"https:\/\/projectes.xtec.cat\/pensament-computacional\/formacio-robotica\/jornades\/jornada-connectem-amb-les-plaques\/taller-7-robotitzat-taller-de-construccio-de-robots\/\">Robotitza\u2019t: taller de construcci\u00f3 de robots&nbsp;(3h)<\/a><\/p>\n<\/div>\n\n\n\n<div class=\"wp-block-column arrodonir has-border-color has-background is-layout-flow wp-container-core-column-is-layout-12 wp-block-column-is-layout-flow\" style=\"border-color:#edc2cc;border-width:2px;background-color:#f4e4e9\">\n<h6 class=\"wp-block-heading has-text-align-center has-ast-global-color-3-color has-text-color has-link-color wp-elements-755ae5cfc074bcf7bbfedd9320bfa5f5\" style=\"margin-top:0;margin-bottom:0;padding-top:var(--wp--preset--spacing--20);padding-bottom:var(--wp--preset--spacing--20)\"><strong><a href=\"https:\/\/projectes.xtec.cat\/pensament-computacional\/formacio-robotica\/jornades\/jornada-connectem-amb-les-plaques\/taller-8-preparat-per-construir-el-vehicle-del-futur\/\">Taller 8<\/a><\/strong><\/h6>\n\n\n\n<p class=\"has-text-align-center has-ast-global-color-0-color has-text-color has-link-color wp-elements-ec1f894cb7120bc437d152dc3f514156\" style=\"margin-top:0;margin-right:var(--wp--preset--spacing--40);margin-bottom:0;margin-left:var(--wp--preset--spacing--40);padding-top:var(--wp--preset--spacing--20);padding-right:var(--wp--preset--spacing--20);padding-bottom:var(--wp--preset--spacing--20);padding-left:var(--wp--preset--spacing--20);font-style:normal;font-weight:400\"><a href=\"https:\/\/projectes.xtec.cat\/pensament-computacional\/formacio-robotica\/jornades\/jornada-connectem-amb-les-plaques\/taller-8-preparat-per-construir-el-vehicle-del-futur\/\">Prepara\u2019t per construir el vehicle del futur! (3h)<\/a><\/p>\n<\/div>\n<\/div>\n\n\n\n<div style=\"height:15px\" aria-hidden=\"true\" class=\"wp-block-spacer\"><\/div>\n\n\n\n<p class=\"has-background\" style=\"background-color:#eae4d6\"><mark style=\"background-color:rgba(0, 0, 0, 0)\" class=\"has-inline-color has-ast-global-color-7-color\"><strong>11.30 &#8211; 12.00&nbsp;h&nbsp;Pausa i&nbsp;esmorzar<\/strong><\/mark><\/p>\n\n\n\n<p class=\"has-background\" style=\"background-color:#edc2cc;margin-top:var(--wp--preset--spacing--40);margin-bottom:var(--wp--preset--spacing--40)\"><mark style=\"background-color:rgba(0, 0, 0, 0)\" class=\"has-inline-color has-ast-global-color-7-color\"><strong>12.00 &#8211; 13.30 h Tallers de rob\u00f2tica i programaci\u00f3 amb plaques<\/strong><\/mark><\/p>\n\n\n\n<div class=\"wp-block-columns nosub is-layout-flex wp-container-core-columns-is-layout-5 wp-block-columns-is-layout-flex\">\n<div class=\"wp-block-column arrodonir has-border-color has-background is-layout-flow wp-container-core-column-is-layout-13 wp-block-column-is-layout-flow\" style=\"border-color:#edc2cc;border-width:2px;background-color:#f4e4e9\">\n<h6 class=\"wp-block-heading has-text-align-center has-ast-global-color-3-color has-text-color has-link-color wp-elements-64c0b086a099162c2b9488e4466a7544\" style=\"margin-top:0;margin-bottom:0;padding-top:var(--wp--preset--spacing--20);padding-bottom:var(--wp--preset--spacing--20)\"><strong><a href=\"https:\/\/projectes.xtec.cat\/pensament-computacional\/formacio-robotica\/jornades\/jornada-connectem-amb-les-plaques\/taller-9-controlem-el-robot-cutebot-amb-una-ma\/\" data-type=\"link\" data-id=\"https:\/\/projectes.xtec.cat\/pensament-computacional\/formacio-robotica\/jornades\/jornada-connectem-amb-les-plaques\/taller-9-controlem-el-robot-cutebot-amb-una-ma\/\">Taller 9<\/a><\/strong><\/h6>\n\n\n\n<p class=\"has-text-align-center has-ast-global-color-0-color has-text-color has-link-color wp-elements-01be67a30e04d45ae9568a0872cb9e71\" style=\"margin-top:0;margin-right:var(--wp--preset--spacing--40);margin-bottom:0;margin-left:var(--wp--preset--spacing--40);padding-top:var(--wp--preset--spacing--20);padding-right:var(--wp--preset--spacing--20);padding-bottom:var(--wp--preset--spacing--20);padding-left:var(--wp--preset--spacing--20)\"><a href=\"https:\/\/projectes.xtec.cat\/pensament-computacional\/formacio-robotica\/jornades\/jornada-connectem-amb-les-plaques\/taller-9-controlem-el-robot-cutebot-amb-una-ma\/\" data-type=\"link\" data-id=\"https:\/\/projectes.xtec.cat\/pensament-computacional\/formacio-robotica\/jornades\/jornada-connectem-amb-les-plaques\/taller-9-controlem-el-robot-cutebot-amb-una-ma\/\">Controlem el robot CuteBot amb una m\u00e0<\/a><\/p>\n<\/div>\n\n\n\n<div class=\"wp-block-column arrodonir has-border-color has-background is-layout-flow wp-container-core-column-is-layout-14 wp-block-column-is-layout-flow\" style=\"border-color:#edc2cc;border-width:2px;background-color:#f4e4e9\">\n<h6 class=\"wp-block-heading has-text-align-center has-ast-global-color-3-color has-text-color has-link-color wp-elements-ba4dd850b76b8f35e3c4a5b9f4e1e7f0\" style=\"margin-top:0;margin-bottom:0;padding-top:var(--wp--preset--spacing--20);padding-bottom:var(--wp--preset--spacing--20)\"><strong><a href=\"https:\/\/projectes.xtec.cat\/pensament-computacional\/formacio-robotica\/jornades\/jornada-connectem-amb-les-plaques\/taller-10-comenca-amb-microbit\/\">Taller 10<\/a><\/strong><\/h6>\n\n\n\n<p class=\"has-text-align-center has-ast-global-color-0-color has-text-color has-link-color wp-elements-dc0756f506bca6dee884f730bd36144e\" style=\"margin-top:0;margin-right:var(--wp--preset--spacing--40);margin-bottom:0;margin-left:var(--wp--preset--spacing--40);padding-top:var(--wp--preset--spacing--20);padding-right:var(--wp--preset--spacing--20);padding-bottom:var(--wp--preset--spacing--20);padding-left:var(--wp--preset--spacing--20)\"><a href=\"https:\/\/projectes.xtec.cat\/pensament-computacional\/formacio-robotica\/jornades\/jornada-connectem-amb-les-plaques\/taller-10-comenca-amb-microbit\/\">Comen\u00e7a amb micro:bit!<\/a><\/p>\n<\/div>\n\n\n\n<div class=\"wp-block-column arrodonir has-border-color has-background is-layout-flow wp-container-core-column-is-layout-15 wp-block-column-is-layout-flow\" style=\"border-color:#edc2cc;border-width:2px;background-color:#f4e4e9\">\n<h6 class=\"wp-block-heading has-text-align-center has-ast-global-color-3-color has-text-color has-link-color wp-elements-0628cb1adc3b00429e7ece2ea52de8ec\" style=\"margin-top:0;margin-bottom:0;padding-top:var(--wp--preset--spacing--20);padding-bottom:var(--wp--preset--spacing--20)\"><strong><a href=\"https:\/\/projectes.xtec.cat\/pensament-computacional\/formacio-robotica\/jornades\/jornada-connectem-amb-les-plaques\/taller-11-la-teva-casa-domotica\/\">Taller 11<\/a><\/strong><\/h6>\n\n\n\n<p class=\"has-text-align-center has-ast-global-color-0-color has-text-color has-link-color wp-elements-6d5d4e17de998dfcf95fe3ab8dabda62\" style=\"margin-top:0;margin-right:var(--wp--preset--spacing--40);margin-bottom:0;margin-left:var(--wp--preset--spacing--40);padding-top:var(--wp--preset--spacing--20);padding-right:var(--wp--preset--spacing--20);padding-bottom:var(--wp--preset--spacing--20);padding-left:var(--wp--preset--spacing--20);font-style:normal;font-weight:400\"><a href=\"https:\/\/projectes.xtec.cat\/pensament-computacional\/formacio-robotica\/jornades\/jornada-connectem-amb-les-plaques\/taller-11-la-teva-casa-domotica\/\" data-type=\"link\" data-id=\"https:\/\/projectes.xtec.cat\/pensament-computacional\/formacio-robotica\/jornades\/jornada-connectem-amb-les-plaques\/taller-11-la-teva-casa-domotica\/\">La teva casa dom\u00f2tica<\/a><\/p>\n<\/div>\n\n\n\n<div class=\"wp-block-column arrodonir has-border-color has-background is-layout-flow wp-container-core-column-is-layout-16 wp-block-column-is-layout-flow\" style=\"border-color:#edc2cc;border-width:2px;background-color:#f4e4e9\">\n<h6 class=\"wp-block-heading has-text-align-center has-ast-global-color-3-color has-text-color has-link-color wp-elements-2e9c6c048de252f6fddf87f0559d50e4\" style=\"margin-top:0;margin-bottom:0;padding-top:var(--wp--preset--spacing--20);padding-bottom:var(--wp--preset--spacing--20)\"><strong><a href=\"https:\/\/projectes.xtec.cat\/pensament-computacional\/formacio-robotica\/jornades\/jornada-connectem-amb-les-plaques\/taller-12-exportem-les-dades-de-leps32-steamakers\/\">Taller 12<\/a><\/strong><\/h6>\n\n\n\n<p class=\"has-text-align-center has-ast-global-color-0-color has-text-color has-link-color wp-elements-e1a3d76d1416c0d99c561819b1dd9da4\" style=\"margin-top:0;margin-right:var(--wp--preset--spacing--40);margin-bottom:0;margin-left:var(--wp--preset--spacing--40);padding-top:var(--wp--preset--spacing--20);padding-right:var(--wp--preset--spacing--20);padding-bottom:var(--wp--preset--spacing--20);padding-left:var(--wp--preset--spacing--20);font-style:normal;font-weight:400\"><a href=\"https:\/\/projectes.xtec.cat\/pensament-computacional\/formacio-robotica\/jornades\/jornada-connectem-amb-les-plaques\/taller-12-exportem-les-dades-de-leps32-steamakers\/\">Exportem les dades de l\u2019ESP32 STEAMakers<\/a><\/p>\n<\/div>\n<\/div>\n\n\n\n<div style=\"height:15px\" aria-hidden=\"true\" class=\"wp-block-spacer\"><\/div>\n\n\n\n<div class=\"wp-block-columns nosub is-layout-flex wp-container-core-columns-is-layout-6 wp-block-columns-is-layout-flex\">\n<div class=\"wp-block-column arrodonir has-border-color has-background is-layout-flow wp-container-core-column-is-layout-17 wp-block-column-is-layout-flow\" style=\"border-color:#edc2cc;border-width:2px;background-color:#f4e4e9\">\n<h6 class=\"wp-block-heading has-text-align-center has-ast-global-color-3-color has-text-color has-link-color wp-elements-d7bd8ef9d79c24dcf0645e9f87a52a76\" style=\"margin-top:0;margin-bottom:0;padding-top:var(--wp--preset--spacing--20);padding-bottom:var(--wp--preset--spacing--20)\"><strong><a href=\"https:\/\/projectes.xtec.cat\/pensament-computacional\/formacio-robotica\/jornades\/jornada-connectem-amb-les-plaques\/taller-5-fem-un-coet-amb-esp32\/\">Taller 5<\/a><\/strong><\/h6>\n\n\n\n<p class=\"has-text-align-center has-ast-global-color-0-color has-text-color has-link-color wp-elements-46c5faeed1d2fe58de325e5ae71f85ca\" style=\"margin-right:var(--wp--preset--spacing--40);margin-left:var(--wp--preset--spacing--40);padding-top:var(--wp--preset--spacing--20);padding-right:var(--wp--preset--spacing--20);padding-bottom:var(--wp--preset--spacing--20);padding-left:var(--wp--preset--spacing--20);font-style:normal;font-weight:400\"><a href=\"https:\/\/projectes.xtec.cat\/pensament-computacional\/formacio-robotica\/jornades\/jornada-connectem-amb-les-plaques\/taller-5-fem-un-coet-amb-esp32\/\">Fem un coet amb ESP32 (3h)<\/a><\/p>\n<\/div>\n\n\n\n<div class=\"wp-block-column arrodonir has-border-color has-background is-layout-flow wp-container-core-column-is-layout-18 wp-block-column-is-layout-flow\" style=\"border-color:#edc2cc;border-width:2px;background-color:#f4e4e9\">\n<h6 class=\"wp-block-heading has-text-align-center has-ast-global-color-3-color has-text-color has-link-color wp-elements-655de140270976b87b19d6e3f5f27e33\" style=\"margin-top:0;margin-bottom:0;padding-top:var(--wp--preset--spacing--20);padding-bottom:var(--wp--preset--spacing--20)\"><strong><a href=\"https:\/\/projectes.xtec.cat\/pensament-computacional\/formacio-robotica\/jornades\/jornada-connectem-amb-les-plaques\/taller-6-construeix-el-teu-robot-amb-esp32\/\">Taller 6<\/a><\/strong><\/h6>\n\n\n\n<p class=\"has-text-align-center has-ast-global-color-0-color has-text-color has-link-color wp-elements-93f24f94fa263fb14ccadd9112357688\" style=\"margin-top:0;margin-right:var(--wp--preset--spacing--40);margin-bottom:0;margin-left:var(--wp--preset--spacing--40);padding-top:var(--wp--preset--spacing--20);padding-right:var(--wp--preset--spacing--20);padding-bottom:var(--wp--preset--spacing--20);padding-left:var(--wp--preset--spacing--20);font-style:normal;font-weight:400\"><a href=\"https:\/\/projectes.xtec.cat\/pensament-computacional\/formacio-robotica\/jornades\/jornada-connectem-amb-les-plaques\/taller-6-construeix-el-teu-robot-amb-esp32\/\"><\/a><a href=\"https:\/\/projectes.xtec.cat\/pensament-computacional\/formacio-robotica\/jornades\/jornada-connectem-amb-les-plaques\/taller-6-construeix-el-teu-robot-amb-esp32\/\">Construeix el teu robot amb ESP32 STEAMakers i Imagina 3DBot (3h)<\/a><\/p>\n<\/div>\n\n\n\n<div class=\"wp-block-column arrodonir has-border-color has-background is-layout-flow wp-container-core-column-is-layout-19 wp-block-column-is-layout-flow\" style=\"border-color:#edc2cc;border-width:2px;background-color:#f4e4e9\">\n<h6 class=\"wp-block-heading has-text-align-center has-ast-global-color-3-color has-text-color has-link-color wp-elements-becc9b6dd6042de9eabb237a4ab469f1\" style=\"margin-top:0;margin-bottom:0;padding-top:var(--wp--preset--spacing--20);padding-bottom:var(--wp--preset--spacing--20)\"><strong><a href=\"https:\/\/projectes.xtec.cat\/pensament-computacional\/formacio-robotica\/jornades\/jornada-connectem-amb-les-plaques\/taller-7-robotitzat-taller-de-construccio-de-robots\/\" data-type=\"page\" data-id=\"39332\">Taller 7<\/a><\/strong><\/h6>\n\n\n\n<p class=\"has-text-align-center has-ast-global-color-0-color has-text-color has-link-color wp-elements-6ec4f7dfa8ed2de7efff11b2f22532d5\" style=\"margin-top:0;margin-right:var(--wp--preset--spacing--40);margin-bottom:0;margin-left:var(--wp--preset--spacing--40);padding-top:var(--wp--preset--spacing--20);padding-right:var(--wp--preset--spacing--20);padding-bottom:var(--wp--preset--spacing--20);padding-left:var(--wp--preset--spacing--20);font-style:normal;font-weight:400\"><a href=\"https:\/\/projectes.xtec.cat\/pensament-computacional\/formacio-robotica\/jornades\/jornada-connectem-amb-les-plaques\/taller-7-robotitzat-taller-de-construccio-de-robots\/\">Robotitza\u2019t: taller de construcci\u00f3 de robots&nbsp;(3h)<\/a><\/p>\n<\/div>\n\n\n\n<div class=\"wp-block-column arrodonir has-border-color has-background is-layout-flow wp-container-core-column-is-layout-20 wp-block-column-is-layout-flow\" style=\"border-color:#edc2cc;border-width:2px;background-color:#f4e4e9\">\n<h6 class=\"wp-block-heading has-text-align-center has-ast-global-color-3-color has-text-color has-link-color wp-elements-755ae5cfc074bcf7bbfedd9320bfa5f5\" style=\"margin-top:0;margin-bottom:0;padding-top:var(--wp--preset--spacing--20);padding-bottom:var(--wp--preset--spacing--20)\"><strong><a href=\"https:\/\/projectes.xtec.cat\/pensament-computacional\/formacio-robotica\/jornades\/jornada-connectem-amb-les-plaques\/taller-8-preparat-per-construir-el-vehicle-del-futur\/\">Taller 8<\/a><\/strong><\/h6>\n\n\n\n<p class=\"has-text-align-center has-ast-global-color-0-color has-text-color has-link-color wp-elements-ec1f894cb7120bc437d152dc3f514156\" style=\"margin-top:0;margin-right:var(--wp--preset--spacing--40);margin-bottom:0;margin-left:var(--wp--preset--spacing--40);padding-top:var(--wp--preset--spacing--20);padding-right:var(--wp--preset--spacing--20);padding-bottom:var(--wp--preset--spacing--20);padding-left:var(--wp--preset--spacing--20);font-style:normal;font-weight:400\"><a href=\"https:\/\/projectes.xtec.cat\/pensament-computacional\/formacio-robotica\/jornades\/jornada-connectem-amb-les-plaques\/taller-8-preparat-per-construir-el-vehicle-del-futur\/\">Prepara\u2019t per construir el vehicle del futur! (3h)<\/a><\/p>\n<\/div>\n<\/div>\n\n\n\n<div style=\"height:15px\" aria-hidden=\"true\" class=\"wp-block-spacer\"><\/div>\n\n\n\n<p class=\"has-background\" style=\"background-color:#eae4d6\"><mark style=\"background-color:rgba(0, 0, 0, 0)\" class=\"has-inline-color has-ast-global-color-7-color\"><strong>13.30 &#8211; 14.00&nbsp;h&nbsp;Cloenda<\/strong><\/mark><\/p>\n<\/div><\/div>\n\n\n\n<div class=\"wp-block-getwid-tabs__nav-link\"><span class=\"wp-block-getwid-tabs__title-wrapper\"><a href=\"#\"><span class=\"wp-block-getwid-tabs__title\"><strong><mark style=\"background-color:rgba(0, 0, 0, 0);color:#273d5c\" class=\"has-inline-color\">Tallers<\/mark><\/strong><\/span><\/a><\/span><\/div><div class=\"wp-block-getwid-tabs__tab-content-wrapper\"><div class=\"wp-block-getwid-tabs__tab-content\">\n<p class=\"has-background\" style=\"background-color:#edc2cc\"><strong>10.00 &#8211; 11.30 h: Primera franja dels tallers de rob\u00f2tica i programaci\u00f3 amb plaques<\/strong><\/p>\n\n\n\n<ul class=\"wp-block-list\">\n<li><a href=\"https:\/\/projectes.xtec.cat\/pensament-computacional\/formacio-robotica\/jornades\/jornada-connectem-amb-les-plaques\/taller-1-treballem-la-probabilitat-amb-microbit\/\" data-type=\"link\" data-id=\"https:\/\/projectes.xtec.cat\/pensament-computacional\/formacio-robotica\/jornades\/jornada-connectem-amb-les-plaques\/taller-1-treballem-la-probabilitat-amb-microbit\/\"><strong>Taller 1.<\/strong> <strong>Treballem la probabilitat amb micro:bit!<\/strong><\/a> <br>Joan Carles Roman i Ramon Segu\u00e9s<\/li>\n\n\n\n<li><strong><a href=\"https:\/\/projectes.xtec.cat\/pensament-computacional\/formacio-robotica\/jornades\/jornada-connectem-amb-les-plaques\/taller-2-dibuixem-poligons-regulars-amb-ed1\/\">Taller 2. Dibuixem pol\u00edgons regulars amb ED1<\/a><\/strong><br>Josep Vilardell i Pedro Garc\u00eda<\/li>\n\n\n\n<li><strong><a href=\"https:\/\/projectes.xtec.cat\/pensament-computacional\/formacio-robotica\/jornades\/jornada-connectem-amb-les-plaques\/taller-3-cuidem-les-plantes\/\">Taller 3. Cuidem les plantes<\/a><\/strong><strong><br><\/strong>Higini Fern\u00e1ndez i Frederic Cer\u00f3n<\/li>\n\n\n\n<li><strong><a href=\"https:\/\/projectes.xtec.cat\/pensament-computacional\/formacio-robotica\/jornades\/jornada-connectem-amb-les-plaques\/taller-4-monitorem-el-confort-ambiental-de-laula\/\">Taller 4. Monitorem el confort ambiental de l&#8217;aula!<\/a><\/strong><strong><a href=\"https:\/\/projectes.xtec.cat\/pensament-computacional\/formacio-robotica\/jornades\/jornada-connectem-amb-les-plaques\/taller-4-monitorem-el-confort-ambiental-de-laula\/\"><br><\/a><\/strong>Agn\u00e8s Oliver i Antoni Bancells<\/li>\n\n\n\n<li><strong><a href=\"https:\/\/projectes.xtec.cat\/pensament-computacional\/formacio-robotica\/jornades\/jornada-connectem-amb-les-plaques\/taller-5-fem-un-coet-amb-esp32\/\">Taller 5. Fem un coet amb ESP32 (3 h)<\/a><\/strong><strong><a href=\"https:\/\/projectes.xtec.cat\/pensament-computacional\/formacio-robotica\/jornades\/jornada-connectem-amb-les-plaques\/taller-5-fem-un-coet-amb-esp32\/\"><br><\/a><\/strong>Joan Oliv\u00e9, Eduard Requena i S\u00f2nia P\u00e9rez<\/li>\n\n\n\n<li><strong><a href=\"https:\/\/projectes.xtec.cat\/pensament-computacional\/formacio-robotica\/jornades\/jornada-connectem-amb-les-plaques\/taller-6-construeix-el-teu-robot-amb-esp32\/\">Taller 6. Construeix el teu robot amb ESP32 STEAMakers i Imagina 3DBot (3 h)<\/a><\/strong><strong><a href=\"https:\/\/projectes.xtec.cat\/pensament-computacional\/formacio-robotica\/jornades\/jornada-connectem-amb-les-plaques\/taller-6-construeix-el-teu-robot-amb-esp32\/\"><br><\/a><\/strong>Denis Serrano i Siscu Morales<\/li>\n\n\n\n<li><a href=\"https:\/\/projectes.xtec.cat\/pensament-computacional\/formacio-robotica\/jornades\/jornada-connectem-amb-les-plaques\/taller-7-robotitzat-taller-de-construccio-de-robots\/\"><strong>Taller 7. Robotitza&#8217;t: taller de construcci\u00f3 de robots<\/strong> <strong>(3 h)<\/strong><\/a><a href=\"https:\/\/projectes.xtec.cat\/pensament-computacional\/formacio-robotica\/jornades\/jornada-connectem-amb-les-plaques\/taller-7-robotitzat-taller-de-construccio-de-robots\/\"><strong><br><\/strong><\/a>Encarna P\u00e9rez i Am\u00f3s P\u00e9rez<\/li>\n\n\n\n<li><strong><a href=\"https:\/\/projectes.xtec.cat\/pensament-computacional\/formacio-robotica\/jornades\/jornada-connectem-amb-les-plaques\/taller-8-preparat-per-construir-el-vehicle-del-futur\/\">Taller 8. Prepara&#8217;t per construir el vehicle del futur! (3 h)<\/a><\/strong><strong><a href=\"https:\/\/projectes.xtec.cat\/pensament-computacional\/formacio-robotica\/jornades\/jornada-connectem-amb-les-plaques\/taller-8-preparat-per-construir-el-vehicle-del-futur\/\"><br><\/a><\/strong>Salvador P\u00e9rez i Antonio Romero<\/li>\n<\/ul>\n\n\n\n<p class=\"has-background\" style=\"background-color:#eae4d6\"><strong>12.00 &#8211; 13.30 h: Segona franja dels tallers de rob\u00f2tica i programaci\u00f3 amb plaques<\/strong><\/p>\n\n\n\n<ul class=\"wp-block-list\">\n<li><a href=\"https:\/\/projectes.xtec.cat\/pensament-computacional\/formacio-robotica\/jornades\/jornada-connectem-amb-les-plaques\/taller-9-controlem-el-robot-cutebot-amb-una-ma\/\"><strong>Taller 9.<\/strong> <strong>Controlem el robot CuteBot amb una m\u00e0<\/strong><\/a><a href=\"https:\/\/projectes.xtec.cat\/pensament-computacional\/formacio-robotica\/jornades\/jornada-connectem-amb-les-plaques\/taller-9-controlem-el-robot-cutebot-amb-una-ma\/\"><br><\/a>Higini Fern\u00e1ndez i Frederic Cer\u00f3n<\/li>\n\n\n\n<li><a href=\"https:\/\/projectes.xtec.cat\/pensament-computacional\/formacio-robotica\/jornades\/jornada-connectem-amb-les-plaques\/taller-10-comenca-amb-microbit\/\"><strong>Taller 10. Comen\u00e7a amb micro:bit!<\/strong><\/a><a href=\"https:\/\/projectes.xtec.cat\/pensament-computacional\/formacio-robotica\/jornades\/jornada-connectem-amb-les-plaques\/taller-10-comenca-amb-microbit\/\"><br><\/a>Daniel Espa\u00f1ol i Nelson Belmonte<\/li>\n\n\n\n<li><strong><a href=\"https:\/\/projectes.xtec.cat\/pensament-computacional\/formacio-robotica\/jornades\/jornada-connectem-amb-les-plaques\/taller-11-la-teva-casa-domotica\/\">Taller 11. La teva casa dom\u00f2tica<\/a><\/strong><strong><a href=\"https:\/\/projectes.xtec.cat\/pensament-computacional\/formacio-robotica\/jornades\/jornada-connectem-amb-les-plaques\/taller-11-la-teva-casa-domotica\/\"><br><\/a><\/strong>Judith Pujol i Rafa Tarjuelo<\/li>\n\n\n\n<li><strong><a href=\"https:\/\/projectes.xtec.cat\/pensament-computacional\/formacio-robotica\/jornades\/jornada-connectem-amb-les-plaques\/taller-12-exportem-les-dades-de-leps32-steamakers\/\">Taller 12. Exportem les dades de l&#8217;ESP32 STEAMakers<\/a><\/strong><strong><a href=\"https:\/\/projectes.xtec.cat\/pensament-computacional\/formacio-robotica\/jornades\/jornada-connectem-amb-les-plaques\/taller-12-exportem-les-dades-de-leps32-steamakers\/\"><br><\/a><\/strong>Imma Vilella i Pascual Viciano<\/li>\n\n\n\n<li><strong><a href=\"https:\/\/projectes.xtec.cat\/pensament-computacional\/formacio-robotica\/jornades\/jornada-connectem-amb-les-plaques\/taller-5-fem-un-coet-amb-esp32\/\">Taller 5. Fem un coet amb ESP32 (3 h)<\/a><\/strong><strong><a href=\"https:\/\/projectes.xtec.cat\/pensament-computacional\/formacio-robotica\/jornades\/jornada-connectem-amb-les-plaques\/taller-5-fem-un-coet-amb-esp32\/\"><br><\/a><\/strong>Joan Oliv\u00e9, Eduard Requena i S\u00f2nia P\u00e9rez<\/li>\n\n\n\n<li><strong><a href=\"https:\/\/projectes.xtec.cat\/pensament-computacional\/formacio-robotica\/jornades\/jornada-connectem-amb-les-plaques\/taller-6-construeix-el-teu-robot-amb-esp32\/\">Taller 6. Construeix el teu robot amb ESP32 STEAMakers i Imagina 3DBot (3 h)<\/a><\/strong><strong><a href=\"https:\/\/projectes.xtec.cat\/pensament-computacional\/formacio-robotica\/jornades\/jornada-connectem-amb-les-plaques\/taller-6-construeix-el-teu-robot-amb-esp32\/\"><br><\/a><\/strong>Denis Serrano i Siscu Morales<\/li>\n\n\n\n<li><a href=\"https:\/\/projectes.xtec.cat\/pensament-computacional\/formacio-robotica\/jornades\/jornada-connectem-amb-les-plaques\/taller-7-robotitzat-taller-de-construccio-de-robots\/\"><strong>Taller 7. Robotitza&#8217;t: taller de construcci\u00f3 de robots<\/strong> <strong>(3 h)<\/strong><\/a><a href=\"https:\/\/projectes.xtec.cat\/pensament-computacional\/formacio-robotica\/jornades\/jornada-connectem-amb-les-plaques\/taller-7-robotitzat-taller-de-construccio-de-robots\/\"><strong><br><\/strong><\/a>Encarna P\u00e9rez i Am\u00f3s P\u00e9rez<\/li>\n\n\n\n<li><strong><a href=\"https:\/\/projectes.xtec.cat\/pensament-computacional\/formacio-robotica\/jornades\/jornada-connectem-amb-les-plaques\/taller-8-preparat-per-construir-el-vehicle-del-futur\/\">Taller 8. Prepara&#8217;t per construir el vehicle del futur! (3 h)<\/a><\/strong><strong><a href=\"https:\/\/projectes.xtec.cat\/pensament-computacional\/formacio-robotica\/jornades\/jornada-connectem-amb-les-plaques\/taller-8-preparat-per-construir-el-vehicle-del-futur\/\"><br><\/a><\/strong>Salvador P\u00e9rez i Antonio Romero<\/li>\n<\/ul>\n<\/div><\/div>\n<\/div>\n\n\n\n<p style=\"padding-top:var(--wp--preset--spacing--40)\"><strong>Per saber-ne m\u00e9s<\/strong>&nbsp;sobre aquestes plaques programables que permeten portar les idees m\u00e9s enll\u00e0 de la pantalla i crear projectes que interactuen amb el m\u00f3n f\u00edsic clica en&nbsp;<a href=\"https:\/\/projectes.xtec.cat\/pensament-computacional\/activitats-robotica\/cataleg-activitats-robotica\/\" data-type=\"link\" data-id=\"https:\/\/projectes.xtec.cat\/pensament-computacional\/activitats-robotica\/cataleg-activitats-robotica\/\" target=\"_blank\" rel=\"noreferrer noopener\">aquest enlla\u00e7<\/a>. Podr\u00e0s desenvolupar projectes educatius atractius i din\u00e0mics en una gran varietat d\u2019\u00e0rees.<\/p>\n\n\n\n<figure class=\"wp-block-image size-large is-resized has-custom-border\"><img loading=\"lazy\" decoding=\"async\" width=\"1024\" height=\"117\" src=\"https:\/\/projectes.xtec.cat\/pensament-computacional\/wp-content\/uploads\/usu2217\/2024\/09\/Logos-4.0-1-1-1024x117.png\" alt=\"\" class=\"wp-image-35838\" style=\"border-radius:0px;width:425px;height:auto\" srcset=\"https:\/\/projectes.xtec.cat\/pensament-computacional\/wp-content\/uploads\/usu2217\/2024\/09\/Logos-4.0-1-1-1024x117.png 1024w, https:\/\/projectes.xtec.cat\/pensament-computacional\/wp-content\/uploads\/usu2217\/2024\/09\/Logos-4.0-1-1-300x34.png 300w, https:\/\/projectes.xtec.cat\/pensament-computacional\/wp-content\/uploads\/usu2217\/2024\/09\/Logos-4.0-1-1-768x88.png 768w, https:\/\/projectes.xtec.cat\/pensament-computacional\/wp-content\/uploads\/usu2217\/2024\/09\/Logos-4.0-1-1-1536x176.png 1536w, https:\/\/projectes.xtec.cat\/pensament-computacional\/wp-content\/uploads\/usu2217\/2024\/09\/Logos-4.0-1-1-2048x235.png 2048w\" sizes=\"auto, (max-width: 1024px) 100vw, 1024px\" \/><\/figure>\n<\/div><\/div><\/div><\/div><\/div>\n","protected":false},"excerpt":{"rendered":"","protected":false},"author":14,"featured_media":42234,"parent":32003,"menu_order":0,"comment_status":"closed","ping_status":"close","template":"","meta":{"_bbp_topic_count":0,"_bbp_reply_count":0,"_bbp_total_topic_count":0,"_bbp_total_reply_count":0,"_bbp_voice_count":0,"_bbp_anonymous_reply_count":0,"_bbp_topic_count_hidden":0,"_bbp_reply_count_hidden":0,"_bbp_forum_subforum_count":0,"site-sidebar-layout":"default","site-content-layout":"","ast-site-content-layout":"default","site-content-style":"default","site-sidebar-style":"default","ast-global-header-display":"","ast-banner-title-visibility":"","ast-main-header-display":"","ast-hfb-above-header-display":"","ast-hfb-below-header-display":"","ast-hfb-mobile-header-display":"","site-post-title":"disabled","ast-breadcrumbs-content":"","ast-featured-img":"disabled","footer-sml-layout":"","theme-transparent-header-meta":"","adv-header-id-meta":"","stick-header-meta":"","header-above-stick-meta":"","header-main-stick-meta":"","header-below-stick-meta":"","astra-migrate-meta-layouts":"set","ast-page-background-enabled":"default","ast-page-background-meta":{"desktop":{"background-color":"","background-image":"","background-repeat":"repeat","background-position":"center center","background-size":"auto","background-attachment":"scroll","background-type":"","background-media":"","overlay-type":"","overlay-color":"","overlay-opacity":"","overlay-gradient":""},"tablet":{"background-color":"","background-image":"","background-repeat":"repeat","background-position":"center center","background-size":"auto","background-attachment":"scroll","background-type":"","background-media":"","overlay-type":"","overlay-color":"","overlay-opacity":"","overlay-gradient":""},"mobile":{"background-color":"","background-image":"","background-repeat":"repeat","background-position":"center center","background-size":"auto","background-attachment":"scroll","background-type":"","background-media":"","overlay-type":"","overlay-color":"","overlay-opacity":"","overlay-gradient":""}},"ast-content-background-meta":{"desktop":{"background-color":"var(--ast-global-color-5)","background-image":"","background-repeat":"repeat","background-position":"center center","background-size":"auto","background-attachment":"scroll","background-type":"","background-media":"","overlay-type":"","overlay-color":"","overlay-opacity":"","overlay-gradient":""},"tablet":{"background-color":"var(--ast-global-color-5)","background-image":"","background-repeat":"repeat","background-position":"center center","background-size":"auto","background-attachment":"scroll","background-type":"","background-media":"","overlay-type":"","overlay-color":"","overlay-opacity":"","overlay-gradient":""},"mobile":{"background-color":"var(--ast-global-color-5)","background-image":"","background-repeat":"repeat","background-position":"center center","background-size":"auto","background-attachment":"scroll","background-type":"","background-media":"","overlay-type":"","overlay-color":"","overlay-opacity":"","overlay-gradient":""}},"footnotes":""},"class_list":["post-35058","page","type-page","status-publish","has-post-thumbnail","hentry"],"post_mailing_queue_ids":[],"_links":{"self":[{"href":"https:\/\/projectes.xtec.cat\/pensament-computacional\/wp-json\/wp\/v2\/pages\/35058","targetHints":{"allow":["GET"]}}],"collection":[{"href":"https:\/\/projectes.xtec.cat\/pensament-computacional\/wp-json\/wp\/v2\/pages"}],"about":[{"href":"https:\/\/projectes.xtec.cat\/pensament-computacional\/wp-json\/wp\/v2\/types\/page"}],"author":[{"embeddable":true,"href":"https:\/\/projectes.xtec.cat\/pensament-computacional\/wp-json\/wp\/v2\/users\/14"}],"replies":[{"embeddable":true,"href":"https:\/\/projectes.xtec.cat\/pensament-computacional\/wp-json\/wp\/v2\/comments?post=35058"}],"version-history":[{"count":5,"href":"https:\/\/projectes.xtec.cat\/pensament-computacional\/wp-json\/wp\/v2\/pages\/35058\/revisions"}],"predecessor-version":[{"id":42323,"href":"https:\/\/projectes.xtec.cat\/pensament-computacional\/wp-json\/wp\/v2\/pages\/35058\/revisions\/42323"}],"up":[{"embeddable":true,"href":"https:\/\/projectes.xtec.cat\/pensament-computacional\/wp-json\/wp\/v2\/pages\/32003"}],"wp:featuredmedia":[{"embeddable":true,"href":"https:\/\/projectes.xtec.cat\/pensament-computacional\/wp-json\/wp\/v2\/media\/42234"}],"wp:attachment":[{"href":"https:\/\/projectes.xtec.cat\/pensament-computacional\/wp-json\/wp\/v2\/media?parent=35058"}],"curies":[{"name":"wp","href":"https:\/\/api.w.org\/{rel}","templated":true}]}}