{"id":8228,"date":"2017-03-24T19:04:06","date_gmt":"2017-03-24T18:04:06","guid":{"rendered":"http:\/\/projectes.xtec.cat\/pyirenefp\/?page_id=8228"},"modified":"2017-05-17T09:42:53","modified_gmt":"2017-05-17T07:42:53","slug":"informacion-comunicacion-fuentes-y-cartografia","status":"publish","type":"page","link":"https:\/\/projectes.xtec.cat\/pyirenefp\/piremobv\/informacion-comunicacion-fuentes-y-cartografia\/","title":{"rendered":"Informaci\u00f3n, comunicaci\u00f3n, fuentes y cartograf\u00edas"},"content":{"rendered":"<p><strong>Objetivos<\/strong><\/p>\n<ul>\n<li>Promover el conocimiento de los sistemas de formaciones y empleos<\/li>\n<li>Elaborar recursos tendentes a facilitar y desarrollar acciones de movilidad sobre el territorio transfronterizo<\/li>\n<li>Favorecer la puesta en red y desarrollar el intercambio de pr\u00e1cticas y de competencias entre el personal de las estructuras de formaci\u00f3n<\/li>\n<li>Favorecer la transferencia de conocimiento, experiencias y saber-hacer<\/li>\n<li>Dinamizar y organizar la cooperaci\u00f3n entre los actores de formaci\u00f3n<\/li>\n<\/ul>\n<hr \/>\n<p><strong>Resultados<\/strong><\/p>\n<ul>\n<li>Generaci\u00f3n de una cartograf\u00eda a escala del macizo pirenaico para facilitar la realizaci\u00f3n de acciones de movilidad (oferta de formaci\u00f3n transfronteriza, oferta de alojamiento de j\u00f3venes en movilidad, etc.)<\/li>\n<li>Difusi\u00f3n de una informaci\u00f3n de dimensi\u00f3n transfronteriza en materia de formaci\u00f3n profesional, fomentando la cooperaci\u00f3n efectiva y la difusi\u00f3n de buenas pr\u00e1cticas entre los actores institucionales, econ\u00f3micos y operativos de ambos lados de la frontera.<\/li>\n<\/ul>\n<table style=\"width: 480px;\">\n<tbody>\n<tr style=\"height: 76px;\">\n<td style=\"width: 70px; height: 76px;\"><a href=\"http:\/\/projectes.xtec.cat\/pyirenefp\/wp-content\/uploads\/usu498\/2017\/04\/informe_cartografia.pdf\"><img loading=\"lazy\" decoding=\"async\" class=\"alignnone wp-image-8497 aligncenter\" src=\"http:\/\/projectes.xtec.cat\/pyirenefp\/wp-content\/uploads\/usu498\/2017\/03\/pdf_download.png\" alt=\"pdf_download\" width=\"39\" height=\"35\" \/><\/a><\/td>\n<td style=\"width: 210px; height: 76px;\"><a href=\"http:\/\/projectes.xtec.cat\/pyirenefp\/wp-content\/uploads\/usu498\/2017\/04\/informe_cartografia.pdf\">Informe final (castellano)<\/a><\/td>\n<td style=\"width: 118px; height: 76px;\"><a href=\"http:\/\/projectes.xtec.cat\/pyirenefp\/wp-content\/uploads\/usu498\/2017\/04\/rapport_cartographie.pdf\"><img loading=\"lazy\" decoding=\"async\" class=\"alignnone wp-image-8497 aligncenter\" src=\"http:\/\/projectes.xtec.cat\/pyirenefp\/wp-content\/uploads\/usu498\/2017\/03\/pdf_download.png\" alt=\"pdf_download\" width=\"39\" height=\"36\" \/><\/a><\/td>\n<td style=\"width: 154px; height: 76px;\"><a href=\"http:\/\/projectes.xtec.cat\/pyirenefp\/wp-content\/uploads\/usu498\/2017\/04\/rapport_cartographie.pdf\">Rapport (franc\u00e8s)<\/a><\/td>\n<\/tr>\n<\/tbody>\n<\/table>\n<table style=\"width: 706px;\">\n<tbody>\n<tr style=\"height: 33px;\">\n<td style=\"width: 281px; height: 33px;\"><strong>Regi\u00f3n<\/strong><\/td>\n<td style=\"width: 281px; height: 33px;\"><strong>Enlaces<\/strong><\/td>\n<td style=\"width: 194px; height: 33px;\"><strong>Regi\u00f3n<\/strong><\/td>\n<td style=\"width: 377px; height: 33px;\"><strong>Enlaces<\/strong><\/td>\n<\/tr>\n<tr style=\"height: 102px;\">\n<td style=\"width: 281px; height: 102px;\"><a href=\"http:\/\/projectes.xtec.cat\/pyirenefp\/wp-content\/uploads\/usu498\/2017\/03\/logo_cat.gif\"><img loading=\"lazy\" decoding=\"async\" class=\"wp-image-8425 aligncenter\" src=\"http:\/\/projectes.xtec.cat\/pyirenefp\/wp-content\/uploads\/usu498\/2017\/03\/logo_cat.gif\" alt=\"logo_cat\" width=\"152\" height=\"37\" \/><\/a><\/td>\n<td style=\"width: 281px; height: 102px;\">\n<ul style=\"list-style-type: circle;\">\n<li>Mapa escolar<\/li>\n<li>Lista de centros de FP<\/li>\n<li>Red de albergues de Catalu\u00f1a<\/li>\n<\/ul>\n<\/td>\n<td style=\"width: 194px; height: 102px;\"><a href=\"http:\/\/projectes.xtec.cat\/pyirenefp\/wp-content\/uploads\/usu498\/2017\/03\/logo_mid.gif\"><img loading=\"lazy\" decoding=\"async\" class=\"wp-image-8422 aligncenter\" src=\"http:\/\/projectes.xtec.cat\/pyirenefp\/wp-content\/uploads\/usu498\/2017\/03\/logo_mid.gif\" alt=\"logo_mid\" width=\"78\" height=\"78\" \/><\/a><\/td>\n<td style=\"width: 377px; height: 102px;\">\n<ul style=\"list-style-type: circle;\">\n<li>P\u00e1gina general<\/li>\n<li>Centros de formaci\u00f3n<\/li>\n<li>Alojamientos<\/li>\n<\/ul>\n<\/td>\n<\/tr>\n<tr style=\"height: 118px;\">\n<td style=\"width: 281px; height: 118px;\"><a href=\"http:\/\/projectes.xtec.cat\/pyirenefp\/wp-content\/uploads\/usu498\/2017\/03\/logo_ara.gif\"><img loading=\"lazy\" decoding=\"async\" class=\"wp-image-8426 aligncenter\" src=\"http:\/\/projectes.xtec.cat\/pyirenefp\/wp-content\/uploads\/usu498\/2017\/03\/logo_ara.gif\" alt=\"logo_ara\" width=\"119\" height=\"37\" \/><\/a><\/td>\n<td style=\"width: 281px; height: 118px;\">\n<ul style=\"list-style-type: circle;\">\n<li>Oferta formativa en Arag\u00f3n<\/li>\n<li>Albergues de Arag\u00f3n<\/li>\n<li>Alojamiento en Zaragoza<\/li>\n<\/ul>\n<\/td>\n<td style=\"width: 194px; height: 118px;\"><a href=\"http:\/\/projectes.xtec.cat\/pyirenefp\/wp-content\/uploads\/usu498\/2017\/03\/logo_aqu.gif\"><img loading=\"lazy\" decoding=\"async\" class=\"wp-image-8423 aligncenter\" src=\"http:\/\/projectes.xtec.cat\/pyirenefp\/wp-content\/uploads\/usu498\/2017\/03\/logo_aqu.gif\" alt=\"logo_aqu\" width=\"103\" height=\"97\" \/><\/a><\/td>\n<td style=\"width: 377px; height: 118px;\">\n<ul style=\"list-style-type: circle;\">\n<li>Centros formativos y alojamientos<\/li>\n<\/ul>\n<\/td>\n<\/tr>\n<tr style=\"height: 85px;\">\n<td style=\"width: 281px; height: 85px;\"><a href=\"http:\/\/projectes.xtec.cat\/pyirenefp\/wp-content\/uploads\/usu498\/2017\/03\/logo_nav-1.gif\"><img loading=\"lazy\" decoding=\"async\" class=\"size-full wp-image-8427 aligncenter\" src=\"http:\/\/projectes.xtec.cat\/pyirenefp\/wp-content\/uploads\/usu498\/2017\/03\/logo_nav-1.gif\" alt=\"logo_nav\" width=\"110\" height=\"50\" \/><\/a><\/td>\n<td style=\"width: 281px; height: 85px;\">\n<ul style=\"list-style-type: circle;\">\n<li>Oferta formativa en Navarra<\/li>\n<li>Aplicaci\u00f3n smartphone<\/li>\n<\/ul>\n<\/td>\n<td style=\"width: 194px; height: 85px;\"><a href=\"http:\/\/projectes.xtec.cat\/pyirenefp\/wp-content\/uploads\/usu498\/2017\/03\/logo_lan.gif\"><img loading=\"lazy\" decoding=\"async\" class=\"wp-image-8424 aligncenter\" src=\"http:\/\/projectes.xtec.cat\/pyirenefp\/wp-content\/uploads\/usu498\/2017\/03\/logo_lan.gif\" alt=\"logo_lan\" width=\"122\" height=\"65\" \/><\/a><\/td>\n<td style=\"width: 377px; height: 85px;\">Centros de formaci\u00f3n<\/td>\n<\/tr>\n<tr style=\"height: 85px;\">\n<td style=\"width: 281px; height: 85px;\">\u00a0<a href=\"http:\/\/projectes.xtec.cat\/pyirenefp\/wp-content\/uploads\/usu498\/2017\/03\/logo_eus-1.gif\"><img loading=\"lazy\" decoding=\"async\" class=\"wp-image-8428 aligncenter\" src=\"http:\/\/projectes.xtec.cat\/pyirenefp\/wp-content\/uploads\/usu498\/2017\/03\/logo_eus-1.gif\" alt=\"logo_eus\" width=\"78\" height=\"64\" \/><\/a><\/td>\n<td style=\"width: 281px; height: 85px;\">\n<ul style=\"list-style-type: circle;\">\n<li>Oferta formativa en el Pa\u00eds Vasco<\/li>\n<\/ul>\n<\/td>\n<td style=\"width: 194px; height: 85px;\"><\/td>\n<td style=\"width: 377px; height: 85px;\"><\/td>\n<\/tr>\n<\/tbody>\n<\/table>\n<hr \/>\n<p><strong>Actividades<\/strong><\/p>\n<ul style=\"list-style-type: disc;\">\n<li>Seminario de Bilbao, 04\/10\/2012<\/li>\n<\/ul>\n","protected":false},"excerpt":{"rendered":"<p>Objetivos<\/p>\n<ul>\n<li>Promover el conocimiento de los sistemas de formaciones y empleos<\/li>\n<li>Elaborar recursos tendentes a facilitar y desarrollar acciones de movilidad sobre el territorio transfronterizo<\/li>\n<li>Favorecer la puesta en red y desarrollar el intercambio de pr\u00e1cticas y de competencias entre el personal de las estructuras de formaci\u00f3n<\/li>\n<li>Favorecer la&hellip;  <a href=\"https:\/\/projectes.xtec.cat\/pyirenefp\/piremobv\/informacion-comunicacion-fuentes-y-cartografia\/\" title=\"Read Informaci\u00f3n, comunicaci\u00f3n, fuentes y cartograf\u00edas\">Llegeix m\u00e9s\u00bb<\/a><br \/>\n","protected":false},"author":1,"featured_media":0,"parent":8226,"menu_order":10,"comment_status":"closed","ping_status":"closed","template":"","meta":{"_bbp_topic_count":0,"_bbp_reply_count":0,"_bbp_total_topic_count":0,"_bbp_total_reply_count":0,"_bbp_voice_count":0,"_bbp_anonymous_reply_count":0,"_bbp_topic_count_hidden":0,"_bbp_reply_count_hidden":0,"_bbp_forum_subforum_count":0,"footnotes":""},"class_list":["post-8228","page","type-page","status-publish","hentry"],"post_mailing_queue_ids":[],"_links":{"self":[{"href":"https:\/\/projectes.xtec.cat\/pyirenefp\/wp-json\/wp\/v2\/pages\/8228","targetHints":{"allow":["GET"]}}],"collection":[{"href":"https:\/\/projectes.xtec.cat\/pyirenefp\/wp-json\/wp\/v2\/pages"}],"about":[{"href":"https:\/\/projectes.xtec.cat\/pyirenefp\/wp-json\/wp\/v2\/types\/page"}],"author":[{"embeddable":true,"href":"https:\/\/projectes.xtec.cat\/pyirenefp\/wp-json\/wp\/v2\/users\/1"}],"replies":[{"embeddable":true,"href":"https:\/\/projectes.xtec.cat\/pyirenefp\/wp-json\/wp\/v2\/comments?post=8228"}],"version-history":[{"count":4,"href":"https:\/\/projectes.xtec.cat\/pyirenefp\/wp-json\/wp\/v2\/pages\/8228\/revisions"}],"predecessor-version":[{"id":8578,"href":"https:\/\/projectes.xtec.cat\/pyirenefp\/wp-json\/wp\/v2\/pages\/8228\/revisions\/8578"}],"up":[{"embeddable":true,"href":"https:\/\/projectes.xtec.cat\/pyirenefp\/wp-json\/wp\/v2\/pages\/8226"}],"wp:attachment":[{"href":"https:\/\/projectes.xtec.cat\/pyirenefp\/wp-json\/wp\/v2\/media?parent=8228"}],"curies":[{"name":"wp","href":"https:\/\/api.w.org\/{rel}","templated":true}]}}