{"id":8790,"date":"2017-07-07T18:21:04","date_gmt":"2017-07-07T16:21:04","guid":{"rendered":"http:\/\/projectes.xtec.cat\/pyirenefp\/?page_id=8790"},"modified":"2018-11-19T09:21:51","modified_gmt":"2018-11-19T08:21:51","slug":"euskadi","status":"publish","type":"page","link":"https:\/\/projectes.xtec.cat\/pyirenefp\/partenaires\/euskadi\/","title":{"rendered":"Pays Basque"},"content":{"rendered":"<p><img loading=\"lazy\" decoding=\"async\" class=\"wp-image-8291 alignleft\" src=\"http:\/\/projectes.xtec.cat\/pyirenefp\/wp-content\/uploads\/usu498\/2017\/03\/Jaurlaritza_logoa.jpg\" alt=\"jaurlaritza_logoa\" width=\"196\" height=\"88\" srcset=\"https:\/\/projectes.xtec.cat\/pyirenefp\/wp-content\/uploads\/usu498\/2017\/03\/Jaurlaritza_logoa.jpg 448w, https:\/\/projectes.xtec.cat\/pyirenefp\/wp-content\/uploads\/usu498\/2017\/03\/Jaurlaritza_logoa-300x135.jpg 300w\" sizes=\"auto, (max-width: 196px) 100vw, 196px\" \/><\/p>\n<p><span style=\"color: #000000;\">Le D\u00e9partement d\u2019enseignement, politique linguistique et culture du Gouvernement basque dispose des comp\u00e9tences en mati\u00e8re de formation professionnelle. Depuis ses d\u00e9buts, il m\u00e8ne diff\u00e9rents projets europ\u00e9ens de coop\u00e9ration tels qu\u2019Erasmus + ou Aquitania-Euskadi.<\/span><\/p>\n<p>&nbsp;<\/p>\n<p>Web: <a href=\"http:\/\/www.euskadi.eus\/informacion\/programas-europeos\/web01-a2heteik\/es\/\">http:\/\/www.euskadi.eus\/informacion\/programas-europeos\/web01-a2heteik\/es\/<\/a><\/p>\n<p><span style=\"color: #000000;\">Contact:\u00a0huisape1<span class=\"atwho-query\">@euskadi.eus<\/span><\/span><\/p>\n","protected":false},"excerpt":{"rendered":"<p>Le D\u00e9partement d\u2019enseignement, politique linguistique et culture du Gouvernement basque dispose des comp\u00e9tences en mati\u00e8re de formation professionnelle. Depuis ses d\u00e9buts, il m\u00e8ne diff\u00e9rents projets europ\u00e9ens de coop\u00e9ration tels qu\u2019Erasmus + ou Aquitania-Euskadi.<br \/>\n&nbsp;<br \/>\nWeb: <a href=\"http:\/\/www.euskadi.eus\/informacion\/programas-europeos\/web01-a2heteik\/es\/\">http:\/\/www.euskadi.eus\/informacion\/programas-europeos\/web01-a2heteik\/es\/<\/a><br \/>\nContact:\u00a0huisape1@euskadi.eus<\/p>\n","protected":false},"author":1,"featured_media":0,"parent":8778,"menu_order":0,"comment_status":"closed","ping_status":"closed","template":"","meta":{"_bbp_topic_count":0,"_bbp_reply_count":0,"_bbp_total_topic_count":0,"_bbp_total_reply_count":0,"_bbp_voice_count":0,"_bbp_anonymous_reply_count":0,"_bbp_topic_count_hidden":0,"_bbp_reply_count_hidden":0,"_bbp_forum_subforum_count":0,"footnotes":""},"class_list":["post-8790","page","type-page","status-publish","hentry"],"post_mailing_queue_ids":[],"_links":{"self":[{"href":"https:\/\/projectes.xtec.cat\/pyirenefp\/wp-json\/wp\/v2\/pages\/8790","targetHints":{"allow":["GET"]}}],"collection":[{"href":"https:\/\/projectes.xtec.cat\/pyirenefp\/wp-json\/wp\/v2\/pages"}],"about":[{"href":"https:\/\/projectes.xtec.cat\/pyirenefp\/wp-json\/wp\/v2\/types\/page"}],"author":[{"embeddable":true,"href":"https:\/\/projectes.xtec.cat\/pyirenefp\/wp-json\/wp\/v2\/users\/1"}],"replies":[{"embeddable":true,"href":"https:\/\/projectes.xtec.cat\/pyirenefp\/wp-json\/wp\/v2\/comments?post=8790"}],"version-history":[{"count":3,"href":"https:\/\/projectes.xtec.cat\/pyirenefp\/wp-json\/wp\/v2\/pages\/8790\/revisions"}],"predecessor-version":[{"id":10886,"href":"https:\/\/projectes.xtec.cat\/pyirenefp\/wp-json\/wp\/v2\/pages\/8790\/revisions\/10886"}],"up":[{"embeddable":true,"href":"https:\/\/projectes.xtec.cat\/pyirenefp\/wp-json\/wp\/v2\/pages\/8778"}],"wp:attachment":[{"href":"https:\/\/projectes.xtec.cat\/pyirenefp\/wp-json\/wp\/v2\/media?parent=8790"}],"curies":[{"name":"wp","href":"https:\/\/api.w.org\/{rel}","templated":true}]}}