{"id":8866,"date":"2017-07-07T19:02:43","date_gmt":"2017-07-07T17:02:43","guid":{"rendered":"http:\/\/projectes.xtec.cat\/pyirenefp\/?page_id=8866"},"modified":"2018-02-26T19:40:04","modified_gmt":"2018-02-26T18:40:04","slug":"mobilitat-transfronterera-dels-formadors-i-dels-tutors","status":"publish","type":"page","link":"https:\/\/projectes.xtec.cat\/pyirenefp\/altres-projectes\/piremobv\/mobilitat-transfronterera-dels-formadors-i-dels-tutors\/","title":{"rendered":"Mobilitat transfronterera dels formadors i dels tutors"},"content":{"rendered":"<p><strong>Objectius<\/strong><\/p>\n<ul>\n<li>Fomentar la mobilitat dels formadors per descobrir els sistemes de formaci\u00f3 del territori transfronterer i refor\u00e7ar la dimensi\u00f3 europea de les seves activitats<\/li>\n<li>Adquirir compet\u00e8ncies professionals lligades als m\u00e8todes de treball o a les tecnologies pr\u00f2pies dels diferents pa\u00efsos<\/li>\n<li>Promoure la formaci\u00f3 professional i de formadors i crear una xarxa transfronterera de \u00abreferents de Mobilitat\u00bb<\/li>\n<li>Afavorir el desenvolupament d&#8217;accions de mobilitat transfronterera per a les seves persones en formaci\u00f3.<\/li>\n<\/ul>\n<hr \/>\n<p><strong>Resultats<\/strong><\/p>\n<ul>\n<li>Professionalitzaci\u00f3 dels beneficiaris<\/li>\n<li>Cooperaci\u00f3 entre centres de formaci\u00f3<\/li>\n<li>Enfortiment de la participaci\u00f3 de les empreses en les accions de cooperaci\u00f3 portades a terme per les administracions socies.<\/li>\n<\/ul>\n<table style=\"width: 717px;\">\n<tbody>\n<tr style=\"height: 76px;\">\n<td style=\"width: 82px; height: 76px;\"><a href=\"http:\/\/projectes.xtec.cat\/pyirenefp\/wp-content\/uploads\/usu498\/2017\/04\/informe_movilidad_profesores.pdf\"><img loading=\"lazy\" decoding=\"async\" class=\"alignnone wp-image-8497 aligncenter\" src=\"http:\/\/projectes.xtec.cat\/pyirenefp\/wp-content\/uploads\/usu498\/2017\/03\/pdf_download.png\" alt=\"pdf_download\" width=\"47\" height=\"43\" \/><\/a><\/td>\n<td style=\"width: 276px; height: 76px;\"><a href=\"http:\/\/projectes.xtec.cat\/pyirenefp\/wp-content\/uploads\/usu498\/2017\/04\/informe_movilidad_profesores.pdf\">Informe final movilidad_profesores (castell\u00e0)<\/a><\/td>\n<td style=\"width: 82px; height: 76px;\"><a href=\"http:\/\/projectes.xtec.cat\/pyirenefp\/wp-content\/uploads\/usu498\/2017\/04\/rapport_mobilite_formateurs.pdf\"><img loading=\"lazy\" decoding=\"async\" class=\"alignnone wp-image-8497 aligncenter\" src=\"http:\/\/projectes.xtec.cat\/pyirenefp\/wp-content\/uploads\/usu498\/2017\/03\/pdf_download.png\" alt=\"pdf_download\" width=\"39\" height=\"36\" \/><\/a><\/td>\n<td style=\"width: 357px; height: 76px;\"><a href=\"http:\/\/projectes.xtec.cat\/pyirenefp\/wp-content\/uploads\/usu498\/2017\/04\/rapport_mobilite_formateurs.pdf\">Rapport mobilite_formateurs (franc\u00e8s)<\/a><\/td>\n<\/tr>\n<\/tbody>\n<\/table>\n<p>&nbsp;<\/p>\n","protected":false},"excerpt":{"rendered":"<p>Objectius<\/p>\n<ul>\n<li>Fomentar la mobilitat dels formadors per descobrir els sistemes de formaci\u00f3 del territori transfronterer i refor\u00e7ar la dimensi\u00f3 europea de les seves activitats<\/li>\n<li>Adquirir compet\u00e8ncies professionals lligades als m\u00e8todes de treball o a les tecnologies pr\u00f2pies dels diferents pa\u00efsos<\/li>\n<li>Promoure la formaci\u00f3 professional i de formadors i&hellip;  <a href=\"https:\/\/projectes.xtec.cat\/pyirenefp\/altres-projectes\/piremobv\/mobilitat-transfronterera-dels-formadors-i-dels-tutors\/\" title=\"Read Mobilitat transfronterera dels formadors i dels tutors\">Llegeix m\u00e9s\u00bb<\/a><br \/>\n","protected":false},"author":1,"featured_media":0,"parent":8766,"menu_order":30,"comment_status":"closed","ping_status":"closed","template":"","meta":{"_bbp_topic_count":0,"_bbp_reply_count":0,"_bbp_total_topic_count":0,"_bbp_total_reply_count":0,"_bbp_voice_count":0,"_bbp_anonymous_reply_count":0,"_bbp_topic_count_hidden":0,"_bbp_reply_count_hidden":0,"_bbp_forum_subforum_count":0,"footnotes":""},"class_list":["post-8866","page","type-page","status-publish","hentry"],"post_mailing_queue_ids":[],"_links":{"self":[{"href":"https:\/\/projectes.xtec.cat\/pyirenefp\/wp-json\/wp\/v2\/pages\/8866","targetHints":{"allow":["GET"]}}],"collection":[{"href":"https:\/\/projectes.xtec.cat\/pyirenefp\/wp-json\/wp\/v2\/pages"}],"about":[{"href":"https:\/\/projectes.xtec.cat\/pyirenefp\/wp-json\/wp\/v2\/types\/page"}],"author":[{"embeddable":true,"href":"https:\/\/projectes.xtec.cat\/pyirenefp\/wp-json\/wp\/v2\/users\/1"}],"replies":[{"embeddable":true,"href":"https:\/\/projectes.xtec.cat\/pyirenefp\/wp-json\/wp\/v2\/comments?post=8866"}],"version-history":[{"count":2,"href":"https:\/\/projectes.xtec.cat\/pyirenefp\/wp-json\/wp\/v2\/pages\/8866\/revisions"}],"predecessor-version":[{"id":9574,"href":"https:\/\/projectes.xtec.cat\/pyirenefp\/wp-json\/wp\/v2\/pages\/8866\/revisions\/9574"}],"up":[{"embeddable":true,"href":"https:\/\/projectes.xtec.cat\/pyirenefp\/wp-json\/wp\/v2\/pages\/8766"}],"wp:attachment":[{"href":"https:\/\/projectes.xtec.cat\/pyirenefp\/wp-json\/wp\/v2\/media?parent=8866"}],"curies":[{"name":"wp","href":"https:\/\/api.w.org\/{rel}","templated":true}]}}