{"id":8903,"date":"2025-05-28T15:53:36","date_gmt":"2025-05-28T13:53:36","guid":{"rendered":"https:\/\/projectes.xtec.cat\/recerca\/?page_id=8903"},"modified":"2025-06-18T19:13:09","modified_gmt":"2025-06-18T17:13:09","slug":"mapa-de-la-recerca-educativa","status":"publish","type":"page","link":"https:\/\/projectes.xtec.cat\/recerca\/mapa-de-la-recerca-educativa\/","title":{"rendered":"Mapa de la recerca educativa"},"content":{"rendered":"\n<p>El mapa de la recerca educativa \u00e9s un espai de <strong>visibilitzaci\u00f3 d\u2019entitats<\/strong> que duen a terme recerca educativa a Catalunya. Hi trobar\u00e0s<strong> grups de recerca universitaris, xarxes i centres educatius <\/strong>basats en l\u2019evid\u00e8ncia, aix\u00ed com <strong>fundacions, entitats de la societat civi<\/strong>l i <strong>empreses<\/strong> compromeses amb el coneixement.<\/p>\n\n\n\n<p>L\u2019objectiu d\u2019aquest espai \u00e9s <strong>fomentar la col\u00b7laboraci\u00f3 entre centres educatius i grups de recerca<\/strong> per impulsar l\u2019intercanvi de coneixement i contribuir a la millora dels resultats educatius. Et convidem a<strong> explorar el mapa <\/strong>i connectar amb les entitats que treballen en les \u00e0rees del teu inter\u00e8s.<\/p>\n\n\n\n<p>Aquest espai est\u00e0 en construcci\u00f3, si ets una entitat interessada a apar\u00e8ixer al mapa o vols actualitzar la informaci\u00f3 que hi apareix contacta amb nosaltres a <a href=\"mailto:recerca.educacio@gencat.cat\">recerca.educacio@gencat.cat<\/a>.<\/p>\n\n\n\n<div class=\"wp-block-group alignwide is-layout-constrained wp-container-core-group-is-layout-1 wp-block-group-is-layout-constrained\" style=\"padding-top:0;padding-right:0;padding-bottom:0;padding-left:0\">    <link rel=\"stylesheet\" href=\"https:\/\/unpkg.com\/leaflet@1.9.4\/dist\/leaflet.css\" integrity=\"sha256-p4NxAoJBhIIN+hmNHrzRCf9tD\/miZyoHS5obTRR9BMY=\" crossorigin=\"\"\/>\n    <link rel=\"stylesheet\" href=\"https:\/\/unpkg.com\/leaflet.markercluster@1.5.3\/dist\/MarkerCluster.css\" \/>\n    <link rel=\"stylesheet\" href=\"https:\/\/unpkg.com\/leaflet.markercluster@1.5.3\/dist\/MarkerCluster.Default.css\" \/>\n    <script src=\"https:\/\/unpkg.com\/leaflet@1.9.4\/dist\/leaflet.js\" integrity=\"sha256-20nQCchB9co0qIjJZRGuk2\/Z9VM+kNiyxNV1lvTlZBo=\" crossorigin=\"\"><\/script>\n    <script src=\"https:\/\/unpkg.com\/leaflet.markercluster@1.5.3\/dist\/leaflet.markercluster.js\"><\/script>\n\n    <div class=\"mapa cercador\" x-data=\"mapa()\" x-init=\"initComponent()\">\n\n        <aside class=\"cercador__filters\" x-transition>\n            <div class=\"filter filter--search\">\n                <label for=\"search-keyword\" style=\"display: block; margin-bottom: 0.5em; font-weight: bold;\">Cerca per paraula clau:<\/label>\n                <input type=\"text\" id=\"search-keyword\" x-model=\"activeFilters.keyword\" @input=\"applyFilters()\" placeholder=\"Escriu t\u00edtol, descripci\u00f3...\" style=\"width: 100%; padding: 8px; border: 1px solid #ccc; border-radius: 4px;\">\n            <\/div>\n\n            <template x-for=\"filter in filters\" :key=\"filter.name\">\n                <div class=\"filter\" x-bind:class=\"{ 'filter--open': filter.open }\">\n                    <header @click=\"filter.open = !filter.open\" class=\"filter__header\" x-text=\"filter.label\">\n                    <\/header>\n                    <ul class=\"filter__list\" x-show=\"filter.open\" x-transition>\n                        <template x-for=\"document in filter.values\" :key=\"document.id\">\n                            <li class=\"filter__item\">\n                                <!-- Parent category -->\n                                <div class=\"filter__parent\" :class=\"{ 'has-children': document.children && document.children.length > 0 }\">\n                                    <label :for=\"document.id\" class=\"filter__label\">\n                                        <input :id=\"document.id\" type=\"checkbox\" x-model=\"activeFilters[filter.name]\" @change=\"applyFilters()\" :value=\"document.id\">\n                                        <span x-text=\"document.name + ' (' + document.count + ')'\"><\/span>\n                                    <\/label>\n                                    <!-- Expand\/Collapse arrow for parent with children -->\n                                    <button \n                                        x-show=\"document.children && document.children.length > 0\"\n                                        @click=\"document.expanded = !document.expanded\"\n                                        class=\"filter__toggle\"\n                                        :class=\"{ 'filter__toggle--expanded': document.expanded }\"\n                                        type=\"button\"\n                                        :aria-label=\"document.expanded ? 'Collapse subcategories' : 'Expand subcategories'\"\n                                    >\n                                        <svg width=\"12\" height=\"12\" viewBox=\"0 0 12 12\" fill=\"none\">\n                                            <path d=\"M3 5L6 8L9 5\" stroke=\"currentColor\" stroke-width=\"1.5\" stroke-linecap=\"round\" stroke-linejoin=\"round\"\/>\n                                        <\/svg>\n                                    <\/button>\n                                <\/div>\n                                \n                                <!-- Children categories -->\n                                <ul \n                                    x-show=\"document.expanded && document.children && document.children.length > 0\" \n                                    x-transition:enter=\"transition ease-out duration-200\"\n                                    x-transition:enter-start=\"opacity-0 transform scale-95\"\n                                    x-transition:enter-end=\"opacity-100 transform scale-100\"\n                                    x-transition:leave=\"transition ease-in duration-150\"\n                                    x-transition:leave-start=\"opacity-100 transform scale-100\"\n                                    x-transition:leave-end=\"opacity-0 transform scale-95\"\n                                    class=\"filter__list filter__list--children filter__children\"\n                                >\n                                    <template x-for=\"child in document.children\" :key=\"child.id\">\n                                        <li class=\"filter__child-item\">\n                                            <label :for=\"child.id\" class=\"filter__label filter__label--child\">\n                                                <input :id=\"child.id\" type=\"checkbox\" x-model=\"activeFilters[filter.name]\" @change=\"applyFilters()\" :value=\"child.id\">\n                                                <span x-text=\"child.name + ' (' + child.count + ')'\"><\/span>\n                                            <\/label>\n                                        <\/li>\n                                    <\/template>\n                                <\/ul>\n                            <\/li>\n                        <\/template>\n                    <\/ul>\n                <\/div>\n            <\/template>\n        <\/aside>\n        <div>\n        <div class=\"map-list-toggle\" style=\"margin-bottom: 1em; margin-top: 1em;\">\n            <button @click=\"setView('list')\" :class=\"{'map-list-toggle__button--active': currentView === 'list', 'map-list-toggle__button': currentView !== 'list'}\" class=\"button\">Llista<\/button>\n            <button @click=\"setView('map')\" :class=\"{'map-list-toggle__button--active': currentView === 'map', 'map-list-toggle__button': currentView !== 'map'}\" class=\"button\">Mapa<\/button>\n        <\/div>\n\n        <div class=\"mapa-cols\" x-show=\"currentView === 'map'\" x-transition>\n            <div id=\"gdr-map\" style=\"height: 600px; width: 100%;\"><\/div>\n            <div id=\"mapa-intro\" x-show=\"!selectedMarkerData && currentView === 'map'\">\n                <p><strong>Explora el mapa<\/strong> i descobreix organitzacions alineades amb la recerca educativa. Filtra per tipus d'entitat, \u00e0rees de coneixement, paraules clau o zona geogr\u00e0fica.<\/p>\n\n                <p><strong>Connecta amb les entitats<\/strong> que desenvolupen les \u00e0rees del teu inter\u00e8s.<\/p>\n\n                <p>Trobar\u00e0s m\u00e9s informaci\u00f3 sobre <strong>grups d'investigaci\u00f3<\/strong> que busquen col\u00b7laborar amb docents i centres educatius per desenvolupar projectes de recerca educativa <a href=\"https:\/\/projectes.xtec.cat\/recerca\/participa-en-la-recerca\/\">aqu\u00ed<\/a>.<\/p>\n\n                <p>Et convidem a explorar el <strong>Mapa de la innovaci\u00f3 pedag\u00f2gica de Catalunya<\/strong> en aquest <a href=\"https:\/\/innovacio.xtec.gencat.cat\/\" target=\"_blank\">enlla\u00e7<\/a>.<\/p>\n            <\/div>\n\n            <div id=\"marker-details\" x-show=\"selectedMarkerData\">\n                <div class=\"marker-info-content\">\n                    <div style=\"display: flex; align-items:center; gap:1rem; margin-bottom: 1.6em;\">\n                        <img x-show=\"selectedMarkerData?.image\" x-bind:src=\"selectedMarkerData?.image\" style=\"max-width:160px;\" \/>\n                        <h3 x-html=\"selectedMarkerData?.title\"><\/h3>\n                    <\/div>\n                    <p x-show=\"selectedMarkerData?.subtitle\"><em x-text=\"selectedMarkerData?.subtitle\"><\/em><\/p>\n                    <p x-show=\"selectedMarkerData?.address\"><strong>Adre\u00e7a:<\/strong> <span x-text=\"selectedMarkerData?.address\"><\/span><\/p>\n                    <p x-show=\"selectedMarkerData?.phone\"><strong>Tel\u00e8fon:<\/strong> <span x-text=\"selectedMarkerData?.phone\"><\/span><\/p>\n                    <p x-show=\"selectedMarkerData?.email\"><strong>Correu:<\/strong> <a :href=\"'mailto:' + selectedMarkerData?.email\" x-text=\"selectedMarkerData?.email\"><\/a><\/p>\n                    <p x-show=\"selectedMarkerData?.website\"><a class=\"button\" :href=\"selectedMarkerData?.website\" target=\"_blank\" style=\"text-decoration:none;\">Visitar web<\/a><\/p>\n                    <div x-show=\"selectedMarkerData?.content\" style=\"margin-bottom: 1.6em;\">\n                        <strong>Descripci\u00f3<\/strong>\n                        <div x-html=\"selectedMarkerData?.content\"><\/div>\n                    <\/div>\n                    <div x-show=\"selectedMarkerData?.category_display_names && selectedMarkerData.category_display_names.length > 0\" style=\"margin-bottom: 1.6em;\">\n                        <strong>Tipus:<\/strong>\n                        <ul>\n                            <template x-for=\"categoryName in selectedMarkerData?.category_display_names\" :key=\"categoryName\">\n                                <li x-text=\"categoryName\"><\/li>\n                            <\/template>\n                        <\/ul>\n                    <\/div>\n                    <div x-show=\"selectedMarkerData?.area_display_names && selectedMarkerData.area_display_names.length > 0\" style=\"margin-bottom: 1.6em;\">\n                        <strong>\u00c0rees de coneixement:<\/strong>\n                        <ul>\n                            <template x-for=\"areaName in selectedMarkerData?.area_display_names\" :key=\"areaName\">\n                                <li x-text=\"areaName\"><\/li>\n                            <\/template>\n                        <\/ul>\n                    <\/div>\n                    <button @click=\"closeMarkerDetailsAlpine()\" class=\"button button-secondary\">Tancar<\/button>\n                <\/div>\n            <\/div>\n\n        <\/div> <!-- End of mapa-cols -->\n\n        <div class=\"visible-markers-list-container\" x-show=\"currentView === 'list' && visibleMarkersList.length > 0\" style=\"margin-top: 20px; padding: 15px; background-color: #f9f9f9; border: 1px solid #eee;\" x-transition>\n            \n            <h3 style=\"margin-top:0; margin-bottom: 1em;\">\n                Grups, entitats i xarxes \n                <span x-show=\"visibleMarkersList.length > 0\" style=\"font-weight: normal; font-size: 0.9em;\">\n                    (<span x-text=\"visibleMarkersList.length\"><\/span>)\n                <\/span>\n            <\/h3>\n            <ul class=\"gdr-list\" style=\"list-style: none; padding: 0;\">\n                <template x-for=\"markerItem in visibleMarkersList\" :key=\"markerItem.id\">\n                    <li class=\"gdr-list-item\" style=\"margin-bottom: 3em; padding-bottom: 3em; border-bottom: 1px solid #ddd;\">\n                        <div style=\"display: flex; align-items:center; gap:1rem; margin-bottom: 1.6em;\">\n                            <img x-show=\"markerItem.image\" x-bind:src=\"markerItem.image\" style=\"max-width:160px;\" \/>\n                            <h4 x-html=\"markerItem.title\" style=\"margin-bottom: 0\"><\/h4>\n                        <\/div>\n                        <p x-show=\"markerItem.subtitle\" style=\"margin: 0.5em 0;\"><em x-text=\"markerItem.subtitle\"><\/em><\/p>\n                        <p x-show=\"markerItem.address\" style=\"margin: 0.5em 0; font-size: 0.9em; color: #555;\" x-text=\"markerItem.address\"><\/p>\n                        <p x-show=\"markerItem.phone\"><strong>Tel\u00e8fon:<\/strong> <span x-text=\"markerItem.phone\"><\/span><\/p>\n                        <p x-show=\"markerItem.email\"><strong>Correu:<\/strong> <a :href=\"'mailto:' + markerItem.email\" x-text=\"markerItem.email\"><\/a><\/p>\n                        <p x-show=\"markerItem.website\" style=\"margin: 0.5em 0;\"><a class=\"button\" :href=\"markerItem.website\" target=\"_blank\" style=\"text-decoration:none; display:inline-block\">Visitar web<\/a><\/p>\n                        <div x-show=\"markerItem?.content\" style=\"margin-bottom: 1.6em;\">\n                            <strong>Descripci\u00f3<\/strong>\n                            <div x-html=\"markerItem?.content\"><\/div>\n                        <\/div>\n                        <div x-show=\"markerItem.category_display_names && markerItem.category_display_names.length > 0\" style=\"font-size: 0.9em; margin-top: 0.5em;\">\n                            <strong>Tipus:<\/strong> <span x-text=\"markerItem.category_display_names.join(', ')\"><\/span>\n                        <\/div>\n                        <div x-show=\"markerItem.area_display_names && markerItem.area_display_names.length > 0\" style=\"font-size: 0.9em; margin-top: 0.5em;\">\n                            <strong>\u00c0rees de coneixement:<\/strong> <span x-text=\"markerItem.area_display_names.join(', ')\"><\/span>\n                        <\/div>\n                    <\/li>\n                <\/template>\n            <\/ul>\n        <\/div>\n        <div x-show=\"currentView === 'list' && visibleMarkersList.length === 0\" style=\"margin-top: 20px; padding: 15px; text-align: center;\">\n            <p>No hi ha resultats per mostrar a la llista. Si us plau, ajusta els filtres o canvia a la vista de mapa per explorar.<\/p>\n        <\/div>\n\n    <\/div> <!-- End of mapa -->\n<\/div>\n    <script type=\"text\/javascript\">\n        \/\/ Global Leaflet variables\n        var map;\n        var markerClusterGroup;\n        var allMarkers = []; \/\/ To store all L.marker objects with their data\n        let alpineMapComponent; \/\/ To store the Alpine component instance\n\n        var ambits_json = [{\"id\":\"artistic\",\"name\":\"Art\u00edstic\",\"count\":15,\"children\":[{\"id\":\"arts-esceniques\",\"name\":\"Arts esc\u00e8niques\",\"count\":1},{\"id\":\"arts-visuals\",\"name\":\"Arts visuals\",\"count\":5},{\"id\":\"cultura-audiovisual\",\"name\":\"Cultura audiovisual\",\"count\":6},{\"id\":\"expressio-corporal\",\"name\":\"Expressi\u00f3 corporal\",\"count\":1},{\"id\":\"musica\",\"name\":\"M\u00fasica\",\"count\":4}]},{\"id\":\"cientific-i-tecnologic\",\"name\":\"Cient\u00edfic i tecnol\u00f2gic\",\"count\":26,\"children\":[{\"id\":\"programacio\",\"name\":\"Programaci\u00f3\",\"count\":5},{\"id\":\"robotica\",\"name\":\"Rob\u00f2tica\",\"count\":5},{\"id\":\"tecnologia\",\"name\":\"Tecnologia\",\"count\":12}]},{\"id\":\"desenvolupament-personal-i-social\",\"name\":\"Desenvolupament personal i social\",\"count\":20,\"children\":[{\"id\":\"aprendre-a-aprendre\",\"name\":\"Aprendre a aprendre\",\"count\":5},{\"id\":\"cohesio-social\",\"name\":\"Cohesi\u00f3 social\",\"count\":6},{\"id\":\"convivencia-escolar\",\"name\":\"Conviv\u00e8ncia escolar\",\"count\":3},{\"id\":\"identitat\",\"name\":\"Identitat\",\"count\":1},{\"id\":\"religio\",\"name\":\"Religi\u00f3\",\"count\":3},{\"id\":\"tutoria\",\"name\":\"Tutoria\",\"count\":3},{\"id\":\"valors\",\"name\":\"Valors\",\"count\":2}]},{\"id\":\"educacio-fisica\",\"name\":\"Educaci\u00f3 f\u00edsica\",\"count\":6,\"children\":[{\"id\":\"gestio-esportiva\",\"name\":\"Gesti\u00f3 esportiva\",\"count\":1},{\"id\":\"jocs-motors\",\"name\":\"Jocs motors\",\"count\":1},{\"id\":\"psicomotricitat\",\"name\":\"Psicomotricitat\",\"count\":1}]},{\"id\":\"linguistic-i-literari\",\"name\":\"Ling\u00fc\u00edstic i literari\",\"count\":25,\"children\":[{\"id\":\"castella\",\"name\":\"Castell\u00e0\",\"count\":5},{\"id\":\"catala\",\"name\":\"Catal\u00e0\",\"count\":6},{\"id\":\"comprensio-escrita\",\"name\":\"Comprensi\u00f3 lectora\",\"count\":6},{\"id\":\"literatura\",\"name\":\"Educaci\u00f3 liter\u00e0ria\",\"count\":7},{\"id\":\"expressio-escrita\",\"name\":\"Expressi\u00f3 escrita\",\"count\":3},{\"id\":\"gramatica\",\"name\":\"Gram\u00e0tica\",\"count\":1},{\"id\":\"llengua-i-contingut\",\"name\":\"Llengua i contingut\",\"count\":1},{\"id\":\"comprensio-oral\",\"name\":\"Llengua oral: Comprensi\u00f3, expressi\u00f3, interacci\u00f3\",\"count\":4},{\"id\":\"llengues-estrangeres\",\"name\":\"Lleng\u00fces estrangeres\",\"count\":7}]},{\"id\":\"matematic\",\"name\":\"Matem\u00e0tic\",\"count\":7,\"children\":[{\"id\":\"resolucio-de-problemes\",\"name\":\"Resoluci\u00f3 de problemes\",\"count\":1}]},{\"id\":\"professionalitzador\",\"name\":\"Professionalitzador\",\"count\":9,\"children\":[{\"id\":\"sanitat\",\"name\":\"Sanitat\",\"count\":2},{\"id\":\"serveis-socioculturals-i-a-la-comunitat\",\"name\":\"Serveis socioculturals i a la comunitat\",\"count\":4}]},{\"id\":\"social-i-humanistic\",\"name\":\"Social i human\u00edstic\",\"count\":24,\"children\":[{\"id\":\"economia\",\"name\":\"Economia\",\"count\":3},{\"id\":\"filosofia\",\"name\":\"Filosofia\",\"count\":1},{\"id\":\"geografia\",\"name\":\"Geografia\",\"count\":3},{\"id\":\"historia\",\"name\":\"Hist\u00f2ria\",\"count\":3},{\"id\":\"poblacio-territori-i-medi\",\"name\":\"Poblaci\u00f3, territori i medi\",\"count\":2},{\"id\":\"psicologia\",\"name\":\"Psicologia\",\"count\":4},{\"id\":\"sociologia\",\"name\":\"Sociologia\",\"count\":16},{\"id\":\"etica\",\"name\":\"\u00c8tica\",\"count\":1}]}];\n        var categories_json = [{\"id\":\"entitats\",\"name\":\"Entitats, fundacions, societat civil i empreses\",\"count\":6,\"children\":[]},{\"id\":\"grups-de-recerca-universitaris\",\"name\":\"Grups de recerca universitaris\",\"count\":120,\"children\":[]},{\"id\":\"xarxes-de-recerca-accio-i-centres-educatius-informats-en-evidencies\",\"name\":\"Xarxes de recerca acci\u00f3 i centres educatius informats en evid\u00e8ncies\",\"count\":33,\"children\":[]}];\n        var arees_json = [{\"id\":\"didactica-de-la-llengua-i-la-literatura\",\"name\":\"Did\u00e0ctica de la Llengua i la Literatura\",\"count\":26,\"children\":[]},{\"id\":\"didactica-de-les-ciencies-i-la-tecnologia\",\"name\":\"Did\u00e0ctica de les Ci\u00e8ncies i la Tecnologia\",\"count\":15,\"children\":[]},{\"id\":\"didactica-de-les-ciencies-socials-i-les-humanitats\",\"name\":\"Did\u00e0ctica de les Ci\u00e8ncies Socials i les Humanitats\",\"count\":13,\"children\":[]},{\"id\":\"didactica-de-les-matematiques\",\"name\":\"Did\u00e0ctica de les Matem\u00e0tiques\",\"count\":12,\"children\":[]},{\"id\":\"didactica-cos-art-i-moviment\",\"name\":\"Did\u00e0ctica del cos, art i moviment\",\"count\":15,\"children\":[]},{\"id\":\"educacio-i-alfabetitzacio-digital\",\"name\":\"Educaci\u00f3 i Alfabetitzaci\u00f3 Digital\",\"count\":42,\"children\":[]},{\"id\":\"educacio-i-salut\",\"name\":\"Educaci\u00f3 i Salut\",\"count\":13,\"children\":[]},{\"id\":\"educacio-inclusiva\",\"name\":\"Educaci\u00f3 Inclusiva\",\"count\":45,\"children\":[]},{\"id\":\"etapes-educatives\",\"name\":\"Etapes Educatives\",\"count\":7,\"children\":[]},{\"id\":\"metodes-dinvestigacio-i-transferencia-del-coneixement\",\"name\":\"M\u00e8todes d'Investigaci\u00f3 i Transfer\u00e8ncia del Coneixement\",\"count\":56,\"children\":[]},{\"id\":\"organitzacio-escolar-i-lideratge-educatiu\",\"name\":\"Organitzaci\u00f3 Escolar i Lideratge Educatiu\",\"count\":20,\"children\":[]},{\"id\":\"pedagogia\",\"name\":\"Pedagogia\",\"count\":46,\"children\":[]},{\"id\":\"politiques-educatives-i-avaluacio\",\"name\":\"Pol\u00edtiques Educatives i Avaluaci\u00f3\",\"count\":37,\"children\":[]},{\"id\":\"psicologia-de-leducacio\",\"name\":\"Psicologia de l'Educaci\u00f3\",\"count\":19,\"children\":[]},{\"id\":\"sociologia-de-leducacio\",\"name\":\"Sociologia de l'Educaci\u00f3\",\"count\":64,\"children\":[]}];\n        var arees_interes_json = [{\"id\":\"avaluacio\",\"name\":\"Avaluaci\u00f3 i pol\u00edtiques educatives\",\"count\":40,\"children\":[{\"id\":\"avaluacio-avaluacio\",\"name\":\"Avaluaci\u00f3\",\"count\":16},{\"id\":\"ccbb-competencies-basiques\",\"name\":\"CCBB Compet\u00e8ncies B\u00e0siques\",\"count\":5},{\"id\":\"pisa\",\"name\":\"PISA\",\"count\":3},{\"id\":\"politiques-educatives\",\"name\":\"Pol\u00edtiques educatives\",\"count\":22},{\"id\":\"resultats-educatius\",\"name\":\"Resultats educatius\",\"count\":7}]},{\"id\":\"benestar-docent\",\"name\":\"Benestar, salut i psicopedagogia\",\"count\":18,\"children\":[{\"id\":\"atencio-domiciliaria\",\"name\":\"Atenci\u00f3 domicili\u00e0ria\",\"count\":2},{\"id\":\"benestar-emocional\",\"name\":\"Benestar emocional\",\"count\":6},{\"id\":\"entorn-escolar-saludable\",\"name\":\"Entorn escolar saludable\",\"count\":4},{\"id\":\"habits-i-salut\",\"name\":\"H\u00e0bits i salut\",\"count\":5},{\"id\":\"salut-mental\",\"name\":\"Salut mental\",\"count\":2}]},{\"id\":\"ciencies-socials-i-educacio-critica\",\"name\":\"Ci\u00e8ncies socials i educaci\u00f3 cr\u00edtica\",\"count\":37,\"children\":[{\"id\":\"ciutadania-democratica\",\"name\":\"Ciutadania democr\u00e0tica\",\"count\":22},{\"id\":\"identitat-i-genere\",\"name\":\"Identitat i g\u00e8nere\",\"count\":11},{\"id\":\"ods-sostenibilitat\",\"name\":\"ODS - Sostenibilitat\",\"count\":12},{\"id\":\"pensament-critic\",\"name\":\"Pensament cr\u00edtic\",\"count\":3},{\"id\":\"xarxes-socials\",\"name\":\"Xarxes socials\",\"count\":4}]},{\"id\":\"desenvolupament-professional-docent\",\"name\":\"Desenvolupament professional docent\",\"count\":65,\"children\":[{\"id\":\"alfabetitzacio-digital\",\"name\":\"Alfabetitzaci\u00f3 digital\",\"count\":13},{\"id\":\"benestar-docent-desenvolupament-professional-docent\",\"name\":\"Benestar docent\",\"count\":4},{\"id\":\"carrera-professional-docent\",\"name\":\"Carrera professional docent\",\"count\":25},{\"id\":\"formacio-continua\",\"name\":\"Formaci\u00f3 cont\u00ednua\",\"count\":39},{\"id\":\"formacio-inicial\",\"name\":\"Formaci\u00f3 inicial\",\"count\":15},{\"id\":\"recerca-accio\",\"name\":\"Recerca acci\u00f3\",\"count\":5},{\"id\":\"xarxes-educatives\",\"name\":\"Xarxes educatives\",\"count\":12}]},{\"id\":\"diversitat-i-inclusio\",\"name\":\"Educaci\u00f3 inclusiva i diversitat\",\"count\":59,\"children\":[{\"id\":\"absentisme\",\"name\":\"Absentisme\",\"count\":3},{\"id\":\"coeducacio\",\"name\":\"Coeducaci\u00f3 i g\u00e8nere\",\"count\":14},{\"id\":\"diversitat-funcional\",\"name\":\"Diversitat funcional\",\"count\":6},{\"id\":\"interculturalitat-i-immigracio\",\"name\":\"Interculturalitat i immigraci\u00f3\",\"count\":17},{\"id\":\"mediacio\",\"name\":\"Mediaci\u00f3\",\"count\":2},{\"id\":\"orientacio\",\"name\":\"Orientaci\u00f3\",\"count\":7},{\"id\":\"segregacio-i-abandonament\",\"name\":\"Segregaci\u00f3 i abandonament\",\"count\":10}]},{\"id\":\"gestio-i-organitzacio-escolar\",\"name\":\"Gesti\u00f3 i organitzaci\u00f3 escolar\",\"count\":24,\"children\":[{\"id\":\"comunitats-daprenentatge\",\"name\":\"Comunitats d'aprenentatge\",\"count\":3},{\"id\":\"gestio-daula\",\"name\":\"Gesti\u00f3 d'aula\",\"count\":2},{\"id\":\"infraestructura-escolar\",\"name\":\"Infraestructura escolar i confort ambiental\",\"count\":2},{\"id\":\"lideratge-i-organitzacio-de-centres\",\"name\":\"Lideratge i organitzaci\u00f3 de centres\",\"count\":7},{\"id\":\"participacio-i-families\",\"name\":\"Participaci\u00f3 i fam\u00edlies\",\"count\":7},{\"id\":\"plans-educatius-pga-pec-pac-nofc-pee\",\"name\":\"Plans i documents de centre - PGA, PEC, PAC, NOFC, PEE\",\"count\":1},{\"id\":\"zer\",\"name\":\"ZER - Zones Educatives Rurals\",\"count\":1}]},{\"id\":\"estrategies-docents\",\"name\":\"Metodologies i estrat\u00e8gies docents\",\"count\":70,\"children\":[{\"id\":\"aicle-clil\",\"name\":\"AICLE - CLIL\",\"count\":3},{\"id\":\"aprenentatge-basat-en-projectes-abp-pbl\",\"name\":\"Aprenentatge Basat en Projectes (ABP \\\/ PBL)\",\"count\":1},{\"id\":\"aprenentatge-collaboratiu-i-cooperatiu\",\"name\":\"Aprenentatge col\u00b7laboratiu i cooperatiu\",\"count\":8},{\"id\":\"codocencia\",\"name\":\"Codoc\u00e8ncia\",\"count\":4},{\"id\":\"digitalitzacio\",\"name\":\"Eines digitals i audiovisuals\",\"count\":37},{\"id\":\"ensenyament-explicit\",\"name\":\"Ensenyament expl\u00edcit\",\"count\":1},{\"id\":\"establiment-dobjectius\",\"name\":\"Establiment d'objectius\",\"count\":1},{\"id\":\"estrategies-metacognitives\",\"name\":\"Estrat\u00e8gies metacognitives\",\"count\":4},{\"id\":\"estructuracio-de-classes\",\"name\":\"Estructuraci\u00f3 de classes\",\"count\":3},{\"id\":\"exemplificacio-i-modelatge\",\"name\":\"Exemplificaci\u00f3 i modelatge\",\"count\":1},{\"id\":\"exposicions-multiples\",\"name\":\"Exposicions m\u00faltiples\",\"count\":1},{\"id\":\"gamificacio-i-aprenentatge-basat-en-el-joc-gbl\",\"name\":\"Gamificaci\u00f3 i Aprenentatge Basat en el Joc (GBL)\",\"count\":3},{\"id\":\"ia-i-aprenentatge\",\"name\":\"IA i aprenentatge\",\"count\":6},{\"id\":\"personalitzacio-dels-aprenentatges\",\"name\":\"Personalitzaci\u00f3 dels aprenentatges\",\"count\":5},{\"id\":\"retroaccio-feedback\",\"name\":\"Retroacci\u00f3 - feedback\",\"count\":3},{\"id\":\"stem\",\"name\":\"STEM \\\/ STEAM\",\"count\":11}]}];\n        var initialMarkersData = [{\"id\":11581,\"lat\":41.60825625,\"lon\":0.6254622009,\"title\":\"Did\\u00e0ctica ci\\u00e8ncies socials llengua i literatura (DiCSLLi)\",\"permalink\":\"https:\\\/\\\/projectes.xtec.cat\\\/recerca\\\/gdr\\\/didactica-ciencies-socials-llengua-i-literatura-dicslli\\\/\",\"subtitle\":\"Universitat de Lleida\",\"address\":\"Campus de Cappont, Univeritat de Lleida, Carrer de Jaume II, 71, 25001 Lleida\",\"phone\":\"\",\"email\":\"nayra.llonch@udl.cat\",\"website\":\"https:\\\/\\\/portalrecerca.udl.cat\\\/grupos\\\/45132\\\/detalle\",\"ambits\":[],\"categories\":[\"grups-de-recerca-universitaris\"],\"arees\":[\"didactica-de-la-llengua-i-la-literatura\",\"didactica-de-les-ciencies-socials-i-les-humanitats\",\"educacio-i-alfabetitzacio-digital\",\"educacio-i-salut\",\"psicologia-de-leducacio\"],\"arees_interes\":[],\"content\":\"<span data-sheets-root=\\\"1\\\">Les seves l\\u00ednies de recerca s\\u00f3n: la innovaci\\u00f3 digital per al valor del patrimoni i el desenvolupament local i tur\\u00edstic, l\\u2019abordatge interdisciplinari a trav\\u00e9s de projectes d\\u2019educaci\\u00f3 i salut, el desenvolupament i avaluaci\\u00f3 de tecnologies per a la creativitat col\\u00b7laborativa en contextos educatius, i la implementaci\\u00f3 de bones pr\\u00e0ctiques digitals de lectura liter\\u00e0ria en la formaci\\u00f3 inicial de mestres.<\\\/span>\",\"category_display_names\":[\"Grups de recerca universitaris\"],\"area_display_names\":[\"Did\\u00e0ctica de la Llengua i la Literatura\",\"Did\\u00e0ctica de les Ci\\u00e8ncies Socials i les Humanitats\",\"Educaci\\u00f3 i Alfabetitzaci\\u00f3 Digital\",\"Educaci\\u00f3 i Salut\",\"Psicologia de l'Educaci\\u00f3\"],\"image\":\"https:\\\/\\\/projectes.xtec.cat\\\/recerca\\\/wp-content\\\/uploads\\\/usu2090\\\/2025\\\/11\\\/UdL.png\"},{\"id\":11378,\"lat\":41.98561042,\"lon\":2.82739264,\"title\":\"Comparative Minds Research Group\",\"permalink\":\"https:\\\/\\\/projectes.xtec.cat\\\/recerca\\\/gdr\\\/comparative-minds-research-group\\\/\",\"subtitle\":\"\",\"address\":\"Facultat d\\u2019Educaci\\u00f3 i Psicologia Pl. St. Dom\\u00e8nec, 9 \\u2013 Campus Barri Vell, 17004, Girona\",\"phone\":\"972 418 316\",\"email\":\"comparativeminds@udg.edu\",\"website\":\"https:\\\/\\\/www.udg.edu\\\/ca\\\/grupsrecerca\\\/comparative-minds-research-group\",\"ambits\":[],\"categories\":[\"grups-de-recerca-universitaris\"],\"arees\":[\"didactica-de-la-llengua-i-la-literatura\",\"pedagogia\",\"psicologia-de-leducacio\",\"sociologia-de-leducacio\"],\"arees_interes\":[],\"content\":\"<span data-sheets-root=\\\"1\\\">Les seves l\\u00ednies de recerca s\\u00f3n: l\\u2019estudi del comportament, la cognici\\u00f3 i la comunicaci\\u00f3 en primats i altres esp\\u00e8cies animals per comprendre l\\u2019evoluci\\u00f3 dels processos cognitius i socials humans; l\\u2019an\\u00e0lisi del desenvolupament de les habilitats socials, argumentatives i de raonament dels infants, aix\\u00ed com el paper de la cultura en l\\u2019aprenentatge i la socialitzaci\\u00f3; la investigaci\\u00f3 del desenvolupament multimodal del llenguatge, especialment la interacci\\u00f3 entre gestualitat i parla en infants i adults; i l\\u2019estudi de com el cervell genera informaci\\u00f3 interna per comprendre millor els processos de pensament, infer\\u00e8ncia i generalitzaci\\u00f3.<\\\/span>\",\"category_display_names\":[\"Grups de recerca universitaris\"],\"area_display_names\":[\"Did\\u00e0ctica de la Llengua i la Literatura\",\"Pedagogia\",\"Psicologia de l'Educaci\\u00f3\",\"Sociologia de l'Educaci\\u00f3\"],\"image\":\"https:\\\/\\\/projectes.xtec.cat\\\/recerca\\\/wp-content\\\/uploads\\\/usu2090\\\/2025\\\/09\\\/comparativemindsUdG.jpg\"},{\"id\":11349,\"lat\":41.92376764,\"lon\":2.252995113,\"title\":\"Centre d&#8217;Estudis i Recerca en Educaci\\u00f3 (CRED)\",\"permalink\":\"https:\\\/\\\/projectes.xtec.cat\\\/recerca\\\/gdr\\\/centre-destudis-i-recerca-en-educacio-cred\\\/\",\"subtitle\":\"\",\"address\":\"Pla\\u00e7a de la Noguera S\\\/N, 08500, Vic\",\"phone\":\"938 816 164 Ext. 1248\",\"email\":\"cred@uvic.cat\",\"website\":\"https:\\\/\\\/www.uvic.cat\\\/recerca\\\/cred\",\"ambits\":[],\"categories\":[\"grups-de-recerca-universitaris\"],\"arees\":[\"metodes-dinvestigacio-i-transferencia-del-coneixement\",\"pedagogia\",\"politiques-educatives-i-avaluacio\"],\"arees_interes\":[\"avaluacio\",\"carrera-professional-docent\",\"desenvolupament-professional-docent\",\"politiques-educatives\",\"resultats-educatius\"],\"content\":\"<span data-sheets-root=\\\"1\\\">Les seves l\\u00ednies de recerca se centren a promoure i coordinar estudis interdisciplinaris i transversals en educaci\\u00f3, fomentant la generaci\\u00f3 i difusi\\u00f3 de coneixement a escala local, nacional i internacional. El CRED impulsa projectes de recerca i transfer\\u00e8ncia, dona suport a les persones investigadores en processos d\\u2019avaluaci\\u00f3 i acreditaci\\u00f3 i col\\u00b7labora amb institucions educatives per millorar els enfocaments pedag\\u00f2gics mitjan\\u00e7ant evid\\u00e8ncies cient\\u00edfiques.<\\\/span>\",\"category_display_names\":[\"Grups de recerca universitaris\"],\"area_display_names\":[\"M\\u00e8todes d'Investigaci\\u00f3 i Transfer\\u00e8ncia del Coneixement\",\"Pedagogia\",\"Pol\\u00edtiques Educatives i Avaluaci\\u00f3\"],\"image\":\"https:\\\/\\\/projectes.xtec.cat\\\/recerca\\\/wp-content\\\/uploads\\\/usu2090\\\/2025\\\/09\\\/CRED-petit.png\"},{\"id\":11346,\"lat\":41.43812285,\"lon\":2.143291515,\"title\":\"Grup de Recerca i Innovaci\\u00f3 en Dissenys (GRID) de la Universitat de Barcelona\",\"permalink\":\"https:\\\/\\\/projectes.xtec.cat\\\/recerca\\\/gdr\\\/grup-de-recerca-i-innovacio-en-dissenys-grid-de-la-universitat-de-barcelona\\\/\",\"subtitle\":\"\",\"address\":\"Passeig de la Vall d\\u2019Hebron, 171, 08035, Barcelona.\",\"phone\":\"\",\"email\":\"\",\"website\":\"https:\\\/\\\/www.fbg.ub.edu\\\/investigadors\\\/grups-recerca-ub\\\/grup-recerca-innovacio-dissenys\\\/\",\"ambits\":[\"educacio-fisica\"],\"categories\":[\"grups-de-recerca-universitaris\"],\"arees\":[\"didactica-cos-art-i-moviment\",\"metodes-dinvestigacio-i-transferencia-del-coneixement\",\"pedagogia\"],\"arees_interes\":[],\"content\":\"<span data-sheets-root=\\\"1\\\">Les seves l\\u00ednies de recerca se centren en l\\u2019an\\u00e0lisi observacional del comportament espontani en entorns naturals dins l\\u2019\\u00e0mbit de l\\u2019esport i l\\u2019activitat f\\u00edsica, impulsant aven\\u00e7os metodol\\u00f2gics i tecnol\\u00f2gics per a l\\u2019estudi automatitzat. El grup GRID ha desenvolupat diversos programes inform\\u00e0tics d\\u2019an\\u00e0lisi i treballa en \\u00e0rees com l\\u2019observaci\\u00f3 qualitativoquantitativa, l\\u2019aprenentatge t\\u00e0ctic en esports col\\u00b7lectius, i l\\u2019aplicaci\\u00f3 de tecnologies digitals als dissenys observacionals. <\\\/span>\",\"category_display_names\":[\"Grups de recerca universitaris\"],\"area_display_names\":[\"Did\\u00e0ctica del cos, art i moviment\",\"M\\u00e8todes d'Investigaci\\u00f3 i Transfer\\u00e8ncia del Coneixement\",\"Pedagogia\"],\"image\":\"https:\\\/\\\/projectes.xtec.cat\\\/recerca\\\/wp-content\\\/uploads\\\/usu2090\\\/2025\\\/09\\\/GRID_UB.png\"},{\"id\":11343,\"lat\":41.5029264,\"lon\":2.106800386,\"title\":\"Grup de Recerca i Innovaci\\u00f3 en Dissenys (GRID).Tecnologia i aplicaci\\u00f3 multim\\u00e8dia i digital als dissenys observacionals\",\"permalink\":\"https:\\\/\\\/projectes.xtec.cat\\\/recerca\\\/gdr\\\/grup-de-recerca-i-innovacio-en-dissenys-grid-tecnologia-i-aplicacio-multimedia-i-digital-als-dissenys-observacionals\\\/\",\"subtitle\":\"\",\"address\":\"Edifici B1 Campus de la Universitat Aut\\u00f2noma de Barcelona, 08193, Bellaterra\",\"phone\":\"\",\"email\":\"mariona.portell@uab.cat\",\"website\":\"https:\\\/\\\/webs.uab.cat\\\/grid\\\/\",\"ambits\":[\"educacio-fisica\"],\"categories\":[\"grups-de-recerca-universitaris\"],\"arees\":[\"didactica-cos-art-i-moviment\",\"educacio-i-alfabetitzacio-digital\",\"educacio-i-salut\",\"metodes-dinvestigacio-i-transferencia-del-coneixement\"],\"arees_interes\":[\"carrera-professional-docent\",\"desenvolupament-professional-docent\"],\"content\":\"<span data-sheets-root=\\\"1\\\">Les seves l\\u00ednies de recerca se centren en la integraci\\u00f3 d\\u2019elements qualitatius i quantitatius mitjan\\u00e7ant metodologia observacional i enfocaments multim\\u00e8tode, amb diferents graus d\\u2019automatitzaci\\u00f3 i participaci\\u00f3 de l\\u2019observador per comprendre el comportament en context. Desenvolupen recursos tecnol\\u00f2gics com l\\u2019app LINCE PLUS i LINCE PLUS Connect per a l\\u2019an\\u00e0lisi integrada de dades, especialment \\u00fatils en sessions d\\u2019activitat f\\u00edsica i esport, per\\u00f2 tamb\\u00e9 aplicables a l\\u2019educaci\\u00f3 i la salut. A m\\u00e9s, generen recursos metodol\\u00f2gics per avaluar intervencions en pedagogia hospital\\u00e0ria, patrons d\\u2019aprenentatge i innovacions en la formaci\\u00f3 investigadora en l\\u2019educaci\\u00f3 superior.<\\\/span>\",\"category_display_names\":[\"Grups de recerca universitaris\"],\"area_display_names\":[\"Did\\u00e0ctica del cos, art i moviment\",\"Educaci\\u00f3 i Alfabetitzaci\\u00f3 Digital\",\"Educaci\\u00f3 i Salut\",\"M\\u00e8todes d'Investigaci\\u00f3 i Transfer\\u00e8ncia del Coneixement\"],\"image\":\"https:\\\/\\\/projectes.xtec.cat\\\/recerca\\\/wp-content\\\/uploads\\\/usu2090\\\/2025\\\/09\\\/GRID_UAB.jpg\"},{\"id\":11082,\"lat\":41.50510723,\"lon\":2.105754738,\"title\":\"CompRed. Compet\\u00e8ncia de Recerca en Educaci\\u00f3\",\"permalink\":\"https:\\\/\\\/projectes.xtec.cat\\\/recerca\\\/gdr\\\/compred-competencia-de-recerca-en-educacio\\\/\",\"subtitle\":\"\",\"address\":\"Facultat de Ci\\u00e8ncies de l\\u2019Educaci\\u00f3, UAB Adre\\u00e7a: 08193 Bellaterra (Cerdanyola del Vall\\u00e8s)\",\"phone\":\"\",\"email\":\"pr.compred@uab.cat\",\"website\":\"https:\\\/\\\/webs.uab.cat\\\/compred\\\/\",\"ambits\":[],\"categories\":[\"grups-de-recerca-universitaris\"],\"arees\":[\"educacio-i-alfabetitzacio-digital\",\"metodes-dinvestigacio-i-transferencia-del-coneixement\",\"pedagogia\"],\"arees_interes\":[\"alfabetitzacio-digital\",\"aprenentatge-collaboratiu-i-cooperatiu\",\"carrera-professional-docent\",\"desenvolupament-professional-docent\",\"digitalitzacio\",\"formacio-continua\",\"formacio-inicial\",\"gamificacio-i-aprenentatge-basat-en-el-joc-gbl\",\"estrategies-docents\",\"recerca-accio\"],\"content\":\"<span data-sheets-root=\\\"1\\\">Les seves l\\u00ednies d\\u2019acci\\u00f3 se centren en la innovaci\\u00f3 docent i l\\u2019aprenentatge col\\u00b7laboratiu en recerca educativa, promovent la connexi\\u00f3 entre recerca i pr\\u00e0ctica docent des de l\\u2019educaci\\u00f3 prim\\u00e0ria fins a la universit\\u00e0ria. Treballen mitjan\\u00e7ant projectes col\\u00b7laboratius, recursos educatius oberts i l\\u2019\\u00fas de tecnologies per enriquir l\\u2019aprenentatge, i gestionen un repositori digital obert per fomentar la formaci\\u00f3, la col\\u00b7laboraci\\u00f3 i l\\u2019intercanvi dins la comunitat educativa.<\\\/span>\",\"category_display_names\":[\"Grups de recerca universitaris\"],\"area_display_names\":[\"Educaci\\u00f3 i Alfabetitzaci\\u00f3 Digital\",\"M\\u00e8todes d'Investigaci\\u00f3 i Transfer\\u00e8ncia del Coneixement\",\"Pedagogia\"],\"image\":\"https:\\\/\\\/projectes.xtec.cat\\\/recerca\\\/wp-content\\\/uploads\\\/usu2090\\\/2025\\\/06\\\/CompRed.png\"},{\"id\":11079,\"lat\":41.39603184,\"lon\":2.158196127,\"title\":\"EduCaixa\",\"permalink\":\"https:\\\/\\\/projectes.xtec.cat\\\/recerca\\\/gdr\\\/educaixa\\\/\",\"subtitle\":\"\",\"address\":\"Av. Diagonal, 389, 08008 Barcelona\",\"phone\":\"\",\"email\":\"\",\"website\":\"https:\\\/\\\/educaixa.org\\\/ca\\\/\",\"ambits\":[],\"categories\":[\"entitats\"],\"arees\":[\"etapes-educatives\",\"metodes-dinvestigacio-i-transferencia-del-coneixement\",\"organitzacio-escolar-i-lideratge-educatiu\",\"pedagogia\",\"politiques-educatives-i-avaluacio\"],\"arees_interes\":[\"alfabetitzacio-digital\",\"desenvolupament-professional-docent\",\"ensenyament-explicit\",\"establiment-dobjectius\",\"estrategies-metacognitives\",\"estructuracio-de-classes\",\"exemplificacio-i-modelatge\",\"exposicions-multiples\",\"formacio-continua\",\"gestio-i-organitzacio-escolar\",\"lideratge-i-organitzacio-de-centres\",\"estrategies-docents\",\"personalitzacio-dels-aprenentatges\",\"retroaccio-feedback\"],\"content\":\"<span data-sheets-root=\\\"1\\\">Les seves l\\u00ednies d\\u2019acci\\u00f3 se centren en tres grans \\u00e0mbits: el desenvolupament competencial de l\\u2019alumnat mitjan\\u00e7ant recursos i activitats educatives basades en evid\\u00e8ncies; el desenvolupament professional del professorat i dels equips directius amb formaci\\u00f3 en lideratge i metodologies transformadores; i la generaci\\u00f3 i transfer\\u00e8ncia d\\u2019evid\\u00e8ncies per identificar i escalar pr\\u00e0ctiques educatives efectives, amb l\\u2019objectiu de contribuir activament a la transformaci\\u00f3 educativa i al desenvolupament sostenible.<\\\/span>\",\"category_display_names\":[\"Entitats, fundacions, societat civil i empreses\"],\"area_display_names\":[\"Etapes Educatives\",\"M\\u00e8todes d'Investigaci\\u00f3 i Transfer\\u00e8ncia del Coneixement\",\"Organitzaci\\u00f3 Escolar i Lideratge Educatiu\",\"Pedagogia\",\"Pol\\u00edtiques Educatives i Avaluaci\\u00f3\"],\"image\":\"https:\\\/\\\/projectes.xtec.cat\\\/recerca\\\/wp-content\\\/uploads\\\/usu2090\\\/2025\\\/06\\\/Logo-EduCaixa.png\"},{\"id\":10832,\"lat\":41.41225489364394,\"lon\":2.131134165,\"title\":\"Human-Environment Research\",\"permalink\":\"https:\\\/\\\/projectes.xtec.cat\\\/recerca\\\/gdr\\\/human-environment-research\\\/\",\"subtitle\":\"Universitat Ramon Llull\",\"address\":\"Carrer de Claravall, 1, 3, 08022 Barcelona\",\"phone\":\"\",\"email\":\"merit@url.edu\",\"website\":\"https:\\\/\\\/merit.url.edu\\\/en\\\/\",\"ambits\":[\"artistic\",\"arts-visuals\",\"cientific-i-tecnologic\",\"cultura-audiovisual\",\"tecnologia\"],\"categories\":[\"grups-de-recerca-universitaris\"],\"arees\":[\"didactica-de-les-ciencies-i-la-tecnologia\",\"didactica-cos-art-i-moviment\",\"educacio-i-alfabetitzacio-digital\"],\"arees_interes\":[\"benestar-docent\",\"digitalitzacio\",\"entorn-escolar-saludable\",\"gestio-i-organitzacio-escolar\",\"infraestructura-escolar\",\"estrategies-docents\"],\"content\":\"<span data-sheets-root=\\\"1\\\">Les seves l\\u00ednies de recerca se centren en l\\u2019estudi de la relaci\\u00f3 entre l\\u2019individu i el seu entorn, tant des d\\u2019una perspectiva f\\u00edsica com digital. Inclouen l\\u2019ac\\u00fastica, l\\u2019\\u00e0udio, el processament de la parla, la visi\\u00f3 per computador i la interacci\\u00f3, orientades a analitzar i simular fen\\u00f2mens f\\u00edsics i tecnologies, i tamb\\u00e9 l\\u2019arquitectura, la representaci\\u00f3, l\\u2019aprenentatge millorat per la tecnologia, l\\u2019animaci\\u00f3 i les arts digitals, enfocades a la creaci\\u00f3 de continguts i espais immersius.<\\\/span>\",\"category_display_names\":[\"Grups de recerca universitaris\"],\"area_display_names\":[\"Did\\u00e0ctica de les Ci\\u00e8ncies i la Tecnologia\",\"Did\\u00e0ctica del cos, art i moviment\",\"Educaci\\u00f3 i Alfabetitzaci\\u00f3 Digital\"],\"image\":\"https:\\\/\\\/projectes.xtec.cat\\\/recerca\\\/wp-content\\\/uploads\\\/usu2090\\\/2025\\\/06\\\/Human-EnvironmentResearch.png\"},{\"id\":10824,\"lat\":41.50342039,\"lon\":2.105882687,\"title\":\"GEPS. Globalisation, Education and Social Policies\",\"permalink\":\"https:\\\/\\\/projectes.xtec.cat\\\/recerca\\\/gdr\\\/geps-globalisation-education-and-social-policies\\\/\",\"subtitle\":\"Universitat Aut\\u00f2noma de Barcelona\",\"address\":\"Departament de Sociologia Avinguda Eix Central. Edifici B 08193, Bellaterra (Cerdanyola del Vall\\u00e8s)\",\"phone\":\"\",\"email\":\"gr.geps@uab.cat\",\"website\":\"https:\\\/\\\/geps-uab.cat\\\/\",\"ambits\":[\"social-i-humanistic\",\"sociologia\"],\"categories\":[\"grups-de-recerca-universitaris\"],\"arees\":[\"educacio-inclusiva\",\"politiques-educatives-i-avaluacio\",\"sociologia-de-leducacio\"],\"arees_interes\":[\"absentisme\",\"avaluacio\",\"ccbb-competencies-basiques\",\"coeducacio\",\"diversitat-i-inclusio\",\"interculturalitat-i-immigracio\",\"orientacio\",\"pisa\",\"politiques-educatives\",\"resultats-educatius\",\"segregacio-i-abandonament\"],\"content\":\"<span data-sheets-root=\\\"1\\\">Les seves l\\u00ednies de recerca s\\u00f3n: la governan\\u00e7a global de l\\u2019educaci\\u00f3 i el paper d\\u2019organismes internacionals com l\\u2019OCDE, el Banc Mundial o la UNESCO en la generaci\\u00f3 i difusi\\u00f3 de models de pol\\u00edtica educativa; la relaci\\u00f3 entre escolaritzaci\\u00f3 i desigualtats socials en termes de classe, g\\u00e8nere i \\u00e8tnia; les traject\\u00f2ries educatives i les disposicions i eleccions dels joves, especialment en relaci\\u00f3 amb processos de reproducci\\u00f3 o resist\\u00e8ncia; l\\u2019an\\u00e0lisi cr\\u00edtica de reformes educatives i les seves conseq\\u00fc\\u00e8ncies previstes i imprevistes; i els efectes de la pobresa, l\\u2019exclusi\\u00f3 social i la segregaci\\u00f3 residencial en les desigualtats i la segregaci\\u00f3 educativa.<\\\/span>\",\"category_display_names\":[\"Grups de recerca universitaris\"],\"area_display_names\":[\"Educaci\\u00f3 Inclusiva\",\"Pol\\u00edtiques Educatives i Avaluaci\\u00f3\",\"Sociologia de l'Educaci\\u00f3\"],\"image\":\"https:\\\/\\\/projectes.xtec.cat\\\/recerca\\\/wp-content\\\/uploads\\\/usu2090\\\/2025\\\/06\\\/GEPS_UAB.png\"},{\"id\":10820,\"lat\":41.93095906,\"lon\":2.245675469,\"title\":\"Glossa.  Grup de recerca en ling\\u00fc\\u00edstica aplicada, did\\u00e0ctica i literatura\",\"permalink\":\"https:\\\/\\\/projectes.xtec.cat\\\/recerca\\\/gdr\\\/glossa-grup-de-recerca-en-linguistica-aplicada-didactica-i-literatura\\\/\",\"subtitle\":\"Universitat de Vic-Universitat Central de Catalunya\",\"address\":\"C. de la Sagrada Fam\\u00edlia, 7 08500 Vic\",\"phone\":\"938 861 222\",\"email\":\"\",\"website\":\"https:\\\/\\\/mon.uvic.cat\\\/glossa\\\/\",\"ambits\":[\"castella\",\"catala\",\"literatura\",\"linguistic-i-literari\",\"llengues-estrangeres\"],\"categories\":[\"grups-de-recerca-universitaris\"],\"arees\":[\"didactica-de-la-llengua-i-la-literatura\",\"educacio-i-salut\",\"etapes-educatives\",\"psicologia-de-leducacio\"],\"arees_interes\":[\"benestar-emocional\",\"benestar-docent\",\"desenvolupament-professional-docent\"],\"content\":\"Les seves l\\u00ednies de recerca s\\u00f3n: la ling\\u00fc\\u00edstica aplicada i did\\u00e0ctica de la llengua i la literatura; la did\\u00e0ctica de l'angl\\u00e8s a l'educaci\\u00f3 obligat\\u00f2ria i llenguatge, comunicaci\\u00f3 i benestar en educaci\\u00f3 infantil.\",\"category_display_names\":[\"Grups de recerca universitaris\"],\"area_display_names\":[\"Did\\u00e0ctica de la Llengua i la Literatura\",\"Educaci\\u00f3 i Salut\",\"Etapes Educatives\",\"Psicologia de l'Educaci\\u00f3\"],\"image\":\"https:\\\/\\\/projectes.xtec.cat\\\/recerca\\\/wp-content\\\/uploads\\\/usu2090\\\/2025\\\/06\\\/Logo_Blog.png\"},{\"id\":313,\"lat\":41.40042041613617,\"lon\":2.1790009241736046,\"title\":\"Institut Angeleta Ferrer\",\"permalink\":\"https:\\\/\\\/projectes.xtec.cat\\\/recerca\\\/gdr\\\/institut-angeleta-ferrer\\\/\",\"subtitle\":\"Centre singular\",\"address\":\"C. Marina, 19508013 Barcelona\",\"phone\":\"931 939 604\",\"email\":\"a8064192@xtec.cat\",\"website\":\"https:\\\/\\\/agora.xtec.cat\\\/insaferrer\\\/\",\"ambits\":[\"artistic\",\"cientific-i-tecnologic\",\"matematic\"],\"categories\":[\"xarxes-de-recerca-accio-i-centres-educatius-informats-en-evidencies\"],\"arees\":[\"didactica-de-les-ciencies-i-la-tecnologia\",\"didactica-de-les-matematiques\",\"didactica-cos-art-i-moviment\",\"metodes-dinvestigacio-i-transferencia-del-coneixement\"],\"arees_interes\":[\"estrategies-docents\",\"stem\"],\"content\":\"L\\u2019Institut Angeleta Ferrer \\u00e9s un centre singular que es caracteritza per integrar la recerca educativa, la innovaci\\u00f3 pedag\\u00f2gica i la formaci\\u00f3 docent en l\\u2019\\u00e0mbit STEAM. El Programa Angeleta Ferrer, desenvolupat en col\\u00b7laboraci\\u00f3 amb entitats de recerca, t\\u00e9 com a objectiu millorar les compet\\u00e8ncies professionals del professorat i actualitzar les pr\\u00e0ctiques educatives, tot fomentant un model de formaci\\u00f3 dins del centre. A m\\u00e9s, esdev\\u00e9 un referent en la transfer\\u00e8ncia de coneixement cient\\u00edfic i tecnol\\u00f2gic al sistema educatiu i a la societat, consolidant-se com un espai d\\u2019especialitzaci\\u00f3 docent basat en evid\\u00e8ncies i innovaci\\u00f3.\",\"category_display_names\":[\"Xarxes de recerca acci\\u00f3 i centres educatius informats en evid\\u00e8ncies\"],\"area_display_names\":[\"Did\\u00e0ctica de les Ci\\u00e8ncies i la Tecnologia\",\"Did\\u00e0ctica de les Matem\\u00e0tiques\",\"Did\\u00e0ctica del cos, art i moviment\",\"M\\u00e8todes d'Investigaci\\u00f3 i Transfer\\u00e8ncia del Coneixement\"],\"image\":\"https:\\\/\\\/projectes.xtec.cat\\\/recerca\\\/wp-content\\\/uploads\\\/usu2090\\\/2025\\\/05\\\/Institut-Angeleta-Ferrer.png\"},{\"id\":311,\"lat\":41.9330246,\"lon\":2.246592211,\"title\":\"CODI Coneixement i did\\u00e0ctica\",\"permalink\":\"https:\\\/\\\/projectes.xtec.cat\\\/recerca\\\/gdr\\\/codi-coneixement-i-didactica\\\/\",\"subtitle\":\"Universitat de Vic. Facultat d'Educaci\\u00f3, Traducci\\u00f3, Esports i Psicologia\",\"address\":\"C. de Miquel Mart\\u00ed i Pol 08500 Vic\",\"phone\":\"938 816 164\",\"email\":\"\",\"website\":\"https:\\\/\\\/mon.uvic.cat\\\/codi\\\/\",\"ambits\":[\"artistic\",\"cientific-i-tecnologic\",\"matematic\",\"social-i-humanistic\"],\"categories\":[\"grups-de-recerca-universitaris\"],\"arees\":[\"didactica-de-les-ciencies-i-la-tecnologia\",\"didactica-de-les-ciencies-socials-i-les-humanitats\",\"didactica-de-les-matematiques\",\"didactica-cos-art-i-moviment\",\"pedagogia\"],\"arees_interes\":[\"carrera-professional-docent\",\"desenvolupament-professional-docent\",\"formacio-continua\"],\"content\":\"Les seves l\\u00ednies de recerca s\\u00f3n: la construcci\\u00f3 del coneixement en dominis espec\\u00edfics dins de projectes disciplinaris o interdisciplinaris de les ci\\u00e8ncies, les matem\\u00e0tiques, les ci\\u00e8ncies socials i les arts; la construcci\\u00f3 i evoluci\\u00f3 del coneixement did\\u00e0ctic dels professionals de l\\u2019educaci\\u00f3, explorant el desenvolupament de compet\\u00e8ncies docents; la recerca basada en les arts, que investiga processos d\\u2019aprenentatge i creaci\\u00f3 art\\u00edstica en diversos entorns educatius.\",\"category_display_names\":[\"Grups de recerca universitaris\"],\"area_display_names\":[\"Did\\u00e0ctica de les Ci\\u00e8ncies i la Tecnologia\",\"Did\\u00e0ctica de les Ci\\u00e8ncies Socials i les Humanitats\",\"Did\\u00e0ctica de les Matem\\u00e0tiques\",\"Did\\u00e0ctica del cos, art i moviment\",\"Pedagogia\"],\"image\":\"https:\\\/\\\/projectes.xtec.cat\\\/recerca\\\/wp-content\\\/uploads\\\/usu2090\\\/2025\\\/06\\\/baixa-1.png\"},{\"id\":226,\"lat\":41.93404024744607,\"lon\":2.2473248150320626,\"title\":\"Grup de Recerca en Educaci\\u00f3 F\\u00edsica (GREF)\",\"permalink\":\"https:\\\/\\\/projectes.xtec.cat\\\/recerca\\\/gdr\\\/grup-de-recerca-en-educacio-fisica-gref\\\/\",\"subtitle\":\"Universitat de Vic\",\"address\":\"C. de la Sagrada Fam\\u00edlia, 708500 Vic\",\"phone\":\"\",\"email\":\"\",\"website\":\"https:\\\/\\\/urecerca.uvic.cat\\\/CawDOS\\\/jsf\\\/seleccionPersonalEstamento\\\/seleccionPersonal.jsf?id=ec30ce21ee7567c2&idioma=ca&tipo=grupo&elmeucv=N\",\"ambits\":[\"educacio-fisica\",\"gestio-esportiva\"],\"categories\":[\"grups-de-recerca-universitaris\"],\"arees\":[\"didactica-cos-art-i-moviment\",\"educacio-i-salut\",\"politiques-educatives-i-avaluacio\"],\"arees_interes\":[\"avaluacio\",\"gestio-i-organitzacio-escolar\",\"lideratge-i-organitzacio-de-centres\",\"politiques-educatives\"],\"content\":\"Les seves l\\u00ednies de recerca s\\u00f3n: la transformaci\\u00f3 de les institucions i entitats esportives i indagant en l'educaci\\u00f3 f\\u00edsica.\",\"category_display_names\":[\"Grups de recerca universitaris\"],\"area_display_names\":[\"Did\\u00e0ctica del cos, art i moviment\",\"Educaci\\u00f3 i Salut\",\"Pol\\u00edtiques Educatives i Avaluaci\\u00f3\"],\"image\":\"https:\\\/\\\/projectes.xtec.cat\\\/recerca\\\/wp-content\\\/uploads\\\/usu2090\\\/2025\\\/05\\\/uvic_logotypeGREF.gif\"},{\"id\":258,\"lat\":41.5009991859682,\"lon\":2.10936328613348,\"title\":\"Col\\u00b7lectiu per a la Recerca en Educaci\\u00f3 Cientificotecnol\\u00f2gica i Matem\\u00e0tica (CRECIM)\",\"permalink\":\"https:\\\/\\\/projectes.xtec.cat\\\/recerca\\\/gdr\\\/collectiu-per-a-la-recerca-en-educacio-cientificotecnologica-i-matematica-crecim\\\/\",\"subtitle\":\"Universitat Aut\\u00f2noma de Barcelona. Facultat de Ci\\u00e8ncies de l'Educaci\\u00f3\",\"address\":\"Campus de la Universitat Aut\\u00f2noma de BarcelonaEdifici GL, 30408193 Bellaterra\",\"phone\":\"935 813 774\",\"email\":\"contacte@crecim.cat\",\"website\":\"https:\\\/\\\/www.crecim.cat\\\/ca\",\"ambits\":[\"cientific-i-tecnologic\"],\"categories\":[\"grups-de-recerca-universitaris\"],\"arees\":[\"didactica-de-les-ciencies-i-la-tecnologia\",\"didactica-de-les-matematiques\",\"educacio-i-alfabetitzacio-digital\",\"metodes-dinvestigacio-i-transferencia-del-coneixement\",\"pedagogia\",\"politiques-educatives-i-avaluacio\"],\"arees_interes\":[\"alfabetitzacio-digital\",\"avaluacio-avaluacio\",\"avaluacio\",\"desenvolupament-professional-docent\",\"digitalitzacio\",\"estrategies-docents\",\"stem\"],\"content\":\"Les seves l\\u00ednies de recerca s\\u00f3n: l'ensenyament i aprenentatge en disciplines STEM; l'\\u00fas de tecnologies digitals i eines innovadores per a l'educaci\\u00f3; el desenvolupament de recursos i estrat\\u00e8gies per al professorat; la promoci\\u00f3 de la comunicaci\\u00f3 i la divulgaci\\u00f3 cient\\u00edfica, aix\\u00ed com l'avaluaci\\u00f3 i assessorament en projectes educatius per millorar l'experi\\u00e8ncia d'aprenentatge en l'\\u00e0mbit cient\\u00edfic i tecnol\\u00f2gic.\",\"category_display_names\":[\"Grups de recerca universitaris\"],\"area_display_names\":[\"Did\\u00e0ctica de les Ci\\u00e8ncies i la Tecnologia\",\"Did\\u00e0ctica de les Matem\\u00e0tiques\",\"Educaci\\u00f3 i Alfabetitzaci\\u00f3 Digital\",\"M\\u00e8todes d'Investigaci\\u00f3 i Transfer\\u00e8ncia del Coneixement\",\"Pedagogia\",\"Pol\\u00edtiques Educatives i Avaluaci\\u00f3\"],\"image\":\"https:\\\/\\\/projectes.xtec.cat\\\/recerca\\\/wp-content\\\/uploads\\\/usu2090\\\/2025\\\/05\\\/CRECIM_UB.png\"},{\"id\":246,\"lat\":41.9863610655819,\"lon\":2.82748455597703,\"title\":\"Recerca en la diversitat\",\"permalink\":\"https:\\\/\\\/projectes.xtec.cat\\\/recerca\\\/gdr\\\/recerca-en-la-diversitat\\\/\",\"subtitle\":\"Universitat de Girona. Facultat d'Educaci\\u00f3 i Psicologia\",\"address\":\"Pl. de Sant Dom\\u00e8nec, 9Edifici Seminari17004 Girona\",\"phone\":\"972 418 352\",\"email\":\"maria.pallisera@udg.edu\",\"website\":\"https:\\\/\\\/recercadiversitat.wixsite.com\\\/diversitat\",\"ambits\":[],\"categories\":[\"grups-de-recerca-universitaris\"],\"arees\":[\"educacio-inclusiva\",\"politiques-educatives-i-avaluacio\"],\"arees_interes\":[\"avaluacio\",\"diversitat-funcional\",\"diversitat-i-inclusio\",\"politiques-educatives\"],\"content\":\"Les seves l\\u00ednies de recerca s\\u00f3n: la integraci\\u00f3 laboral de persones amb discapacitat, amb especial atenci\\u00f3 al treball amb suport i la formaci\\u00f3 sociolaboral en l'educaci\\u00f3 secund\\u00e0ria; la transici\\u00f3 a la vida adulta i activa de joves amb discapacitat intel\\u00b7lectual; el suport a la vida independent i la gesti\\u00f3 de xarxes socials de suport per a persones amb discapacitat intel\\u00b7lectual; l\\u2019actualitzaci\\u00f3 de serveis socials segons la Convenci\\u00f3 dels Drets de les Persones amb Discapacitat; i l'an\\u00e0lisi de pr\\u00e0ctiques socials i educatives per promoure la resili\\u00e8ncia en infants, joves i comunitats.\",\"category_display_names\":[\"Grups de recerca universitaris\"],\"area_display_names\":[\"Educaci\\u00f3 Inclusiva\",\"Pol\\u00edtiques Educatives i Avaluaci\\u00f3\"],\"image\":\"https:\\\/\\\/projectes.xtec.cat\\\/recerca\\\/wp-content\\\/uploads\\\/usu2090\\\/2025\\\/05\\\/receca-diversitat-UdG.avif.png\"},{\"id\":242,\"lat\":41.9863610655819,\"lon\":2.82748455597703,\"title\":\"Grup de Recerca en Educaci\\u00f3 del Patrimoni i les Arts Intermedials (GREPAI)\",\"permalink\":\"https:\\\/\\\/projectes.xtec.cat\\\/recerca\\\/gdr\\\/grup-de-recerca-en-educacio-del-patrimoni-i-les-arts-intermedials-grepai\\\/\",\"subtitle\":\"Universitat de Girona. Facultat d'Educaci\\u00f3 i Psicologia\",\"address\":\"Pl. de Sant Dom\\u00e8nec, 9Edifici Seminari17004 Girona\",\"phone\":\"972 418 335\",\"email\":\"mariona.masgrau@udg.edu\",\"website\":\"https:\\\/\\\/www.udg.edu\\\/ca\\\/grupsrecerca\\\/grepai\\\/presentacio\",\"ambits\":[\"artistic\"],\"categories\":[\"grups-de-recerca-universitaris\"],\"arees\":[\"didactica-cos-art-i-moviment\",\"educacio-inclusiva\",\"metodes-dinvestigacio-i-transferencia-del-coneixement\",\"organitzacio-escolar-i-lideratge-educatiu\",\"pedagogia\"],\"arees_interes\":[\"aprenentatge-collaboratiu-i-cooperatiu\",\"carrera-professional-docent\",\"desenvolupament-professional-docent\",\"estrategies-docents\",\"recerca-accio\"],\"content\":\"Les seves l\\u00ednies de recerca s\\u00f3n: l'\\u00fas de metodologies actives i participatives en educaci\\u00f3 art\\u00edstica per fomentar l'aprenentatge cooperatiu, reflexiu i dial\\u00f2gic; el desenvolupament de metodologies art\\u00edstiques, ecosocials i inclusives per a l'educaci\\u00f3 i la formaci\\u00f3 docent; l\\u2019estudi d\\u2019espais h\\u00edbrids i contextos socials i comunitaris d'aprenentatge, tant en \\u00e0mbits formals com no formals; la recerca en educaci\\u00f3 a trav\\u00e9s de metodologies art\\u00edstiques i enfocaments cr\\u00edtics per a la transformaci\\u00f3 educativa i ecosocial; i la interdisciplinarietat i intermedialitat com a eines per enfortir la literacitat art\\u00edstica i el coneixement en contextos educatius i culturals.\",\"category_display_names\":[\"Grups de recerca universitaris\"],\"area_display_names\":[\"Did\\u00e0ctica del cos, art i moviment\",\"Educaci\\u00f3 Inclusiva\",\"M\\u00e8todes d'Investigaci\\u00f3 i Transfer\\u00e8ncia del Coneixement\",\"Organitzaci\\u00f3 Escolar i Lideratge Educatiu\",\"Pedagogia\"],\"image\":\"https:\\\/\\\/projectes.xtec.cat\\\/recerca\\\/wp-content\\\/uploads\\\/usu2090\\\/2025\\\/05\\\/Grepai.jpg\"},{\"id\":167,\"lat\":41.60961251631791,\"lon\":2.283028615343178,\"title\":\"Institut Antoni Cumella\",\"permalink\":\"https:\\\/\\\/projectes.xtec.cat\\\/recerca\\\/gdr\\\/institut-antoni-cumella\\\/\",\"subtitle\":\"Xarxa RecercAULA\",\"address\":\"C. de Roger de Flor, s\\\/n08401 Granollers\",\"phone\":\"935 163 896\",\"email\":\"a8017931@xtec.cat\",\"website\":\"https:\\\/\\\/agora.xtec.cat\\\/iesacumella\\\/\",\"ambits\":[\"cientific-i-tecnologic\"],\"categories\":[\"xarxes-de-recerca-accio-i-centres-educatius-informats-en-evidencies\"],\"arees\":[\"didactica-de-la-llengua-i-la-literatura\",\"didactica-de-les-matematiques\",\"metodes-dinvestigacio-i-transferencia-del-coneixement\"],\"arees_interes\":[\"desenvolupament-professional-docent\",\"estrategies-docents\",\"recerca-accio\",\"retroaccio-feedback\"],\"content\":\"Forma part de la xarxa RecercAULA per la seva participaci\\u00f3 el Programa d'Innovaci\\u00f3: <a href=\\\"https:\\\/\\\/projectes.xtec.cat\\\/recerca\\\/recercaula\\\/\\\">\\u201cAprenentatge entre iguals: RecercAULA\\u201d<\\\/a> del Departament d'Educaci\\u00f3 i Formaci\\u00f3 Professional (2023-26). Fa recerca acci\\u00f3 sobre l'efecte del feedback escrit en l'\\u00fas prec\\u00eds del llenguatge per elaborar raonaments cient\\u00edfics\",\"category_display_names\":[\"Xarxes de recerca acci\\u00f3 i centres educatius informats en evid\\u00e8ncies\"],\"area_display_names\":[\"Did\\u00e0ctica de la Llengua i la Literatura\",\"Did\\u00e0ctica de les Matem\\u00e0tiques\",\"M\\u00e8todes d'Investigaci\\u00f3 i Transfer\\u00e8ncia del Coneixement\"],\"image\":\"https:\\\/\\\/projectes.xtec.cat\\\/recerca\\\/wp-content\\\/uploads\\\/usu2090\\\/2025\\\/05\\\/8_Institut-Antoni-Cumella.jpg\"},{\"id\":164,\"lat\":41.578919051391765,\"lon\":2.026539203701122,\"title\":\"Institut Escola Feixes\",\"permalink\":\"https:\\\/\\\/projectes.xtec.cat\\\/recerca\\\/gdr\\\/institut-escola-feixes\\\/\",\"subtitle\":\"Xarxa RecercAULA\",\"address\":\"Av. del Vall\\u00e8s, 483 \\\/\\\/ C. de Roig Ventura, 20308226 Terrassa\",\"phone\":\"937 315 875\",\"email\":\"a8078312@xtec.cat\",\"website\":\"https:\\\/\\\/agora.xtec.cat\\\/iefeixes\\\/\",\"ambits\":[],\"categories\":[\"xarxes-de-recerca-accio-i-centres-educatius-informats-en-evidencies\"],\"arees\":[\"didactica-de-les-matematiques\",\"metodes-dinvestigacio-i-transferencia-del-coneixement\"],\"arees_interes\":[],\"content\":\"Forma part de la xarxa RecercAULA per la seva participaci\\u00f3 el Programa d'Innovaci\\u00f3: <a href=\\\"https:\\\/\\\/projectes.xtec.cat\\\/recerca\\\/recercaula\\\/\\\">\\u201cAprenentatge entre iguals: RecercAULA\\u201d<\\\/a> del Departament d'Educaci\\u00f3 i Formaci\\u00f3 Professional (2023-26). Fa recerca acci\\u00f3 sobre la incid\\u00e8ncia de la personalitzaci\\u00f3 de l'aprenentatge mitjan\\u00e7ant activitats multinivell i la millora de l'aprenentatge.\",\"category_display_names\":[\"Xarxes de recerca acci\\u00f3 i centres educatius informats en evid\\u00e8ncies\"],\"area_display_names\":[\"Did\\u00e0ctica de les Matem\\u00e0tiques\",\"M\\u00e8todes d'Investigaci\\u00f3 i Transfer\\u00e8ncia del Coneixement\"],\"image\":\"https:\\\/\\\/projectes.xtec.cat\\\/recerca\\\/wp-content\\\/uploads\\\/usu2090\\\/2025\\\/05\\\/FEIXES.png\"},{\"id\":8901,\"lat\":41.50511527,\"lon\":2.105797653,\"title\":\"GREDICS Grup de Recerca en Did\\u00e0ctica de les Ci\\u00e8ncies Socials\",\"permalink\":\"https:\\\/\\\/projectes.xtec.cat\\\/recerca\\\/gdr\\\/gredics-grup-de-recerca-en-didactica-de-les-ciencies-socials\\\/\",\"subtitle\":\"Universitat Aut\\u00f2noma de Barcelona. Facultat de Ci\\u00e8ncies de l'Educaci\\u00f3\",\"address\":\"Campus de la UAB - Edifici G508193 Bellaterra\",\"phone\":\"\",\"email\":\"Antoni.Santisteban@uab.cat\",\"website\":\"https:\\\/\\\/webs.uab.cat\\\/gredics\\\/\",\"ambits\":[\"geografia\",\"historia\",\"social-i-humanistic\",\"sociologia\"],\"categories\":[\"grups-de-recerca-universitaris\"],\"arees\":[\"didactica-de-les-ciencies-socials-i-les-humanitats\",\"pedagogia\",\"sociologia-de-leducacio\"],\"arees_interes\":[\"ciencies-socials-i-educacio-critica\",\"ciutadania-democratica\",\"desenvolupament-professional-docent\",\"formacio-continua\",\"formacio-inicial\"],\"content\":\"Les seves l\\u00ednies de recerca s\\u00f3n: l'ensenyament i aprenentatge de la geografia, la hist\\u00f2ria i les ci\\u00e8ncies socials; el desenvolupament de compet\\u00e8ncies de pensament hist\\u00f2ric i social; l'an\\u00e0lisi dels coneixements pol\\u00edtics i c\\u00edvics de l\\u2019alumnat; la formaci\\u00f3 inicial i continuada del professorat en l\\u2019\\u00e0mbit social i ciutad\\u00e0; i el paper de les disciplines en l\\u2019abordatge de q\\u00fcestions socialment vives i la innovaci\\u00f3 educativa.\",\"category_display_names\":[\"Grups de recerca universitaris\"],\"area_display_names\":[\"Did\\u00e0ctica de les Ci\\u00e8ncies Socials i les Humanitats\",\"Pedagogia\",\"Sociologia de l'Educaci\\u00f3\"],\"image\":\"https:\\\/\\\/projectes.xtec.cat\\\/recerca\\\/wp-content\\\/uploads\\\/usu2090\\\/2025\\\/05\\\/Gredics_UAB.png\"},{\"id\":314,\"lat\":41.40360558,\"lon\":2.194023644,\"title\":\"Tractament Autom\\u00e0tic del Llenguatge Natural (TALN)\",\"permalink\":\"https:\\\/\\\/projectes.xtec.cat\\\/recerca\\\/gdr\\\/tractament-automatic-del-llenguatge-natural-taln\\\/\",\"subtitle\":\"\",\"address\":\"C\\\/T\\u00e0nger, 122-134, 4t pis, 08018 Barcelona\",\"phone\":\"935 421 119\",\"email\":\"taln.info@upf.edu\",\"website\":\"https:\\\/\\\/www.upf.edu\\\/web\\\/taln\",\"ambits\":[\"linguistic-i-literari\",\"comprensio-oral\"],\"categories\":[\"grups-de-recerca-universitaris\"],\"arees\":[\"didactica-de-la-llengua-i-la-literatura\",\"educacio-i-alfabetitzacio-digital\"],\"arees_interes\":[\"digitalitzacio\",\"estrategies-docents\"],\"content\":\"Les seves l\\u00ednies de recerca s\\u00f3n: la generaci\\u00f3 de text en llenguatge natural, l\\u2019an\\u00e0lisi profunda de llenguatge, la lexicografia computacional, l\\u2019an\\u00e0lisi metatextual i l\\u2019estructura comunicativa.\",\"category_display_names\":[\"Grups de recerca universitaris\"],\"area_display_names\":[\"Did\\u00e0ctica de la Llengua i la Literatura\",\"Educaci\\u00f3 i Alfabetitzaci\\u00f3 Digital\"],\"image\":\"https:\\\/\\\/projectes.xtec.cat\\\/recerca\\\/wp-content\\\/uploads\\\/usu2090\\\/2025\\\/05\\\/TALN_UPF.png\"},{\"id\":312,\"lat\":41.50508313,\"lon\":2.105872755,\"title\":\"Grup Observatori per a la Inclusi\\u00f3 Socioeducativa\",\"permalink\":\"https:\\\/\\\/projectes.xtec.cat\\\/recerca\\\/gdr\\\/grup-observatori-per-a-la-inclusio-socioeducativa\\\/\",\"subtitle\":\"Universitat Aut\\u00f2noma de Barcelona\",\"address\":\"Campus de la UAB - Edifici G608193 Bellaterra\",\"phone\":\"935 811 878\",\"email\":\"d.ped.aplicada@uab.cat\",\"website\":\"https:\\\/\\\/www.uab.cat\\\/ca\\\/pedagogia-aplicada\\\/grups-recerca\",\"ambits\":[],\"categories\":[\"grups-de-recerca-universitaris\"],\"arees\":[\"educacio-inclusiva\"],\"arees_interes\":[\"diversitat-i-inclusio\"],\"content\":\"Les seves l\\u00ednies de recerca s\\u00f3n: els col\\u00b7lectius en situaci\\u00f3 de vulnerabilitat i els seus processos d'inclusi\\u00f3; la difusi\\u00f3 del coneixement sobre inclusi\\u00f3 social; l'atenci\\u00f3 als grups vulnerables segons les l\\u00ednies estrat\\u00e8giques europees.\",\"category_display_names\":[\"Grups de recerca universitaris\"],\"area_display_names\":[\"Educaci\\u00f3 Inclusiva\"],\"image\":\"https:\\\/\\\/projectes.xtec.cat\\\/recerca\\\/wp-content\\\/uploads\\\/usu2090\\\/2025\\\/05\\\/Grois_UAB.png\"},{\"id\":310,\"lat\":41.38381138,\"lon\":2.168111831,\"title\":\"IRE Identitat, Religi\\u00f3 i Educaci\\u00f3\",\"permalink\":\"https:\\\/\\\/projectes.xtec.cat\\\/recerca\\\/gdr\\\/ire-identitat-religio-i-educacio\\\/\",\"subtitle\":\"FPCEE-Blanquerna (URL)\",\"address\":\"C. dels \\u00c0ngels, 18, 6a planta 08001 Barcelona\",\"phone\":\"933 027 013\",\"email\":\"earan@fecc.cat\",\"website\":\"https:\\\/\\\/www.pastoralfecc.cat\\\/tag\\\/recerca\\\/\",\"ambits\":[\"desenvolupament-personal-i-social\",\"religio\"],\"categories\":[\"entitats\"],\"arees\":[\"didactica-de-les-ciencies-socials-i-les-humanitats\",\"metodes-dinvestigacio-i-transferencia-del-coneixement\"],\"arees_interes\":[\"avaluacio-avaluacio\",\"avaluacio\"],\"content\":\"Les seves l\\u00ednies de recerca s\\u00f3n: l\\u2019actualitzaci\\u00f3 de la identitat de l\\u2019escola cristiana per al segle XXI; l\\u2019exploraci\\u00f3 de la continu\\u00eftat i discontinu\\u00eftat entre els marcs pastorals dels centres educatius i universitats; el desenvolupament d\\u2019\\u00edtems d\\u2019avaluaci\\u00f3 de l\\u2019impacte real de l\\u2019acci\\u00f3 pastoral m\\u00e9s enll\\u00e0 dels indicadors quantitatius tradicionals; la creaci\\u00f3 d\\u2019un espai de recerca obert a agents de pastoral educativa per avan\\u00e7ar en la reflexi\\u00f3 i la innovaci\\u00f3 en aquest \\u00e0mbit.\",\"category_display_names\":[\"Entitats, fundacions, societat civil i empreses\"],\"area_display_names\":[\"Did\\u00e0ctica de les Ci\\u00e8ncies Socials i les Humanitats\",\"M\\u00e8todes d'Investigaci\\u00f3 i Transfer\\u00e8ncia del Coneixement\"],\"image\":\"https:\\\/\\\/projectes.xtec.cat\\\/recerca\\\/wp-content\\\/uploads\\\/usu2090\\\/2025\\\/05\\\/IRE_FundacioEscolaCrisitana.png\"},{\"id\":309,\"lat\":41.50511527,\"lon\":2.105797653,\"title\":\"LIEC Llenguatge i Ensenyament de les Ci\\u00e8ncies\",\"permalink\":\"https:\\\/\\\/projectes.xtec.cat\\\/recerca\\\/gdr\\\/liec-llenguatge-i-ensenyament-de-les-ciencies\\\/\",\"subtitle\":\"Universitat Aut\\u00f2noma de Barcelona. Facultat de Ci\\u00e8ncies de l'Educaci\\u00f3\",\"address\":\"Campus de la UAB - Edifici G508193 Bellaterra\",\"phone\":\"\",\"email\":\"conxita.marquez@uab.cat\",\"website\":\"https:\\\/\\\/uabliec.wordpress.com\\\/\",\"ambits\":[\"cientific-i-tecnologic\"],\"categories\":[\"grups-de-recerca-universitaris\"],\"arees\":[\"didactica-de-la-llengua-i-la-literatura\",\"didactica-de-les-ciencies-i-la-tecnologia\",\"metodes-dinvestigacio-i-transferencia-del-coneixement\"],\"arees_interes\":[\"estrategies-docents\",\"stem\"],\"content\":\"Les seves l\\u00ednies de recerca s\\u00f3n: l\\u2019estudi dels processos d\\u2019aprenentatge de les ci\\u00e8ncies; el desenvolupament de compet\\u00e8ncies cient\\u00edfiques; i la innovaci\\u00f3 educativa, mitjan\\u00e7ant la creaci\\u00f3 i difusi\\u00f3 de materials did\\u00e0ctics i articles divulgatius per millorar la pr\\u00e0ctica docent.\",\"category_display_names\":[\"Grups de recerca universitaris\"],\"area_display_names\":[\"Did\\u00e0ctica de la Llengua i la Literatura\",\"Did\\u00e0ctica de les Ci\\u00e8ncies i la Tecnologia\",\"M\\u00e8todes d'Investigaci\\u00f3 i Transfer\\u00e8ncia del Coneixement\"],\"image\":\"https:\\\/\\\/projectes.xtec.cat\\\/recerca\\\/wp-content\\\/uploads\\\/usu2090\\\/2025\\\/05\\\/liec_UAB.jpg\"},{\"id\":308,\"lat\":41.50511527,\"lon\":2.105797653,\"title\":\"Grup de Recerca en Inf\\u00e0ncia i Adolesc\\u00e8ncia en Risc Social (IARS)\",\"permalink\":\"https:\\\/\\\/projectes.xtec.cat\\\/recerca\\\/gdr\\\/grup-de-recerca-en-infancia-i-adolescencia-en-risc-social-iars\\\/\",\"subtitle\":\"Universitat Aut\\u00f2noma de Barcelona. Facultat de Ci\\u00e8ncies de l'Educaci\\u00f3\",\"address\":\"Campus de la UAB - Edifici G508193 Bellaterra\",\"phone\":\"\",\"email\":\"Gr.IARS@uab.ca\",\"website\":\"https:\\\/\\\/webs.uab.cat\\\/iars\\\/\",\"ambits\":[],\"categories\":[\"grups-de-recerca-universitaris\"],\"arees\":[\"educacio-inclusiva\",\"psicologia-de-leducacio\",\"sociologia-de-leducacio\"],\"arees_interes\":[\"diversitat-i-inclusio\",\"mediacio\",\"orientacio\"],\"content\":\"Les seves l\\u00ednies de recerca s\\u00f3n: la protecci\\u00f3 de la inf\\u00e0ncia tutelada, abordant la vulnerabilitat d\\u2019aquests infants i adolescents i la necessitat de millorar la intervenci\\u00f3 socioeducativa; la transici\\u00f3 a la vida adulta dels joves tutelats; la creaci\\u00f3 d\\u2019instruments psicoeducatius que ajudin els professionals en la seva tasca d\\u2019acompanyament i intervenci\\u00f3.\",\"category_display_names\":[\"Grups de recerca universitaris\"],\"area_display_names\":[\"Educaci\\u00f3 Inclusiva\",\"Psicologia de l'Educaci\\u00f3\",\"Sociologia de l'Educaci\\u00f3\"],\"image\":\"https:\\\/\\\/projectes.xtec.cat\\\/recerca\\\/wp-content\\\/uploads\\\/usu2090\\\/2025\\\/05\\\/IARS_UAB.png\"},{\"id\":304,\"lat\":41.50540243,\"lon\":2.10585626,\"title\":\"Grup d\\u2019Educaci\\u00f3 i G\\u00e8nere\",\"permalink\":\"https:\\\/\\\/projectes.xtec.cat\\\/recerca\\\/gdr\\\/grup-deducacio-i-genere\\\/\",\"subtitle\":\"Universitat Aut\\u00f2noma de Barcelona. Facultat de Ci\\u00e8ncies de l'Educaci\\u00f3\",\"address\":\"Campus de la UAB - Edifici G608193 Bellaterra\",\"phone\":\"\",\"email\":\"educacio.genere@uab.cat\",\"website\":\"https:\\\/\\\/webs.uab.cat\\\/educacioigenere\\\/grup-de-recerca\\\/\",\"ambits\":[\"social-i-humanistic\"],\"categories\":[\"grups-de-recerca-universitaris\"],\"arees\":[\"educacio-inclusiva\",\"metodes-dinvestigacio-i-transferencia-del-coneixement\",\"pedagogia\",\"sociologia-de-leducacio\"],\"arees_interes\":[\"ciencies-socials-i-educacio-critica\",\"coeducacio\",\"diversitat-i-inclusio\",\"identitat-i-genere\",\"estrategies-docents\"],\"content\":\"Les seves l\\u00ednies de recerca s\\u00f3n: an\\u00e0lisi de la perspectiva de g\\u00e8nere en la doc\\u00e8ncia, metodologies i espais educatius; les subjectivitats de professorat i alumnat respecte al g\\u00e8nere; la identificaci\\u00f3 de bones pr\\u00e0ctiques i pedagogies feministes; i l'orientaci\\u00f3 per la tutoritzaci\\u00f3 de Treballs Finals de Grau en educaci\\u00f3 i g\\u00e8nere.\",\"category_display_names\":[\"Grups de recerca universitaris\"],\"area_display_names\":[\"Educaci\\u00f3 Inclusiva\",\"M\\u00e8todes d'Investigaci\\u00f3 i Transfer\\u00e8ncia del Coneixement\",\"Pedagogia\",\"Sociologia de l'Educaci\\u00f3\"],\"image\":\"https:\\\/\\\/projectes.xtec.cat\\\/recerca\\\/wp-content\\\/uploads\\\/usu2090\\\/2025\\\/05\\\/Educacio-i-Genere_UAB.png\"},{\"id\":303,\"lat\":41.50540243,\"lon\":2.10585626,\"title\":\"EFI Efic\\u00e0cia de la Formaci\\u00f3 Cont\\u00ednua\",\"permalink\":\"https:\\\/\\\/projectes.xtec.cat\\\/recerca\\\/gdr\\\/efi-eficacia-de-la-formacio-continua\\\/\",\"subtitle\":\"Universitat Aut\\u00f2noma de Barcelona. Facultat de Ci\\u00e8ncies de l'Educaci\\u00f3\",\"address\":\"Campus de la UAB - Edifici G608193 Bellaterra\",\"phone\":\"935 813 190\",\"email\":\"\",\"website\":\"https:\\\/\\\/webs.uab.cat\\\/efi\\\/\",\"ambits\":[\"professionalitzador\"],\"categories\":[\"grups-de-recerca-universitaris\"],\"arees\":[\"educacio-i-alfabetitzacio-digital\",\"educacio-inclusiva\",\"etapes-educatives\",\"sociologia-de-leducacio\"],\"arees_interes\":[\"desenvolupament-professional-docent\",\"digitalitzacio\",\"formacio-continua\",\"formacio-inicial\",\"estrategies-docents\"],\"content\":\"Les seves l\\u00ednies de recerca s\\u00f3n: la relaci\\u00f3 entre educaci\\u00f3 i treball a trav\\u00e9s de la formaci\\u00f3 professional i la formaci\\u00f3 cont\\u00ednua; la joventut, l'empoderament i el benestar de la Generaci\\u00f3 Z; l'educaci\\u00f3 superior i la formaci\\u00f3 del professorat; la innovaci\\u00f3 educativa, l'ensenyament mediat per la tecnologia i l'aprenentatge en la societat digital.\",\"category_display_names\":[\"Grups de recerca universitaris\"],\"area_display_names\":[\"Educaci\\u00f3 i Alfabetitzaci\\u00f3 Digital\",\"Educaci\\u00f3 Inclusiva\",\"Etapes Educatives\",\"Sociologia de l'Educaci\\u00f3\"],\"image\":\"https:\\\/\\\/projectes.xtec.cat\\\/recerca\\\/wp-content\\\/uploads\\\/usu2090\\\/2025\\\/05\\\/EficaciaFormacioContinua_UAB.png\"},{\"id\":302,\"lat\":41.50540243,\"lon\":2.10585626,\"title\":\"Diversitat i Orientaci\\u00f3\",\"permalink\":\"https:\\\/\\\/projectes.xtec.cat\\\/recerca\\\/gdr\\\/diversitat-i-orientacio\\\/\",\"subtitle\":\"Universitat Aut\\u00f2noma de Barcelona. Facultat de Ci\\u00e8ncies de l'Educaci\\u00f3\",\"address\":\"Campus de la UAB - Edifici G608193 Bellaterra\",\"phone\":\"\",\"email\":\"\",\"website\":\"https:\\\/\\\/www.uab.cat\\\/ca\\\/pedagogia-aplicada\\\/grups-recerca\",\"ambits\":[],\"categories\":[\"grups-de-recerca-universitaris\"],\"arees\":[\"educacio-inclusiva\",\"organitzacio-escolar-i-lideratge-educatiu\",\"pedagogia\",\"sociologia-de-leducacio\"],\"arees_interes\":[\"avaluacio\",\"diversitat-i-inclusio\",\"orientacio\",\"politiques-educatives\"],\"content\":\"Les seves l\\u00ednies de recerca s\\u00f3n: la just\\u00edcia social en pol\\u00edtiques d'orientaci\\u00f3; l'acci\\u00f3 socioeducativa inclusiva; i l'orientaci\\u00f3 en comunitats i contextos educatius formals i no formals.\",\"category_display_names\":[\"Grups de recerca universitaris\"],\"area_display_names\":[\"Educaci\\u00f3 Inclusiva\",\"Organitzaci\\u00f3 Escolar i Lideratge Educatiu\",\"Pedagogia\",\"Sociologia de l'Educaci\\u00f3\"],\"image\":\"https:\\\/\\\/projectes.xtec.cat\\\/recerca\\\/wp-content\\\/uploads\\\/usu2090\\\/2025\\\/05\\\/Diversitat_i_orientacio_UAB.png\"},{\"id\":301,\"lat\":41.50540243,\"lon\":2.10585626,\"title\":\"Grup de Recerca Col\\u00b7lectiu d&#8217;Investigaci\\u00f3 en Formaci\\u00f3 Ocupacional &#8211; CIFO\",\"permalink\":\"https:\\\/\\\/projectes.xtec.cat\\\/recerca\\\/gdr\\\/grup-de-recerca-collectiu-dinvestigacio-en-formacio-ocupacional-cifo\\\/\",\"subtitle\":\"Universitat Aut\\u00f2noma de Barcelona. Facultat de Ci\\u00e8ncies de l'Educaci\\u00f3\",\"address\":\"Campus de la UAB - Edifici G608193 Bellaterra\",\"phone\":\"935 813 052\",\"email\":\"Antoni.Navio@uab.cat\",\"website\":\"https:\\\/\\\/webs.uab.cat\\\/cifo\\\/\",\"ambits\":[\"professionalitzador\"],\"categories\":[\"grups-de-recerca-universitaris\"],\"arees\":[\"educacio-inclusiva\",\"pedagogia\",\"sociologia-de-leducacio\"],\"arees_interes\":[\"carrera-professional-docent\",\"desenvolupament-professional-docent\",\"diversitat-i-inclusio\",\"formacio-continua\",\"formacio-inicial\"],\"content\":\"Les seves l\\u00ednies de recerca s\\u00f3n: la formaci\\u00f3 de formadores i formadors; la formaci\\u00f3 pel treball; l' avaluaci\\u00f3 d'aprenentatges i programes; la innovaci\\u00f3 formativa i la diversitat i inclusi\\u00f3 socioeducativa.\",\"category_display_names\":[\"Grups de recerca universitaris\"],\"area_display_names\":[\"Educaci\\u00f3 Inclusiva\",\"Pedagogia\",\"Sociologia de l'Educaci\\u00f3\"],\"image\":\"https:\\\/\\\/projectes.xtec.cat\\\/recerca\\\/wp-content\\\/uploads\\\/usu2090\\\/2025\\\/05\\\/CIFO_UAB.jpg\"},{\"id\":300,\"lat\":41.41067465,\"lon\":2.135590368,\"title\":\"Grup de recerca Psicologia, Persona i Context (PSICOPERSONA)\",\"permalink\":\"https:\\\/\\\/projectes.xtec.cat\\\/recerca\\\/gdr\\\/grup-de-recerca-psicologia-persona-i-context-psicopersona\\\/\",\"subtitle\":\"Universitat Ram\\u00f3n Llull. Blanquerna. Facultat de Psicologia, Ci\\u00e8ncies de l'Educaci\\u00f3 i de l'Esport\",\"address\":\"Pg. de Sant Gervasi, 4708022 Barcelona\",\"phone\":\"932 533 000\",\"email\":\"\",\"website\":\"https:\\\/\\\/recerca.blanquerna.edu\\\/fpcee\\\/psicopersona\\\/\",\"ambits\":[\"psicologia\",\"social-i-humanistic\"],\"categories\":[\"grups-de-recerca-universitaris\"],\"arees\":[\"educacio-i-salut\",\"psicologia-de-leducacio\"],\"arees_interes\":[\"benestar-docent-desenvolupament-professional-docent\",\"benestar-emocional\",\"benestar-docent\",\"ciencies-socials-i-educacio-critica\",\"desenvolupament-professional-docent\",\"salut-mental\",\"xarxes-socials\"],\"content\":\"Les seves l\\u00ednies de recerca s\\u00f3n: les addiccions a conductes en la societat en xarxa; les adopcions i l'acolliment familiar; resultats i processos psicoterap\\u00e8utics; Ciberpsicologia; educaci\\u00f3 i desenvolupament comunitari; processos de dol i creaci\\u00f3 de coneixement\",\"category_display_names\":[\"Grups de recerca universitaris\"],\"area_display_names\":[\"Educaci\\u00f3 i Salut\",\"Psicologia de l'Educaci\\u00f3\"],\"image\":\"https:\\\/\\\/projectes.xtec.cat\\\/recerca\\\/wp-content\\\/uploads\\\/usu2090\\\/2025\\\/05\\\/PsicoPersona_blanquerna.jpg\"},{\"id\":299,\"lat\":41.40394383,\"lon\":2.19343911,\"title\":\"Grup de recerca en Aprenentatges, Mitjans i Entreteniment (GAME)\",\"permalink\":\"https:\\\/\\\/projectes.xtec.cat\\\/recerca\\\/gdr\\\/grup-de-recerca-en-aprenentatges-mitjans-i-entreteniment-game\\\/\",\"subtitle\":\"Universitat Oberta de Catalunya. Facultat de Ci\\u00e8ncies de la Informaci\\u00f3 i de la Comunicaci\\u00f3\",\"address\":\"C. de Roc Boronat, 13808018 Barcelona\",\"phone\":\"\",\"email\":\"\",\"website\":\"https:\\\/\\\/gameresearch.uoc.edu\\\/\",\"ambits\":[\"artistic\",\"cultura-audiovisual\"],\"categories\":[\"grups-de-recerca-universitaris\"],\"arees\":[\"educacio-i-alfabetitzacio-digital\",\"sociologia-de-leducacio\"],\"arees_interes\":[\"ciencies-socials-i-educacio-critica\",\"ciutadania-democratica\",\"digitalitzacio\",\"gamificacio-i-aprenentatge-basat-en-el-joc-gbl\",\"estrategies-docents\",\"xarxes-socials\"],\"content\":\"Les seves l\\u00ednies de recerca s\\u00f3n: les ind\\u00fastries creatives i les pr\\u00e0ctiques culturals; els estudis del joc i les experi\\u00e8ncies l\\u00fadiques (Game Studies); la ciutadania, els activismes digitals i els aprenentatges socials; les pr\\u00e0ctiques en comunicaci\\u00f3 estrat\\u00e8gica i l'impacte en els p\\u00fablics; i la cultura visual i els estudis culturals.\",\"category_display_names\":[\"Grups de recerca universitaris\"],\"area_display_names\":[\"Educaci\\u00f3 i Alfabetitzaci\\u00f3 Digital\",\"Sociologia de l'Educaci\\u00f3\"],\"image\":\"https:\\\/\\\/projectes.xtec.cat\\\/recerca\\\/wp-content\\\/uploads\\\/usu2090\\\/2025\\\/05\\\/GAME_UOC.png\"},{\"id\":298,\"lat\":41.40392774,\"lon\":2.193471297,\"title\":\"Intel.lig\\u00e8ncia Artificial i Aprenentatge Autom\\u00e0tic\",\"permalink\":\"https:\\\/\\\/projectes.xtec.cat\\\/recerca\\\/gdr\\\/intel-ligencia-artificial-i-aprenentatge-automatic\\\/\",\"subtitle\":\"Universitat Pompeu Fabra. Departament d'Enginyeria\",\"address\":\"C. de T\\u00e0nger, 122-14008018 Barcelona\",\"phone\":\"935 422 000\",\"email\":\"info-ai@upf.edu\",\"website\":\"https:\\\/\\\/www.upf.edu\\\/web\\\/ai-ml\\\/\",\"ambits\":[\"cientific-i-tecnologic\",\"programacio\",\"robotica\",\"tecnologia\"],\"categories\":[\"grups-de-recerca-universitaris\"],\"arees\":[\"didactica-de-les-ciencies-i-la-tecnologia\",\"educacio-i-alfabetitzacio-digital\"],\"arees_interes\":[\"digitalitzacio\",\"ia-i-aprenentatge\",\"estrategies-docents\"],\"content\":\"Les seves l\\u00ednies de recerca s\\u00f3n: la planificaci\\u00f3 automatitzada, basada en models per generar comportaments intel\\u00b7ligents; l'aprenentatge autom\\u00e0tic interactiu; la teoria de l'aprenentatge; els models gr\\u00e0fics probabil\\u00edstics; la rob\\u00f2tica aut\\u00f2noma, amb desenvolupament d'arquitectures i eines per a funcionalitats avan\\u00e7ades; i els problemes de satisfacci\\u00f3 de restriccions (CSPs).\",\"category_display_names\":[\"Grups de recerca universitaris\"],\"area_display_names\":[\"Did\\u00e0ctica de les Ci\\u00e8ncies i la Tecnologia\",\"Educaci\\u00f3 i Alfabetitzaci\\u00f3 Digital\"],\"image\":\"https:\\\/\\\/projectes.xtec.cat\\\/recerca\\\/wp-content\\\/uploads\\\/usu2090\\\/2025\\\/05\\\/GR_IA_UpF.png\"},{\"id\":297,\"lat\":41.50478624,\"lon\":2.105094197,\"title\":\"Grup d&#8217;estudi de la literacitat en l&#8217;ensenyament i l&#8217;Aprenentatge de segones lleng\\u00fces i traducci\\u00f3(GELEA2LT)\",\"permalink\":\"https:\\\/\\\/projectes.xtec.cat\\\/recerca\\\/gdr\\\/grup-destudi-de-la-literacitat-en-lensenyament-i-laprenentatge-de-segones-llengues-i-traducciogelea2lt\\\/\",\"subtitle\":\"Universitat Aut\\u00f2noma de Barcelona. Facultat de Traducci\\u00f3 i Interpretaci\\u00f3\",\"address\":\"P\\u00e7a. del Coneixement, s\\\/n - Edifici K08193 Bellaterra\",\"phone\":\"\",\"email\":\"sara.rovira@uab.cat\",\"website\":\"https:\\\/\\\/webs.uab.cat\\\/gelea2lt\\\/\",\"ambits\":[\"literatura\",\"linguistic-i-literari\",\"llengues-estrangeres\"],\"categories\":[\"grups-de-recerca-universitaris\"],\"arees\":[\"didactica-de-la-llengua-i-la-literatura\",\"educacio-i-alfabetitzacio-digital\",\"sociologia-de-leducacio\"],\"arees_interes\":[\"aicle-clil\",\"diversitat-i-inclusio\",\"digitalitzacio\",\"interculturalitat-i-immigracio\",\"estrategies-docents\"],\"content\":\"Les seves l\\u00ednies de recerca s\\u00f3n: la literacitat digital; la traducci\\u00f3 i la interpretaci\\u00f3; la mediaci\\u00f3; la ling\\u00fc\\u00edstica aplicada; la did\\u00e0ctica de la llengua estrangera; la interculturalitat; la ling\\u00fc\\u00edstica de corpus i el processament del llenguatge natural.\",\"category_display_names\":[\"Grups de recerca universitaris\"],\"area_display_names\":[\"Did\\u00e0ctica de la Llengua i la Literatura\",\"Educaci\\u00f3 i Alfabetitzaci\\u00f3 Digital\",\"Sociologia de l'Educaci\\u00f3\"],\"image\":\"https:\\\/\\\/projectes.xtec.cat\\\/recerca\\\/wp-content\\\/uploads\\\/usu2090\\\/2025\\\/05\\\/Gelea2LT_UAB.png\"},{\"id\":296,\"lat\":41.437734120708555,\"lon\":2.145264439,\"title\":\"Recerca en Ensenyament i Aprenentatge de Lleng\\u00fces amb Tecnologies de la Informaci\\u00f3 i la Comunicaci\\u00f3(realTIC)\",\"permalink\":\"https:\\\/\\\/projectes.xtec.cat\\\/recerca\\\/gdr\\\/recerca-en-ensenyament-i-aprenentatge-de-llengues-amb-tecnologies-de-la-informacio-i-la-comunicaciorealtic\\\/\",\"subtitle\":\"Universitat de Barcelona. Facultat d\\u2019Educaci\\u00f3\",\"address\":\"Pg. de la Vall d'Hebron, 171, 08035 Barcelona\",\"phone\":\"\",\"email\":\"realtic.sgr@ub.edu\",\"website\":\"https:\\\/\\\/www.ub.edu\\\/realtic\\\/ca\\\/#realTIC\",\"ambits\":[\"castella\",\"catala\",\"linguistic-i-literari\",\"llengues-estrangeres\"],\"categories\":[\"grups-de-recerca-universitaris\"],\"arees\":[\"didactica-de-la-llengua-i-la-literatura\",\"educacio-i-alfabetitzacio-digital\",\"metodes-dinvestigacio-i-transferencia-del-coneixement\",\"pedagogia\"],\"arees_interes\":[\"digitalitzacio\",\"estrategies-docents\"],\"content\":\"Les seves l\\u00ednies de recerca s\\u00f3n: \\u00fas de les TIC a l'ensenyament de lleng\\u00fces; processos did\\u00e0ctics en entorns virtuals d\\u2019aprenentatge; integraci\\u00f3 d'eines digitals com portafolis, blocs i wikis; i modalitats d'ensenyament presencial, semipresencial, a dist\\u00e0ncia i en cursos oberts com els MOOC.\",\"category_display_names\":[\"Grups de recerca universitaris\"],\"area_display_names\":[\"Did\\u00e0ctica de la Llengua i la Literatura\",\"Educaci\\u00f3 i Alfabetitzaci\\u00f3 Digital\",\"M\\u00e8todes d'Investigaci\\u00f3 i Transfer\\u00e8ncia del Coneixement\",\"Pedagogia\"],\"image\":\"https:\\\/\\\/projectes.xtec.cat\\\/recerca\\\/wp-content\\\/uploads\\\/usu2090\\\/2025\\\/05\\\/realTIC_UB.jpg\"},{\"id\":295,\"lat\":41.98532714,\"lon\":2.82748874,\"title\":\"Inf\\u00e0ncia i Joventut: Acci\\u00f3 Socioeducativa i Comunit\\u00e0ria (IJASC)\",\"permalink\":\"https:\\\/\\\/projectes.xtec.cat\\\/recerca\\\/gdr\\\/infancia-i-joventut-accio-socioeducativa-i-comunitaria-ijasc\\\/\",\"subtitle\":\"Universitat de Girona. Facultat de Lletres\",\"address\":\"Pl. Sant Dom\\u00e8nec, 9Campus Barri Vell - Edifici Seminari17004 Girona\",\"phone\":\"972 418 027\",\"email\":\"eduard.carrerafossas@udg.edu\",\"website\":\"https:\\\/\\\/www.udg.edu\\\/ca\\\/grupsrecerca\\\/ijasc\",\"ambits\":[],\"categories\":[\"grups-de-recerca-universitaris\"],\"arees\":[\"educacio-inclusiva\",\"politiques-educatives-i-avaluacio\",\"sociologia-de-leducacio\"],\"arees_interes\":[\"ciencies-socials-i-educacio-critica\",\"ciutadania-democratica\",\"diversitat-i-inclusio\",\"gestio-i-organitzacio-escolar\",\"orientacio\",\"participacio-i-families\"],\"content\":\"Les seves l\\u00ednies de recerca s\\u00f3n: joventut, educaci\\u00f3 i societat; relacions fam\\u00edlia, escola i comunitat; comunitat, participaci\\u00f3 i desenvolupament comunitari; inf\\u00e0ncia i joventut en situaci\\u00f3 vulnerable; i acompanyament educatiu i socioeducatiu a la inf\\u00e0ncia i a la joventut.\",\"category_display_names\":[\"Grups de recerca universitaris\"],\"area_display_names\":[\"Educaci\\u00f3 Inclusiva\",\"Pol\\u00edtiques Educatives i Avaluaci\\u00f3\",\"Sociologia de l'Educaci\\u00f3\"],\"image\":\"https:\\\/\\\/projectes.xtec.cat\\\/recerca\\\/wp-content\\\/uploads\\\/usu2090\\\/2025\\\/05\\\/IJASC_UdG.png\"},{\"id\":294,\"lat\":41.50311771,\"lon\":2.107585455,\"title\":\"Educaci\\u00f3 Ling\\u00fc\\u00edstica Basada en Evid\\u00e8ncia Cient\\u00edfica (ELBEC)\",\"permalink\":\"https:\\\/\\\/projectes.xtec.cat\\\/recerca\\\/gdr\\\/educacio-linguistica-basada-en-evidencia-cientifica-elbec\\\/\",\"subtitle\":\"Universitat Aut\\u00f2noma de Barcelona. Facultat de Filosofia Lletres\",\"address\":\"C. de la Fortuna, Campus UAB08193 Bellaterra\",\"phone\":\"\",\"email\":\"\",\"website\":\"https:\\\/\\\/elbec.group\\\/es\",\"ambits\":[\"castella\",\"catala\",\"comprensio-escrita\",\"linguistic-i-literari\",\"comprensio-oral\"],\"categories\":[\"grups-de-recerca-universitaris\"],\"arees\":[\"didactica-de-la-llengua-i-la-literatura\",\"educacio-inclusiva\",\"metodes-dinvestigacio-i-transferencia-del-coneixement\",\"pedagogia\",\"sociologia-de-leducacio\"],\"arees_interes\":[\"desenvolupament-professional-docent\",\"diversitat-i-inclusio\",\"formacio-continua\",\"formacio-inicial\",\"interculturalitat-i-immigracio\"],\"content\":\"Les seves l\\u00ednies de recerca s\\u00f3n: la did\\u00e0ctica de la llengua, aportant solucions pels problemes d'escriptura, comprensi\\u00f3 lectora i oralitat; la formaci\\u00f3 del professorat; les relacions interculturals en contextos de diversitat ling\\u00fc\\u00edstica i la logop\\u00e8dia.\",\"category_display_names\":[\"Grups de recerca universitaris\"],\"area_display_names\":[\"Did\\u00e0ctica de la Llengua i la Literatura\",\"Educaci\\u00f3 Inclusiva\",\"M\\u00e8todes d'Investigaci\\u00f3 i Transfer\\u00e8ncia del Coneixement\",\"Pedagogia\",\"Sociologia de l'Educaci\\u00f3\"],\"image\":\"https:\\\/\\\/projectes.xtec.cat\\\/recerca\\\/wp-content\\\/uploads\\\/usu2090\\\/2025\\\/05\\\/Elbec.png\"},{\"id\":293,\"lat\":41.50496923,\"lon\":2.105584754,\"title\":\"Grup de Recerca en Educaci\\u00f3, Interacci\\u00f3 i Pluriling\\u00fcisme\",\"permalink\":\"https:\\\/\\\/projectes.xtec.cat\\\/recerca\\\/gdr\\\/grup-de-recerca-en-educacio-interaccio-i-plurilinguisme\\\/\",\"subtitle\":\"Universitat Aut\\u00f2noma de Barcelona. Facultat de Ci\\u00e8ncies de l'Educaci\\u00f3\",\"address\":\"Campus UAB - Edifici G608193 Bellaterra\",\"phone\":\"93 581 3252 , 93 581 3014\",\"email\":\"\",\"website\":\"https:\\\/\\\/webs.uab.cat\\\/greip\\\/\",\"ambits\":[\"linguistic-i-literari\",\"comprensio-oral\"],\"categories\":[\"grups-de-recerca-universitaris\"],\"arees\":[\"didactica-de-la-llengua-i-la-literatura\",\"educacio-i-alfabetitzacio-digital\",\"educacio-inclusiva\"],\"arees_interes\":[\"aicle-clil\",\"diversitat-i-inclusio\",\"digitalitzacio\",\"interculturalitat-i-immigracio\",\"estrategies-docents\"],\"content\":\"Les seves l\\u00ednies de recerca s\\u00f3n: la interacci\\u00f3 social i l'aprenentatge de lleng\\u00fces en contextos pluriling\\u00fces, la did\\u00e0ctica integrada de lleng\\u00fces i continguts, l'\\u00fas de tecnologies en l'ensenyament de lleng\\u00fces, i l\\u2019acollida d\\u2019escolars d'origen migrant.\",\"category_display_names\":[\"Grups de recerca universitaris\"],\"area_display_names\":[\"Did\\u00e0ctica de la Llengua i la Literatura\",\"Educaci\\u00f3 i Alfabetitzaci\\u00f3 Digital\",\"Educaci\\u00f3 Inclusiva\"],\"image\":\"https:\\\/\\\/projectes.xtec.cat\\\/recerca\\\/wp-content\\\/uploads\\\/usu2090\\\/2025\\\/05\\\/GREIP_UAB.png\"},{\"id\":292,\"lat\":41.43879362,\"lon\":2.144432267,\"title\":\"Grup de Recerca EMA, Entorns i Materials per a l&#8217;Aprenentatge\",\"permalink\":\"https:\\\/\\\/projectes.xtec.cat\\\/recerca\\\/gdr\\\/grup-de-recerca-ema-entorns-i-materials-per-a-laprenentatge\\\/\",\"subtitle\":\"Universitat de Barcelona. Facultat d'Educaci\\u00f3\",\"address\":\"Campus Mundet. Edifici Llevant, despatx 32608035 Barcelona.\",\"phone\":\"934 035 222\",\"email\":\"gr.ema@ub.edu\",\"website\":\"https:\\\/\\\/www.ub.edu\\\/ema\\\/\",\"ambits\":[],\"categories\":[\"grups-de-recerca-universitaris\"],\"arees\":[\"educacio-i-alfabetitzacio-digital\",\"educacio-i-salut\",\"organitzacio-escolar-i-lideratge-educatiu\",\"pedagogia\",\"sociologia-de-leducacio\"],\"arees_interes\":[\"benestar-docent\",\"digitalitzacio\",\"estrategies-docents\",\"personalitzacio-dels-aprenentatges\"],\"content\":\"Les seves l\\u00ednies de recerca s\\u00f3n: l'estudi dels espais i entorns d\\u2019aprenentatge per millorar les condicions educatives; les pedagogies transformadores per afrontar els reptes actuals; les tecnologies digitals per enriquir l'experi\\u00e8ncia d\\u2019aprenentatge; i la neuroeducaci\\u00f3 per optimitzar els processos d'ensenyament i aprenentatge.\",\"category_display_names\":[\"Grups de recerca universitaris\"],\"area_display_names\":[\"Educaci\\u00f3 i Alfabetitzaci\\u00f3 Digital\",\"Educaci\\u00f3 i Salut\",\"Organitzaci\\u00f3 Escolar i Lideratge Educatiu\",\"Pedagogia\",\"Sociologia de l'Educaci\\u00f3\"],\"image\":\"https:\\\/\\\/projectes.xtec.cat\\\/recerca\\\/wp-content\\\/uploads\\\/usu2090\\\/2025\\\/05\\\/EMA.png\"},{\"id\":291,\"lat\":41.38974184,\"lon\":2.113019395,\"title\":\"University Learning Research Group Acr\\u00f2nim: EduSTEAM\",\"permalink\":\"https:\\\/\\\/projectes.xtec.cat\\\/recerca\\\/gdr\\\/university-learning-research-group-acronim-edusteam\\\/\",\"subtitle\":\"Universitat Polit\\u00e8cnica de Catalunya. Escola T\\u00e8cnica Superior d'Enginyeria de Telecomunicaci\\u00f3 de Barcelona (ETSETB)\",\"address\":\"C. de Jordi Girona, 3 - Campus Nord. Edifici C6, despatx 21808034 Barcelona\",\"phone\":\"\",\"email\":\"ramon.bragos@upc.edu\",\"website\":\"https:\\\/\\\/futur.upc.edu\\\/EduSTEAM\",\"ambits\":[],\"categories\":[\"grups-de-recerca-universitaris\"],\"arees\":[\"didactica-de-les-ciencies-i-la-tecnologia\",\"didactica-de-les-matematiques\",\"educacio-inclusiva\",\"sociologia-de-leducacio\"],\"arees_interes\":[\"avaluacio\",\"ciencies-socials-i-educacio-critica\",\"coeducacio\",\"diversitat-i-inclusio\",\"identitat-i-genere\",\"estrategies-docents\",\"ods-sostenibilitat\",\"resultats-educatius\",\"segregacio-i-abandonament\",\"stem\"],\"content\":\"Les seves l\\u00ednies de recerca s\\u00f3n: l'ensenyament-aprenentatge en disciplines STEAM; la incorporaci\\u00f3 dels Objectius de Desenvolupament Sostenible en aquests estudis; el desenvolupament de compet\\u00e8ncies com el treball en equip i la comunicaci\\u00f3; la reducci\\u00f3 de la bretxa de g\\u00e8nere en STEM; el disseny i \\u00fas d'eines basades en an\\u00e0lisi de l'aprenentatge per millorar l\\u2019educaci\\u00f3, reduir l'abandonament i optimitzar el rendiment acad\\u00e8mic.\",\"category_display_names\":[\"Grups de recerca universitaris\"],\"area_display_names\":[\"Did\\u00e0ctica de les Ci\\u00e8ncies i la Tecnologia\",\"Did\\u00e0ctica de les Matem\\u00e0tiques\",\"Educaci\\u00f3 Inclusiva\",\"Sociologia de l'Educaci\\u00f3\"],\"image\":\"https:\\\/\\\/projectes.xtec.cat\\\/recerca\\\/wp-content\\\/uploads\\\/usu2090\\\/2025\\\/05\\\/Edusteam_UPC-2.png\"},{\"id\":290,\"lat\":41.37935838,\"lon\":2.179631296,\"title\":\"Grael &#8211; Grup de Recerca en Aprenentatge i Ensenyament de Lleng\\u00fces.\",\"permalink\":\"https:\\\/\\\/projectes.xtec.cat\\\/recerca\\\/gdr\\\/grael-grup-de-recerca-en-aprenentatge-i-ensenyament-de-llengues\\\/\",\"subtitle\":\"Universitat Pompeu Fabra. Facultat de Traducci\\u00f3 i Ci\\u00e8ncies del Llenguatge\",\"address\":\"C. de la Merc\\u00e8, 12. Edifici de la Merc\\u00e808002 Barcelona\",\"phone\":\"935 422 000\",\"email\":\"encarnacion.atienza@upf.edu\",\"website\":\"https:\\\/\\\/www.upf.edu\\\/web\\\/grael\",\"ambits\":[\"catala\",\"literatura\",\"expressio-escrita\",\"gramatica\",\"linguistic-i-literari\"],\"categories\":[\"grups-de-recerca-universitaris\"],\"arees\":[\"didactica-de-la-llengua-i-la-literatura\",\"educacio-i-alfabetitzacio-digital\",\"metodes-dinvestigacio-i-transferencia-del-coneixement\",\"pedagogia\"],\"arees_interes\":[\"avaluacio-avaluacio\",\"avaluacio\",\"digitalitzacio\",\"estrategies-docents\"],\"content\":\"Les seves l\\u00ednies de recerca s\\u00f3n: l'an\\u00e0lisi i cr\\u00edtica de diversos enfocaments i propostes metodol\\u00f2giques; la descripci\\u00f3 i an\\u00e0lisi dels processos d\\u2019aprenentatge a l'aula; l'an\\u00e0lisi dels discursos a l'aula; l'an\\u00e0lisi i cr\\u00edtica de materials did\\u00e0ctics; la documentaci\\u00f3, descripci\\u00f3 i an\\u00e0lisi de les pr\\u00e0ctiques liter\\u00e0ries vernacles; la descripci\\u00f3 de g\\u00e8neres discursius acad\\u00e8mics i la introducci\\u00f3 de tecnologies de la informaci\\u00f3 i la comunicaci\\u00f3 en l'ensenyament.\",\"category_display_names\":[\"Grups de recerca universitaris\"],\"area_display_names\":[\"Did\\u00e0ctica de la Llengua i la Literatura\",\"Educaci\\u00f3 i Alfabetitzaci\\u00f3 Digital\",\"M\\u00e8todes d'Investigaci\\u00f3 i Transfer\\u00e8ncia del Coneixement\",\"Pedagogia\"],\"image\":\"https:\\\/\\\/projectes.xtec.cat\\\/recerca\\\/wp-content\\\/uploads\\\/usu2090\\\/2025\\\/05\\\/GR_GR@EL_UPF.png\"},{\"id\":289,\"lat\":41.406127,\"lon\":2.123496584,\"title\":\"Grup de recerca en qualitat relacional: Entorns educatius, organitzatius i familiars (VINCLES)\",\"permalink\":\"https:\\\/\\\/projectes.xtec.cat\\\/recerca\\\/gdr\\\/grup-de-recerca-en-qualitat-relacional-entorns-educatius-organitzatius-i-familiars-vincles\\\/\",\"subtitle\":\"Universitat Internacional de Catalunya. Facultat de Ci\\u00e8ncies de l'Educaci\\u00f3\",\"address\":\"C. de la Immaculada, 2208017 Barcelona\",\"phone\":\"932 541 800Ext. 6204, 4545\",\"email\":\"mgraug@uic.es\",\"website\":\"https:\\\/\\\/www.uic.es\\\/ca\\\/recerca\\\/recerca\\\/grups-de-recerca\\\/ciencies-socials-i-juridiques\\\/gre-qualitat-relacional-entorns\",\"ambits\":[],\"categories\":[\"grups-de-recerca-universitaris\"],\"arees\":[\"organitzacio-escolar-i-lideratge-educatiu\",\"psicologia-de-leducacio\",\"sociologia-de-leducacio\"],\"arees_interes\":[\"gestio-i-organitzacio-escolar\",\"participacio-i-families\"],\"content\":\"Les seves l\\u00ednies de recerca s\\u00f3n: la qualitat relacional en les fam\\u00edlies contempor\\u00e0nies, la relaci\\u00f3 entre fam\\u00edlies i entorns educatius i organitzatius, i la qualitat relacional en entorns educatius\",\"category_display_names\":[\"Grups de recerca universitaris\"],\"area_display_names\":[\"Organitzaci\\u00f3 Escolar i Lideratge Educatiu\",\"Psicologia de l'Educaci\\u00f3\",\"Sociologia de l'Educaci\\u00f3\"],\"image\":\"https:\\\/\\\/projectes.xtec.cat\\\/recerca\\\/wp-content\\\/uploads\\\/usu2090\\\/2025\\\/05\\\/UIC_Vincles.png\"},{\"id\":288,\"lat\":41.13319009,\"lon\":1.242901638,\"title\":\"Transformaci\\u00f3 Educativa, Lideratge i Sostenibilitat (EDIT)\",\"permalink\":\"https:\\\/\\\/projectes.xtec.cat\\\/recerca\\\/gdr\\\/transformacio-educativa-lideratge-i-sostenibilitat-edit\\\/\",\"subtitle\":\"Universitat Rovira i Virgili.Facultat de Ci\\u00e8ncies de l'Educaci\\u00f3 i Psicologia\",\"address\":\"Cra. de Valls, s\\\/n - Campus Sescelades. 43007 Tarragona\",\"phone\":\"\",\"email\":\"edit.recerca@urv.cat\",\"website\":\"https:\\\/\\\/www.edit.recerca.urv.cat\\\/ca\\\/\",\"ambits\":[],\"categories\":[\"grups-de-recerca-universitaris\"],\"arees\":[\"didactica-de-les-ciencies-socials-i-les-humanitats\",\"educacio-i-alfabetitzacio-digital\",\"organitzacio-escolar-i-lideratge-educatiu\",\"pedagogia\",\"politiques-educatives-i-avaluacio\",\"sociologia-de-leducacio\"],\"arees_interes\":[\"ciencies-socials-i-educacio-critica\",\"desenvolupament-professional-docent\",\"formacio-continua\",\"gestio-i-organitzacio-escolar\",\"ia-i-aprenentatge\",\"identitat-i-genere\",\"lideratge-i-organitzacio-de-centres\",\"estrategies-docents\",\"ods-sostenibilitat\"],\"content\":\"Les seves l\\u00ednies de recerca s\\u00f3n: la innovaci\\u00f3 i transformaci\\u00f3 educativa; el lideratge educatiu; la intel\\u00b7lig\\u00e8ncia artificial aplicada a l'educaci\\u00f3, l'educaci\\u00f3 per a la sostenibilitat; g\\u00e8nere i educaci\\u00f3; l'avaluaci\\u00f3 i la retroacci\\u00f3 en educaci\\u00f3 i la formaci\\u00f3 de professionals de l'educaci\\u00f3.\",\"category_display_names\":[\"Grups de recerca universitaris\"],\"area_display_names\":[\"Did\\u00e0ctica de les Ci\\u00e8ncies Socials i les Humanitats\",\"Educaci\\u00f3 i Alfabetitzaci\\u00f3 Digital\",\"Organitzaci\\u00f3 Escolar i Lideratge Educatiu\",\"Pedagogia\",\"Pol\\u00edtiques Educatives i Avaluaci\\u00f3\",\"Sociologia de l'Educaci\\u00f3\"],\"image\":\"https:\\\/\\\/projectes.xtec.cat\\\/recerca\\\/wp-content\\\/uploads\\\/usu2090\\\/2025\\\/05\\\/grup_de_recerca_edit_URV.png\"},{\"id\":287,\"lat\":41.50544987,\"lon\":2.105648778,\"title\":\"ATLAS. Grup de recerca en interseccions cr\\u00edtiques en educaci\\u00f3\",\"permalink\":\"https:\\\/\\\/projectes.xtec.cat\\\/recerca\\\/gdr\\\/atlas-grup-de-recerca-en-interseccions-critiques-en-educacio\\\/\",\"subtitle\":\"Universitat Aut\\u00f2noma de Barcelona. Facultat de Ci\\u00e8ncies de l'Educaci\\u00f3\",\"address\":\"Campus de la UAB - Edifici G-608193 Bellaterra\",\"phone\":\"\",\"email\":\"info@atlas.uab.cat\",\"website\":\"https:\\\/\\\/webs.uab.cat\\\/atlas\\\/\",\"ambits\":[\"artistic\",\"arts-esceniques\",\"arts-visuals\",\"cultura-audiovisual\",\"expressio-corporal\",\"musica\"],\"categories\":[\"grups-de-recerca-universitaris\"],\"arees\":[\"pedagogia\",\"politiques-educatives-i-avaluacio\",\"psicologia-de-leducacio\",\"sociologia-de-leducacio\"],\"arees_interes\":[\"ciencies-socials-i-educacio-critica\",\"coeducacio\",\"diversitat-i-inclusio\",\"identitat-i-genere\",\"interculturalitat-i-immigracio\",\"pensament-critic\"],\"content\":\"Les seves l\\u00ednies de recerca s\\u00f3n: les injust\\u00edcies racials\\\/\\u00e8tniques, de classe social, d'edat, de g\\u00e8nere, de sexualitat i de religi\\u00f3 en l\\u2019educaci\\u00f3; l'ag\\u00e8ncia dels subjectes (experi\\u00e8ncies de vida, identitats, estrat\\u00e8gies de resist\\u00e8ncia i formes d\\u2019organitzaci\\u00f3 col\\u00b7lectiva); les vulnerabilitats, les precarietats i les exclusions-viol\\u00e8ncies que afecten grups migrats i minoritzats per ra\\u00f3 de classe social, ra\\u00e7a\\\/\\u00e8tnia, edat, g\\u00e8nere, sexualitat i religi\\u00f3; els discursos, els modes de producci\\u00f3 del coneixement i les metodologies de recerca feministes, decolonials i no adultoc\\u00e8ntriques i els conceptes, les pol\\u00edtiques i les pr\\u00e0ctiques de les pedagogies cr\\u00edtiques, feministes, populars, corporals, art\\u00edstiques i de la cultura visual.\",\"category_display_names\":[\"Grups de recerca universitaris\"],\"area_display_names\":[\"Pedagogia\",\"Pol\\u00edtiques Educatives i Avaluaci\\u00f3\",\"Psicologia de l'Educaci\\u00f3\",\"Sociologia de l'Educaci\\u00f3\"],\"image\":\"https:\\\/\\\/projectes.xtec.cat\\\/recerca\\\/wp-content\\\/uploads\\\/usu2090\\\/2025\\\/05\\\/atlas_UAB.png\"},{\"id\":286,\"lat\":41.43772608,\"lon\":2.145296626,\"title\":\"Institut de Recerca en Educaci\\u00f3 de la UB (IREUB)\",\"permalink\":\"https:\\\/\\\/projectes.xtec.cat\\\/recerca\\\/gdr\\\/institut-de-recerca-en-educacio-de-la-ub-ireub\\\/\",\"subtitle\":\"Universitat de Barcelona. Facultat d'Educaci\\u00f3 i de Psicologia\",\"address\":\"Pg. de la Vall d'Hebron, 17108035 Barcelona\",\"phone\":\"934 035 201\",\"email\":\"ire@ub.edu\",\"website\":\"https:\\\/\\\/web.ub.edu\\\/web\\\/institut-recerca-educacio\\\/inici\",\"ambits\":[],\"categories\":[\"grups-de-recerca-universitaris\"],\"arees\":[\"didactica-de-les-ciencies-socials-i-les-humanitats\",\"pedagogia\",\"politiques-educatives-i-avaluacio\",\"psicologia-de-leducacio\",\"sociologia-de-leducacio\"],\"arees_interes\":[],\"content\":\"Les seves l\\u00ednies de recerca s\\u00f3n: la promoci\\u00f3 de la investigaci\\u00f3 d'excel\\u00b7l\\u00e8ncia en educaci\\u00f3, l'enfocament integrador de diverses disciplines i tradicions de recerca, i l'abordatge dels desafiaments educatius actuals amb una visi\\u00f3 global i innovadora.\",\"category_display_names\":[\"Grups de recerca universitaris\"],\"area_display_names\":[\"Did\\u00e0ctica de les Ci\\u00e8ncies Socials i les Humanitats\",\"Pedagogia\",\"Pol\\u00edtiques Educatives i Avaluaci\\u00f3\",\"Psicologia de l'Educaci\\u00f3\",\"Sociologia de l'Educaci\\u00f3\"],\"image\":\"https:\\\/\\\/projectes.xtec.cat\\\/recerca\\\/wp-content\\\/uploads\\\/usu2090\\\/2025\\\/05\\\/IRE_UB.png\"},{\"id\":285,\"lat\":41.50281468,\"lon\":2.106759197,\"title\":\"Seminari Interuniversitari sobre Identitat i Noves Traject\\u00f2ries Educatives (SINTE) UAB\",\"permalink\":\"https:\\\/\\\/projectes.xtec.cat\\\/recerca\\\/gdr\\\/seminari-interuniversitari-sobre-identitat-i-noves-trajectories-educatives-sinte-uab\\\/\",\"subtitle\":\"Universitat Aut\\u00f2noma de Barcelona. Facultat de Psicologia\",\"address\":\"C. de la Fortuna, s\\\/n08193 Bellaterra\",\"phone\":\"\",\"email\":\"carles.monereo@uab.cat\",\"website\":\"https:\\\/\\\/mipe.psyed.edu.es\\\/ca\\\/datos-generales\\\/grupos-investigacion\\\/sinte-identites_uab\\\/\",\"ambits\":[],\"categories\":[\"grups-de-recerca-universitaris\"],\"arees\":[\"educacio-inclusiva\",\"psicologia-de-leducacio\",\"sociologia-de-leducacio\"],\"arees_interes\":[\"carrera-professional-docent\",\"desenvolupament-professional-docent\",\"diversitat-i-inclusio\"],\"content\":\"Les seves l\\u00ednies de recerca s\\u00f3n: el desenvolupament de la identitat de l\\u2019investigador; el desenvolupament de la identitat del professional educador i el desenvolupament i intervenci\\u00f3 en diversitat, inclusi\\u00f3 i cooperaci\\u00f3\",\"category_display_names\":[\"Grups de recerca universitaris\"],\"area_display_names\":[\"Educaci\\u00f3 Inclusiva\",\"Psicologia de l'Educaci\\u00f3\",\"Sociologia de l'Educaci\\u00f3\"],\"image\":\"https:\\\/\\\/projectes.xtec.cat\\\/recerca\\\/wp-content\\\/uploads\\\/usu2090\\\/2025\\\/05\\\/1-496bce79.png\"},{\"id\":284,\"lat\":41.38181327711528,\"lon\":2.169206886505955,\"title\":\"Grup de Treball de Llengua i Educaci\\u00f3 (LEd)\",\"permalink\":\"https:\\\/\\\/projectes.xtec.cat\\\/recerca\\\/gdr\\\/grup-de-treball-de-llengua-i-educacio-led\\\/\",\"subtitle\":\"Institut d'Estudis Catalans\",\"address\":\"Carrer del Carme, 47\",\"phone\":\"+34 932 701 620\",\"email\":\"cristina.escobar@uab.cat\",\"website\":\"https:\\\/\\\/scp.iec.cat\\\/grups-de-treball-2\\\/grup-de-treball-llengua-i-educacio-led\",\"ambits\":[\"castella\",\"catala\",\"linguistic-i-literari\",\"llengues-estrangeres\"],\"categories\":[\"entitats\",\"grups-de-recerca-universitaris\"],\"arees\":[\"didactica-de-la-llengua-i-la-literatura\",\"pedagogia\"],\"arees_interes\":[\"aicle-clil\",\"codocencia\",\"estrategies-docents\"],\"content\":\"El Grup LEd, constitu\\u00eft\\u00a0<span class=\\\"gmail_default\\\">inicialment\\u00a0<\\\/span>per personal investigador en did\\u00e0ctica de la llengua de la UAB, va iniciar el seu cam\\u00ed com a SGR l\\u2019any 2013.\\u00a0En l\\u2019actualitat incorpora investigadores i investigadors de set universitats, i professorat del Departament d\\u2019Educaci\\u00f3 i Formaci\\u00f3 Professional. Les seves l\\u00ednies de recerca s\\u00f3n:\\u00a0 la codoc\\u00e8ncia a les aules, l'Aprenentatge Integrat de Contingut i Llengua Estrangera (AICLE, CLIL, EMILE), els graus en angl\\u00e8s, l\\u2019estudi del desenvolupament de la compet\\u00e8ncia pluriling\\u00fce a les aules, l\\u2019ensenyament de la pronunciaci\\u00f3, \\u00a0i les compet\\u00e8ncies docents del professorat, la investigaci\\u00f3 aplicada en l'ensenyament i aprenentatge de lleng\\u00fces i compet\\u00e8ncia pluriling\\u00fce en contextos multiling\\u00fces; la disseminaci\\u00f3 de la recerca per millorar la pr\\u00e0ctica educativa en diferents \\u00e0mbits d'ensenyament; la promoci\\u00f3 del debat sobre estrat\\u00e8gies pedag\\u00f2giques per a la democratitzaci\\u00f3 de l'aprenentatge de lleng\\u00fces; i la col\\u00b7laboraci\\u00f3 amb institucions educatives per fomentar el desenvolupament de la compet\\u00e8ncia pluriling\\u00fce.\",\"category_display_names\":[\"Entitats, fundacions, societat civil i empreses\",\"Grups de recerca universitaris\"],\"area_display_names\":[\"Did\\u00e0ctica de la Llengua i la Literatura\",\"Pedagogia\"],\"image\":\"https:\\\/\\\/projectes.xtec.cat\\\/recerca\\\/wp-content\\\/uploads\\\/usu2090\\\/2025\\\/06\\\/led2.png\"},{\"id\":283,\"lat\":41.39587358,\"lon\":2.145570224,\"title\":\"Grup de recerca Innovaci\\u00f3 i An\\u00e0lisi Social (GIAS)\",\"permalink\":\"https:\\\/\\\/projectes.xtec.cat\\\/recerca\\\/gdr\\\/grup-de-recerca-innovacio-i-analisi-social-gias\\\/\",\"subtitle\":\"Universitat Ramon Llull. Facultat d'Educaci\\u00f3 Social i Treball Social Pere Tarr\\u00e9s\",\"address\":\"C. Santal\\u00f3 3708021 Barcelona\",\"phone\":\"934 152 551\",\"email\":\"infofacultat@peretarres.org\",\"website\":\"https:\\\/\\\/www.peretarres.org\\\/facultat\\\/recerca\\\/grup-recerca-gias\",\"ambits\":[],\"categories\":[\"grups-de-recerca-universitaris\"],\"arees\":[\"educacio-i-salut\",\"politiques-educatives-i-avaluacio\",\"psicologia-de-leducacio\",\"sociologia-de-leducacio\"],\"arees_interes\":[\"avaluacio\",\"benestar-docent\",\"carrera-professional-docent\",\"desenvolupament-professional-docent\",\"politiques-educatives\"],\"content\":\"Les seves l\\u00ednies de recerca s\\u00f3n: l'acci\\u00f3 comunit\\u00e0ria, el desenvolupament social i el lleure educatiu; la governan\\u00e7a, la gesti\\u00f3 i les pol\\u00edtiques socials; l\\u2019\\u00e8tica, la responsabilitat professional i les necessitats no materials; la innovaci\\u00f3 social i les compet\\u00e8ncies professionals; i la salut i el benestar psicosocial al llarg del cicle vital.\",\"category_display_names\":[\"Grups de recerca universitaris\"],\"area_display_names\":[\"Educaci\\u00f3 i Salut\",\"Pol\\u00edtiques Educatives i Avaluaci\\u00f3\",\"Psicologia de l'Educaci\\u00f3\",\"Sociologia de l'Educaci\\u00f3\"],\"image\":\"https:\\\/\\\/projectes.xtec.cat\\\/recerca\\\/wp-content\\\/uploads\\\/usu2090\\\/2025\\\/05\\\/Gias_URL_PereTarres.png\"},{\"id\":282,\"lat\":41.41161385,\"lon\":2.132796553,\"title\":\"Seminari Interuniversitari sobre Identitat i Noves Traject\\u00f2ries Educatives (SINTE) URL\",\"permalink\":\"https:\\\/\\\/projectes.xtec.cat\\\/recerca\\\/gdr\\\/seminari-interuniversitari-sobre-identitat-i-noves-trajectories-educatives-sinte-url\\\/\",\"subtitle\":\"Universitat Ramon Llull. Facultat de Psicologia, Ci\\u00e8ncies de l'Educaci\\u00f3 i de l'Esport\",\"address\":\"C. C\\u00edster, 3408022 Barcelona\",\"phone\":\"\",\"email\":\"montserratcb@blanquerna.edu\",\"website\":\"https:\\\/\\\/www.blanquerna.edu\\\/ca\\\/recerca\\\/sinte-seminari-interuniversitari-sobre-identitat-i-noves-trajectories-educatives#linies-de-recerca\",\"ambits\":[],\"categories\":[\"grups-de-recerca-universitaris\"],\"arees\":[\"educacio-inclusiva\",\"psicologia-de-leducacio\",\"sociologia-de-leducacio\"],\"arees_interes\":[\"carrera-professional-docent\",\"desenvolupament-professional-docent\",\"diversitat-i-inclusio\"],\"content\":\"Les seves l\\u00ednies de recerca s\\u00f3n: el desenvolupament de la identitat de l\\u2019investigador; el desenvolupament de la identitat del professional educador i el desenvolupament i intervenci\\u00f3 en diversitat, inclusi\\u00f3 i cooperaci\\u00f3\",\"category_display_names\":[\"Grups de recerca universitaris\"],\"area_display_names\":[\"Educaci\\u00f3 Inclusiva\",\"Psicologia de l'Educaci\\u00f3\",\"Sociologia de l'Educaci\\u00f3\"],\"image\":\"https:\\\/\\\/projectes.xtec.cat\\\/recerca\\\/wp-content\\\/uploads\\\/usu2090\\\/2025\\\/05\\\/SINTE_Blanquerna.avif.png\"},{\"id\":281,\"lat\":41.41161385,\"lon\":2.132796553,\"title\":\"Grup de Recerca en Pedagogia, Societat i Innovaci\\u00f3 amb el suport de les TIC (PSITIC)\",\"permalink\":\"https:\\\/\\\/projectes.xtec.cat\\\/recerca\\\/gdr\\\/grup-de-recerca-en-pedagogia-societat-i-innovacio-amb-el-suport-de-les-tic-psitic\\\/\",\"subtitle\":\"Universitat Ramon Llull. Facultat de Psicologia, Ci\\u00e8ncies de l'Educaci\\u00f3 i de l'Esport\",\"address\":\"C. C\\u00edster, 3408022 Barcelona\",\"phone\":\"932 533 000\",\"email\":\"psitic@blanquerna.url.edu\",\"website\":\"https:\\\/\\\/grpsitic-blanquerna.cat\\\/?page_id=2293\",\"ambits\":[],\"categories\":[\"grups-de-recerca-universitaris\"],\"arees\":[\"educacio-i-alfabetitzacio-digital\",\"educacio-inclusiva\",\"organitzacio-escolar-i-lideratge-educatiu\",\"pedagogia\",\"politiques-educatives-i-avaluacio\",\"sociologia-de-leducacio\"],\"arees_interes\":[\"diversitat-i-inclusio\",\"digitalitzacio\",\"gestio-i-organitzacio-escolar\",\"lideratge-i-organitzacio-de-centres\",\"estrategies-docents\"],\"content\":\"Les seves l\\u00ednies de recerca s\\u00f3n: els nous paradigmes socioeducatius i la transformaci\\u00f3 educativa amb suport de les TIC; la qualitat i sostenibilitat dels processos d'innovaci\\u00f3 educativa des d'una perspectiva transdisciplin\\u00e0ria, amb un enfocament socioconstruccionista i sist\\u00e8mic; els models de lideratge educatiu transformador, basats en la coresponsabilitat socioeducativa, i contextos de vulnerabilitat i d\\u2019\\u00e8xit i inclusi\\u00f3.\",\"category_display_names\":[\"Grups de recerca universitaris\"],\"area_display_names\":[\"Educaci\\u00f3 i Alfabetitzaci\\u00f3 Digital\",\"Educaci\\u00f3 Inclusiva\",\"Organitzaci\\u00f3 Escolar i Lideratge Educatiu\",\"Pedagogia\",\"Pol\\u00edtiques Educatives i Avaluaci\\u00f3\",\"Sociologia de l'Educaci\\u00f3\"],\"image\":\"https:\\\/\\\/projectes.xtec.cat\\\/recerca\\\/wp-content\\\/uploads\\\/usu2090\\\/2025\\\/05\\\/PSTIC_blanquerna.png\"},{\"id\":280,\"lat\":41.50822178,\"lon\":2.106126663,\"title\":\"Grup de Recerca sobre Aprenentatge entre Iguals (GRAI)\",\"permalink\":\"https:\\\/\\\/projectes.xtec.cat\\\/recerca\\\/gdr\\\/grup-de-recerca-sobre-aprenentatge-entre-iguals-grai\\\/\",\"subtitle\":\"Universitat de Barcelona. Facultat d'Educaci\\u00f3\",\"address\":\"P\\u00e7a. del Coneixement, Edifici G508193 Bellaterra\",\"phone\":\"\",\"email\":\"david.duran@uab.cat\",\"website\":\"https:\\\/\\\/webs.uab.cat\\\/grai\\\/\",\"ambits\":[\"aprendre-a-aprendre\",\"desenvolupament-personal-i-social\",\"tutoria\"],\"categories\":[\"grups-de-recerca-universitaris\"],\"arees\":[\"educacio-inclusiva\",\"metodes-dinvestigacio-i-transferencia-del-coneixement\",\"pedagogia\"],\"arees_interes\":[\"aprenentatge-collaboratiu-i-cooperatiu\",\"avaluacio\",\"diversitat-i-inclusio\",\"estrategies-docents\",\"resultats-educatius\"],\"content\":\"Les seves l\\u00ednies de recerca s\\u00f3n: l'aprenentatge entre iguals en diferents contextos educatius i socials; les metodologies de l'aprenentatge cooperatiu, col\\u00b7laboratiu i la tutoria entre iguals i les estrat\\u00e8gies que millorin la qualitat educativa i la inclusi\\u00f3.\",\"category_display_names\":[\"Grups de recerca universitaris\"],\"area_display_names\":[\"Educaci\\u00f3 Inclusiva\",\"M\\u00e8todes d'Investigaci\\u00f3 i Transfer\\u00e8ncia del Coneixement\",\"Pedagogia\"],\"image\":\"https:\\\/\\\/projectes.xtec.cat\\\/recerca\\\/wp-content\\\/uploads\\\/usu2090\\\/2025\\\/05\\\/GRAI_UB.jpg\"},{\"id\":279,\"lat\":41.93095906,\"lon\":2.245675469,\"title\":\"Grup de Recerca Educativa de la Universitat de Vic (GREUV )\",\"permalink\":\"https:\\\/\\\/projectes.xtec.cat\\\/recerca\\\/gdr\\\/grup-de-recerca-educativa-de-la-universitat-de-vic-greuv\\\/\",\"subtitle\":\"Universitat de Vic-Universitat Central de Catalunya\",\"address\":\"C. de la Sagrada Fam\\u00edlia, 708500 Vic\",\"phone\":\"938 816 164\",\"email\":\"jordi.collet@uvic.cat\",\"website\":\"https:\\\/\\\/urecerca.uvic.cat\\\/CawDOS\\\/jsf\\\/seleccionPersonalEstamento\\\/seleccionPersonal.jsf?id=cd48840d65bb3bc0&idioma=ca&tipo=grupo&elmeucv=N\",\"ambits\":[\"geografia\",\"historia\",\"poblacio-territori-i-medi\",\"social-i-humanistic\"],\"categories\":[\"grups-de-recerca-universitaris\"],\"arees\":[\"educacio-inclusiva\",\"politiques-educatives-i-avaluacio\",\"sociologia-de-leducacio\"],\"arees_interes\":[\"ciencies-socials-i-educacio-critica\",\"ciutadania-democratica\"],\"content\":\"Les seves l\\u00ednies de recerca s\\u00f3n: educaci\\u00f3, territori i ciutadania; educaci\\u00f3, hist\\u00f2ria i cultura.\",\"category_display_names\":[\"Grups de recerca universitaris\"],\"area_display_names\":[\"Educaci\\u00f3 Inclusiva\",\"Pol\\u00edtiques Educatives i Avaluaci\\u00f3\",\"Sociologia de l'Educaci\\u00f3\"],\"image\":\"https:\\\/\\\/projectes.xtec.cat\\\/recerca\\\/wp-content\\\/uploads\\\/usu2090\\\/2025\\\/05\\\/UVIC-GREUV.png\"},{\"id\":277,\"lat\":41.38958142,\"lon\":2.115804473,\"title\":\"Barcelona Science and Engineering Education Group (BCN-SEER)\",\"permalink\":\"https:\\\/\\\/projectes.xtec.cat\\\/recerca\\\/gdr\\\/barcelona-science-and-engineering-education-group-bcn-seer\\\/\",\"subtitle\":\"Universitat Polit\\u00e8cnica de Catalunya. Barcelona Tech\",\"address\":\"C. de Jordi Girona, 3108034 Barcelona\",\"phone\":\"\",\"email\":\"\",\"website\":\"https:\\\/\\\/upcommons.upc.edu\\\/handle\\\/2117\\\/115265\",\"ambits\":[\"cientific-i-tecnologic\"],\"categories\":[\"grups-de-recerca-universitaris\"],\"arees\":[\"didactica-de-les-ciencies-i-la-tecnologia\",\"educacio-i-alfabetitzacio-digital\"],\"arees_interes\":[\"estrategies-docents\",\"stem\"],\"content\":\"Les seves l\\u00ednies de recerca s\\u00f3n: l'educaci\\u00f3 en ci\\u00e8ncia i enginyeria i la recerca aplicada i interdisciplin\\u00e0ria en els mateixos \\u00e0mbits.\",\"category_display_names\":[\"Grups de recerca universitaris\"],\"area_display_names\":[\"Did\\u00e0ctica de les Ci\\u00e8ncies i la Tecnologia\",\"Educaci\\u00f3 i Alfabetitzaci\\u00f3 Digital\"],\"image\":\"https:\\\/\\\/projectes.xtec.cat\\\/recerca\\\/wp-content\\\/uploads\\\/usu2090\\\/2025\\\/05\\\/BCN-SEER_UPC.png\"},{\"id\":276,\"lat\":41.62585294,\"lon\":0.6162436931,\"title\":\"Grup de Recerca emergent en Educaci\\u00f3 per a la Salut, Infermeria, Sostenibilitat i Innovaci\\u00f3 (GREISI)\",\"permalink\":\"https:\\\/\\\/projectes.xtec.cat\\\/recerca\\\/gdr\\\/grup-de-recerca-emergent-en-educacio-per-a-la-salut-infermeria-sostenibilitat-i-innovacio-greisi\\\/\",\"subtitle\":\"Universitat de Lleida. Facultat d'Infermeria i Fisioter\\u00e0pia\",\"address\":\"C. de Montserrat Roig, 225199 Lleida\",\"phone\":\"973 702 458\",\"email\":\"greisi.udl@gmail.com\",\"website\":\"https:\\\/\\\/www.greisi.udl.cat\\\/ca\\\/\",\"ambits\":[\"professionalitzador\",\"sanitat\"],\"categories\":[\"grups-de-recerca-universitaris\"],\"arees\":[\"educacio-i-salut\"],\"arees_interes\":[\"benestar-docent-desenvolupament-professional-docent\",\"benestar-emocional\",\"benestar-docent\",\"ciencies-socials-i-educacio-critica\",\"desenvolupament-professional-docent\",\"habits-i-salut\",\"ods-sostenibilitat\"],\"content\":\"Les seves l\\u00ednies de recerca s\\u00f3n: l\\u2019educaci\\u00f3 per a la salut, amb un enfocament en la prevenci\\u00f3 i la promoci\\u00f3 del benestar; la infermeria, centrada en la qualitat assistencial i l'atenci\\u00f3 a la cronicitat; la sostenibilitat, analitzant l\\u2019impacte ambiental en la salut; i la innovaci\\u00f3, aplicant noves metodologies docents en ci\\u00e8ncies de la salut.\",\"category_display_names\":[\"Grups de recerca universitaris\"],\"area_display_names\":[\"Educaci\\u00f3 i Salut\"],\"image\":\"https:\\\/\\\/projectes.xtec.cat\\\/recerca\\\/wp-content\\\/uploads\\\/usu2090\\\/2025\\\/05\\\/Gresisi_UdL.png\"},{\"id\":275,\"lat\":41.98585356,\"lon\":2.82712833,\"title\":\"Grup de Recerca en Cultura, Educaci\\u00f3 i Desenvolupament Hum\\u00e0\",\"permalink\":\"https:\\\/\\\/projectes.xtec.cat\\\/recerca\\\/gdr\\\/grup-de-recerca-en-cultura-educacio-i-desenvolupament-huma\\\/\",\"subtitle\":\"Universitat de Girona. Facultat d'Educaci\\u00f3 i Psicologia\",\"address\":\"Edifici SeminariPl. Sant Dom\\u00e8nec, 9Campus Barri Vell17004 Girona\",\"phone\":\"\",\"email\":\"moises.esteban@udg.edu\",\"website\":\"https:\\\/\\\/www.udg.edu\\\/ca\\\/grupsrecerca\\\/cultura-educacio-i-desenvolupament-huma\\\/recerca\\\/linies-de-recerca\",\"ambits\":[\"educacio-fisica\"],\"categories\":[\"grups-de-recerca-universitaris\"],\"arees\":[\"educacio-i-alfabetitzacio-digital\",\"educacio-inclusiva\",\"politiques-educatives-i-avaluacio\",\"sociologia-de-leducacio\"],\"arees_interes\":[\"alfabetitzacio-digital\",\"ciencies-socials-i-educacio-critica\",\"desenvolupament-professional-docent\",\"diversitat-i-inclusio\",\"digitalitzacio\",\"gestio-i-organitzacio-escolar\",\"ia-i-aprenentatge\",\"interculturalitat-i-immigracio\",\"estrategies-docents\",\"ods-sostenibilitat\",\"participacio-i-families\"],\"content\":\"Les seves l\\u00ednies de recerca s\\u00f3n: relacions fam\\u00edlia, escola i comunitat; processos d'ensenyament i aprenentatge en l'\\u00e0mbit de l'Educaci\\u00f3 F\\u00edsica i l'Esport; an\\u00e0lisi i gesti\\u00f3 de la diversitat ling\\u00fc\\u00edstica, social i cultural; educaci\\u00f3, sostenibilitat i canvi social; compet\\u00e8ncia informacional en l'era de la intel\\u00b7lig\\u00e8ncia artificial.\",\"category_display_names\":[\"Grups de recerca universitaris\"],\"area_display_names\":[\"Educaci\\u00f3 i Alfabetitzaci\\u00f3 Digital\",\"Educaci\\u00f3 Inclusiva\",\"Pol\\u00edtiques Educatives i Avaluaci\\u00f3\",\"Sociologia de l'Educaci\\u00f3\"],\"image\":\"https:\\\/\\\/projectes.xtec.cat\\\/recerca\\\/wp-content\\\/uploads\\\/usu2090\\\/2025\\\/05\\\/UDG_Recerca-Educacio-i-Desenvolupament-huma.png\"},{\"id\":274,\"lat\":41.44034704,\"lon\":2.142840277,\"title\":\"Grup de recerca sobre desenvolupament, interacci\\u00f3 i comunicaci\\u00f3 en contextos educatius\",\"permalink\":\"https:\\\/\\\/projectes.xtec.cat\\\/recerca\\\/gdr\\\/grup-de-recerca-sobre-desenvolupament-interaccio-i-comunicacio-en-contextos-educatius\\\/\",\"subtitle\":\"Universitat de Barcelona. Facultat de Psicologia\",\"address\":\"Edifici de PonentPg. de la Vall d'Hebron, 17108035 Barcelona\",\"phone\":\"\",\"email\":\"\",\"website\":\"https:\\\/\\\/www.ub.edu\\\/portal\\\/web\\\/psicologia\\\/grups-de-recerca-de-la-facultat\",\"ambits\":[],\"categories\":[\"grups-de-recerca-universitaris\"],\"arees\":[\"psicologia-de-leducacio\"],\"arees_interes\":[\"desenvolupament-professional-docent\"],\"content\":\"Les seves l\\u00ednies de recerca se centren en l'estudi dels processos d'influ\\u00e8ncia educativa, analitzant com educadors i aprenents construeixen coneixement en situacions educatives mitjan\\u00e7ant la interacci\\u00f3.\",\"category_display_names\":[\"Grups de recerca universitaris\"],\"area_display_names\":[\"Psicologia de l'Educaci\\u00f3\"],\"image\":\"https:\\\/\\\/projectes.xtec.cat\\\/recerca\\\/wp-content\\\/uploads\\\/usu2090\\\/2025\\\/05\\\/UB_logo.png\"},{\"id\":273,\"lat\":41.50430866,\"lon\":2.105997724,\"title\":\"Equip de Recerca en Educaci\\u00f3 i Seguretat Vi\\u00e0ries (ERESV)\",\"permalink\":\"https:\\\/\\\/projectes.xtec.cat\\\/recerca\\\/gdr\\\/equip-de-recerca-en-educacio-i-seguretat-viaries-eresv\\\/\",\"subtitle\":\"Universitat Aut\\u00f2noma de Barcelona. Facultat de Ci\\u00e8ncies de l'Educaci\\u00f3\",\"address\":\"Campus de la UABEdifici G6 08193 Bellaterra\",\"phone\":\"\",\"email\":\"\",\"website\":\"https:\\\/\\\/www.uab.cat\\\/ca\\\/pedagogia-aplicada\\\/grups-recerca\",\"ambits\":[\"desenvolupament-personal-i-social\",\"tutoria\"],\"categories\":[\"grups-de-recerca-universitaris\"],\"arees\":[\"pedagogia\",\"politiques-educatives-i-avaluacio\",\"sociologia-de-leducacio\"],\"arees_interes\":[\"avaluacio\",\"politiques-educatives\"],\"content\":\"Les seves l\\u00ednies de recerca se centren en la reducci\\u00f3 d'accidents de tr\\u00e0nsit i la minimitzaci\\u00f3 dels danys personals mitjan\\u00e7ant l'educaci\\u00f3 i la formaci\\u00f3, considerant les diferents etapes evolutives i situacions de mobilitat.\",\"category_display_names\":[\"Grups de recerca universitaris\"],\"area_display_names\":[\"Pedagogia\",\"Pol\\u00edtiques Educatives i Avaluaci\\u00f3\",\"Sociologia de l'Educaci\\u00f3\"],\"image\":\"https:\\\/\\\/projectes.xtec.cat\\\/recerca\\\/wp-content\\\/uploads\\\/usu2090\\\/2025\\\/05\\\/ERESV_UAB.png\"},{\"id\":272,\"lat\":41.50430866,\"lon\":2.105997724,\"title\":\"GRUMED. Grup de recerca en M\\u00fasica, Veu i Educaci\\u00f3).\",\"permalink\":\"https:\\\/\\\/projectes.xtec.cat\\\/recerca\\\/gdr\\\/grumed-grup-de-recerca-en-musica-veu-i-educacio\\\/\",\"subtitle\":\"Universitat Aut\\u00f2noma de Barcelona. Facultat de Ci\\u00e8ncies de l'Educaci\\u00f3\",\"address\":\"Campus de la UABEdifici G6 08193 Bellaterra\",\"phone\":\"\",\"email\":\"grumed@uab.cat\",\"website\":\"https:\\\/\\\/webs.uab.cat\\\/musicaieducacio\\\/\",\"ambits\":[\"artistic\",\"musica\"],\"categories\":[\"grups-de-recerca-universitaris\"],\"arees\":[\"didactica-cos-art-i-moviment\"],\"arees_interes\":[],\"content\":\"Les seves l\\u00ednies de recerca s\\u00f3n la did\\u00e0ctica de la m\\u00fasica i l'educaci\\u00f3 de la veu.\",\"category_display_names\":[\"Grups de recerca universitaris\"],\"area_display_names\":[\"Did\\u00e0ctica del cos, art i moviment\"],\"image\":\"https:\\\/\\\/projectes.xtec.cat\\\/recerca\\\/wp-content\\\/uploads\\\/usu2090\\\/2025\\\/05\\\/Grumed_UAB.png\"},{\"id\":271,\"lat\":41.43881491,\"lon\":2.144348346,\"title\":\"GREPPS &#8211; Grup de Recerca en Pensament Pedag\\u00f2gic i Social Contemporani\",\"permalink\":\"https:\\\/\\\/projectes.xtec.cat\\\/recerca\\\/gdr\\\/grepps-grup-de-recerca-en-pensament-pedagogic-i-social-contemporani\\\/\",\"subtitle\":\"Universitat de Barcelona. Facultat d'Educaci\\u00f3\",\"address\":\"Edifici de LlevantPg. de la Vall d'Hebron, 17108035 Barcelona\",\"phone\":\"\",\"email\":\"gr.pensamentpedagogic@ub.edu\",\"website\":\"https:\\\/\\\/www.ub.edu\\\/portal\\\/web\\\/gr-grepps\",\"ambits\":[],\"categories\":[\"grups-de-recerca-universitaris\"],\"arees\":[\"pedagogia\",\"politiques-educatives-i-avaluacio\",\"sociologia-de-leducacio\"],\"arees_interes\":[\"avaluacio\",\"politiques-educatives\"],\"content\":\"Les seves l\\u00ednies de recerca s\\u00f3n: el pensament pedag\\u00f2gic i social; la pol\\u00edtica de l'educaci\\u00f3; la pedagogia prospectiva i la pedagogia social.\",\"category_display_names\":[\"Grups de recerca universitaris\"],\"area_display_names\":[\"Pedagogia\",\"Pol\\u00edtiques Educatives i Avaluaci\\u00f3\",\"Sociologia de l'Educaci\\u00f3\"],\"image\":\"https:\\\/\\\/projectes.xtec.cat\\\/recerca\\\/wp-content\\\/uploads\\\/usu2090\\\/2025\\\/05\\\/grepps_UB.png\"},{\"id\":270,\"lat\":41.4387742887656,\"lon\":2.1441821394871,\"title\":\"TRALS &#8211; Transicions Acad\\u00e8miques i Laborals\",\"permalink\":\"https:\\\/\\\/projectes.xtec.cat\\\/recerca\\\/gdr\\\/trals-transicions-academiques-i-laborals\\\/\",\"subtitle\":\"Universitat de Barcelona. Facultat d'Educaci\\u00f3\",\"address\":\"Pg. de la Vall d'Hebron, 17108035 Barcelona\",\"phone\":\"\",\"email\":\"pfiguera@ub.edu\",\"website\":\"https:\\\/\\\/webgrec.ub.edu\\\/cgi-bin\\\/3DADREC\\\/crfitgrup.cgi?FONT=3&IDI=CAT&PID=36745&IDNC=200910201802280&PAR=TRALS012\",\"ambits\":[\"desenvolupament-personal-i-social\",\"tutoria\"],\"categories\":[\"grups-de-recerca-universitaris\"],\"arees\":[\"educacio-inclusiva\",\"pedagogia\"],\"arees_interes\":[\"diversitat-i-inclusio\",\"orientacio\"],\"content\":\"Les seves l\\u00ednies de recerca s\\u00f3n: les transicions acad\\u00e8miques i laborals, amb especial atenci\\u00f3 a l'orientaci\\u00f3 educativa i professional; la visibilitzaci\\u00f3 de la tasca orientadora i l'impuls de la innovaci\\u00f3 docent.\",\"category_display_names\":[\"Grups de recerca universitaris\"],\"area_display_names\":[\"Educaci\\u00f3 Inclusiva\",\"Pedagogia\"],\"image\":\"https:\\\/\\\/projectes.xtec.cat\\\/recerca\\\/wp-content\\\/uploads\\\/usu2090\\\/2025\\\/05\\\/Trals_UB.png\"},{\"id\":269,\"lat\":41.4067484551643,\"lon\":2.19438041647115,\"title\":\"Learning Analytics for Innovation and Knowledge Application in Higher Education (LAIKA)\",\"permalink\":\"https:\\\/\\\/projectes.xtec.cat\\\/recerca\\\/gdr\\\/learning-analytics-for-innovation-and-knowledge-application-in-higher-education-laika\\\/\",\"subtitle\":\"Universitat Oberta de Catalunya\",\"address\":\"Rbla. del Poblenou, 156Barcelona\",\"phone\":\"\",\"email\":\"\",\"website\":\"https:\\\/\\\/blogs.uoc.edu\\\/laika\\\/\",\"ambits\":[],\"categories\":[\"grups-de-recerca-universitaris\"],\"arees\":[\"educacio-i-alfabetitzacio-digital\",\"metodes-dinvestigacio-i-transferencia-del-coneixement\"],\"arees_interes\":[\"avaluacio-avaluacio\",\"avaluacio\",\"digitalitzacio\",\"estrategies-docents\"],\"content\":\"Les seves l\\u00ednies de recerca s\\u00f3n l'an\\u00e0lisi de l'aprenentatge en entorns virtuals mitjan\\u00e7ant t\\u00e8cniques computacionals, estad\\u00edstiques i de visualitzaci\\u00f3 per optimitzar el proc\\u00e9s educatiu; la innovaci\\u00f3 en nous escenaris d'ensenyament com l\\u2019avaluaci\\u00f3 en l\\u00ednia i els MOOC.\",\"category_display_names\":[\"Grups de recerca universitaris\"],\"area_display_names\":[\"Educaci\\u00f3 i Alfabetitzaci\\u00f3 Digital\",\"M\\u00e8todes d'Investigaci\\u00f3 i Transfer\\u00e8ncia del Coneixement\"],\"image\":\"https:\\\/\\\/projectes.xtec.cat\\\/recerca\\\/wp-content\\\/uploads\\\/usu2090\\\/2025\\\/05\\\/Laika_Uoc.png\"},{\"id\":268,\"lat\":41.4058613451348,\"lon\":2.12357166835399,\"title\":\"Grup de Recerca en Educaci\\u00f3 en Salut UIC Barcelona\",\"permalink\":\"https:\\\/\\\/projectes.xtec.cat\\\/recerca\\\/gdr\\\/grup-de-recerca-en-educacio-en-salut-uic-barcelona\\\/\",\"subtitle\":\"Universitat Internacional de Catalunya. Facultat de Medicina i Ci\\u00e8ncies de la Salut\",\"address\":\"C. de la Immaculada, 2208017 Barcelona\",\"phone\":\"\",\"email\":\"agallart@uic.es\",\"website\":\"https:\\\/\\\/www.uic.es\\\/ca\\\/recerca\\\/recerca\\\/grups-de-recerca\\\/ciencies-de-la-salut\\\/grc-grup-de-recerca-en-educacio-en-salut-uic\",\"ambits\":[\"professionalitzador\",\"sanitat\"],\"categories\":[\"grups-de-recerca-universitaris\"],\"arees\":[\"educacio-i-salut\"],\"arees_interes\":[\"benestar-docent\"],\"content\":\"Les seves l\\u00ednies de recerca s\\u00f3n l\\u2019educaci\\u00f3 per a la salut i la formaci\\u00f3 professional sanit\\u00e0ria.\",\"category_display_names\":[\"Grups de recerca universitaris\"],\"area_display_names\":[\"Educaci\\u00f3 i Salut\"],\"image\":\"https:\\\/\\\/projectes.xtec.cat\\\/recerca\\\/wp-content\\\/uploads\\\/usu2090\\\/2025\\\/05\\\/UIC_Vincles.png\"},{\"id\":266,\"lat\":41.4387742887656,\"lon\":2.1441821394871,\"title\":\"GRESUD Grup de Recerca en Educaci\\u00f3 Superadora de Desigualtats\",\"permalink\":\"https:\\\/\\\/projectes.xtec.cat\\\/recerca\\\/gdr\\\/gresud-grup-de-recerca-en-educacio-superadora-de-desigualtats\\\/\",\"subtitle\":\"Universitat de Barcelona. Facultat d'Educaci\\u00f3\",\"address\":\"Pg. de la Vall d'Hebron, 17108035 Barcelona\",\"phone\":\"\",\"email\":\"\",\"website\":\"https:\\\/\\\/crea.ub.edu\\\/index\\\/ca\\\/sobre-nosaltres\\\/grups-de-recerca\\\/\",\"ambits\":[],\"categories\":[\"grups-de-recerca-universitaris\"],\"arees\":[\"educacio-inclusiva\",\"sociologia-de-leducacio\"],\"arees_interes\":[\"coeducacio\",\"diversitat-i-inclusio\",\"segregacio-i-abandonament\"],\"content\":\"Les seves l\\u00ednies de recerca s\\u00f3n l'an\\u00e0lisi de les desigualtats socials i la cerca de solucions a trav\\u00e9s de l\\u2019educaci\\u00f3, aix\\u00ed com la formaci\\u00f3 de joves investigadors.\",\"category_display_names\":[\"Grups de recerca universitaris\"],\"area_display_names\":[\"Educaci\\u00f3 Inclusiva\",\"Sociologia de l'Educaci\\u00f3\"],\"image\":\"https:\\\/\\\/projectes.xtec.cat\\\/recerca\\\/wp-content\\\/uploads\\\/usu2090\\\/2025\\\/05\\\/CREA.png\"},{\"id\":265,\"lat\":41.5002513793253,\"lon\":2.10423046832518,\"title\":\"Grup de Recerca Gabinet de Comunicaci\\u00f3 i Educaci\\u00f3 (GCE)\",\"permalink\":\"https:\\\/\\\/projectes.xtec.cat\\\/recerca\\\/gdr\\\/grup-de-recerca-gabinet-de-comunicacio-i-educacio-gce\\\/\",\"subtitle\":\"Universitat Aut\\u00f2noma de Barcelona. Facultat de Ci\\u00e8ncies de la Comunicaci\\u00f3\",\"address\":\"C. de la Vinya, s\\\/n08193 Bellaterra\",\"phone\":\"935 811 689\",\"email\":\"\",\"website\":\"https:\\\/\\\/www.gabinetecomunicacionyeducacion.com\\\/es\",\"ambits\":[\"desenvolupament-personal-i-social\",\"valors\"],\"categories\":[\"grups-de-recerca-universitaris\"],\"arees\":[\"educacio-i-alfabetitzacio-digital\",\"pedagogia\",\"sociologia-de-leducacio\"],\"arees_interes\":[\"alfabetitzacio-digital\",\"benestar-emocional\",\"benestar-docent\",\"ciencies-socials-i-educacio-critica\",\"desenvolupament-professional-docent\",\"xarxes-socials\"],\"content\":\"Les seves l\\u00ednies de recerca s\\u00f3n l'alfabetitzaci\\u00f3 medi\\u00e0tica i digital, l'\\u00fas educatiu de les xarxes socials i videojocs, la transformaci\\u00f3 dels campus universitaris segons la UNESCO i l'an\\u00e0lisi del paper de la ci\\u00e8ncia en l'educaci\\u00f3 afectiva i en valors.\",\"category_display_names\":[\"Grups de recerca universitaris\"],\"area_display_names\":[\"Educaci\\u00f3 i Alfabetitzaci\\u00f3 Digital\",\"Pedagogia\",\"Sociologia de l'Educaci\\u00f3\"],\"image\":\"https:\\\/\\\/projectes.xtec.cat\\\/recerca\\\/wp-content\\\/uploads\\\/usu2090\\\/2025\\\/05\\\/gabinetComunicacioEducacio.png\"},{\"id\":263,\"lat\":41.5043086645357,\"lon\":2.10599772414636,\"title\":\"EDO &#8211; Equip de Desenvolupament Organitzacional \\\/ CRiEDO \\u2013 Centre de Recerca i Estudis pel Desenvolupament Organitzatiu\",\"permalink\":\"https:\\\/\\\/projectes.xtec.cat\\\/recerca\\\/gdr\\\/criedo-centre-de-recerca-i-estudis-pel-desenvolupament-organitzatiu\\\/\",\"subtitle\":\"Universitat Aut\\u00f2noma de Barcelona\",\"address\":\"Pl. del Coneixement, Ed. MRA-12608193 Bellaterra\",\"phone\":\"935 811 619\",\"email\":\"edo@uab.cat\",\"website\":\"https:\\\/\\\/webs.uab.cat\\\/gedo\\\/\",\"ambits\":[],\"categories\":[\"grups-de-recerca-universitaris\"],\"arees\":[\"educacio-i-alfabetitzacio-digital\",\"etapes-educatives\",\"metodes-dinvestigacio-i-transferencia-del-coneixement\",\"organitzacio-escolar-i-lideratge-educatiu\",\"pedagogia\",\"politiques-educatives-i-avaluacio\"],\"arees_interes\":[\"avaluacio-avaluacio\",\"avaluacio\",\"desenvolupament-professional-docent\",\"digitalitzacio\",\"gestio-i-organitzacio-escolar\",\"lideratge-i-organitzacio-de-centres\",\"estrategies-docents\"],\"content\":\"<span data-sheets-root=\\\"1\\\">Les seves l\\u00ednies de recerca s\\u00f3n la gesti\\u00f3 institucional, l\\u2019avaluaci\\u00f3, la transformaci\\u00f3 organitzativa, el lideratge directiu, la integraci\\u00f3 de tecnologies digitals, la pr\\u00e0ctica educativa basada en evid\\u00e8ncies, el desenvolupament professional, l\\u2019emprenedoria i la gesti\\u00f3 del coneixement, sempre amb una mirada aplicada i orientada a la millora dels entorns educatius i formatius.<\\\/span>\",\"category_display_names\":[\"Grups de recerca universitaris\"],\"area_display_names\":[\"Educaci\\u00f3 i Alfabetitzaci\\u00f3 Digital\",\"Etapes Educatives\",\"M\\u00e8todes d'Investigaci\\u00f3 i Transfer\\u00e8ncia del Coneixement\",\"Organitzaci\\u00f3 Escolar i Lideratge Educatiu\",\"Pedagogia\",\"Pol\\u00edtiques Educatives i Avaluaci\\u00f3\"],\"image\":\"https:\\\/\\\/projectes.xtec.cat\\\/recerca\\\/wp-content\\\/uploads\\\/usu2090\\\/2025\\\/05\\\/Logo_N.jpg\"},{\"id\":262,\"lat\":41.5051701268777,\"lon\":2.10564913068635,\"title\":\"ERDISC Grup de Recerca en Diversitat i Inclusi\\u00f3 en Societats Complexes\",\"permalink\":\"https:\\\/\\\/projectes.xtec.cat\\\/recerca\\\/gdr\\\/erdisc-grup-de-recerca-en-diversitat-i-inclusio-en-societats-complexes\\\/\",\"subtitle\":\"Universitat Aut\\u00f2noma de Barcelona. Facultat de Ci\\u00e8ncies de l'Educaci\\u00f3\",\"address\":\"P\\u00e7a. del Coneixement, s\\\/n - Edifici G6\\\/25708193 Bellaterra\",\"phone\":\"935 814 074\",\"email\":\"gr.erdisc@uab.cat\",\"website\":\"https:\\\/\\\/webs.uab.cat\\\/erdisc\\\/\",\"ambits\":[],\"categories\":[\"grups-de-recerca-universitaris\"],\"arees\":[\"educacio-inclusiva\",\"metodes-dinvestigacio-i-transferencia-del-coneixement\",\"organitzacio-escolar-i-lideratge-educatiu\",\"politiques-educatives-i-avaluacio\",\"sociologia-de-leducacio\"],\"arees_interes\":[\"coeducacio\",\"desenvolupament-professional-docent\",\"diversitat-funcional\",\"diversitat-i-inclusio\",\"interculturalitat-i-immigracio\",\"recerca-accio\"],\"content\":\"Les seves l\\u00ednies de recerca s\\u00f3n: l'educaci\\u00f3 inclusiva i comunit\\u00e0ria en contextos educatius formals i no formals; el desenvolupament de processos de recerca-acci\\u00f3 orientats a transformar sistemes relacionals en les comunitats educatives; la intervenci\\u00f3 educativa ajustada a les necessitats espec\\u00edfiques de cada context i moment; l'apoderament comunitari com a eina de transformaci\\u00f3 social; la reducci\\u00f3 de barreres per garantir la inclusi\\u00f3 i l'autonomia de totes les persones; l'abordatge de la diversitat des d'una perspectiva interseccional; la promoci\\u00f3 d'una participaci\\u00f3 activa i transformadora dels col\\u00b7lectius implicats; la sostenibilitat dels processos de canvi educatiu i social; la recerca per l'equitat, reduint les desigualtats socials, culturals i econ\\u00f2miques i la defensa dels drets col\\u00b7lectius i les llibertats en l'\\u00e0mbit educatiu.\",\"category_display_names\":[\"Grups de recerca universitaris\"],\"area_display_names\":[\"Educaci\\u00f3 Inclusiva\",\"M\\u00e8todes d'Investigaci\\u00f3 i Transfer\\u00e8ncia del Coneixement\",\"Organitzaci\\u00f3 Escolar i Lideratge Educatiu\",\"Pol\\u00edtiques Educatives i Avaluaci\\u00f3\",\"Sociologia de l'Educaci\\u00f3\"],\"image\":\"https:\\\/\\\/projectes.xtec.cat\\\/recerca\\\/wp-content\\\/uploads\\\/usu2090\\\/2025\\\/05\\\/ERDISC.jpg\"},{\"id\":261,\"lat\":41.5037624828455,\"lon\":2.10726643948953,\"title\":\"EMIGRA Educaci\\u00f3, Migracions, Inf\\u00e0ncia, Grup, recerca, Antropologia\",\"permalink\":\"https:\\\/\\\/projectes.xtec.cat\\\/recerca\\\/gdr\\\/emigra-educacio-migracions-infancia-grup-recerca-antropologia\\\/\",\"subtitle\":\"Universitat Aut\\u00f2noma de Barcelona. Facultat de Lletres\",\"address\":\"Campus de la Universitat Aut\\u00f2noma de BarcelonaDepartament d'Antropologia Social i Cultural, Facultat de Lletres08193 Bellaterra\",\"phone\":\"\",\"email\":\"\",\"website\":\"https:\\\/\\\/webs.uab.cat\\\/emigra\\\/\",\"ambits\":[],\"categories\":[\"grups-de-recerca-universitaris\"],\"arees\":[\"educacio-inclusiva\",\"sociologia-de-leducacio\"],\"arees_interes\":[\"coeducacio\",\"diversitat-i-inclusio\",\"interculturalitat-i-immigracio\",\"segregacio-i-abandonament\"],\"content\":\"Les seves l\\u00ednies de recerca s\\u00f3n: l'an\\u00e0lisi de les condicions d'integraci\\u00f3 de la poblaci\\u00f3 infantil i juvenil migrant i les seves fam\\u00edlies en el context de les din\\u00e0miques globals contempor\\u00e0nies, considerant la diversitat cultural i la desigualtat social des d'una perspectiva interseccional de classe, g\\u00e8nere i origen; l'educaci\\u00f3 inclusiva amb un enfocament interseccional per fomentar l'\\u00e8xit escolar d'infants i joves d'origen migrant; l'estudi dels despla\\u00e7aments for\\u00e7ats per viol\\u00e8ncies fora de context b\\u00e8l\\u00b7lic i les seves repercussions en l'\\u00e0mbit laboral i escolar; i el suport legal a dones migrants en casos de viol\\u00e8ncia\",\"category_display_names\":[\"Grups de recerca universitaris\"],\"area_display_names\":[\"Educaci\\u00f3 Inclusiva\",\"Sociologia de l'Educaci\\u00f3\"],\"image\":\"https:\\\/\\\/projectes.xtec.cat\\\/recerca\\\/wp-content\\\/uploads\\\/usu2090\\\/2025\\\/05\\\/EMIGRA.png\"},{\"id\":260,\"lat\":41.38092330975417,\"lon\":2.185708474818043,\"title\":\"mSchools\",\"permalink\":\"https:\\\/\\\/projectes.xtec.cat\\\/recerca\\\/gdr\\\/mschools\\\/\",\"subtitle\":\"\",\"address\":\"P\\u00e7a. de Pau Vila, 1, TechBCN, Sector C Planta 2, Ciutat Vella, 08003 Barcelona\",\"phone\":\"\",\"email\":\"\",\"website\":\"https:\\\/\\\/mschools.com\\\/ca\\\/\",\"ambits\":[\"cientific-i-tecnologic\",\"desenvolupament-personal-i-social\",\"programacio\",\"robotica\",\"tecnologia\"],\"categories\":[\"entitats\"],\"arees\":[\"educacio-i-alfabetitzacio-digital\",\"metodes-dinvestigacio-i-transferencia-del-coneixement\",\"pedagogia\",\"politiques-educatives-i-avaluacio\"],\"arees_interes\":[\"alfabetitzacio-digital\",\"avaluacio\",\"desenvolupament-professional-docent\",\"digitalitzacio\",\"estrategies-docents\",\"politiques-educatives\",\"resultats-educatius\"],\"content\":\"Les seves l\\u00ednies de recerca s\\u00f3n: la integraci\\u00f3 de la tecnologia en l'educaci\\u00f3 per impulsar la transformaci\\u00f3 digital a les aules; el desenvolupament de compet\\u00e8ncies digitals en estudiants per formar ciutadans digitals actius i responsables; la innovaci\\u00f3 pedag\\u00f2gica mitjan\\u00e7ant eines tecnol\\u00f2giques; la col\\u00b7laboraci\\u00f3 entre docents, investigadors i responsables de pol\\u00edtiques educatives, i la comunicaci\\u00f3 oberta per compartir bones pr\\u00e0ctiques i experi\\u00e8ncies en l'\\u00fas de la tecnologia per a la millora educativa.\",\"category_display_names\":[\"Entitats, fundacions, societat civil i empreses\"],\"area_display_names\":[\"Educaci\\u00f3 i Alfabetitzaci\\u00f3 Digital\",\"M\\u00e8todes d'Investigaci\\u00f3 i Transfer\\u00e8ncia del Coneixement\",\"Pedagogia\",\"Pol\\u00edtiques Educatives i Avaluaci\\u00f3\"],\"image\":\"https:\\\/\\\/projectes.xtec.cat\\\/recerca\\\/wp-content\\\/uploads\\\/usu2090\\\/2025\\\/05\\\/mschools.png\"},{\"id\":8900,\"lat\":41.9853350454593,\"lon\":2.82754236850982,\"title\":\"IGESI. Grup de Recerca Interdisciplinar en G\\u00e8nere i Desigualtats Socials\",\"permalink\":\"https:\\\/\\\/projectes.xtec.cat\\\/recerca\\\/gdr\\\/igesi-grup-de-recerca-interdisciplinar-en-genere-i-desigualtats-socials\\\/\",\"subtitle\":\"Universitat de Girona.Facultat d'Educaci\\u00f3 i Psicologia\",\"address\":\"Pl. de Sant Dom\\u00e8nec, 9Edifici Seminari17004 Girona\",\"phone\":\"972 418 987\",\"email\":\"patricia.melgar@udg.edu\",\"website\":\"https:\\\/\\\/www.udg.edu\\\/es\\\/grupsrecerca\\\/igesi\",\"ambits\":[\"desenvolupament-personal-i-social\",\"identitat\",\"social-i-humanistic\",\"sociologia\"],\"categories\":[\"grups-de-recerca-universitaris\"],\"arees\":[\"educacio-inclusiva\",\"organitzacio-escolar-i-lideratge-educatiu\",\"politiques-educatives-i-avaluacio\",\"sociologia-de-leducacio\"],\"arees_interes\":[\"ciencies-socials-i-educacio-critica\",\"coeducacio\",\"desenvolupament-professional-docent\",\"diversitat-i-inclusio\",\"formacio-continua\",\"identitat-i-genere\"],\"content\":\"Les seves l\\u00ednies de recerca s\\u00f3n: educaci\\u00f3 i desigualtats socials; perspectiva de g\\u00e8nere en l'educaci\\u00f3; intervencions educatives per a la inclusi\\u00f3 social i formaci\\u00f3 del professorat en equitat i g\\u00e8nere.\",\"category_display_names\":[\"Grups de recerca universitaris\"],\"area_display_names\":[\"Educaci\\u00f3 Inclusiva\",\"Organitzaci\\u00f3 Escolar i Lideratge Educatiu\",\"Pol\\u00edtiques Educatives i Avaluaci\\u00f3\",\"Sociologia de l'Educaci\\u00f3\"],\"image\":\"https:\\\/\\\/projectes.xtec.cat\\\/recerca\\\/wp-content\\\/uploads\\\/usu2090\\\/2025\\\/05\\\/igesi.png\"},{\"id\":8899,\"lat\":41.4067484551643,\"lon\":2.19438041647115,\"title\":\"Feed2Learn Research group on scaffolding teaching and learning in online environments\",\"permalink\":\"https:\\\/\\\/projectes.xtec.cat\\\/recerca\\\/gdr\\\/feed2learn-research-group-on-scaffolding-teaching-and-learning-in-online-environments\\\/\",\"subtitle\":\"Universitat Oberta de Catalunya. Estudis de Psicologia i Ci\\u00e8ncies de l'Educaci\\u00f3\",\"address\":\"Rbla. del Poblenou, 15608018 Barcelona\",\"phone\":\"\",\"email\":\"aespasa@uoc.edu\",\"website\":\"https:\\\/\\\/www.feed2learn.com\\\/\",\"ambits\":[\"aprendre-a-aprendre\",\"cientific-i-tecnologic\",\"desenvolupament-personal-i-social\",\"expressio-escrita\",\"linguistic-i-literari\",\"tecnologia\"],\"categories\":[\"grups-de-recerca-universitaris\"],\"arees\":[\"educacio-i-alfabetitzacio-digital\",\"pedagogia\"],\"arees_interes\":[\"aprenentatge-collaboratiu-i-cooperatiu\",\"avaluacio-avaluacio\",\"avaluacio\",\"carrera-professional-docent\",\"desenvolupament-professional-docent\",\"digitalitzacio\",\"formacio-inicial\",\"estrategies-docents\",\"personalitzacio-dels-aprenentatges\"],\"content\":\"El grup de recerca Feed2Learn centra la seva activitat en quatre l\\u00ednies principals de recerca, des d'una perspectiva socioconstructivista aplicada especialment als entorns d'aprenentatge en l\\u00ednia: els processos d'avaluaci\\u00f3 i retroacci\\u00f3 per a l'aprenentatge, la interacci\\u00f3 entre professors i estudiants i entre els mateixos estudiants en el marc de l'aprenentatge col\\u00b7laboratiu, l'escriptura acad\\u00e8mica i el suport als aprenents, i les compet\\u00e8ncies docents.\",\"category_display_names\":[\"Grups de recerca universitaris\"],\"area_display_names\":[\"Educaci\\u00f3 i Alfabetitzaci\\u00f3 Digital\",\"Pedagogia\"],\"image\":\"https:\\\/\\\/projectes.xtec.cat\\\/recerca\\\/wp-content\\\/uploads\\\/usu2090\\\/2025\\\/05\\\/Feed2Learn.png\"},{\"id\":8898,\"lat\":41.4377705277307,\"lon\":2.14477941349261,\"title\":\"Grup de Recerca en Entonaci\\u00f3 i Parla (GREP)\",\"permalink\":\"https:\\\/\\\/projectes.xtec.cat\\\/recerca\\\/gdr\\\/grup-de-recerca-en-entonacio-i-parla-grep\\\/\",\"subtitle\":\"Universitat de Barcelona. Facultat d'Educaci\\u00f3\",\"address\":\"Passeig de la Vall d'Hebron, 171Edifici Llevant, 1a planta08035 Barcelona\",\"phone\":\"934 021 039\",\"email\":\"dolorsfont@ub.edu\",\"website\":\"https:\\\/\\\/www.ub.edu\\\/lfa\\\/grup-recerca-grep\\\/\",\"ambits\":[\"castella\",\"catala\",\"linguistic-i-literari\",\"comprensio-oral\",\"llengues-estrangeres\"],\"categories\":[\"grups-de-recerca-universitaris\"],\"arees\":[\"didactica-de-la-llengua-i-la-literatura\",\"educacio-inclusiva\",\"metodes-dinvestigacio-i-transferencia-del-coneixement\"],\"arees_interes\":[\"estrategies-docents\"],\"content\":\"Les seves l\\u00ednies de recerca s\\u00f3n: l'an\\u00e0lisi de la pron\\u00fancia, l\\u2019entonaci\\u00f3 i la pros\\u00f2dia del catal\\u00e0 i del castell\\u00e0 com a primeres lleng\\u00fces (L1), segones lleng\\u00fces (L2) i lleng\\u00fces estrangeres (LE) en parla espont\\u00e0nia; i l'experimentaci\\u00f3 amb la implementaci\\u00f3 d'aquests resultats en propostes did\\u00e0ctiques dins el marc de l\\u2019enfocament comunicatiu.\",\"category_display_names\":[\"Grups de recerca universitaris\"],\"area_display_names\":[\"Did\\u00e0ctica de la Llengua i la Literatura\",\"Educaci\\u00f3 Inclusiva\",\"M\\u00e8todes d'Investigaci\\u00f3 i Transfer\\u00e8ncia del Coneixement\"],\"image\":\"https:\\\/\\\/projectes.xtec.cat\\\/recerca\\\/wp-content\\\/uploads\\\/usu2090\\\/2025\\\/05\\\/GREP.jpg\"},{\"id\":8897,\"lat\":41.5053844321016,\"lon\":2.10587275483276,\"title\":\"GREP. Grup de Recerca en Educaci\\u00f3 Psicomotriu\",\"permalink\":\"https:\\\/\\\/projectes.xtec.cat\\\/recerca\\\/gdr\\\/grep-grup-de-recerca-en-educacio-psicomotriu\\\/\",\"subtitle\":\"Universitat Aut\\u00f2noma de Barcelona. Facultat de Ci\\u00e8ncies de l'Educaci\\u00f3\",\"address\":\"Campus de la Universitat Aut\\u00f2noma de BarcelonaEdifici G608193 Bellaterra\",\"phone\":\"935 812 100\",\"email\":\"Lurdes.Martinez@uab.cat\",\"website\":\"https:\\\/\\\/webs.uab.cat\\\/grepuab\\\/pagina\\\/\",\"ambits\":[\"educacio-fisica\",\"jocs-motors\",\"psicomotricitat\"],\"categories\":[\"grups-de-recerca-universitaris\"],\"arees\":[\"didactica-cos-art-i-moviment\",\"educacio-inclusiva\"],\"arees_interes\":[\"avaluacio-avaluacio\",\"avaluacio\",\"benestar-docent\",\"desenvolupament-professional-docent\",\"diversitat-funcional\",\"diversitat-i-inclusio\",\"formacio-inicial\",\"habits-i-salut\"],\"content\":\"Les seves l\\u00ednies de recerca son el desenvolupament i l'avaluaci\\u00f3 de compet\\u00e8ncies psicomotrius; l'educaci\\u00f3 psicomotriu des d'una perspectiva te\\u00f2rica i pr\\u00e0ctica; la integraci\\u00f3 de la psicomotricitat als centres educatius; la formaci\\u00f3 professional i investigadora dels psicomotricistes i l'avaluaci\\u00f3 formativa a la universitat.\",\"category_display_names\":[\"Grups de recerca universitaris\"],\"area_display_names\":[\"Did\\u00e0ctica del cos, art i moviment\",\"Educaci\\u00f3 Inclusiva\"],\"image\":false},{\"id\":8896,\"lat\":41.133368757,\"lon\":1.2428278651,\"title\":\"Grup de Recerca ARGET (Applied Research Group in Education and Technology)\",\"permalink\":\"https:\\\/\\\/projectes.xtec.cat\\\/recerca\\\/gdr\\\/grup-de-recerca-arget-applied-research-group-in-education-and-technology\\\/\",\"subtitle\":\"Universitat Rovira i Virgili. Facultat de Ci\\u00e8ncies de l'Educaci\\u00f3 i Psicologia\",\"address\":\"Ctra. de Valls, s\\\/n Edifici N0 \\u2013 Ventura Gassol43007 Tarragona\",\"phone\":\"977 558 466\",\"email\":\"late@urv.cat\",\"website\":\"https:\\\/\\\/www.arget.recerca.urv.cat\\\/ca\\\/\",\"ambits\":[\"cientific-i-tecnologic\",\"tecnologia\"],\"categories\":[\"grups-de-recerca-universitaris\"],\"arees\":[\"educacio-i-alfabetitzacio-digital\"],\"arees_interes\":[\"alfabetitzacio-digital\",\"avaluacio-avaluacio\",\"avaluacio\",\"desenvolupament-professional-docent\",\"digitalitzacio\",\"formacio-continua\",\"estrategies-docents\"],\"content\":\"Les seves l\\u00ednies de recerca son: efectes dels aven\\u00e7os tecnol\\u00f2gics en el proc\\u00e9s d'ensenyament-aprenentatge (E-A); disseny did\\u00e0ctic en entorns tecnol\\u00f2gics; context d'introducci\\u00f3 les tecnologies digitals; avaluaci\\u00f3 i validaci\\u00f3 d'entorns virtuals i eines de comunicaci\\u00f3; gesti\\u00f3 de continguts i de coneixement; gesti\\u00f3 de la qualitat i sistemes d'aprenentatge virtual; organitzaci\\u00f3 i gesti\\u00f3 d'entorns tecnol\\u00f2gics de formaci\\u00f3 i formaci\\u00f3 de formadors amb entorns tecnol\\u00f2gics.\",\"category_display_names\":[\"Grups de recerca universitaris\"],\"area_display_names\":[\"Educaci\\u00f3 i Alfabetitzaci\\u00f3 Digital\"],\"image\":\"https:\\\/\\\/projectes.xtec.cat\\\/recerca\\\/wp-content\\\/uploads\\\/usu2090\\\/2025\\\/05\\\/Arget_urv.png\"},{\"id\":8895,\"lat\":41.43801546,\"lon\":2.145264542,\"title\":\"Grup de Recerca en Educaci\\u00f3 Moral (GREM)\",\"permalink\":\"https:\\\/\\\/projectes.xtec.cat\\\/recerca\\\/gdr\\\/grup-de-recerca-en-educacio-moral-grem\\\/\",\"subtitle\":\"Universitat de Barcelona. Facultat d'Educaci\\u00f3\",\"address\":\"Pg. de la Vall d'Hebron, 171 08035 Barcelona\",\"phone\":\"934 035 225\",\"email\":\"mrbuxarrais@ub.edu\",\"website\":\"https:\\\/\\\/www.ub.edu\\\/GREM\\\/inici\\\/\",\"ambits\":[\"desenvolupament-personal-i-social\",\"valors\"],\"categories\":[\"grups-de-recerca-universitaris\"],\"arees\":[\"didactica-de-les-ciencies-socials-i-les-humanitats\",\"etapes-educatives\",\"politiques-educatives-i-avaluacio\"],\"arees_interes\":[\"ciencies-socials-i-educacio-critica\",\"ciutadania-democratica\"],\"content\":\"Les principals tem\\u00e0tiques de recerca s\\u00f3n: l'aprenentatge servei; l'educaci\\u00f3 superior; la participaci\\u00f3 ciutadana i els estudis sobre educaci\\u00f3 i valors.\",\"category_display_names\":[\"Grups de recerca universitaris\"],\"area_display_names\":[\"Did\\u00e0ctica de les Ci\\u00e8ncies Socials i les Humanitats\",\"Etapes Educatives\",\"Pol\\u00edtiques Educatives i Avaluaci\\u00f3\"],\"image\":\"https:\\\/\\\/projectes.xtec.cat\\\/recerca\\\/wp-content\\\/uploads\\\/usu2090\\\/2025\\\/05\\\/GREM.png\"},{\"id\":8894,\"lat\":41.50242437,\"lon\":2.105789584,\"title\":\"Grup Interdisciplinari de Pol\\u00edtiques Educatives (SAPS-UAB)\",\"permalink\":\"https:\\\/\\\/projectes.xtec.cat\\\/recerca\\\/gdr\\\/grup-interdisciplinari-de-politiques-educatives-saps-uab\\\/\",\"subtitle\":\"Universitat Aut\\u00f2noma de Barcelona. Facultat de Ci\\u00e8ncies Pol\\u00edtiques i Sociologia\",\"address\":\"Av. de l'Eix Central, Edifici B208193 Bellaterra\",\"phone\":\"\",\"email\":\"xavier.bonal@uab.cat\",\"website\":\"http:\\\/\\\/gipe-igep.org\\\/gipe-saps\\\/\",\"ambits\":[\"economia\",\"social-i-humanistic\",\"sociologia\"],\"categories\":[\"grups-de-recerca-universitaris\"],\"arees\":[\"politiques-educatives-i-avaluacio\",\"sociologia-de-leducacio\"],\"arees_interes\":[\"avaluacio\",\"ciencies-socials-i-educacio-critica\",\"ciutadania-democratica\",\"diversitat-i-inclusio\",\"politiques-educatives\",\"segregacio-i-abandonament\"],\"content\":\"Les seves l\\u00ednies de recerca s\\u00f3n tres: globalitzaci\\u00f3 i educaci\\u00f3; avaluaci\\u00f3 de pol\\u00edtiques educatives i abandonament escolar.\",\"category_display_names\":[\"Grups de recerca universitaris\"],\"area_display_names\":[\"Pol\\u00edtiques Educatives i Avaluaci\\u00f3\",\"Sociologia de l'Educaci\\u00f3\"],\"image\":\"https:\\\/\\\/projectes.xtec.cat\\\/recerca\\\/wp-content\\\/uploads\\\/usu2090\\\/2025\\\/05\\\/GIPE-1.jpg\"},{\"id\":8893,\"lat\":41.38575943,\"lon\":2.11380907,\"title\":\"Grup Interdisciplinar de Pol\\u00edtiques Educatives (GIPE-IGEP-UB)\",\"permalink\":\"https:\\\/\\\/projectes.xtec.cat\\\/recerca\\\/gdr\\\/grup-interdisciplinar-de-politiques-educatives-gipe-igep-ub\\\/\",\"subtitle\":\"Universitat de Barcelona. Facultat d'Economia i Empresa\",\"address\":\"Av. Diagonal, 69008034 Barcelona\",\"phone\":\"934 021 819\",\"email\":\"jorge.calero@ub.edu\",\"website\":\"http:\\\/\\\/gipe-igep.org\\\/gipe-ub\\\/\",\"ambits\":[\"economia\",\"social-i-humanistic\"],\"categories\":[\"grups-de-recerca-universitaris\"],\"arees\":[\"politiques-educatives-i-avaluacio\",\"sociologia-de-leducacio\"],\"arees_interes\":[\"avaluacio\",\"politiques-educatives\"],\"content\":\"Les seves dues l\\u00ednies de recerca: son l'economia de l'educaci\\u00f3 i l'avaluaci\\u00f3 de pol\\u00edtiques educatives.\",\"category_display_names\":[\"Grups de recerca universitaris\"],\"area_display_names\":[\"Pol\\u00edtiques Educatives i Avaluaci\\u00f3\",\"Sociologia de l'Educaci\\u00f3\"],\"image\":\"https:\\\/\\\/projectes.xtec.cat\\\/recerca\\\/wp-content\\\/uploads\\\/usu2090\\\/2025\\\/05\\\/GIPE.jpg\"},{\"id\":8892,\"lat\":41.4377678,\"lon\":2.144791287,\"title\":\"POCI\\u00d3. Poesia i Educaci\\u00f3. Grup de recerca de la Universitat de Barcelona\",\"permalink\":\"https:\\\/\\\/projectes.xtec.cat\\\/recerca\\\/gdr\\\/pocio-poesia-i-educacio-grup-de-recerca-de-la-universitat-de-barcelona\\\/\",\"subtitle\":\"Universitat de Barcelona. Facultat d'Educaci\\u00f3\",\"address\":\"Pg. de la Vall d'Hebron, 171Edifici Llevant08035 Barcelona\",\"phone\":\"934 035 159\",\"email\":\"poesiaieducacio@pocio.cat\",\"website\":\"https:\\\/\\\/www.pocio.cat\\\/\",\"ambits\":[\"artistic\",\"arts-visuals\",\"literatura\",\"linguistic-i-literari\",\"musica\"],\"categories\":[\"grups-de-recerca-universitaris\"],\"arees\":[\"didactica-de-la-llengua-i-la-literatura\",\"didactica-cos-art-i-moviment\"],\"arees_interes\":[],\"content\":\"Les seves l\\u00ednies de recerca principals son les seg\\u00fcents: Po\\u00e8tiques liminals en el m\\u00f3n contemporani; Arts i po\\u00e8tiques; Estudi de les caracter\\u00edstiques de la poesia experimental i dels lligams amb altres formes de literatura, amb la m\\u00fasica i amb la pl\\u00e0stica i Coneixement de l'estat de la q\\u00fcesti\\u00f3 sobre l'ensenyament de la poesia.\",\"category_display_names\":[\"Grups de recerca universitaris\"],\"area_display_names\":[\"Did\\u00e0ctica de la Llengua i la Literatura\",\"Did\\u00e0ctica del cos, art i moviment\"],\"image\":\"https:\\\/\\\/projectes.xtec.cat\\\/recerca\\\/wp-content\\\/uploads\\\/usu2090\\\/2025\\\/05\\\/pocio_UB.jpg\"},{\"id\":259,\"lat\":41.9309590595457,\"lon\":2.24567546900826,\"title\":\"DAM Data Analysis and Modeling\",\"permalink\":\"https:\\\/\\\/projectes.xtec.cat\\\/recerca\\\/gdr\\\/dam-data-analysis-and-modeling\\\/\",\"subtitle\":\"Universitat de Vic-Universitat Central de Catalunya\",\"address\":\"C. de la Sagrada Fam\\u00edlia, 708500 Vic\",\"phone\":\"938 861 222\",\"email\":\"\",\"website\":\"https:\\\/\\\/urecerca.uvic.cat\\\/CawDOS\\\/jsf\\\/seleccionPersonalEstamento\\\/seleccionPersonal.jsf?id=98e3e63c748e8450&idioma=ca&tipo=grupo&elmeucv=N\",\"ambits\":[\"economia\"],\"categories\":[\"grups-de-recerca-universitaris\"],\"arees\":[\"metodes-dinvestigacio-i-transferencia-del-coneixement\",\"politiques-educatives-i-avaluacio\"],\"arees_interes\":[\"ciencies-socials-i-educacio-critica\",\"estrategies-docents\"],\"content\":\"Les seves l\\u00ednies de recerca s\\u00f3n l'economia aplicada i els m\\u00e8todes quantitatius.\",\"category_display_names\":[\"Grups de recerca universitaris\"],\"area_display_names\":[\"M\\u00e8todes d'Investigaci\\u00f3 i Transfer\\u00e8ncia del Coneixement\",\"Pol\\u00edtiques Educatives i Avaluaci\\u00f3\"],\"image\":\"https:\\\/\\\/projectes.xtec.cat\\\/recerca\\\/wp-content\\\/uploads\\\/usu2090\\\/2025\\\/05\\\/cropped-cropped-UVIC_banner_gruprecercadam.png\"},{\"id\":257,\"lat\":41.385775530481844,\"lon\":2.11350866276925,\"title\":\"CRIT. Grup de Recerca en Creativitat, Innovaci\\u00f3 i Transformaci\\u00f3 Urbana\",\"permalink\":\"https:\\\/\\\/projectes.xtec.cat\\\/recerca\\\/gdr\\\/crit-grup-de-recerca-en-creativitat-innovacio-i-transformacio-urbana\\\/\",\"subtitle\":\"Universitat de Barcelona. Facultat d'Economia i Empresa\",\"address\":\"Av. Diagonal, 690 08034 Barcelona\",\"phone\":\"\",\"email\":\"crit@ub.edu\",\"website\":\"https:\\\/\\\/www.crit.ub.edu\\\/\",\"ambits\":[],\"categories\":[\"grups-de-recerca-universitaris\"],\"arees\":[\"educacio-inclusiva\",\"politiques-educatives-i-avaluacio\",\"sociologia-de-leducacio\"],\"arees_interes\":[\"avaluacio\",\"ciencies-socials-i-educacio-critica\",\"ciutadania-democratica\",\"diversitat-i-inclusio\",\"ods-sostenibilitat\",\"politiques-educatives\"],\"content\":\"Les seves l\\u00ednies de recerca s\\u00f3n: l'estudi de la transformaci\\u00f3 de la governan\\u00e7a en ciutats i regions metropolitanes i les seves conseq\\u00fc\\u00e8ncies socials; els efectes socials de la regeneraci\\u00f3 urbana i les pol\\u00edtiques d'habitatge, la sostenibilitat urbana i els conflictes socioecol\\u00f2gics; la relaci\\u00f3 entre sistemes educatius, desigualtats socials i oportunitats locals per a joves.\",\"category_display_names\":[\"Grups de recerca universitaris\"],\"area_display_names\":[\"Educaci\\u00f3 Inclusiva\",\"Pol\\u00edtiques Educatives i Avaluaci\\u00f3\",\"Sociologia de l'Educaci\\u00f3\"],\"image\":\"https:\\\/\\\/projectes.xtec.cat\\\/recerca\\\/wp-content\\\/uploads\\\/usu2090\\\/2025\\\/05\\\/Crit_UB.png\"},{\"id\":256,\"lat\":41.9853350454593,\"lon\":2.82754236850982,\"title\":\"CISA Grup de Recerca en Ci\\u00e8ncies Socials Aplicades\",\"permalink\":\"https:\\\/\\\/projectes.xtec.cat\\\/recerca\\\/gdr\\\/cisa-grup-de-recerca-en-ciencies-socials-aplicades\\\/\",\"subtitle\":\"Universitat de Girona.Facultat d'Educaci\\u00f3 i Psicologia\",\"address\":\"Pl. de Sant Dom\\u00e8nec, 9Edifici Seminari17004 Girona\",\"phone\":\"972 418 300\",\"email\":\"cisarecerca@udg.edu\",\"website\":\"https:\\\/\\\/www.udg.edu\\\/ca\\\/grupsrecerca\\\/cisa\",\"ambits\":[\"cohesio-social\",\"desenvolupament-personal-i-social\",\"social-i-humanistic\",\"sociologia\"],\"categories\":[\"grups-de-recerca-universitaris\"],\"arees\":[\"educacio-inclusiva\",\"politiques-educatives-i-avaluacio\",\"sociologia-de-leducacio\"],\"arees_interes\":[\"avaluacio\",\"ciencies-socials-i-educacio-critica\",\"ciutadania-democratica\",\"coeducacio\",\"diversitat-i-inclusio\",\"identitat-i-genere\",\"politiques-educatives\"],\"content\":\"Les seves l\\u00ednies de recerca s\\u00f3n: la cohesi\\u00f3 social, amb estudis sobre fen\\u00f2mens com la pobresa cr\\u00f2nica i propostes per millorar la inclusi\\u00f3 social en educaci\\u00f3; els drets de ciutadania, centrant-se en l'an\\u00e0lisi de discriminacions per g\\u00e8nere, origen o orientaci\\u00f3 sexual i en el disseny de pol\\u00edtiques que garanteixin els drets individuals i col\\u00b7lectius com el dret a l'educaci\\u00f3; i la democratitzaci\\u00f3 de les administracions i les pol\\u00edtiques p\\u00fabliques educatives, promovent el di\\u00e0leg, la participaci\\u00f3 ciutadana i la governan\\u00e7a multinivell.\",\"category_display_names\":[\"Grups de recerca universitaris\"],\"area_display_names\":[\"Educaci\\u00f3 Inclusiva\",\"Pol\\u00edtiques Educatives i Avaluaci\\u00f3\",\"Sociologia de l'Educaci\\u00f3\"],\"image\":\"https:\\\/\\\/projectes.xtec.cat\\\/recerca\\\/wp-content\\\/uploads\\\/usu2090\\\/2025\\\/05\\\/CISA_UdG.jpg\"},{\"id\":253,\"lat\":41.9309590595457,\"lon\":2.24567546900826,\"title\":\"LMSI Learning, Media &#038; Social Interactions\",\"permalink\":\"https:\\\/\\\/projectes.xtec.cat\\\/recerca\\\/gdr\\\/lmsi-learning-media-social-interactions\\\/\",\"subtitle\":\"Universitat de Vic-Universitat Central de Catalunya\",\"address\":\"C. de la Sagrada Fam\\u00edlia, 708500 Vic\",\"phone\":\"\",\"email\":\"\",\"website\":\"https:\\\/\\\/urecerca.uvic.cat\\\/CawDOS\\\/jsf\\\/seleccionPersonalEstamento\\\/seleccionPersonal.jsf?id=cca4691353e645b3&idioma=ca&tipo=grupo&elmeucv=N\",\"ambits\":[\"artistic\",\"cultura-audiovisual\"],\"categories\":[\"grups-de-recerca-universitaris\"],\"arees\":[\"educacio-i-alfabetitzacio-digital\",\"educacio-i-salut\",\"educacio-inclusiva\",\"sociologia-de-leducacio\"],\"arees_interes\":[\"benestar-docent\",\"ciencies-socials-i-educacio-critica\",\"ciutadania-democratica\",\"diversitat-i-inclusio\",\"digitalitzacio\",\"estrategies-docents\"],\"content\":\"Les seves l\\u00ednies de recerca s\\u00f3n: aprenentatge aut\\u00f2nom en comunicaci\\u00f3; comunicaci\\u00f3 i salut; comunicaci\\u00f3 i audiovisual digital; diversitat i inclusi\\u00f3 social en contextos medi\\u00e0tics (participaci\\u00f3 i representaci\\u00f3).\",\"category_display_names\":[\"Grups de recerca universitaris\"],\"area_display_names\":[\"Educaci\\u00f3 i Alfabetitzaci\\u00f3 Digital\",\"Educaci\\u00f3 i Salut\",\"Educaci\\u00f3 Inclusiva\",\"Sociologia de l'Educaci\\u00f3\"],\"image\":\"https:\\\/\\\/projectes.xtec.cat\\\/recerca\\\/wp-content\\\/uploads\\\/usu2090\\\/2025\\\/05\\\/Learning-Media-Social-Interactions-1.png\"},{\"id\":252,\"lat\":41.9309590595457,\"lon\":2.24567546900826,\"title\":\"Grup de recerca sobre atenci\\u00f3 a la diversitat (GRAD)\",\"permalink\":\"https:\\\/\\\/projectes.xtec.cat\\\/recerca\\\/gdr\\\/grup-de-recerca-sobre-atencio-a-la-diversitat-grad\\\/\",\"subtitle\":\"Universitat de Vic-Universitat Central de Catalunya\",\"address\":\"C. de la Sagrada Fam\\u00edlia, 708500 Vic\",\"phone\":\"\",\"email\":\"\",\"website\":\"https:\\\/\\\/urecerca.uvic.cat\\\/CawDOS\\\/jsf\\\/seleccionPersonalEstamento\\\/seleccionPersonal.jsf?id=4cdf1a8d1df4408d&idioma=ca&tipo=grupo&elmeucv=N\",\"ambits\":[\"cohesio-social\",\"desenvolupament-personal-i-social\"],\"categories\":[\"grups-de-recerca-universitaris\"],\"arees\":[\"educacio-inclusiva\",\"pedagogia\",\"sociologia-de-leducacio\"],\"arees_interes\":[\"aprenentatge-collaboratiu-i-cooperatiu\",\"avaluacio-avaluacio\",\"avaluacio\",\"ciencies-socials-i-educacio-critica\",\"ciutadania-democratica\",\"diversitat-i-inclusio\",\"digitalitzacio\",\"gestio-daula\",\"gestio-i-organitzacio-escolar\",\"estrategies-docents\",\"resultats-educatius\"],\"content\":\"Les seves l\\u00ednies de recerca s\\u00f3n: la cognici\\u00f3 i l'atenci\\u00f3 a la diversitat; el disseny universal de l'aprenentatge i la personalitzaci\\u00f3 per a l'acc\\u00e9s en entorns inclusius; l'aprenentatge cooperatiu, la cohesi\\u00f3 de grup, el clima de l'aula, TIC i millora les pr\\u00e0ctiques educatives; l'avaluaci\\u00f3 inclusiva i la millora de les pr\\u00e0ctiques educatives; la cooperaci\\u00f3 entre l'alumnat i la col\\u00b7laboraci\\u00f3 entre professorat pel suport i la millora de la pr\\u00e0ctica educativa; la veu de l'alumnat per a la millora inclusiva i democr\\u00e0tica de l'escola.\",\"category_display_names\":[\"Grups de recerca universitaris\"],\"area_display_names\":[\"Educaci\\u00f3 Inclusiva\",\"Pedagogia\",\"Sociologia de l'Educaci\\u00f3\"],\"image\":\"https:\\\/\\\/projectes.xtec.cat\\\/recerca\\\/wp-content\\\/uploads\\\/usu2090\\\/2025\\\/05\\\/UVIC-GRAD.png\"},{\"id\":251,\"lat\":41.386015669429774,\"lon\":2.19471549205906,\"title\":\"Grup de Recerca en Neurobiologia del Comportament i en Recerca Educativa en Ci\\u00e8ncies de laSalut (GRENEC-GRECS)\",\"permalink\":\"https:\\\/\\\/projectes.xtec.cat\\\/recerca\\\/gdr\\\/grup-de-recerca-en-neurobiologia-del-comportament-i-en-recerca-educativa-en-ciencies-de-lasalut-grenec-grecs\\\/\",\"subtitle\":\"Universitat Pompeu Fabra. Parc de Recerca Biom\\u00e8dica\",\"address\":\"C. del Doctor Aiguader, 8808003 Barcelona\",\"phone\":\"933 160 829\",\"email\":\"grecs@upf.edu\",\"website\":\"https:\\\/\\\/www.upf.edu\\\/web\\\/grecs\",\"ambits\":[],\"categories\":[\"grups-de-recerca-universitaris\"],\"arees\":[\"educacio-i-alfabetitzacio-digital\",\"educacio-i-salut\",\"educacio-inclusiva\",\"pedagogia\",\"sociologia-de-leducacio\"],\"arees_interes\":[\"benestar-docent\",\"ciencies-socials-i-educacio-critica\",\"ciutadania-democratica\",\"desenvolupament-professional-docent\",\"digitalitzacio\",\"formacio-continua\",\"estrategies-docents\",\"ods-sostenibilitat\"],\"content\":\"Les seves l\\u00ednies de recerca s\\u00f3n: el disseny de materials educatius innovadors dins l'\\u00e0mbit de les ci\\u00e8ncies de la salut (realitat virtual immersiva i l'aprenentatge basat en problemes); l'educaci\\u00f3 per a la just\\u00edcia global per formar docents en el dret d'asil i els drets humans; la introducci\\u00f3 de l'educaci\\u00f3 pel desenvolupament sostenible (ODS) en els curr\\u00edculums de les ci\\u00e8ncies de la salut; la introducci\\u00f3 de la simulaci\\u00f3 cl\\u00ednica i l'educaci\\u00f3 multiprofessional en els programes de grau en Medicina.\",\"category_display_names\":[\"Grups de recerca universitaris\"],\"area_display_names\":[\"Educaci\\u00f3 i Alfabetitzaci\\u00f3 Digital\",\"Educaci\\u00f3 i Salut\",\"Educaci\\u00f3 Inclusiva\",\"Pedagogia\",\"Sociologia de l'Educaci\\u00f3\"],\"image\":\"https:\\\/\\\/projectes.xtec.cat\\\/recerca\\\/wp-content\\\/uploads\\\/usu2090\\\/2025\\\/05\\\/RecercaEducativaSalutUPF.webp\"},{\"id\":250,\"lat\":41.4067484551643,\"lon\":2.19438041647115,\"title\":\"SmartLearn research group. SMARTLEARN\",\"permalink\":\"https:\\\/\\\/projectes.xtec.cat\\\/recerca\\\/gdr\\\/smartlearn-research-group-smartlearn\\\/\",\"subtitle\":\"Universitat Oberta de Catalunya\",\"address\":\"Rbla. del Poblenou, 15608018 Barcelona\",\"phone\":\"\",\"email\":\"scaballe@uoc.edu\",\"website\":\"https:\\\/\\\/smartlearn.uoc.edu\\\/\",\"ambits\":[\"cientific-i-tecnologic\",\"programacio\",\"robotica\",\"tecnologia\"],\"categories\":[\"grups-de-recerca-universitaris\"],\"arees\":[\"educacio-i-alfabetitzacio-digital\",\"educacio-inclusiva\",\"pedagogia\"],\"arees_interes\":[\"avaluacio-avaluacio\",\"avaluacio\",\"ciencies-socials-i-educacio-critica\",\"diversitat-i-inclusio\",\"digitalitzacio\",\"ia-i-aprenentatge\",\"estrategies-docents\",\"ods-sostenibilitat\",\"personalitzacio-dels-aprenentatges\",\"retroaccio-feedback\"],\"content\":\"Les seves l\\u00ednies de recerca s\\u00f3n: els agents conversacionals i les anal\\u00edtiques d'aprenentatge (desenvolupament d'eines basades en intel\\u00b7lig\\u00e8ncia artificial, com agents conversacionals i sistemes de recomanaci\\u00f3, integrats amb anal\\u00edtiques d'aprenentatge per millorar l'experi\\u00e8ncia educativa); la innovaci\\u00f3 en metodologies d'aprenentatge col\\u00b7laboratiu (exploraci\\u00f3 i aplicaci\\u00f3 de t\\u00e8cniques d'aprenentatge col\\u00b7laboratiu en entorns virtuals, amb l'\\u00fas de tecnologia per monitorar i potenciar la interacci\\u00f3 i el treball en grup); el disseny i \\u00fas de tecnologies educatives personalitzades (creaci\\u00f3 de sistemes adaptatius i personalitzats per a l'aprenentatge, combinant eines de realitat augmentada, intel\\u00b7lig\\u00e8ncia artificial i recursos digitals); l'avaluaci\\u00f3 formativa i la retroacci\\u00f3 (desenvolupament de models i instruments per avaluar el proc\\u00e9s d'aprenentatge en temps real, amb una atenci\\u00f3 especial a les necessitats de suport emocional i acad\\u00e8mic dels estudiants) i l'aprenentatge sostenible i inclusiu (investigaci\\u00f3 sobre tecnologies educatives que promouen un \\u00fas sostenible i inclusiu, garantint l\\u2019accessibilitat i adaptaci\\u00f3 a diferents contextos d'aprenentatge)\",\"category_display_names\":[\"Grups de recerca universitaris\"],\"area_display_names\":[\"Educaci\\u00f3 i Alfabetitzaci\\u00f3 Digital\",\"Educaci\\u00f3 Inclusiva\",\"Pedagogia\"],\"image\":\"https:\\\/\\\/projectes.xtec.cat\\\/recerca\\\/wp-content\\\/uploads\\\/usu2090\\\/2025\\\/05\\\/EIMT_UOC.jpg\"},{\"id\":249,\"lat\":41.4067484551643,\"lon\":2.19438041647115,\"title\":\"Smart Classroom Project\",\"permalink\":\"https:\\\/\\\/projectes.xtec.cat\\\/recerca\\\/gdr\\\/smart-classroom-project\\\/\",\"subtitle\":\"Spin off de la Universitat Oberta de Catalunya i de la Universitat de Barcelona\",\"address\":\"Rbla. del Poblenou, 15608018 Barcelona\",\"phone\":\"\",\"email\":\"smartclassroom@uoc.edu\",\"website\":\"https:\\\/\\\/smartclassroomproject.com\\\/ca\\\/\",\"ambits\":[\"cientific-i-tecnologic\",\"tecnologia\"],\"categories\":[\"entitats\"],\"arees\":[\"educacio-i-alfabetitzacio-digital\",\"organitzacio-escolar-i-lideratge-educatiu\",\"pedagogia\"],\"arees_interes\":[\"alfabetitzacio-digital\",\"benestar-docent-desenvolupament-professional-docent\",\"benestar-emocional\",\"benestar-docent\",\"desenvolupament-professional-docent\",\"digitalitzacio\",\"entorn-escolar-saludable\",\"gestio-i-organitzacio-escolar\",\"infraestructura-escolar\",\"estrategies-docents\"],\"content\":\"Les seves l\\u00ednies de recerca s\\u00f3n: el disseny ambiental dels espais d'aprenentatge, enfocat en el benestar f\\u00edsic i emocional de l'alumnat i l'equip docent; la innovaci\\u00f3 pedag\\u00f2gica: basada en principis d'aprenentatge fonamentats en la recerca cient\\u00edfica per millorar les experi\\u00e8ncies educatives i la integraci\\u00f3 digital sostenible, orientada a una pres\\u00e8ncia tecnol\\u00f2gica \\\"invisible\\\" i responsable, que afavoreix l'aprenentatge sense distorsionar l'experi\\u00e8ncia educativa.\",\"category_display_names\":[\"Entitats, fundacions, societat civil i empreses\"],\"area_display_names\":[\"Educaci\\u00f3 i Alfabetitzaci\\u00f3 Digital\",\"Organitzaci\\u00f3 Escolar i Lideratge Educatiu\",\"Pedagogia\"],\"image\":\"https:\\\/\\\/projectes.xtec.cat\\\/recerca\\\/wp-content\\\/uploads\\\/usu2090\\\/2025\\\/05\\\/SmartClassroomProject.png\"},{\"id\":247,\"lat\":41.96736596914109,\"lon\":2.83694200485008,\"title\":\"Grup de recerca UdiGitalEdu. Creative Learning, STEAM and Social Change\",\"permalink\":\"https:\\\/\\\/projectes.xtec.cat\\\/recerca\\\/gdr\\\/grup-de-recerca-udigitaledu-creative-learning-steam-and-social-change\\\/\",\"subtitle\":\"Universitat de Girona.Institut de Ci\\u00e8ncies de l'Educaci\\u00f3 Josep Pallach.\",\"address\":\"C. Pic de Peguera, 13Edifici Jaume Casademont17003 Girona\",\"phone\":\"\",\"email\":\"meritxell.estebanell@udg.edu\",\"website\":\"https:\\\/\\\/www.udg.edu\\\/ca\\\/grupsrecerca\\\/udigitaledu\\\/presentacio\",\"ambits\":[\"cientific-i-tecnologic\",\"programacio\",\"robotica\",\"tecnologia\"],\"categories\":[\"grups-de-recerca-universitaris\"],\"arees\":[\"didactica-de-les-ciencies-i-la-tecnologia\",\"didactica-cos-art-i-moviment\",\"educacio-i-alfabetitzacio-digital\",\"pedagogia\"],\"arees_interes\":[\"alfabetitzacio-digital\",\"carrera-professional-docent\",\"desenvolupament-professional-docent\",\"digitalitzacio\",\"formacio-continua\",\"formacio-inicial\",\"gamificacio-i-aprenentatge-basat-en-el-joc-gbl\",\"ia-i-aprenentatge\",\"estrategies-docents\",\"stem\"],\"content\":\"Les seves l\\u00ednies de recerca s\\u00f3n: tecnologia educativa i formaci\\u00f3 docent (compet\\u00e8ncia digital docent); Tecnologies de la Informaci\\u00f3 i la Comunicaci\\u00f3 (TIC) i Tecnologies per a l'Aprenentatge i el Coneixement (TAC); tecnologies emergents en contextos educatius (pensament computacional, programaci\\u00f3 i rob\\u00f2tica, gamificaci\\u00f3, realitat augmentada, transm\\u00e8dia, entorns virtuals 3D) i STEAM i educaci\\u00f3\",\"category_display_names\":[\"Grups de recerca universitaris\"],\"area_display_names\":[\"Did\\u00e0ctica de les Ci\\u00e8ncies i la Tecnologia\",\"Did\\u00e0ctica del cos, art i moviment\",\"Educaci\\u00f3 i Alfabetitzaci\\u00f3 Digital\",\"Pedagogia\"],\"image\":\"https:\\\/\\\/projectes.xtec.cat\\\/recerca\\\/wp-content\\\/uploads\\\/usu2090\\\/2025\\\/05\\\/UdiGitalEdu.png\"},{\"id\":245,\"lat\":41.9863610655819,\"lon\":2.82748455597703,\"title\":\"Grup de Recerca en M\\u00fasica i Educaci\\u00f3 Transformativa\",\"permalink\":\"https:\\\/\\\/projectes.xtec.cat\\\/recerca\\\/gdr\\\/grup-de-recerca-en-musica-i-educacio-transformativa\\\/\",\"subtitle\":\"Universitat de Girona. Facultat d'Educaci\\u00f3 i Psicologia\",\"address\":\"Pl. de Sant Dom\\u00e8nec, 9Edifici Seminari17004 Girona\",\"phone\":\"972 418 895\",\"email\":\"miquel.alsina@udg.edu\",\"website\":\"https:\\\/\\\/www.udg.edu\\\/ca\\\/grupsrecerca\\\/gr-muset\",\"ambits\":[\"artistic\",\"musica\"],\"categories\":[\"grups-de-recerca-universitaris\"],\"arees\":[\"didactica-cos-art-i-moviment\",\"educacio-inclusiva\",\"metodes-dinvestigacio-i-transferencia-del-coneixement\",\"pedagogia\"],\"arees_interes\":[\"diversitat-i-inclusio\"],\"content\":\"Les seves l\\u00ednies de recerca s\\u00f3n: la did\\u00e0ctica musical amb un enfocament en la innovaci\\u00f3, l'educaci\\u00f3 competencial i la interdisciplinarietat, l'estudi de la m\\u00fasica tradicional en relaci\\u00f3 amb l'educaci\\u00f3 i el patrimoni, i les pr\\u00e0ctiques musicals transformatives amb \\u00e8mfasi en la inclusi\\u00f3 i l'equitat.\",\"category_display_names\":[\"Grups de recerca universitaris\"],\"area_display_names\":[\"Did\\u00e0ctica del cos, art i moviment\",\"Educaci\\u00f3 Inclusiva\",\"M\\u00e8todes d'Investigaci\\u00f3 i Transfer\\u00e8ncia del Coneixement\",\"Pedagogia\"],\"image\":\"https:\\\/\\\/projectes.xtec.cat\\\/recerca\\\/wp-content\\\/uploads\\\/usu2090\\\/2025\\\/05\\\/UdGMusica-i-Educacio.jpg\"},{\"id\":244,\"lat\":41.9863610655819,\"lon\":2.82748455597703,\"title\":\"LIBERI Grup de recerca en inf\\u00e0ncia, joventut i comunitat\",\"permalink\":\"https:\\\/\\\/projectes.xtec.cat\\\/recerca\\\/gdr\\\/liberi-grup-de-recerca-en-infancia-joventut-i-comunitat\\\/\",\"subtitle\":\"Universitat de Girona. Facultat d'Educaci\\u00f3 i Psicologia\",\"address\":\"Pl. de Sant Dom\\u00e8nec, 9Edifici Seminari17004 Girona\",\"phone\":\"972 418 027\",\"email\":\"liberi@udg.edu\",\"website\":\"https:\\\/\\\/www.udg.edu\\\/ca\\\/grupsrecerca\\\/liberi\\\/presentacio\",\"ambits\":[\"professionalitzador\",\"serveis-socioculturals-i-a-la-comunitat\",\"social-i-humanistic\",\"sociologia\"],\"categories\":[\"grups-de-recerca-universitaris\"],\"arees\":[\"metodes-dinvestigacio-i-transferencia-del-coneixement\",\"politiques-educatives-i-avaluacio\",\"sociologia-de-leducacio\"],\"arees_interes\":[\"atencio-domiciliaria\",\"avaluacio\",\"benestar-docent\",\"comunitats-daprenentatge\",\"diversitat-i-inclusio\",\"entorn-escolar-saludable\",\"gestio-i-organitzacio-escolar\",\"politiques-educatives\"],\"content\":\"Les seves l\\u00ednies de recerca s\\u00f3n: l'avaluaci\\u00f3 de pol\\u00edtiques adre\\u00e7ades a la inf\\u00e0ncia i la joventut; la participaci\\u00f3, el desenvolupament comunitari i l'animaci\\u00f3 sociocultural; l\\u2019educaci\\u00f3 comunit\\u00e0ria per a infants i joves; la promoci\\u00f3 del benestar i els drets d\\u2019aquests col\\u00b7lectius; l'an\\u00e0lisi de l\\u2019acolliment familiar i l'atenci\\u00f3 residencial; l'estudi dels processos de transici\\u00f3 dels joves extutelats; i la investigaci\\u00f3 sobre contextos de violencia que afecten la inf\\u00e0ncia i la joventut.\",\"category_display_names\":[\"Grups de recerca universitaris\"],\"area_display_names\":[\"M\\u00e8todes d'Investigaci\\u00f3 i Transfer\\u00e8ncia del Coneixement\",\"Pol\\u00edtiques Educatives i Avaluaci\\u00f3\",\"Sociologia de l'Educaci\\u00f3\"],\"image\":\"https:\\\/\\\/projectes.xtec.cat\\\/recerca\\\/wp-content\\\/uploads\\\/usu2090\\\/2025\\\/05\\\/Liberi.jpg\"},{\"id\":243,\"lat\":41.9863610655819,\"lon\":2.82748455597703,\"title\":\"Grup de Recerca en Pol\\u00edtiques, Programes i Serveis Educatius i Socioculturals. GRES\",\"permalink\":\"https:\\\/\\\/projectes.xtec.cat\\\/recerca\\\/gdr\\\/grup-de-recerca-en-politiques-programes-i-serveis-educatius-i-socioculturals-gres\\\/\",\"subtitle\":\"Universitat de Girona. Facultat d'Educaci\\u00f3 i Psicologia\",\"address\":\"Pl. de Sant Dom\\u00e8nec, 9Edifici Seminari17004 Girona\",\"phone\":\"972 418 012\",\"email\":\"gresrecerca@udg.edu\",\"website\":\"https:\\\/\\\/www.udg.edu\\\/ca\\\/grupsrecerca\\\/gres\\\/qui-som\",\"ambits\":[\"social-i-humanistic\",\"sociologia\"],\"categories\":[\"grups-de-recerca-universitaris\"],\"arees\":[\"metodes-dinvestigacio-i-transferencia-del-coneixement\",\"politiques-educatives-i-avaluacio\",\"sociologia-de-leducacio\"],\"arees_interes\":[\"carrera-professional-docent\",\"ciencies-socials-i-educacio-critica\",\"ciutadania-democratica\",\"desenvolupament-professional-docent\",\"diversitat-i-inclusio\",\"gestio-i-organitzacio-escolar\",\"interculturalitat-i-immigracio\",\"pensament-critic\",\"zer\"],\"content\":\"Les seves l\\u00ednies de recerca s\\u00f3n: l'an\\u00e0lisi de l'educaci\\u00f3 en l'escola rural i les seves particularitats; la diversitat cultural i la immigraci\\u00f3 en el context educatiu; l'estudi de l'estructura social i el seu impacte en l'educaci\\u00f3; la relaci\\u00f3 entre democr\\u00e0cia i educaci\\u00f3 en la construcci\\u00f3 d\\u2019una societat inclusiva; el desenvolupament de la mentoria social com a eina educativa; i la renovaci\\u00f3 pedag\\u00f2gica a trav\\u00e9s de noves pr\\u00e0ctiques i metodologies en l'ensenyament.\",\"category_display_names\":[\"Grups de recerca universitaris\"],\"area_display_names\":[\"M\\u00e8todes d'Investigaci\\u00f3 i Transfer\\u00e8ncia del Coneixement\",\"Pol\\u00edtiques Educatives i Avaluaci\\u00f3\",\"Sociologia de l'Educaci\\u00f3\"],\"image\":\"https:\\\/\\\/projectes.xtec.cat\\\/recerca\\\/wp-content\\\/uploads\\\/usu2090\\\/2025\\\/05\\\/GRES.jpg\"},{\"id\":241,\"lat\":41.9863610655819,\"lon\":2.82748455597703,\"title\":\"BITACOLA Equip de Recerca Col.laborativa per a la Millora Curricular, Organitzativa i de l&#8217;Orientaci\\u00f3 en Educaci\\u00f3\",\"permalink\":\"https:\\\/\\\/projectes.xtec.cat\\\/recerca\\\/gdr\\\/bitacola-equip-de-recerca-col-laborativa-per-a-la-millora-curricular-organitzativa-i-de-lorientacio-en-educacio\\\/\",\"subtitle\":\"Universitat de Girona. Facultat d'Educaci\\u00f3 i Psicologia\",\"address\":\"Pl. de Sant Dom\\u00e8nec, 9Edifici Seminari17004 Girona\",\"phone\":\"972 418 307\",\"email\":\"joan.teixido@udg.edu\",\"website\":\"https:\\\/\\\/www.udg.edu\\\/ca\\\/deppe\\\/recerca\\\/grups-de-recerca\",\"ambits\":[],\"categories\":[\"grups-de-recerca-universitaris\"],\"arees\":[\"educacio-inclusiva\",\"pedagogia\"],\"arees_interes\":[\"diversitat-i-inclusio\",\"gestio-i-organitzacio-escolar\",\"orientacio\",\"plans-educatius-pga-pec-pac-nofc-pee\"],\"content\":\"Les seves l\\u00ednies de recerca s\\u00f3n: la millora curricular i organitzativa en educaci\\u00f3 a trav\\u00e9s de pr\\u00e0ctiques col\\u00b7laboratives i innovadores, i el desenvolupament d\\u2019estrat\\u00e8gies d\\u2019orientaci\\u00f3 educativa que promouen una formaci\\u00f3 integral i inclusiva.\",\"category_display_names\":[\"Grups de recerca universitaris\"],\"area_display_names\":[\"Educaci\\u00f3 Inclusiva\",\"Pedagogia\"],\"image\":\"https:\\\/\\\/projectes.xtec.cat\\\/recerca\\\/wp-content\\\/uploads\\\/usu2090\\\/2025\\\/05\\\/UDG_BITACOLA.png\"},{\"id\":240,\"lat\":41.4377705277307,\"lon\":2.14477941349261,\"title\":\"Grup d&#8217;Investigaci\\u00f3 i Assessorament Did\\u00e0ctic\",\"permalink\":\"https:\\\/\\\/projectes.xtec.cat\\\/recerca\\\/gdr\\\/grup-dinvestigacio-i-assessorament-didactic\\\/\",\"subtitle\":\"Universitat de Barcelona. Facultat d'Educaci\\u00f3\",\"address\":\"Pg. de la Vall d'Hebron 171 Edifici de Llevant, 2a planta08035 Barcelona\",\"phone\":\"934 035 055\",\"email\":\"nuria.lorenzo@ub.edu\",\"website\":\"https:\\\/\\\/grupgiad.wordpress.com\\\/\",\"ambits\":[\"aprendre-a-aprendre\",\"cohesio-social\",\"desenvolupament-personal-i-social\"],\"categories\":[\"grups-de-recerca-universitaris\"],\"arees\":[\"educacio-inclusiva\",\"etapes-educatives\",\"organitzacio-escolar-i-lideratge-educatiu\",\"pedagogia\"],\"arees_interes\":[\"aprenentatge-collaboratiu-i-cooperatiu\",\"avaluacio\",\"ccbb-competencies-basiques\",\"diversitat-i-inclusio\",\"interculturalitat-i-immigracio\",\"estrategies-docents\"],\"content\":\"Les seves l\\u00ednies de recerca s\\u00f3n: les estrat\\u00e8gies did\\u00e0ctiques per a l'educaci\\u00f3 intercultural i l'educaci\\u00f3 al llarg de la vida; els escenaris i xarxes d\\u2019aprenentatge integrat per a un ensenyament de qualitat; la innovaci\\u00f3 i investigaci\\u00f3 amb mirada transdisciplin\\u00e0ria; les estrat\\u00e8gies creatives per a l'educaci\\u00f3 i el desenvolupament de materials i estrat\\u00e8gies educatives; l'educaci\\u00f3 per a la vida i el \\\"sentipensar\\\"; la recerca sobre avaluaci\\u00f3, qualitat i innovaci\\u00f3 curricular; l'observaci\\u00f3 del curr\\u00edculum i les compet\\u00e8ncies b\\u00e0siques; i l'an\\u00e0lisi de la diversitat, la immigraci\\u00f3 i l'aprenentatge aut\\u00f2nom en contextos escolars.\",\"category_display_names\":[\"Grups de recerca universitaris\"],\"area_display_names\":[\"Educaci\\u00f3 Inclusiva\",\"Etapes Educatives\",\"Organitzaci\\u00f3 Escolar i Lideratge Educatiu\",\"Pedagogia\"],\"image\":\"https:\\\/\\\/projectes.xtec.cat\\\/recerca\\\/wp-content\\\/uploads\\\/usu2090\\\/2025\\\/05\\\/GIAD.png\"},{\"id\":238,\"lat\":41.4377705277307,\"lon\":2.14477941349261,\"title\":\"Grup de Recerca Ensenyament i Aprenentatge Virtual (GREAV)\",\"permalink\":\"https:\\\/\\\/projectes.xtec.cat\\\/recerca\\\/gdr\\\/grup-de-recerca-ensenyament-i-aprenentatge-virtual-greav\\\/\",\"subtitle\":\"Universitat de Barcelona. Facultat d'Educaci\\u00f3\",\"address\":\"Pg. de la Vall d'Hebron, 171Edifici Llevant, 3a planta08035 Barcelona\",\"phone\":\"934 035 185\",\"email\":\"info@greav.net\",\"website\":\"https:\\\/\\\/ub.greav.net\\\/\",\"ambits\":[\"artistic\",\"cientific-i-tecnologic\"],\"categories\":[\"grups-de-recerca-universitaris\"],\"arees\":[\"educacio-i-alfabetitzacio-digital\"],\"arees_interes\":[\"ia-i-aprenentatge\",\"estrategies-docents\",\"stem\"],\"content\":\"Les seves l\\u00ednies de recerca s\\u00f3n: les narratives digitals, el portafolis digital, les compet\\u00e8ncies STEAM i el disseny instruccional (interactivitat i intel\\u00b7lig\\u00e8ncia artificial).\",\"category_display_names\":[\"Grups de recerca universitaris\"],\"area_display_names\":[\"Educaci\\u00f3 i Alfabetitzaci\\u00f3 Digital\"],\"image\":\"https:\\\/\\\/projectes.xtec.cat\\\/recerca\\\/wp-content\\\/uploads\\\/usu2090\\\/2025\\\/05\\\/GREAV.png\"},{\"id\":237,\"lat\":41.4377705277307,\"lon\":2.14477941349261,\"title\":\"Grup de recerca i innovaci\\u00f3 en treball social (GRITS)\",\"permalink\":\"https:\\\/\\\/projectes.xtec.cat\\\/recerca\\\/gdr\\\/grup-de-recerca-i-innovacio-en-treball-social-grits\\\/\",\"subtitle\":\"Universitat de Barcelona. Facultat d'Educaci\\u00f3\",\"address\":\"Pg. de la Vall d'Hebron, 171Edifici Llevant08035 Barcelona\",\"phone\":\"934 034 920\",\"email\":\"violetaquiroga@ub.edu\",\"website\":\"https:\\\/\\\/webgrec.ub.edu\\\/cgi-bin\\\/3DADREC\\\/crfitgrup.cgi?PAR=GRINTRSO\",\"ambits\":[\"professionalitzador\",\"serveis-socioculturals-i-a-la-comunitat\"],\"categories\":[\"grups-de-recerca-universitaris\"],\"arees\":[\"educacio-inclusiva\",\"sociologia-de-leducacio\"],\"arees_interes\":[\"desenvolupament-professional-docent\",\"diversitat-i-inclusio\",\"formacio-continua\",\"formacio-inicial\",\"gestio-i-organitzacio-escolar\"],\"content\":\"Les seves l\\u00ednies de recerca s\\u00f3n: augmentar la qualitat de la formaci\\u00f3 dels futurs i de les futures professionals del Treball Social, i incrementar el cos te\\u00f2ric del coneixement de la professi\\u00f3 i aproximar-se als contextos d'intervenci\\u00f3 del treball social i a les persones, grups i col\\u00b7lectius que es troben en situaci\\u00f3 d'exclusi\\u00f3, desigualtat i vulneraci\\u00f3 dels seus drets fonamentals.\",\"category_display_names\":[\"Grups de recerca universitaris\"],\"area_display_names\":[\"Educaci\\u00f3 Inclusiva\",\"Sociologia de l'Educaci\\u00f3\"],\"image\":\"https:\\\/\\\/projectes.xtec.cat\\\/recerca\\\/wp-content\\\/uploads\\\/usu2090\\\/2025\\\/05\\\/Grits.jpg\"},{\"id\":236,\"lat\":41.4377705277307,\"lon\":2.14477941349261,\"title\":\"FODIP- Formaci\\u00f3 Docent i Innovaci\\u00f3 Pedag\\u00f2gica\",\"permalink\":\"https:\\\/\\\/projectes.xtec.cat\\\/recerca\\\/gdr\\\/fodip-formacio-docent-i-innovacio-pedagogica\\\/\",\"subtitle\":\"Universitat de Barcelona. Facultat d'Educaci\\u00f3\",\"address\":\"Pg. de la Vall d'Hebron, 17108035 Barcelona\",\"phone\":\"934 020 116\",\"email\":\"fodip@ub.edu\",\"website\":\"https:\\\/\\\/www.ub.edu\\\/fodip\\\/\",\"ambits\":[],\"categories\":[\"grups-de-recerca-universitaris\"],\"arees\":[\"organitzacio-escolar-i-lideratge-educatiu\",\"pedagogia\"],\"arees_interes\":[\"avaluacio-avaluacio\",\"avaluacio\",\"desenvolupament-professional-docent\",\"formacio-continua\",\"formacio-inicial\"],\"content\":\"Les seves l\\u00ednies de recerca s\\u00f3n: formaci\\u00f3 i innovaci\\u00f3 docent universit\\u00e0ria; formaci\\u00f3, organitzaci\\u00f3 i avaluaci\\u00f3 educativa; formaci\\u00f3 del professorat no universitari i cooperaci\\u00f3 internacional.\",\"category_display_names\":[\"Grups de recerca universitaris\"],\"area_display_names\":[\"Organitzaci\\u00f3 Escolar i Lideratge Educatiu\",\"Pedagogia\"],\"image\":\"https:\\\/\\\/projectes.xtec.cat\\\/recerca\\\/wp-content\\\/uploads\\\/usu2090\\\/2025\\\/05\\\/fodip.png\"},{\"id\":235,\"lat\":41.438709937867,\"lon\":2.14458985767158,\"title\":\"Pedagogia Hospital\\u00e0ria en Neonatologia i Pediatria\",\"permalink\":\"https:\\\/\\\/projectes.xtec.cat\\\/recerca\\\/gdr\\\/pedagogia-hospitalaria-en-neonatologia-i-pediatria\\\/\",\"subtitle\":\"Universitat de Barcelona. Facultat d'Educaci\\u00f3\",\"address\":\"Pg. de la Vall d'Hebron, 171Edifici de Llevant, 2a planta08035 Barcelona\",\"phone\":\"\",\"email\":\"pedagogiahospitalaria@ub.edu\",\"website\":\"https:\\\/\\\/pedagogiahospitalaria.org\\\/\",\"ambits\":[\"aprendre-a-aprendre\",\"desenvolupament-personal-i-social\"],\"categories\":[\"grups-de-recerca-universitaris\"],\"arees\":[\"educacio-i-salut\",\"pedagogia\",\"psicologia-de-leducacio\"],\"arees_interes\":[\"atencio-domiciliaria\",\"avaluacio-avaluacio\",\"avaluacio\",\"benestar-docent\",\"desenvolupament-professional-docent\",\"diversitat-funcional\",\"diversitat-i-inclusio\",\"gestio-i-organitzacio-escolar\",\"habits-i-salut\",\"participacio-i-families\"],\"content\":\"Les seves l\\u00ednies de recerca s\\u00f3n: el desenvolupament de models assistencials d'excel\\u00b7l\\u00e8ncia i inclusius centrats en l'infant, l'adolescent i la fam\\u00edlia; la creaci\\u00f3 i implementaci\\u00f3 de programes i estrat\\u00e8gies d'intervenci\\u00f3 des de la pedagogia hospital\\u00e0ria amb una mirada transdisciplinar i hol\\u00edstica; la promoci\\u00f3 de les compet\\u00e8ncies del nad\\u00f3: autoregulaci\\u00f3, comunicaci\\u00f3, cognici\\u00f3 i resili\\u00e8ncia; el foment de les compet\\u00e8ncies de l'infant i l'adolescent: compet\\u00e8ncies per aprendre a aprendre, emocionals i creatives; l'impuls de les compet\\u00e8ncies parentals: parentalitat positiva, bon tracte, d'afrontament i resili\\u00e8ncia; la millora de les compet\\u00e8ncies professionals: habilitats observacionals i interpretatives, presa de decisions i empowerment i l'avaluaci\\u00f3 i intervenci\\u00f3 per afavorir la qualitat de vida de la poblaci\\u00f3 vulnerable per motius de salut.\",\"category_display_names\":[\"Grups de recerca universitaris\"],\"area_display_names\":[\"Educaci\\u00f3 i Salut\",\"Pedagogia\",\"Psicologia de l'Educaci\\u00f3\"],\"image\":\"https:\\\/\\\/projectes.xtec.cat\\\/recerca\\\/wp-content\\\/uploads\\\/usu2090\\\/2025\\\/05\\\/Pedagogia-Hospitalaria.png\"},{\"id\":234,\"lat\":41.5053844321016,\"lon\":2.10587275483276,\"title\":\"GRETEL Grup de Recerca de literatura infantil i juvenil i educaci\\u00f3 liter\\u00e0ria\",\"permalink\":\"https:\\\/\\\/projectes.xtec.cat\\\/recerca\\\/gdr\\\/gretel-grup-de-recerca-de-literatura-infantil-i-juvenil-i-educacio-literaria\\\/\",\"subtitle\":\"Universitat Aut\\u00f2noma de Barcelona. Facultat de Ci\\u00e8ncies de l'Educaci\\u00f3\",\"address\":\"Campus de la Universitat Aut\\u00f2noma de BarcelonaEdifici G5Departament Did\\u00e0ctica de la Llengua, Literatura i Ci\\u00e8ncies SocialsFacultat de Ci\\u00e8ncies de l'Educaci\\u00f3\",\"phone\":\"93 581 26 54\",\"email\":\"gretel@uab.cat\",\"website\":\"https:\\\/\\\/www.gretel.cat\\\/\",\"ambits\":[\"comprensio-escrita\",\"literatura\",\"linguistic-i-literari\"],\"categories\":[\"grups-de-recerca-universitaris\"],\"arees\":[\"didactica-de-la-llengua-i-la-literatura\",\"etapes-educatives\"],\"arees_interes\":[\"digitalitzacio\",\"estrategies-docents\"],\"content\":\"Les seves l\\u00ednies actuals de recerca s\\u00f3n: l'an\\u00e0lisi de les obres liter\\u00e0ries destinades als infants i adolescents en relaci\\u00f3 amb els aprenentatges que ofereixen per a la formaci\\u00f3 del lector; els objectius educatius literaris de l'escola obligat\\u00f2ria; la literatura infantil i juvenil digital; l'aprenentatge literari a l'escola a partir de projectes de treball; els h\\u00e0bits lectors i la programaci\\u00f3 escolar de les lectures; la discussi\\u00f3 interpretativa de llibres infantils i juvenils a l'escola; els llibres per a primeres edats i primers lectors.\",\"category_display_names\":[\"Grups de recerca universitaris\"],\"area_display_names\":[\"Did\\u00e0ctica de la Llengua i la Literatura\",\"Etapes Educatives\"],\"image\":\"https:\\\/\\\/projectes.xtec.cat\\\/recerca\\\/wp-content\\\/uploads\\\/usu2090\\\/2025\\\/05\\\/gretel.png\"},{\"id\":230,\"lat\":41.4067343522116,\"lon\":2.19445015178702,\"title\":\"Laboratori d&#8217;Educaci\\u00f3 Social\",\"permalink\":\"https:\\\/\\\/projectes.xtec.cat\\\/recerca\\\/gdr\\\/laboratori-deducacio-social\\\/\",\"subtitle\":\"Universitat Oberta de Catalunya\",\"address\":\"Rbla. del Poblenou, 154-15608018 Barcelona\",\"phone\":\"\",\"email\":\"gferrere@uoc.edu\",\"website\":\"https:\\\/\\\/transfer.research.uoc.edu\\\/ca\\\/grups\\\/les.html\",\"ambits\":[\"cohesio-social\",\"desenvolupament-personal-i-social\",\"professionalitzador\",\"serveis-socioculturals-i-a-la-comunitat\"],\"categories\":[\"grups-de-recerca-universitaris\"],\"arees\":[\"educacio-i-alfabetitzacio-digital\",\"politiques-educatives-i-avaluacio\",\"sociologia-de-leducacio\"],\"arees_interes\":[\"absentisme\",\"avaluacio\",\"benestar-docent\",\"desenvolupament-professional-docent\",\"diversitat-i-inclusio\",\"digitalitzacio\",\"entorn-escolar-saludable\",\"formacio-continua\",\"formacio-inicial\",\"estrategies-docents\",\"politiques-educatives\",\"segregacio-i-abandonament\"],\"content\":\"El grup centra la seva recerca en quatre l\\u00ednies principals: els models d'educaci\\u00f3 social i el desenvolupament professional en aquest \\u00e0mbit; l\\u2019estudi interdisciplinari de l'educaci\\u00f3 i els problemes socials contemporanis; l'an\\u00e0lisi de les pol\\u00edtiques socioeducatives i sociosanit\\u00e0ries i el seu impacte en les desigualtats; i l'exploraci\\u00f3 de les pr\\u00e0ctiques professionals en educaci\\u00f3 i treball social, incloent la formaci\\u00f3 digital cr\\u00edtica i les estrat\\u00e8gies d'inserci\\u00f3 sociolaboral i prevenci\\u00f3 de l'abandonament escolar.\",\"category_display_names\":[\"Grups de recerca universitaris\"],\"area_display_names\":[\"Educaci\\u00f3 i Alfabetitzaci\\u00f3 Digital\",\"Pol\\u00edtiques Educatives i Avaluaci\\u00f3\",\"Sociologia de l'Educaci\\u00f3\"],\"image\":\"https:\\\/\\\/projectes.xtec.cat\\\/recerca\\\/wp-content\\\/uploads\\\/usu2090\\\/2025\\\/05\\\/UOC_LaboratoriEducacio.png\"},{\"id\":229,\"lat\":41.6076099005743,\"lon\":0.625781661370483,\"title\":\"Cognici\\u00f3 &#038; Context i les Tecnologies de la Informaci\\u00f3 i de la Comunicaci\\u00f3 (COnTIC)\",\"permalink\":\"https:\\\/\\\/projectes.xtec.cat\\\/recerca\\\/gdr\\\/cognicio-context-i-les-tecnologies-de-la-informacio-i-de-la-comunicacio-contic\\\/\",\"subtitle\":\"Universitat de Lleida\",\"address\":\"Av. de I'Estudi General, 4 25001 Lleida\",\"phone\":\"\",\"email\":\"\",\"website\":\"https:\\\/\\\/www.contic.udl.cat\\\/ca\\\/grup\",\"ambits\":[\"cientific-i-tecnologic\",\"tecnologia\"],\"categories\":[\"grups-de-recerca-universitaris\"],\"arees\":[\"educacio-i-alfabetitzacio-digital\"],\"arees_interes\":[\"aprenentatge-collaboratiu-i-cooperatiu\",\"digitalitzacio\",\"estrategies-docents\"],\"content\":\"Les seves l\\u00ednies de recerca s\\u00f3n: l'estudi de les tecnologies interactives com a mediadores de l'aprenentatge i els processos socials; la promoci\\u00f3 de la col\\u00b7laboraci\\u00f3 i la cocreaci\\u00f3 en grups petits mitjan\\u00e7ant tecnologia innovadora; i el disseny de materials educatius que fomentin la creativitat i la innovaci\\u00f3 tecnol\\u00f2gica.\",\"category_display_names\":[\"Grups de recerca universitaris\"],\"area_display_names\":[\"Educaci\\u00f3 i Alfabetitzaci\\u00f3 Digital\"],\"image\":\"https:\\\/\\\/projectes.xtec.cat\\\/recerca\\\/wp-content\\\/uploads\\\/usu2090\\\/2025\\\/05\\\/logo.png\"},{\"id\":228,\"lat\":41.4383981248213,\"lon\":2.14444823808859,\"title\":\"Grup de Recerca en Orientaci\\u00f3 Psicopedag\\u00f2gica (GROP)\",\"permalink\":\"https:\\\/\\\/projectes.xtec.cat\\\/recerca\\\/gdr\\\/grup-de-recerca-en-orientacio-psicopedagogica-grop\\\/\",\"subtitle\":\"Universitat de Barcelona\",\"address\":\"Pg. de la Vall d'Hebron, 17108035 Barcelona\",\"phone\":\"934 035 204\",\"email\":\"grop@ub.edu\",\"website\":\"https:\\\/\\\/webgrec.ub.edu\\\/websGR\\\/reports\\\/GROP1997_CAT.html\",\"ambits\":[],\"categories\":[\"grups-de-recerca-universitaris\"],\"arees\":[\"educacio-inclusiva\",\"organitzacio-escolar-i-lideratge-educatiu\",\"psicologia-de-leducacio\"],\"arees_interes\":[\"benestar-emocional\",\"benestar-docent\",\"diversitat-i-inclusio\",\"orientacio\"],\"content\":\"Les seves l\\u00ednies de recerca s\\u00f3n: l'estudi i el desenvolupament de pr\\u00e0ctiques i estrat\\u00e8gies que afavoreixin l\\u2019orientaci\\u00f3 educativa i personal; la millora dels processos d'ensenyament i aprenentatge i el desenvolupament integral de les persones.\",\"category_display_names\":[\"Grups de recerca universitaris\"],\"area_display_names\":[\"Educaci\\u00f3 Inclusiva\",\"Organitzaci\\u00f3 Escolar i Lideratge Educatiu\",\"Psicologia de l'Educaci\\u00f3\"],\"image\":false},{\"id\":227,\"lat\":41.4383981248213,\"lon\":2.14444823808859,\"title\":\"Learning, Media &#038; Social Interactions (LMI)\",\"permalink\":\"https:\\\/\\\/projectes.xtec.cat\\\/recerca\\\/gdr\\\/learning-media-social-interactions-lmi\\\/\",\"subtitle\":\"Universitat de Barcelona\",\"address\":\"Pg. de la Vall d'Hebron, 171Edifici Llevant, 00508035 Barcelona\",\"phone\":\"934 035 065\",\"email\":\"\",\"website\":\"https:\\\/\\\/www.lmi-cat.net\\\/es\\\/lineas-de-investigaci%C3%B3n\",\"ambits\":[\"cientific-i-tecnologic\",\"tecnologia\"],\"categories\":[\"grups-de-recerca-universitaris\"],\"arees\":[\"educacio-i-alfabetitzacio-digital\",\"educacio-inclusiva\",\"sociologia-de-leducacio\"],\"arees_interes\":[\"alfabetitzacio-digital\",\"ciencies-socials-i-educacio-critica\",\"desenvolupament-professional-docent\",\"diversitat-i-inclusio\",\"digitalitzacio\",\"gestio-i-organitzacio-escolar\",\"estrategies-docents\",\"participacio-i-families\",\"xarxes-socials\"],\"content\":\"Les seves l\\u00ednies de recerca s\\u00f3n: entorns formatius potenciats per la tecnologia; alfabetitzaci\\u00f3 digital; inclusi\\u00f3 social en contextos medi\\u00e0tics; avaluaci\\u00f3 dels aprenentatges amb TIC; diversitat i inclusi\\u00f3 a l'escola; inf\\u00e0ncia i pantalles.\",\"category_display_names\":[\"Grups de recerca universitaris\"],\"area_display_names\":[\"Educaci\\u00f3 i Alfabetitzaci\\u00f3 Digital\",\"Educaci\\u00f3 Inclusiva\",\"Sociologia de l'Educaci\\u00f3\"],\"image\":\"https:\\\/\\\/projectes.xtec.cat\\\/recerca\\\/wp-content\\\/uploads\\\/usu2090\\\/2025\\\/05\\\/Learning-Media-Social-Interactions.png\"},{\"id\":225,\"lat\":41.411653930995,\"lon\":2.13282856712993,\"title\":\"PSITIC: Grup de Recerca en Pedagogia, Societat i Innovaci\\u00f3 amb el suport de les Tecnologies de l&#8217;Informaci\\u00f3 i la Comunicaci\\u00f3\",\"permalink\":\"https:\\\/\\\/projectes.xtec.cat\\\/recerca\\\/gdr\\\/psitic-grup-de-recerca-en-pedagogia-societat-i-innovacio-amb-el-suport-de-les-tecnologies-de-linformacio-i-la-comunicacio\\\/\",\"subtitle\":\"Universitat Ramon Llull. Facultat de Psicologia, Ci\\u00e8ncies de l'Educaci\\u00f3 i de l'Esport\",\"address\":\"C. del C\\u00edster, 34 08022 Barcelona\",\"phone\":\"\",\"email\":\"jordirr@blanquerna.url.edu\",\"website\":\"https:\\\/\\\/grpsitic-blanquerna.cat\\\/?page_id=2293\",\"ambits\":[],\"categories\":[\"grups-de-recerca-universitaris\"],\"arees\":[\"educacio-i-alfabetitzacio-digital\",\"sociologia-de-leducacio\"],\"arees_interes\":[\"diversitat-i-inclusio\",\"digitalitzacio\",\"gestio-i-organitzacio-escolar\",\"mediacio\",\"estrategies-docents\"],\"content\":\"Les seves l\\u00ednies de recerca s\\u00f3n: 1) innovaci\\u00f3 socioeducativa amb el suport de les TIC; 2) nous ecosistemes educatius, innovaci\\u00f3 col\\u00b7laborativa, inclusi\\u00f3 i capital social; 3) participaci\\u00f3 socioeducativa, gesti\\u00f3 d'aula i mediaci\\u00f3 i 4) \\u00e8tica i fonamentaci\\u00f3 dels nous reptes socioeducatius.\",\"category_display_names\":[\"Grups de recerca universitaris\"],\"area_display_names\":[\"Educaci\\u00f3 i Alfabetitzaci\\u00f3 Digital\",\"Sociologia de l'Educaci\\u00f3\"],\"image\":\"https:\\\/\\\/projectes.xtec.cat\\\/recerca\\\/wp-content\\\/uploads\\\/usu2090\\\/2025\\\/05\\\/PSTIC_blanquerna.png\"},{\"id\":224,\"lat\":41.411653930995,\"lon\":2.13282856712993,\"title\":\"Grup de Recerca en Educaci\\u00f3, Did\\u00e0ctica i Aprenentatge (GREDA)\",\"permalink\":\"https:\\\/\\\/projectes.xtec.cat\\\/recerca\\\/gdr\\\/grup-de-recerca-en-educacio-didactica-i-aprenentatge-greda\\\/\",\"subtitle\":\"Universitat Ramon Llull. Facultat de Psicologia, Ci\\u00e8ncies de l'Educaci\\u00f3 i de l'Esport\",\"address\":\"C. del C\\u00edster, 3408022 Barcelona\",\"phone\":\"\",\"email\":\"cristinacl@blanquerna.url.edu\",\"website\":\"https:\\\/\\\/www.blanquerna.edu\\\/ca\\\/recerca\\\/greda-grup-de-recerca-en-educacio-didactica-i-aprenentatge#presentacio\",\"ambits\":[\"cientific-i-tecnologic\",\"desenvolupament-personal-i-social\",\"linguistic-i-literari\",\"matematic\",\"religio\"],\"categories\":[\"grups-de-recerca-universitaris\"],\"arees\":[\"didactica-de-la-llengua-i-la-literatura\",\"didactica-de-les-ciencies-i-la-tecnologia\",\"didactica-de-les-ciencies-socials-i-les-humanitats\",\"didactica-de-les-matematiques\"],\"arees_interes\":[\"avaluacio\",\"ccbb-competencies-basiques\",\"ciencies-socials-i-educacio-critica\",\"ods-sostenibilitat\"],\"content\":\"Treballa en quatre l\\u00ednies vinculades a diferents did\\u00e0ctiques: lleng\\u00fces, fet religi\\u00f3s, matem\\u00e0tica i ci\\u00e8ncies experimentals, i educaci\\u00f3 a la primera inf\\u00e0ncia. Aquestes l\\u00ednies s'uneixen sota una visi\\u00f3 comuna de l'educaci\\u00f3 com un proc\\u00e9s constructivista, din\\u00e0mic, humanista i ecol\\u00f2gic, amb el focus en l\\u2019alumnat com a protagonista del seu aprenentatge. A m\\u00e9s dels objectius espec\\u00edfics de cada l\\u00ednia, GREDA persegueix fites transversals com la transfer\\u00e8ncia de coneixement a escoles i instituts, la millora de la formaci\\u00f3 docent i la recerca sobre l'impacte de propostes educatives globalitzades i competencials.\",\"category_display_names\":[\"Grups de recerca universitaris\"],\"area_display_names\":[\"Did\\u00e0ctica de la Llengua i la Literatura\",\"Did\\u00e0ctica de les Ci\\u00e8ncies i la Tecnologia\",\"Did\\u00e0ctica de les Ci\\u00e8ncies Socials i les Humanitats\",\"Did\\u00e0ctica de les Matem\\u00e0tiques\"],\"image\":\"https:\\\/\\\/projectes.xtec.cat\\\/recerca\\\/wp-content\\\/uploads\\\/usu2090\\\/2025\\\/05\\\/GREDA-Blanquerna.jpg\"},{\"id\":223,\"lat\":41.438878841133,\"lon\":2.1445576711642,\"title\":\"Grup de recerca i innovaci\\u00f3 Did\\u00e0ctica del Patrimoni, Museografia comprensiva i Noves tecnologies (DIDPATRI)\",\"permalink\":\"https:\\\/\\\/projectes.xtec.cat\\\/recerca\\\/gdr\\\/grup-de-recerca-i-innovacio-didactica-del-patrimoni-museografia-comprensiva-i-noves-tecnologies-didpatri\\\/\",\"subtitle\":\"Universitat de Barcelona. Facultat d'Educaci\\u00f3\",\"address\":\"Pg. de la Vall d'Hebron, 171Edifici Llevant08035 Barcelona\",\"phone\":\"934 035 088\",\"email\":\"didpatri@ub.edu\",\"website\":\"https:\\\/\\\/didpatri.cat\\\/\",\"ambits\":[\"artistic\",\"social-i-humanistic\"],\"categories\":[\"grups-de-recerca-universitaris\"],\"arees\":[\"didactica-de-les-ciencies-socials-i-les-humanitats\",\"didactica-cos-art-i-moviment\"],\"arees_interes\":[\"avaluacio-avaluacio\",\"avaluacio\"],\"content\":\"Les seves l\\u00ednies de recerca s\\u00f3n: la did\\u00e0ctica de les ci\\u00e8ncies socials, les arts, les humanitats i el patrimoni, abordant els processos d'ensenyament i aprenentatge en contextos formals, no formals i informals. Tamb\\u00e9 treballa en innovaci\\u00f3 docent, avaluaci\\u00f3 educativa i recerca disciplin\\u00e0ria aplicada a aquests \\u00e0mbits. A m\\u00e9s, desenvolupa estudis sobre museografia, gesti\\u00f3 patrimonial, turisme cultural i interpretaci\\u00f3 del patrimoni, aix\\u00ed com la comunicaci\\u00f3 i socialitzaci\\u00f3 del patrimoni, amb una atenci\\u00f3 especial als estudis de p\\u00fablic, l\\u2019avaluaci\\u00f3 d'exposicions i el disseny de prototips did\\u00e0ctics.\",\"category_display_names\":[\"Grups de recerca universitaris\"],\"area_display_names\":[\"Did\\u00e0ctica de les Ci\\u00e8ncies Socials i les Humanitats\",\"Did\\u00e0ctica del cos, art i moviment\"],\"image\":\"https:\\\/\\\/projectes.xtec.cat\\\/recerca\\\/wp-content\\\/uploads\\\/usu2090\\\/2025\\\/05\\\/dipatri_UB.png\"},{\"id\":222,\"lat\":41.4034939436577,\"lon\":2.11965362698523,\"title\":\"Analytics, Simulations and Inquiry in STEM and Business Education (ASISTEMBE)\",\"permalink\":\"https:\\\/\\\/projectes.xtec.cat\\\/recerca\\\/gdr\\\/analytics-simulations-and-inquiry-in-stem-and-business-education-asistembe\\\/\",\"subtitle\":\"Universitat Ramon Llull\",\"address\":\"Via Augusta, 39008017 Barcelona\",\"phone\":\"932 672 000\",\"email\":\"asistembe@iqs.url.edu\",\"website\":\"https:\\\/\\\/asistembe.iqs.edu\\\/es_ES\\\/\",\"ambits\":[\"matematic\"],\"categories\":[\"grups-de-recerca-universitaris\"],\"arees\":[\"didactica-de-les-ciencies-i-la-tecnologia\",\"didactica-de-les-matematiques\",\"educacio-i-alfabetitzacio-digital\"],\"arees_interes\":[\"estrategies-docents\",\"stem\"],\"content\":\"Les seves tres l\\u00ednies de recerca s\\u00f3n: la millora de l'educaci\\u00f3 universit\\u00e0ria en matem\\u00e0tiques aplicades a trav\\u00e9s de la modelitzaci\\u00f3 matem\\u00e0tica i dispositius d'educaci\\u00f3 basats en la recerca; l'aprenentatge en STEM amb l'\\u00fas d'aplicacions interactives i la seva an\\u00e0lisi a trav\\u00e9s de la captura de traces i la utilitzaci\\u00f3 de t\\u00e8cniques quantitatives i l'aplicaci\\u00f3 de simulacions i jocs educatius per l'aprenentatge en els negocis.\",\"category_display_names\":[\"Grups de recerca universitaris\"],\"area_display_names\":[\"Did\\u00e0ctica de les Ci\\u00e8ncies i la Tecnologia\",\"Did\\u00e0ctica de les Matem\\u00e0tiques\",\"Educaci\\u00f3 i Alfabetitzaci\\u00f3 Digital\"],\"image\":\"https:\\\/\\\/projectes.xtec.cat\\\/recerca\\\/wp-content\\\/uploads\\\/usu2090\\\/2025\\\/05\\\/ASISTEMBE_Ramon-LLull.png\"},{\"id\":221,\"lat\":41.4102958817674,\"lon\":2.1264708125008,\"title\":\"Grup d&#8217;Investigaci\\u00f3 Fam\\u00edlia, Educaci\\u00f3 i Escola Inclusiva (TRIVIUM)\",\"permalink\":\"https:\\\/\\\/projectes.xtec.cat\\\/recerca\\\/gdr\\\/grup-dinvestigacio-familia-educacio-i-escola-inclusiva-trivium\\\/\",\"subtitle\":\"Universitat Abat Oliba CEU\",\"address\":\"C. de Bellesguard, 30 08022 Barcelona\",\"phone\":\"932 540 900\",\"email\":\"\",\"website\":\"https:\\\/\\\/blogs.uao.es\\\/investigacion-trivium\\\/presentacion-grupo-trivium\\\/\",\"ambits\":[\"literatura\",\"etica\",\"filosofia\",\"linguistic-i-literari\",\"psicologia\",\"social-i-humanistic\",\"sociologia\"],\"categories\":[\"grups-de-recerca-universitaris\"],\"arees\":[\"educacio-inclusiva\",\"sociologia-de-leducacio\"],\"arees_interes\":[\"diversitat-i-inclusio\",\"gestio-i-organitzacio-escolar\",\"participacio-i-families\"],\"content\":\"La seva l\\u00ednia de recerca se centra especialment en la formaci\\u00f3 de la persona des de l'\\u00e0mbit educatiu, abordant-la des de perspectives diverses com la filos\\u00f2fica, liter\\u00e0ria, psicol\\u00f2gica, social i \\u00e8tica.\",\"category_display_names\":[\"Grups de recerca universitaris\"],\"area_display_names\":[\"Educaci\\u00f3 Inclusiva\",\"Sociologia de l'Educaci\\u00f3\"],\"image\":\"https:\\\/\\\/projectes.xtec.cat\\\/recerca\\\/wp-content\\\/uploads\\\/usu2090\\\/2025\\\/05\\\/Trivium_Abat-Oliba.png\"},{\"id\":220,\"lat\":41.4058614191312,\"lon\":2.12357168366487,\"title\":\"Grup de Recerca Sostenibilitat i Educaci\\u00f3 Integral (SEI)\",\"permalink\":\"https:\\\/\\\/projectes.xtec.cat\\\/recerca\\\/gdr\\\/grup-de-recerca-sostenibilitat-i-educacio-integral-sei\\\/\",\"subtitle\":\"Universitat Internacional de Catalunya\",\"address\":\"C. de la Immaculada, 2208017 Barcelona\",\"phone\":\"932 541 800\",\"email\":\"info@uic.es\",\"website\":\"https:\\\/\\\/www.uic.es\\\/ca\\\/recerca\\\/recerca\\\/grups-de-recerca\\\/ciencies-socials-i-juridiques\\\/grc-sostenibilitat-i-educacio\",\"ambits\":[\"cohesio-social\",\"desenvolupament-personal-i-social\",\"linguistic-i-literari\",\"matematic\",\"religio\"],\"categories\":[\"grups-de-recerca-universitaris\"],\"arees\":[\"didactica-de-les-ciencies-socials-i-les-humanitats\",\"educacio-i-alfabetitzacio-digital\",\"educacio-inclusiva\",\"sociologia-de-leducacio\"],\"arees_interes\":[\"ciencies-socials-i-educacio-critica\",\"ciutadania-democratica\",\"desenvolupament-professional-docent\",\"diversitat-funcional\",\"diversitat-i-inclusio\",\"formacio-continua\",\"formacio-inicial\",\"identitat-i-genere\",\"estrategies-docents\",\"ods-sostenibilitat\"],\"content\":\"Les seves dues grans l\\u00ednies de recerca s\\u00f3n: la sostenibilitat integral, promovent compet\\u00e8ncies en sostenibilitat, educaci\\u00f3 per al consum responsable i l'aportaci\\u00f3 de les religions a l'acci\\u00f3 clim\\u00e0tica; i l'educaci\\u00f3 integral, amb un enfocament inclusiu i hol\\u00edstic que inclou la formaci\\u00f3 de futurs mestres i infants en compet\\u00e8ncies hol\\u00edstiques, digitals, ling\\u00fc\\u00edstiques i matem\\u00e0tiques, amb especial atenci\\u00f3 als nens i nenes sords.\",\"category_display_names\":[\"Grups de recerca universitaris\"],\"area_display_names\":[\"Did\\u00e0ctica de les Ci\\u00e8ncies Socials i les Humanitats\",\"Educaci\\u00f3 i Alfabetitzaci\\u00f3 Digital\",\"Educaci\\u00f3 Inclusiva\",\"Sociologia de l'Educaci\\u00f3\"],\"image\":\"https:\\\/\\\/projectes.xtec.cat\\\/recerca\\\/wp-content\\\/uploads\\\/usu2090\\\/2025\\\/05\\\/SEI.png\"},{\"id\":219,\"lat\":41.6080035556913,\"lon\":0.62539782785136,\"title\":\"Grup de Recerca An\\u00e0lisi Social i Educativa (GR-ASE)\",\"permalink\":\"https:\\\/\\\/projectes.xtec.cat\\\/recerca\\\/gdr\\\/grup-de-recerca-analisi-social-i-educativa-gr-ase\\\/\",\"subtitle\":\"Universitat de Lleida. Facultat d'Educaci\\u00f3, Psicologiai Treball Social\",\"address\":\"Av. de l'Estudi General, 425001 Lleida\",\"phone\":\"973 706 621\",\"email\":\"jgarreta@geosoc.udl.cat\",\"website\":\"http:\\\/\\\/www.grase.udl.cat\\\/\",\"ambits\":[],\"categories\":[\"grups-de-recerca-universitaris\"],\"arees\":[\"politiques-educatives-i-avaluacio\",\"sociologia-de-leducacio\"],\"arees_interes\":[\"avaluacio\",\"coeducacio\",\"diversitat-i-inclusio\",\"interculturalitat-i-immigracio\",\"politiques-educatives\",\"segregacio-i-abandonament\"],\"content\":\"Les seves l\\u00ednies de recerca se centren en aspectes com els processos d'integraci\\u00f3 i exclusi\\u00f3 social, les pol\\u00edtiques socials i educatives, els serveis socials, la participaci\\u00f3 social i educativa, i la situaci\\u00f3 de col\\u00b7lectius vulnerables per motius de g\\u00e8nere, classe social o origen, aix\\u00ed com en les pol\\u00edtiques per combatre aquestes desigualtats.\",\"category_display_names\":[\"Grups de recerca universitaris\"],\"area_display_names\":[\"Pol\\u00edtiques Educatives i Avaluaci\\u00f3\",\"Sociologia de l'Educaci\\u00f3\"],\"image\":\"https:\\\/\\\/projectes.xtec.cat\\\/recerca\\\/wp-content\\\/uploads\\\/usu2090\\\/2025\\\/05\\\/GRASE_UdL.png\"},{\"id\":218,\"lat\":41.6080035556932,\"lon\":0.62525835179814,\"title\":\"Grup de Recerca Compet\\u00e8ncies, Tecnologies i Societat en Educaci\\u00f3 (COMPETECS)\",\"permalink\":\"https:\\\/\\\/projectes.xtec.cat\\\/recerca\\\/gdr\\\/grup-de-recerca-competencies-tecnologies-i-societat-en-educacio-competecs\\\/\",\"subtitle\":\"Universitat de Lleida\",\"address\":\"Av. de I'Estudi General, 4, 25001 Lleida\",\"phone\":\"\",\"email\":\"competecs@udl.cat\",\"website\":\"https:\\\/\\\/competecs.udl.cat\\\/ca\\\/presentacio\\\/\",\"ambits\":[\"cientific-i-tecnologic\",\"comprensio-escrita\",\"linguistic-i-literari\"],\"categories\":[\"grups-de-recerca-universitaris\"],\"arees\":[\"didactica-de-les-ciencies-i-la-tecnologia\",\"didactica-de-les-matematiques\",\"educacio-i-alfabetitzacio-digital\",\"sociologia-de-leducacio\"],\"arees_interes\":[\"avaluacio-avaluacio\",\"avaluacio\",\"benestar-docent-desenvolupament-professional-docent\",\"ccbb-competencies-basiques\",\"desenvolupament-professional-docent\",\"formacio-inicial\",\"estrategies-docents\",\"stem\"],\"content\":\"Les seves l\\u00ednies de recerca son: l\\u2019estudi i desenvolupament de compet\\u00e8ncies, amb especial atenci\\u00f3 a la formaci\\u00f3 dual, l\\u2019adquisici\\u00f3 de compet\\u00e8ncies i la seva avaluaci\\u00f3; l'impacte de la tecnologia en l'educaci\\u00f3 formal i no formal; la millora de la qualitat de vida i el benestar mitjan\\u00e7ant models que promouen fortaleses i integraci\\u00f3 social; i l'educaci\\u00f3 a tots els nivells, destacant l'ensenyament de ci\\u00e8ncies, la comprensi\\u00f3 lectora i l\\u2019educaci\\u00f3 STEM, amb una atenci\\u00f3 especial a la formaci\\u00f3 inicial de docents i al desenvolupament de compet\\u00e8ncies professionals en contextos reals.\",\"category_display_names\":[\"Grups de recerca universitaris\"],\"area_display_names\":[\"Did\\u00e0ctica de les Ci\\u00e8ncies i la Tecnologia\",\"Did\\u00e0ctica de les Matem\\u00e0tiques\",\"Educaci\\u00f3 i Alfabetitzaci\\u00f3 Digital\",\"Sociologia de l'Educaci\\u00f3\"],\"image\":\"https:\\\/\\\/projectes.xtec.cat\\\/recerca\\\/wp-content\\\/uploads\\\/usu2090\\\/2025\\\/05\\\/competecs.png\"},{\"id\":217,\"lat\":41.9853989189257,\"lon\":2.82747801067176,\"title\":\"Grup de Recerca en Educaci\\u00f3 Cient\\u00edfica i Ambiental (GRECA)\",\"permalink\":\"https:\\\/\\\/projectes.xtec.cat\\\/recerca\\\/gdr\\\/grup-de-recerca-en-educacio-cientifica-i-ambiental-greca\\\/\",\"subtitle\":\"Universitat de Girona. Facultat d'Educaci\\u00f3 i Psicologia\",\"address\":\"Pl. de Sant Dom\\u00e8nec, 9Edifici Seminari17004 Girona\",\"phone\":\"972 418 742\",\"email\":\"am.geli@udg.edu\",\"website\":\"https:\\\/\\\/www.udg.edu\\\/ca\\\/grupsrecerca\\\/greca\",\"ambits\":[\"literatura\",\"linguistic-i-literari\",\"matematic\",\"resolucio-de-problemes\"],\"categories\":[\"grups-de-recerca-universitaris\"],\"arees\":[\"didactica-de-la-llengua-i-la-literatura\",\"didactica-de-les-matematiques\",\"organitzacio-escolar-i-lideratge-educatiu\"],\"arees_interes\":[\"ciencies-socials-i-educacio-critica\",\"ciutadania-democratica\",\"desenvolupament-professional-docent\",\"formacio-continua\",\"formacio-inicial\",\"ods-sostenibilitat\"],\"content\":\"Les seves l\\u00ednies de recerca s\\u00f3n: l'educaci\\u00f3 per a la sostenibilitat i la responsabilitat social; l'educaci\\u00f3 matem\\u00e0tica, amb un enfocament en l'aprenentatge i la formaci\\u00f3 de mestres segons models reflexius; l'educaci\\u00f3 ling\\u00fc\\u00edstica i liter\\u00e0ria, que abasta l'adquisici\\u00f3 ling\\u00fc\\u00edstica, la did\\u00e0ctica i la intersecci\\u00f3 amb altres disciplines; l'educaci\\u00f3 patrimonial i per a la ciutadania i la formaci\\u00f3 del professorat, especialment en el disseny de materials i projectes de transformaci\\u00f3 educativa.\",\"category_display_names\":[\"Grups de recerca universitaris\"],\"area_display_names\":[\"Did\\u00e0ctica de la Llengua i la Literatura\",\"Did\\u00e0ctica de les Matem\\u00e0tiques\",\"Organitzaci\\u00f3 Escolar i Lideratge Educatiu\"],\"image\":\"https:\\\/\\\/projectes.xtec.cat\\\/recerca\\\/wp-content\\\/uploads\\\/usu2090\\\/2025\\\/05\\\/GRECA_UdG.jpg\"},{\"id\":216,\"lat\":41.438878841133,\"lon\":2.1445576711642,\"title\":\"Grup de Recerca Esbrina. Subjectivitats, visualitats i entorns educatius contemporanis\",\"permalink\":\"https:\\\/\\\/projectes.xtec.cat\\\/recerca\\\/gdr\\\/grup-de-recerca-esbrina-subjectivitats-visualitats-i-entorns-educatius-contemporanis\\\/\",\"subtitle\":\"Universitat de Barcelona\",\"address\":\"Pg. de la Vall d'Hebron 171, Edifici Llevant08035 Barcelona\",\"phone\":\"934 035 050\",\"email\":\"cristina.alonso@ub.edu\",\"website\":\"https:\\\/\\\/esbrina.eu\\\/\",\"ambits\":[\"artistic\",\"arts-visuals\",\"cientific-i-tecnologic\",\"cultura-audiovisual\",\"tecnologia\"],\"categories\":[\"grups-de-recerca-universitaris\"],\"arees\":[\"didactica-cos-art-i-moviment\",\"organitzacio-escolar-i-lideratge-educatiu\",\"sociologia-de-leducacio\"],\"arees_interes\":[\"avaluacio\",\"coeducacio\",\"diversitat-i-inclusio\",\"digitalitzacio\",\"estrategies-docents\",\"politiques-educatives\"],\"content\":\"Les seves l\\u00ednies de recerca s\\u00f3n: les dimensions institucionals, organitzatives, simb\\u00f2liques i tecnol\\u00f2giques dels entorns contemporanis d'aprenentatge; la funci\\u00f3 dels diferents llenguatges i les visualitats en la constituci\\u00f3 de les subjectivitats i l'aprenentatge; els papers de la cultura digital i visual a l'ensenyament i l'aprenentatge dins la societat del coneixement i les dimensions de la diversitat, el g\\u00e8nere i la inclusi\\u00f3 social en la constituci\\u00f3 de les subjectivitats i l'aprenentatge.\",\"category_display_names\":[\"Grups de recerca universitaris\"],\"area_display_names\":[\"Did\\u00e0ctica del cos, art i moviment\",\"Organitzaci\\u00f3 Escolar i Lideratge Educatiu\",\"Sociologia de l'Educaci\\u00f3\"],\"image\":\"https:\\\/\\\/projectes.xtec.cat\\\/recerca\\\/wp-content\\\/uploads\\\/usu2090\\\/2025\\\/05\\\/Disseny-sense-titol-7.png\"},{\"id\":214,\"lat\":41.5022829002563,\"lon\":2.10694779721564,\"title\":\"Grup de Recerca en Educaci\\u00f3 i Treball (GRET)\",\"permalink\":\"https:\\\/\\\/projectes.xtec.cat\\\/recerca\\\/gdr\\\/grup-de-recerca-en-educacio-i-treball-gret\\\/\",\"subtitle\":\"Universitat Aut\\u00f2noma de Barcelona. Facultat de Ci\\u00e8ncies Pol\\u00edtiques i Sociologia.\",\"address\":\"Campus de la Universitat Aut\\u00f2noma de BarcelonaEdifici B08193 Bellaterra\",\"phone\":\"\",\"email\":\"gr.gret@uab.cat\",\"website\":\"https:\\\/\\\/gret.uab.cat\\\/\",\"ambits\":[],\"categories\":[\"grups-de-recerca-universitaris\"],\"arees\":[\"politiques-educatives-i-avaluacio\",\"sociologia-de-leducacio\"],\"arees_interes\":[],\"content\":\"La traject\\u00f2ria de recerca del grup s'estructura en tres l\\u00ednies principals: joventut i transici\\u00f3 escola-treball, expansi\\u00f3 educativa i relaci\\u00f3 amb el mercat laboral, i estudis universitaris.\",\"category_display_names\":[\"Grups de recerca universitaris\"],\"area_display_names\":[\"Pol\\u00edtiques Educatives i Avaluaci\\u00f3\",\"Sociologia de l'Educaci\\u00f3\"],\"image\":\"https:\\\/\\\/projectes.xtec.cat\\\/recerca\\\/wp-content\\\/uploads\\\/usu2090\\\/2025\\\/05\\\/GRET_UAB.png\"},{\"id\":213,\"lat\":41.9340920973627,\"lon\":2.24713169347611,\"title\":\"Grup de Recerca en Construcci\\u00f3 del Coneixement (GRECC)\",\"permalink\":\"https:\\\/\\\/projectes.xtec.cat\\\/recerca\\\/gdr\\\/grup-de-recerca-en-construccio-del-coneixement-grecc\\\/\",\"subtitle\":\"Universitat de Vic.\",\"address\":\"C. de la Sagrada Fam\\u00edlia, 708500 Vic\",\"phone\":\"938 774 179\",\"email\":\"arnau.amat@uvic.cat\",\"website\":\"https:\\\/\\\/www.umanresa.cat\\\/ca\\\/recerca\\\/grups-de-recerca\\\/grup-de-recerca-en-construccio-del-coneixement\",\"ambits\":[\"artistic\",\"cientific-i-tecnologic\"],\"categories\":[\"grups-de-recerca-universitaris\"],\"arees\":[\"didactica-de-les-ciencies-i-la-tecnologia\",\"didactica-de-les-ciencies-socials-i-les-humanitats\",\"didactica-de-les-matematiques\",\"educacio-i-alfabetitzacio-digital\"],\"arees_interes\":[\"coeducacio\",\"diversitat-funcional\",\"diversitat-i-inclusio\",\"digitalitzacio\",\"estrategies-docents\",\"stem\"],\"content\":\"Les seves l\\u00ednies de recerca es desenvolupen en \\u00e0mbits com l'art i l'accessibilitat, els enfocaments CTS, els espais de ci\\u00e8ncies i la inclusivitat, i la interactivitat a l'aula, sempre centrats en la construcci\\u00f3 del coneixement.\",\"category_display_names\":[\"Grups de recerca universitaris\"],\"area_display_names\":[\"Did\\u00e0ctica de les Ci\\u00e8ncies i la Tecnologia\",\"Did\\u00e0ctica de les Ci\\u00e8ncies Socials i les Humanitats\",\"Did\\u00e0ctica de les Matem\\u00e0tiques\",\"Educaci\\u00f3 i Alfabetitzaci\\u00f3 Digital\"],\"image\":\"https:\\\/\\\/projectes.xtec.cat\\\/recerca\\\/wp-content\\\/uploads\\\/usu2090\\\/2025\\\/05\\\/GRECC_UVIC.png\"},{\"id\":212,\"lat\":41.73770087,\"lon\":1.825329,\"title\":\"Grup de Recerca GRITS en Innovaci\\u00f3 Transformativa i Simulaci\\u00f3\",\"permalink\":\"https:\\\/\\\/projectes.xtec.cat\\\/recerca\\\/gdr\\\/grup-de-recerca-grits-en-innovacio-transformativa-i-simulacio\\\/\",\"subtitle\":\"Universitat de Vic. UManresa. Universitat Central de Catalunya\",\"address\":\"Av. Universit\\u00e0ria, 4-6 08242 Manresa\",\"phone\":\"938 774 179\",\"email\":\"criera@umanresa.cat\",\"website\":\"https:\\\/\\\/www.umanresa.cat\\\/ca\\\/recerca\\\/grups-de-recerca\\\/grup-de-recerca-en-innovacio-transformativa-i-simulacio\",\"ambits\":[],\"categories\":[\"grups-de-recerca-universitaris\"],\"arees\":[\"educacio-i-alfabetitzacio-digital\"],\"arees_interes\":[\"ciencies-socials-i-educacio-critica\",\"ciutadania-democratica\",\"digitalitzacio\",\"estrategies-docents\",\"ods-sostenibilitat\",\"personalitzacio-dels-aprenentatges\"],\"content\":\"Les dues l\\u00ednies de recerca s\\u00f3n: l'aplicaci\\u00f3 de la innovaci\\u00f3 transformativa per afrontar reptes globals, i la utilitzaci\\u00f3 de la metodologia de la simulaci\\u00f3 i altres estrat\\u00e8gies experiencials per garantir un aprenentatge efectiu i una transfer\\u00e8ncia de coneixement \\u00f2ptima.\",\"category_display_names\":[\"Grups de recerca universitaris\"],\"area_display_names\":[\"Educaci\\u00f3 i Alfabetitzaci\\u00f3 Digital\"],\"image\":\"https:\\\/\\\/projectes.xtec.cat\\\/recerca\\\/wp-content\\\/uploads\\\/usu2090\\\/2025\\\/05\\\/grits.png\"},{\"id\":210,\"lat\":41.60858107,\"lon\":0.62493,\"title\":\"GESEC. Grup d&#8217;Estudis Societat, Salut, Educaci\\u00f3 i Cultura\",\"permalink\":\"https:\\\/\\\/projectes.xtec.cat\\\/recerca\\\/gdr\\\/gesec-grup-destudis-societat-salut-educacio-i-cultura\\\/\",\"subtitle\":\"Universitat de Lleida. Facultat d'Educaci\\u00f3, Psicologia i Treball Social\",\"address\":\"Av. de I'Estudi General, 425001 Lleida\",\"phone\":\"973 700 000\",\"email\":\"\",\"website\":\"https:\\\/\\\/www.gesec.udl.cat\\\/ca\\\/\",\"ambits\":[],\"categories\":[\"grups-de-recerca-universitaris\"],\"arees\":[\"pedagogia\",\"psicologia-de-leducacio\",\"sociologia-de-leducacio\"],\"arees_interes\":[\"benestar-docent\",\"ciencies-socials-i-educacio-critica\",\"diversitat-i-inclusio\",\"habits-i-salut\",\"identitat-i-genere\",\"interculturalitat-i-immigracio\"],\"content\":\"Les seves l\\u00ednies de recerca son interdisciplinaris i giren al voltant d'aspectes relacionats amb l'educaci\\u00f3, la salut i qualitat de vida, els processos de socialitzaci\\u00f3, identitat, g\\u00e8nere i construcci\\u00f3 de la interculturalitat.\",\"category_display_names\":[\"Grups de recerca universitaris\"],\"area_display_names\":[\"Pedagogia\",\"Psicologia de l'Educaci\\u00f3\",\"Sociologia de l'Educaci\\u00f3\"],\"image\":\"https:\\\/\\\/projectes.xtec.cat\\\/recerca\\\/wp-content\\\/uploads\\\/usu2090\\\/2025\\\/05\\\/GESEC_UdL.png\"},{\"id\":208,\"lat\":41.40366801879,\"lon\":2.19395966832,\"title\":\"Grup de Recerca en Tecnologies Interactives i Distribu\\u00efdes per a l&#8217;Educaci\\u00f3 (TIDE)\",\"permalink\":\"https:\\\/\\\/projectes.xtec.cat\\\/recerca\\\/gdr\\\/grup-de-recerca-en-tecnologies-interactives-i-distribuides-per-a-leducacio-tide\\\/\",\"subtitle\":\"Universitat Pompeu Fabra\",\"address\":\"C. de T\\u00e0nger, 122-140, Edifici T\\u00e0nger08018 Barcelona\",\"phone\":\"935 421 428\",\"email\":\"davinia.hernandez-leo@upf.edu\",\"website\":\"https:\\\/\\\/www.upf.edu\\\/web\\\/tide\",\"ambits\":[\"cientific-i-tecnologic\",\"programacio\",\"robotica\",\"tecnologia\"],\"categories\":[\"grups-de-recerca-universitaris\"],\"arees\":[\"educacio-i-alfabetitzacio-digital\",\"politiques-educatives-i-avaluacio\"],\"arees_interes\":[\"digitalitzacio\",\"estrategies-docents\"],\"content\":\"La seva recerca es troba a la intersecci\\u00f3 de la computaci\\u00f3 centrada en l'\\u00e9sser hum\\u00e0, les aplicacions de xarxa i ordinadors, i les ci\\u00e8ncies de l'aprenentatge. Les seves l\\u00ednies de recerca van des de sistemes d'aprenentatge fins a tecnologies socials, est\\u00e0ndards i interoperabilitat, i dispositius per a l'aprenentatge.\",\"category_display_names\":[\"Grups de recerca universitaris\"],\"area_display_names\":[\"Educaci\\u00f3 i Alfabetitzaci\\u00f3 Digital\",\"Pol\\u00edtiques Educatives i Avaluaci\\u00f3\"],\"image\":\"https:\\\/\\\/projectes.xtec.cat\\\/recerca\\\/wp-content\\\/uploads\\\/usu2090\\\/2025\\\/05\\\/TIDE_UPF.png\"},{\"id\":207,\"lat\":41.40675044,\"lon\":2.19443942414,\"title\":\"EDUL@B. Grup de Recerca en Educaci\\u00f3 i TIC\",\"permalink\":\"https:\\\/\\\/projectes.xtec.cat\\\/recerca\\\/gdr\\\/edulb-grup-de-recerca-en-educacio-i-tic\\\/\",\"subtitle\":\"Universitat Oberta de Catalunya\",\"address\":\"Rbla. del Poblenou, 15608018 Barcelona\",\"phone\":\"933 263 600\",\"email\":\"edulab@uoc.edu\",\"website\":\"https:\\\/\\\/edulab.uoc.edu\\\/es\\\/\",\"ambits\":[],\"categories\":[\"grups-de-recerca-universitaris\"],\"arees\":[\"educacio-i-alfabetitzacio-digital\",\"politiques-educatives-i-avaluacio\"],\"arees_interes\":[\"alfabetitzacio-digital\",\"avaluacio\",\"desenvolupament-professional-docent\",\"digitalitzacio\",\"estrategies-docents\",\"politiques-educatives\"],\"content\":\"Les seves l\\u00ednies de recerca inclouen l'educaci\\u00f3 oberta i escenaris emergents, el desenvolupament professional docent en contextos digitals, i la transformaci\\u00f3 d'institucions educatives a trav\\u00e9s de les TIC i l'e-learning. El grup busca millorar la qualitat de l'aprenentatge en l\\u00ednia amb un model d'an\\u00e0lisi multidimensional que integra innovaci\\u00f3 i valoraci\\u00f3 en tots els seus projectes.\",\"category_display_names\":[\"Grups de recerca universitaris\"],\"area_display_names\":[\"Educaci\\u00f3 i Alfabetitzaci\\u00f3 Digital\",\"Pol\\u00edtiques Educatives i Avaluaci\\u00f3\"],\"image\":\"https:\\\/\\\/projectes.xtec.cat\\\/recerca\\\/wp-content\\\/uploads\\\/usu2090\\\/2025\\\/05\\\/edulab-1.png\"},{\"id\":206,\"lat\":41.50543257,\"lon\":2.105937113,\"title\":\"Grup Interdisciplinari de Pol\\u00edtiques Educatives (GIPE-GAPEF-UAB)\",\"permalink\":\"https:\\\/\\\/projectes.xtec.cat\\\/recerca\\\/gdr\\\/grup-interdisciplinari-de-politiques-educatives-gipe-gapef-uab\\\/\",\"subtitle\":\"Universitat Aut\\u00f2noma de Barcelona. Facultat de Ci\\u00e8ncies de l'Educaci\\u00f3\",\"address\":\"Pl. del Coneixement, Edifici G508193 Bellaterra\",\"phone\":\"\",\"email\":\"xavier.ucar@uab.cat\",\"website\":\"http:\\\/\\\/gipe-igep.org\\\/gipe-gapef\\\/\",\"ambits\":[\"professionalitzador\",\"serveis-socioculturals-i-a-la-comunitat\"],\"categories\":[\"grups-de-recerca-universitaris\"],\"arees\":[\"pedagogia\",\"psicologia-de-leducacio\",\"sociologia-de-leducacio\"],\"arees_interes\":[\"alfabetitzacio-digital\",\"avaluacio\",\"carrera-professional-docent\",\"desenvolupament-professional-docent\",\"formacio-continua\",\"politiques-educatives\"],\"content\":\"Les seves l\\u00ednies de recerca son: pedagog\\u00eda social; disseny i avaluaci\\u00f3 de programes d'animaci\\u00f3 sociocultural; formaci\\u00f3 continua i al llarg de la vida; emprenedoria i educaci\\u00f3 i la formaci\\u00f3 TIC del professorat.\",\"category_display_names\":[\"Grups de recerca universitaris\"],\"area_display_names\":[\"Pedagogia\",\"Psicologia de l'Educaci\\u00f3\",\"Sociologia de l'Educaci\\u00f3\"],\"image\":\"https:\\\/\\\/projectes.xtec.cat\\\/recerca\\\/wp-content\\\/uploads\\\/usu2090\\\/2025\\\/05\\\/GIPE.jpg\"},{\"id\":202,\"lat\":41.50482265,\"lon\":2.104933648,\"title\":\"Global and Comparative Studies in Education (GLANCE)\",\"permalink\":\"https:\\\/\\\/projectes.xtec.cat\\\/recerca\\\/gdr\\\/global-and-comparative-studies-in-education-glance\\\/\",\"subtitle\":\"Universitat Aut\\u00f2noma de Barcelona. Facultat de Ci\\u00e8ncies Pol\\u00edtiques i Sociologia\",\"address\":\"Campus de la Universitat Aut\\u00f2noma de BarcelonaEdifici E 08193 Bellaterra\",\"phone\":\"\",\"email\":\"antoni.verger@uab.cat\",\"website\":\"https:\\\/\\\/portalrecerca.uab.cat\\\/en\\\/organisations\\\/global-and-comparative-studies-in-education-glance\",\"ambits\":[],\"categories\":[\"grups-de-recerca-universitaris\"],\"arees\":[\"politiques-educatives-i-avaluacio\",\"sociologia-de-leducacio\"],\"arees_interes\":[\"avaluacio\",\"diversitat-i-inclusio\",\"gestio-i-organitzacio-escolar\",\"lideratge-i-organitzacio-de-centres\",\"pisa\",\"politiques-educatives\",\"resultats-educatius\"],\"content\":\"Les seves principals l\\u00ednies de recerca s\\u00f3n la Pol\\u00edtica educativa; l'Educaci\\u00f3 comparada; les Desigualtats educatives; les Reformes de governan\\u00e7a escolar i la Privatitzaci\\u00f3 de l'educaci\\u00f3 i les col\\u00b7laboracions publicoprivat.\",\"category_display_names\":[\"Grups de recerca universitaris\"],\"area_display_names\":[\"Pol\\u00edtiques Educatives i Avaluaci\\u00f3\",\"Sociologia de l'Educaci\\u00f3\"],\"image\":\"https:\\\/\\\/projectes.xtec.cat\\\/recerca\\\/wp-content\\\/uploads\\\/usu2090\\\/2025\\\/05\\\/Glance.jpg\"},{\"id\":201,\"lat\":41.50049164,\"lon\":2.108846568,\"title\":\"Grup d&#8217;Investigaci\\u00f3 en Pr\\u00e0ctica Educativa i Activitat Matem\\u00e0tica (GIPEAM )\",\"permalink\":\"https:\\\/\\\/projectes.xtec.cat\\\/recerca\\\/gdr\\\/grup-dinvestigacio-en-practica-educativa-i-activitat-matematica-gipeam\\\/\",\"subtitle\":\"Universitat Aut\\u00f2noma de Barcelona. Facultat de Ci\\u00e8ncies\",\"address\":\"Campus de la Universitat Aut\\u00f2noma de BarcelonaEdifici G5 08193 Bellaterra\",\"phone\":\"\",\"email\":\"nuria.planas@uab.cat\",\"website\":\"https:\\\/\\\/webs.uab.cat\\\/gipeam\\\/\",\"ambits\":[\"matematic\"],\"categories\":[\"grups-de-recerca-universitaris\"],\"arees\":[\"didactica-de-les-ciencies-i-la-tecnologia\",\"didactica-de-les-matematiques\"],\"arees_interes\":[\"desenvolupament-professional-docent\",\"formacio-continua\",\"formacio-inicial\",\"estrategies-docents\"],\"content\":\"Les seves l\\u00ednies d'investigaci\\u00f3 giren al voltant de l'ensenyament i l'aprenentatge de les matem\\u00e0tiques, amb l'objectiu de produir i distribuir recerca especialitzada de qualitat que contribueixi a la comprensi\\u00f3 dels processos de l'aula de matem\\u00e0tiques i dels escenaris de formaci\\u00f3 professional del professorat de matem\\u00e0tiques.\",\"category_display_names\":[\"Grups de recerca universitaris\"],\"area_display_names\":[\"Did\\u00e0ctica de les Ci\\u00e8ncies i la Tecnologia\",\"Did\\u00e0ctica de les Matem\\u00e0tiques\"],\"image\":\"https:\\\/\\\/projectes.xtec.cat\\\/recerca\\\/wp-content\\\/uploads\\\/usu2090\\\/2025\\\/05\\\/GIPEAM__marca_blanc-blau_H.png\"},{\"id\":200,\"lat\":41.36558645,\"lon\":2.147214712,\"title\":\"Grup d&#8217;Investigaci\\u00f3 Social i Educativa de l&#8217;Activitat F\\u00edsica i l&#8217;Esport(GISEAFE)\",\"permalink\":\"https:\\\/\\\/projectes.xtec.cat\\\/recerca\\\/gdr\\\/grup-dinvestigacio-social-i-educativa-de-lactivitat-fisica-i-lesportgiseafe\\\/\",\"subtitle\":\"Institut Nacional d'Educaci\\u00f3 F\\u00edsica de Catalunya (INEFC)\",\"address\":\"Av. de l\\u2019Estadi, 12-2208038 Barcelona\",\"phone\":\"934 255 455 (ext. 207)\",\"email\":\"giseafe@gencat.cat\",\"website\":\"https:\\\/\\\/inefcgiseafe.com\\\/\",\"ambits\":[\"educacio-fisica\"],\"categories\":[\"grups-de-recerca-universitaris\"],\"arees\":[\"didactica-cos-art-i-moviment\",\"educacio-i-salut\",\"educacio-inclusiva\",\"organitzacio-escolar-i-lideratge-educatiu\",\"pedagogia\",\"psicologia-de-leducacio\",\"sociologia-de-leducacio\"],\"arees_interes\":[\"benestar-docent\",\"ciencies-socials-i-educacio-critica\",\"diversitat-i-inclusio\",\"habits-i-salut\",\"identitat-i-genere\",\"interculturalitat-i-immigracio\",\"salut-mental\"],\"content\":\"Les seves l\\u00ednies de recerca estan vinculades a l'ensenyament i la pr\\u00e0ctica de l'esport. En destaquem les seg\\u00fcents: Activitat f\\u00edsica i esport adaptat; Activitats d'aprenentatge d\\u2019habilitats esportives i psicologia de l'esport; Educaci\\u00f3 f\\u00edsica al sistema educatiu; Educaci\\u00f3 per la salut; Esport, territori i sostenibilitat; G\\u00e8nere en l'educaci\\u00f3 f\\u00edsica i l'esport; Mercat de treball i esport; Multiculturalitat, inclusi\\u00f3 social i esport.\",\"category_display_names\":[\"Grups de recerca universitaris\"],\"area_display_names\":[\"Did\\u00e0ctica del cos, art i moviment\",\"Educaci\\u00f3 i Salut\",\"Educaci\\u00f3 Inclusiva\",\"Organitzaci\\u00f3 Escolar i Lideratge Educatiu\",\"Pedagogia\",\"Psicologia de l'Educaci\\u00f3\",\"Sociologia de l'Educaci\\u00f3\"],\"image\":\"https:\\\/\\\/projectes.xtec.cat\\\/recerca\\\/wp-content\\\/uploads\\\/usu2090\\\/2025\\\/05\\\/Giseafe_inefc.webp\"},{\"id\":8890,\"lat\":41.48189184781404,\"lon\":2.073616,\"title\":\"Institut Leonardo da Vinci\",\"permalink\":\"https:\\\/\\\/projectes.xtec.cat\\\/recerca\\\/gdr\\\/institut-leonardo-da-vinci\\\/\",\"subtitle\":\"Xarxa REDU-CAT\",\"address\":\"C. d'Alfons d'Arag\\u00f3, 2008174 Sant Cugat del Vall\\u00e8s\",\"phone\":\"938 876 260\",\"email\":\"a8031861@xtec.cat\",\"website\":\"https:\\\/\\\/agora.xtec.cat\\\/insleonardo\\\/\",\"ambits\":[],\"categories\":[\"xarxes-de-recerca-accio-i-centres-educatius-informats-en-evidencies\"],\"arees\":[\"metodes-dinvestigacio-i-transferencia-del-coneixement\"],\"arees_interes\":[\"carrera-professional-docent\",\"desenvolupament-professional-docent\",\"formacio-continua\",\"xarxes-educatives\"],\"content\":\"<span style=\\\"font-weight: 400;\\\">Investiga al voltant de la creaci\\u00f3 d'un p\\u00f2dcast escolar per a la millora de les compet\\u00e8ncies.\\u00a0<\\\/span>\\r\\n\\r\\nParticipa en el projecte REDU-CAT, que busca dissenyar i validar un model metodol\\u00f2gic d\\u2019\\u00fas de l\\u2019evid\\u00e8ncia de recerca en centres educatius de Catalunya.\\r\\nhttps:\\\/\\\/www.reducat.cat\\\/\",\"category_display_names\":[\"Xarxes de recerca acci\\u00f3 i centres educatius informats en evid\\u00e8ncies\"],\"area_display_names\":[\"M\\u00e8todes d'Investigaci\\u00f3 i Transfer\\u00e8ncia del Coneixement\"],\"image\":\"https:\\\/\\\/projectes.xtec.cat\\\/recerca\\\/wp-content\\\/uploads\\\/usu2090\\\/2025\\\/05\\\/26_INS-Leonardo.png\"},{\"id\":8889,\"lat\":41.41724897285107,\"lon\":2.148423169313644,\"title\":\"Escola Montseny\",\"permalink\":\"https:\\\/\\\/projectes.xtec.cat\\\/recerca\\\/gdr\\\/escola-montseny\\\/\",\"subtitle\":\"Xarxa REDU-CAT\",\"address\":\"C. del Torrent del Remei, 2-1008023 Barcelona\",\"phone\":\"932 139 845\",\"email\":\"a8002204@xtec.cat\",\"website\":\"https:\\\/\\\/agora.xtec.cat\\\/ceipmontseny-barcelona\\\/\",\"ambits\":[\"linguistic-i-literari\"],\"categories\":[\"xarxes-de-recerca-accio-i-centres-educatius-informats-en-evidencies\"],\"arees\":[\"didactica-de-la-llengua-i-la-literatura\",\"metodes-dinvestigacio-i-transferencia-del-coneixement\"],\"arees_interes\":[\"estrategies-docents\"],\"content\":\"<span style=\\\"font-weight: 400;\\\">Investiga al voltant de la millora dels resultats en l\\u2019aprenentatge de les lleng\\u00fces.<\\\/span>\\r\\n\\r\\nParticipa en el projecte REDU-CAT, que busca dissenyar i validar un model metodol\\u00f2gic d\\u2019\\u00fas de l\\u2019evid\\u00e8ncia de recerca en centres educatius de Catalunya.\\r\\nhttps:\\\/\\\/www.reducat.cat\\\/\",\"category_display_names\":[\"Xarxes de recerca acci\\u00f3 i centres educatius informats en evid\\u00e8ncies\"],\"area_display_names\":[\"Did\\u00e0ctica de la Llengua i la Literatura\",\"M\\u00e8todes d'Investigaci\\u00f3 i Transfer\\u00e8ncia del Coneixement\"],\"image\":\"https:\\\/\\\/projectes.xtec.cat\\\/recerca\\\/wp-content\\\/uploads\\\/usu2090\\\/2025\\\/05\\\/20_Escola-Montseny.png\"},{\"id\":8888,\"lat\":41.44673649207607,\"lon\":2.185343553970467,\"title\":\"Escola Merc\\u00e8 Rodoreda\",\"permalink\":\"https:\\\/\\\/projectes.xtec.cat\\\/recerca\\\/gdr\\\/escola-merce-rodoreda\\\/\",\"subtitle\":\"Xarxa REDU-CAT\",\"address\":\"C. del Vesuvi, 3508016 Barcelona\",\"phone\":\"933 538 217\",\"email\":\"a8039471@xtec.cat\",\"website\":\"https:\\\/\\\/agora.xtec.cat\\\/esc-mrodoreda-bcn\\\/\",\"ambits\":[],\"categories\":[\"xarxes-de-recerca-accio-i-centres-educatius-informats-en-evidencies\"],\"arees\":[\"metodes-dinvestigacio-i-transferencia-del-coneixement\"],\"arees_interes\":[\"codocencia\",\"estrategies-docents\"],\"content\":\"<span style=\\\"font-weight: 400;\\\">Projecte Connectant (co-tutoria i tridoc\\u00e8ncia), un millor \\u00fas.<\\\/span>\\r\\n\\r\\nParticipa en el projecte REDU-CAT, que busca dissenyar i validar un model metodol\\u00f2gic d\\u2019\\u00fas de l\\u2019evid\\u00e8ncia de recerca en centres educatius de Catalunya.\\r\\nhttps:\\\/\\\/www.reducat.cat\\\/\",\"category_display_names\":[\"Xarxes de recerca acci\\u00f3 i centres educatius informats en evid\\u00e8ncies\"],\"area_display_names\":[\"M\\u00e8todes d'Investigaci\\u00f3 i Transfer\\u00e8ncia del Coneixement\"],\"image\":\"https:\\\/\\\/projectes.xtec.cat\\\/recerca\\\/wp-content\\\/uploads\\\/usu2090\\\/2025\\\/05\\\/19_Escola-Merce-Rodoreda.png\"},{\"id\":8887,\"lat\":41.14200183303018,\"lon\":1.1134820846568223,\"title\":\"Escola Mari\\u00e0 Fortuny\",\"permalink\":\"https:\\\/\\\/projectes.xtec.cat\\\/recerca\\\/gdr\\\/escola-maria-fortuny\\\/\",\"subtitle\":\"Xarxa REDU-CAT\",\"address\":\"C. d'Astorga, 1943205 Reus\",\"phone\":\"977 754 270\",\"email\":\"e3002259@xtec.cat\",\"website\":\"https:\\\/\\\/agora.xtec.cat\\\/ceipmariafortuny\\\/\",\"ambits\":[\"cientific-i-tecnologic\"],\"categories\":[\"xarxes-de-recerca-accio-i-centres-educatius-informats-en-evidencies\"],\"arees\":[\"metodes-dinvestigacio-i-transferencia-del-coneixement\"],\"arees_interes\":[],\"content\":\"<span style=\\\"font-weight: 400;\\\">Investiga al voltant del foment de la cultura cient\\u00edfica en l\\u2019alumnat.<\\\/span>\\r\\n\\r\\nParticipa en el projecte REDU-CAT, que busca dissenyar i validar un model metodol\\u00f2gic d\\u2019\\u00fas de l\\u2019evid\\u00e8ncia de recerca en centres educatius de Catalunya.\\r\\nhttps:\\\/\\\/www.reducat.cat\\\/\",\"category_display_names\":[\"Xarxes de recerca acci\\u00f3 i centres educatius informats en evid\\u00e8ncies\"],\"area_display_names\":[\"M\\u00e8todes d'Investigaci\\u00f3 i Transfer\\u00e8ncia del Coneixement\"],\"image\":\"https:\\\/\\\/projectes.xtec.cat\\\/recerca\\\/wp-content\\\/uploads\\\/usu2090\\\/2025\\\/05\\\/18_Escola-Maria-Fortuny.jpg\"},{\"id\":8886,\"lat\":41.39212939647685,\"lon\":2.149788008596869,\"title\":\"Escola Ipse\",\"permalink\":\"https:\\\/\\\/projectes.xtec.cat\\\/recerca\\\/gdr\\\/escola-ipse\\\/\",\"subtitle\":\"Xarxa REDU-CAT\",\"address\":\"C. de Casanova, 175 08036 Barcelona\",\"phone\":\"933 215 099\",\"email\":\"ipse@escolaipse.net\",\"website\":\"https:\\\/\\\/www.escolaipse.net\\\/\",\"ambits\":[],\"categories\":[\"xarxes-de-recerca-accio-i-centres-educatius-informats-en-evidencies\"],\"arees\":[\"metodes-dinvestigacio-i-transferencia-del-coneixement\"],\"arees_interes\":[\"comunitats-daprenentatge\",\"gestio-i-organitzacio-escolar\"],\"content\":\"<span style=\\\"font-weight: 400;\\\">Investiga al voltant de la formaci\\u00f3 docent per a la creaci\\u00f3 de comunitats d'aprenentatge.<\\\/span>\\r\\n\\r\\nParticipa en el projecte REDU-CAT, que busca dissenyar i validar un model metodol\\u00f2gic d\\u2019\\u00fas de l\\u2019evid\\u00e8ncia de recerca en centres educatius de Catalunya.\\r\\nhttps:\\\/\\\/www.reducat.cat\\\/\",\"category_display_names\":[\"Xarxes de recerca acci\\u00f3 i centres educatius informats en evid\\u00e8ncies\"],\"area_display_names\":[\"M\\u00e8todes d'Investigaci\\u00f3 i Transfer\\u00e8ncia del Coneixement\"],\"image\":\"https:\\\/\\\/projectes.xtec.cat\\\/recerca\\\/wp-content\\\/uploads\\\/usu2090\\\/2025\\\/05\\\/17_EscolaIPSE.png\"},{\"id\":8885,\"lat\":41.36943815516724,\"lon\":2.062418341335106,\"title\":\"Escola Espai 3\",\"permalink\":\"https:\\\/\\\/projectes.xtec.cat\\\/recerca\\\/gdr\\\/escola-espai-3\\\/\",\"subtitle\":\"Xarxa REDU-CAT\",\"address\":\"C. Sant Mart\\u00ed de l'Erm, 2 08970 Sant Joan Desp\\u00ed\",\"phone\":\"\",\"email\":\"\",\"website\":\"https:\\\/\\\/agora.xtec.cat\\\/ceip-espai3-sjdespi\\\/\",\"ambits\":[],\"categories\":[\"xarxes-de-recerca-accio-i-centres-educatius-informats-en-evidencies\"],\"arees\":[\"educacio-inclusiva\",\"metodes-dinvestigacio-i-transferencia-del-coneixement\"],\"arees_interes\":[\"diversitat-i-inclusio\"],\"content\":\"<span style=\\\"font-weight: 400;\\\">Investiga al voltant del desenvolupament de pr\\u00e0ctiques inclusives a cicle inicial.<\\\/span>\\r\\n\\r\\nParticipa en el projecte REDU-CAT, que busca dissenyar i validar un model metodol\\u00f2gic d\\u2019\\u00fas de l\\u2019evid\\u00e8ncia de recerca en centres educatius de Catalunya.\\r\\nhttps:\\\/\\\/www.reducat.cat\\\/\",\"category_display_names\":[\"Xarxes de recerca acci\\u00f3 i centres educatius informats en evid\\u00e8ncies\"],\"area_display_names\":[\"Educaci\\u00f3 Inclusiva\",\"M\\u00e8todes d'Investigaci\\u00f3 i Transfer\\u00e8ncia del Coneixement\"],\"image\":\"https:\\\/\\\/projectes.xtec.cat\\\/recerca\\\/wp-content\\\/uploads\\\/usu2090\\\/2025\\\/05\\\/16_Escola-Espai.jpg\"},{\"id\":8884,\"lat\":41.47832233453527,\"lon\":2.0892546269852335,\"title\":\"Escola Collserola\",\"permalink\":\"https:\\\/\\\/projectes.xtec.cat\\\/recerca\\\/gdr\\\/escola-collserola\\\/\",\"subtitle\":\"Xarxa REDU-CAT\",\"address\":\"Pl. Abat Donadeu, 44 08173 Sant Cugat del Vall\\u00e8s\",\"phone\":\"935 898 478\",\"email\":\"a8041234@xtec.cat\",\"website\":\"https:\\\/\\\/www.escolacollserola.cat\\\/\",\"ambits\":[],\"categories\":[\"xarxes-de-recerca-accio-i-centres-educatius-informats-en-evidencies\"],\"arees\":[\"educacio-inclusiva\",\"metodes-dinvestigacio-i-transferencia-del-coneixement\"],\"arees_interes\":[\"diversitat-i-inclusio\"],\"content\":\"<span style=\\\"font-weight: 400;\\\">Investiga al voltant de la creaci\\u00f3 de patis inclusius.<\\\/span>\\r\\n\\r\\nParticipa en el projecte REDU-CAT, que busca dissenyar i validar un model metodol\\u00f2gic d\\u2019\\u00fas de l\\u2019evid\\u00e8ncia de recerca en centres educatius de Catalunya.\\r\\nhttps:\\\/\\\/www.reducat.cat\\\/\",\"category_display_names\":[\"Xarxes de recerca acci\\u00f3 i centres educatius informats en evid\\u00e8ncies\"],\"area_display_names\":[\"Educaci\\u00f3 Inclusiva\",\"M\\u00e8todes d'Investigaci\\u00f3 i Transfer\\u00e8ncia del Coneixement\"],\"image\":\"https:\\\/\\\/projectes.xtec.cat\\\/recerca\\\/wp-content\\\/uploads\\\/usu2090\\\/2025\\\/05\\\/15_Escola-Collserola.png\"},{\"id\":8883,\"lat\":41.405021463748916,\"lon\":2.1155610982080626,\"title\":\"Escola Dolors Monserd\\u00e0-Santapau\",\"permalink\":\"https:\\\/\\\/projectes.xtec.cat\\\/recerca\\\/gdr\\\/escola-dolors-monserda-santapau\\\/\",\"subtitle\":\"Xarxa REDU-CAT\",\"address\":\"Av. de Vallvidrera, 908017 Barcelona\",\"phone\":\"932 031 278\",\"email\":\"a8001716@xtec.cat\",\"website\":\"https:\\\/\\\/agora.xtec.cat\\\/esc-dms\\\/\",\"ambits\":[\"expressio-escrita\",\"linguistic-i-literari\"],\"categories\":[\"xarxes-de-recerca-accio-i-centres-educatius-informats-en-evidencies\"],\"arees\":[\"didactica-de-la-llengua-i-la-literatura\",\"metodes-dinvestigacio-i-transferencia-del-coneixement\"],\"arees_interes\":[],\"content\":\"<span style=\\\"font-weight: 400;\\\">Investiga al voltant de la millora de la compet\\u00e8ncia escrita.\\u00a0<\\\/span>\\r\\n\\r\\nParticipa en el projecte REDU-CAT, que busca dissenyar i validar un model metodol\\u00f2gic d\\u2019\\u00fas de l\\u2019evid\\u00e8ncia de recerca en centres educatius de Catalunya.\\r\\nhttps:\\\/\\\/www.reducat.cat\\\/\",\"category_display_names\":[\"Xarxes de recerca acci\\u00f3 i centres educatius informats en evid\\u00e8ncies\"],\"area_display_names\":[\"Did\\u00e0ctica de la Llengua i la Literatura\",\"M\\u00e8todes d'Investigaci\\u00f3 i Transfer\\u00e8ncia del Coneixement\"],\"image\":\"https:\\\/\\\/projectes.xtec.cat\\\/recerca\\\/wp-content\\\/uploads\\\/usu2090\\\/2025\\\/05\\\/14_Escola-Dolors-Monserda.jpg\"},{\"id\":8882,\"lat\":42.41259413881206,\"lon\":1.1300267116420557,\"title\":\"Escola \\u00c0ngel Seraf\\u00ed Casanovas\",\"permalink\":\"https:\\\/\\\/projectes.xtec.cat\\\/recerca\\\/gdr\\\/escola-angel-serafi-casanovas\\\/\",\"subtitle\":\"Xarxa REDU-CAT\",\"address\":\"C. Sant Ot, s\\\/n25560 Sort\",\"phone\":\"973 620 222\",\"email\":\"c5005144@xtec.cat\",\"website\":\"https:\\\/\\\/agora.xtec.cat\\\/ceip-angel-serafi-casanovas\\\/\",\"ambits\":[\"convivencia-escolar\",\"desenvolupament-personal-i-social\"],\"categories\":[\"xarxes-de-recerca-accio-i-centres-educatius-informats-en-evidencies\"],\"arees\":[\"metodes-dinvestigacio-i-transferencia-del-coneixement\"],\"arees_interes\":[],\"content\":\"<span style=\\\"font-weight: 400;\\\">Investiga al voltant de la creaci\\u00f3 d'equips per la conviv\\u00e8ncia, enfocament restauratiu del conflicte.\\r\\n<\\\/span>\\r\\nParticipa en el projecte REDU-CAT, que busca dissenyar i validar un model metodol\\u00f2gic d\\u2019\\u00fas de l\\u2019evid\\u00e8ncia de recerca en centres educatius de Catalunya.\\r\\nhttps:\\\/\\\/www.reducat.cat\\\/\",\"category_display_names\":[\"Xarxes de recerca acci\\u00f3 i centres educatius informats en evid\\u00e8ncies\"],\"area_display_names\":[\"M\\u00e8todes d'Investigaci\\u00f3 i Transfer\\u00e8ncia del Coneixement\"],\"image\":\"https:\\\/\\\/projectes.xtec.cat\\\/recerca\\\/wp-content\\\/uploads\\\/usu2090\\\/2025\\\/05\\\/13_Escola-A-Serafi.png\"},{\"id\":8881,\"lat\":41.55247887702894,\"lon\":2.449122858210278,\"title\":\"Institut Les Cinc S\\u00e8nies\",\"permalink\":\"https:\\\/\\\/projectes.xtec.cat\\\/recerca\\\/gdr\\\/institut-les-cinc-senies\\\/\",\"subtitle\":\"Xarxa RecercAULA\",\"address\":\"Rda. de Rafael Estrany, 6008304 Matar\\u00f3\",\"phone\":\"937 964 394\",\"email\":\"a8075712@xtec.cat\",\"website\":\"https:\\\/\\\/agora.xtec.cat\\\/inslescincsenies\\\/\",\"ambits\":[],\"categories\":[\"xarxes-de-recerca-accio-i-centres-educatius-informats-en-evidencies\"],\"arees\":[\"metodes-dinvestigacio-i-transferencia-del-coneixement\"],\"arees_interes\":[],\"content\":\"Forma part de la xarxa RecercAULA per la seva participaci\\u00f3 el Programa d'Innovaci\\u00f3: <a href=\\\"https:\\\/\\\/projectes.xtec.cat\\\/recerca\\\/recercaula\\\/\\\">\\u201cAprenentatge entre iguals: RecercAULA\\u201d<\\\/a> del Departament d'Educaci\\u00f3 i Formaci\\u00f3 Professional (2023-26).\\r\\nFa recerca acci\\u00f3 sobre la incid\\u00e8ncia de l'autoregulaci\\u00f3 en la millora de la comprensi\\u00f3 oral i l'expressi\\u00f3 escrita.\",\"category_display_names\":[\"Xarxes de recerca acci\\u00f3 i centres educatius informats en evid\\u00e8ncies\"],\"area_display_names\":[\"M\\u00e8todes d'Investigaci\\u00f3 i Transfer\\u00e8ncia del Coneixement\"],\"image\":\"https:\\\/\\\/projectes.xtec.cat\\\/recerca\\\/wp-content\\\/uploads\\\/usu2090\\\/2025\\\/05\\\/12_Institut-Les-Cinc-Senies.png\"},{\"id\":8880,\"lat\":41.686797817069674,\"lon\":2.799157276177199,\"title\":\"Institut Serrallarga\",\"permalink\":\"https:\\\/\\\/projectes.xtec.cat\\\/recerca\\\/gdr\\\/institut-serrallarga\\\/\",\"subtitle\":\"Xarxa RecercAULA\",\"address\":\"C. de Joan Benejam, 117300 Blanes\",\"phone\":\"972 331 005\",\"email\":\"iesserrallarga@xtec.cat\",\"website\":\"https:\\\/\\\/agora.xtec.cat\\\/iesserrallarga\\\/\",\"ambits\":[],\"categories\":[\"xarxes-de-recerca-accio-i-centres-educatius-informats-en-evidencies\"],\"arees\":[\"metodes-dinvestigacio-i-transferencia-del-coneixement\"],\"arees_interes\":[],\"content\":\"Forma part de la xarxa RecercAULA per la seva participaci\\u00f3 el Programa d'Innovaci\\u00f3: <a href=\\\"https:\\\/\\\/projectes.xtec.cat\\\/recerca\\\/recercaula\\\/\\\">\\u201cAprenentatge entre iguals: RecercAULA\\u201d<\\\/a> del Departament d'Educaci\\u00f3 i Formaci\\u00f3 Professional (2023-26).\\r\\nFa recerca acci\\u00f3 sobre l'experi\\u00e8ncia Erasmus i el sentiment de pertinen\\u00e7a.\",\"category_display_names\":[\"Xarxes de recerca acci\\u00f3 i centres educatius informats en evid\\u00e8ncies\"],\"area_display_names\":[\"M\\u00e8todes d'Investigaci\\u00f3 i Transfer\\u00e8ncia del Coneixement\"],\"image\":\"https:\\\/\\\/projectes.xtec.cat\\\/recerca\\\/wp-content\\\/uploads\\\/usu2090\\\/2025\\\/05\\\/11_Institut-Serrallarga.jpg\"},{\"id\":8879,\"lat\":41.56590410405528,\"lon\":0.516814305786176,\"title\":\"Institut Nou Alcarr\\u00e0s\",\"permalink\":\"https:\\\/\\\/projectes.xtec.cat\\\/recerca\\\/gdr\\\/institut-nou-alcarras\\\/\",\"subtitle\":\"Xarxa RecercAULA\",\"address\":\"C. de Fraga, 11525180 Alcarr\\u00e0s\",\"phone\":\"973 591 755\",\"email\":\"institut@insnoualcarras.cat\",\"website\":\"https:\\\/\\\/agora.xtec.cat\\\/ins-noualcarras\\\/\",\"ambits\":[],\"categories\":[\"xarxes-de-recerca-accio-i-centres-educatius-informats-en-evidencies\"],\"arees\":[\"metodes-dinvestigacio-i-transferencia-del-coneixement\"],\"arees_interes\":[],\"content\":\"Forma part de la xarxa RecercAULA per la seva participaci\\u00f3 el Programa d'Innovaci\\u00f3: <a href=\\\"https:\\\/\\\/projectes.xtec.cat\\\/recerca\\\/recercaula\\\/\\\">\\u201cAprenentatge entre iguals: RecercAULA\\u201d<\\\/a> del Departament d'Educaci\\u00f3 i Formaci\\u00f3 Professional (2023-26).\\r\\nFa recerca acci\\u00f3 sobre la incid\\u00e8ncia dels diferents tipus de retroacci\\u00f3 en la millora de l'aprenentatge.\",\"category_display_names\":[\"Xarxes de recerca acci\\u00f3 i centres educatius informats en evid\\u00e8ncies\"],\"area_display_names\":[\"M\\u00e8todes d'Investigaci\\u00f3 i Transfer\\u00e8ncia del Coneixement\"],\"image\":\"https:\\\/\\\/projectes.xtec.cat\\\/recerca\\\/wp-content\\\/uploads\\\/usu2090\\\/2025\\\/05\\\/9_-Institut-Nou-Alcarras.png\"},{\"id\":199,\"lat\":41.60994478,\"lon\":0.6258269841,\"title\":\"Grup de Recerca Llengua i Educaci\\u00f3 (GRELIE)\",\"permalink\":\"https:\\\/\\\/projectes.xtec.cat\\\/recerca\\\/gdr\\\/grup-de-recerca-llengua-i-educacio-grelie\\\/\",\"subtitle\":\"Universitat de Lleida. Facultat d'Educaci\\u00f3, Psicologia i Treball Social\",\"address\":\"Av. de l'Estudi General, 425001 Lleida\",\"phone\":\"973 706 501\",\"email\":\"huguet@pip.udl.cat\",\"website\":\"http:\\\/\\\/www.grelie.udl.cat\\\/\",\"ambits\":[],\"categories\":[\"grups-de-recerca-universitaris\"],\"arees\":[\"didactica-de-la-llengua-i-la-literatura\",\"sociologia-de-leducacio\"],\"arees_interes\":[],\"content\":\"Les seves l\\u00ednies de recerca s\\u00f3n dues:\\r\\n1. Educaci\\u00f3 biling\\u00fce i multiling\\u00fce i actituds\\r\\n2. Llengua, identitat i inclusi\\u00f3.\",\"category_display_names\":[\"Grups de recerca universitaris\"],\"area_display_names\":[\"Did\\u00e0ctica de la Llengua i la Literatura\",\"Sociologia de l'Educaci\\u00f3\"],\"image\":\"https:\\\/\\\/projectes.xtec.cat\\\/recerca\\\/wp-content\\\/uploads\\\/usu2090\\\/2025\\\/05\\\/GRELIE-logo_floatinggranudl.png.png\"},{\"id\":198,\"lat\":41.13272997,\"lon\":1.241363212,\"title\":\"Grup de Recerca Impacte Social i Educaci\\u00f3 (IMPSE)\",\"permalink\":\"https:\\\/\\\/projectes.xtec.cat\\\/recerca\\\/gdr\\\/grup-de-recerca-impacte-social-i-educacio-impse\\\/\",\"subtitle\":\"Universitat Rovira i Virgili. Facultat de Ci\\u00e8ncies de l'Educaci\\u00f3 i Psicologia\",\"address\":\"Ctra. de Valls, s\\\/nCampus Sescelades43007 Tarragona\",\"phone\":\"\",\"email\":\"joseoriol.rios@urv.cat\",\"website\":\"https:\\\/\\\/imse.urv.cat\\\/\",\"ambits\":[],\"categories\":[\"grups-de-recerca-universitaris\"],\"arees\":[\"organitzacio-escolar-i-lideratge-educatiu\",\"pedagogia\",\"sociologia-de-leducacio\"],\"arees_interes\":[],\"content\":\"Els seus principals projectes s'adrecen a la innovaci\\u00f3 docent i de transfer\\u00e8ncia educativa amb perspectiva de g\\u00e8nere.\",\"category_display_names\":[\"Grups de recerca universitaris\"],\"area_display_names\":[\"Organitzaci\\u00f3 Escolar i Lideratge Educatiu\",\"Pedagogia\",\"Sociologia de l'Educaci\\u00f3\"],\"image\":\"https:\\\/\\\/projectes.xtec.cat\\\/recerca\\\/wp-content\\\/uploads\\\/usu2090\\\/2025\\\/05\\\/IMSE.png\"},{\"id\":197,\"lat\":41.38107617,\"lon\":2.139274439,\"title\":\"DHIGECS-COM &#8211; Grup de Recerca Did\\u00e0ctica de la Hist\\u00f2ria, la Geografia i altres Ci\\u00e8ncies Socials, i Comunicaci\\u00f3\",\"permalink\":\"https:\\\/\\\/projectes.xtec.cat\\\/recerca\\\/gdr\\\/grup-de-recerca-didactica-de-la-historia-la-geografia-i-altres-ciencies-socials-i-comunicacio-dhigecs-com\\\/\",\"subtitle\":\"Universitat de Barcelona\",\"address\":\"C. de Melcior de Palau, 140 08014 Barcelona\",\"phone\":\"934 035 775\",\"email\":\"gr.dhigecscom@ub.edu\",\"website\":\"https:\\\/\\\/www.ub.edu\\\/dhigecscom\\\/ca\\\/\",\"ambits\":[\"artistic\",\"arts-visuals\",\"cultura-audiovisual\",\"geografia\",\"historia\",\"social-i-humanistic\",\"sociologia\"],\"categories\":[\"grups-de-recerca-universitaris\"],\"arees\":[\"didactica-de-la-llengua-i-la-literatura\",\"didactica-de-les-ciencies-socials-i-les-humanitats\",\"educacio-i-alfabetitzacio-digital\"],\"arees_interes\":[\"alfabetitzacio-digital\",\"ciencies-socials-i-educacio-critica\",\"ciutadania-democratica\",\"desenvolupament-professional-docent\",\"digitalitzacio\",\"estrategies-docents\",\"pensament-critic\"],\"content\":\"Les seves l\\u00ednies d'investigaci\\u00f3 s\\u00f3n:\\r\\n<ol>\\r\\n \\t<li><strong>Educaci\\u00f3 i mitjans de comunicaci\\u00f3<\\\/strong>: comunicaci\\u00f3, participaci\\u00f3 i cognici\\u00f3; narrativa i est\\u00e8tica de les representacions audiovisuals en entorns educatius; alfabetitzaci\\u00f3, Informaci\\u00f3 i Mitjans de comunicaci\\u00f3.<\\\/li>\\r\\n \\t<li><strong>Ensenyament i aprenentatge de les Ci\\u00e8ncies Socials<\\\/strong>: ensenyament i aprenentatge de les Ci\\u00e8ncies Socials en entorns educatius; professionalitzaci\\u00f3 de l'ensenyament; museus i educaci\\u00f3; mobile learning i virtuality; did\\u00e0ctica del patrimoni.<\\\/li>\\r\\n<\\\/ol>\",\"category_display_names\":[\"Grups de recerca universitaris\"],\"area_display_names\":[\"Did\\u00e0ctica de la Llengua i la Literatura\",\"Did\\u00e0ctica de les Ci\\u00e8ncies Socials i les Humanitats\",\"Educaci\\u00f3 i Alfabetitzaci\\u00f3 Digital\"],\"image\":\"https:\\\/\\\/projectes.xtec.cat\\\/recerca\\\/wp-content\\\/uploads\\\/usu2090\\\/2025\\\/06\\\/bafkreiemcycsg2hfywhdj3q6c46kpmrq4dtj5qna7iexfsy3nmtq6pfera-scaled.jpg\"},{\"id\":196,\"lat\":41.43644974,\"lon\":2.164617024,\"title\":\"Escola de l&#8217;Institut de Govern i Pol\\u00edtiques P\\u00fabliques (IGOP)\",\"permalink\":\"https:\\\/\\\/projectes.xtec.cat\\\/recerca\\\/gdr\\\/escola-de-linstitut-de-govern-i-politiques-publiques-igop\\\/\",\"subtitle\":\"Universitat Aut\\u00f2noma de Barcelona\",\"address\":\"Pg. d\\u2019Urrutia, 1708042 Barcelona\",\"phone\":\"680 779 811\",\"email\":\"igop.bcn@uab.cat\",\"website\":\"https:\\\/\\\/escoladeligop.com\\\/\",\"ambits\":[\"social-i-humanistic\",\"sociologia\"],\"categories\":[\"grups-de-recerca-universitaris\"],\"arees\":[\"politiques-educatives-i-avaluacio\",\"sociologia-de-leducacio\"],\"arees_interes\":[\"ciencies-socials-i-educacio-critica\",\"ciutadania-democratica\",\"desenvolupament-professional-docent\",\"formacio-continua\",\"recerca-accio\"],\"content\":\"Es tracta de l'Escola de l'Institut de Govern i Pol\\u00edtiques P\\u00fabliques. Destaquen 2 projectes: Investigaci\\u00f3 acci\\u00f3 Participant a les escoles i l'Escola d'Estiu de l'IGOP.\",\"category_display_names\":[\"Grups de recerca universitaris\"],\"area_display_names\":[\"Pol\\u00edtiques Educatives i Avaluaci\\u00f3\",\"Sociologia de l'Educaci\\u00f3\"],\"image\":\"https:\\\/\\\/projectes.xtec.cat\\\/recerca\\\/wp-content\\\/uploads\\\/usu2090\\\/2025\\\/05\\\/ESCOLA-IGOP.png\"},{\"id\":195,\"lat\":41.50400372,\"lon\":2.105920814,\"title\":\"Institut de Govern i Pol\\u00edtiques P\\u00fabliques (IGOP-UAB)\",\"permalink\":\"https:\\\/\\\/projectes.xtec.cat\\\/recerca\\\/gdr\\\/institut-de-govern-i-politiques-publiques-igop-uab\\\/\",\"subtitle\":\"Universitat Aut\\u00f2noma de Barcelona\",\"address\":\"Pl. del Coneixement, Edifici MRA08193 Bellaterra\",\"phone\":\"935 868 815\",\"email\":\"igop@uab.cat\",\"website\":\"https:\\\/\\\/igop.uab.cat\\\/recerca-igop\\\/\",\"ambits\":[\"poblacio-territori-i-medi\",\"social-i-humanistic\",\"sociologia\"],\"categories\":[\"grups-de-recerca-universitaris\"],\"arees\":[\"politiques-educatives-i-avaluacio\",\"sociologia-de-leducacio\"],\"arees_interes\":[\"avaluacio-avaluacio\",\"avaluacio\",\"ciencies-socials-i-educacio-critica\",\"ciutadania-democratica\",\"diversitat-i-inclusio\",\"interculturalitat-i-immigracio\",\"politiques-educatives\",\"segregacio-i-abandonament\"],\"content\":\"Consten, al seu interior, de diversos grups de recerca: Grup d'Estudis en Innovaci\\u00f3, Governan\\u00e7a i Pol\\u00edtiques P\\u00fabliques; Democracy, elections and Citizenship &amp; Globalisation, Education and Social Policy; Transnational Relations, Democratisation and Migration; Analysis, management and evaluation of public policies; Urban Governance, Commons, Internet and Social Innovation.\",\"category_display_names\":[\"Grups de recerca universitaris\"],\"area_display_names\":[\"Pol\\u00edtiques Educatives i Avaluaci\\u00f3\",\"Sociologia de l'Educaci\\u00f3\"],\"image\":\"https:\\\/\\\/projectes.xtec.cat\\\/recerca\\\/wp-content\\\/uploads\\\/usu2090\\\/2025\\\/05\\\/Institut-de-Govern-i-Politiques-Publiques-IGOP-e1760424006371.jpg\"},{\"id\":194,\"lat\":41.3928891,\"lon\":2.174394639,\"title\":\"Fundaci\\u00f3 Bofill\",\"permalink\":\"https:\\\/\\\/projectes.xtec.cat\\\/recerca\\\/gdr\\\/fundacio-bofill\\\/\",\"subtitle\":\"Fundaci\\u00f3 Bofill\",\"address\":\"C. de Girona 3408010 Barcelona\",\"phone\":\"934 588 700\",\"email\":\"fbofill@fundaciobofill.org\",\"website\":\"https:\\\/\\\/fundaciobofill.cat\\\/\",\"ambits\":[\"cohesio-social\",\"convivencia-escolar\",\"desenvolupament-personal-i-social\",\"social-i-humanistic\",\"sociologia\"],\"categories\":[\"entitats\"],\"arees\":[\"politiques-educatives-i-avaluacio\",\"sociologia-de-leducacio\"],\"arees_interes\":[\"avaluacio-avaluacio\",\"avaluacio\",\"ccbb-competencies-basiques\",\"ciencies-socials-i-educacio-critica\",\"ciutadania-democratica\",\"desenvolupament-professional-docent\",\"diversitat-i-inclusio\",\"digitalitzacio\",\"formacio-continua\",\"gestio-i-organitzacio-escolar\",\"interculturalitat-i-immigracio\",\"lideratge-i-organitzacio-de-centres\",\"estrategies-docents\",\"participacio-i-families\",\"pisa\",\"politiques-educatives\",\"segregacio-i-abandonament\"],\"content\":\"Els seus principals projectes s\\u00f3n l'Estat de l'Educaci\\u00f3 a Catalunya, Zero Abandonament, Mentoria, Lecxit Educatiu; Educaci\\u00f3 360; Dessegregaci\\u00f3 i Equitat Digital.\",\"category_display_names\":[\"Entitats, fundacions, societat civil i empreses\"],\"area_display_names\":[\"Pol\\u00edtiques Educatives i Avaluaci\\u00f3\",\"Sociologia de l'Educaci\\u00f3\"],\"image\":\"https:\\\/\\\/projectes.xtec.cat\\\/recerca\\\/wp-content\\\/uploads\\\/usu2090\\\/2025\\\/05\\\/Fundacio-Bofill.jpg\"},{\"id\":193,\"lat\":41.13272997,\"lon\":1.241309568,\"title\":\"Grup de Recerca en Educaci\\u00f3 Intercultural i G\\u00e8nere (GREDI-URV)\",\"permalink\":\"https:\\\/\\\/projectes.xtec.cat\\\/recerca\\\/gdr\\\/grup-de-recerca-en-educacio-intercultural-i-genere-gredi-urv\\\/\",\"subtitle\":\"Universitat Rovira i Virgili. Facultat de Ci\\u00e8ncies de l'Educaci\\u00f3 i Psicologia\",\"address\":\"Ctra. de Valls, s\\\/n, Campus Sescelades43007 Tarragona\",\"phone\":\"\",\"email\":\"gredi.urv@gmail.com\",\"website\":\"https:\\\/\\\/www.grediurv.com\\\/\",\"ambits\":[\"psicologia\",\"social-i-humanistic\",\"sociologia\"],\"categories\":[\"grups-de-recerca-universitaris\"],\"arees\":[\"pedagogia\",\"psicologia-de-leducacio\",\"sociologia-de-leducacio\"],\"arees_interes\":[\"ciencies-socials-i-educacio-critica\",\"ciutadania-democratica\",\"coeducacio\",\"diversitat-i-inclusio\",\"identitat-i-genere\",\"interculturalitat-i-immigracio\"],\"content\":\"Les seves principals l\\u00ednies d'investigaci\\u00f3 s\\u00f3n la participaci\\u00f3, el g\\u00e8nere, la interculturalitat i les metodologies.\",\"category_display_names\":[\"Grups de recerca universitaris\"],\"area_display_names\":[\"Pedagogia\",\"Psicologia de l'Educaci\\u00f3\",\"Sociologia de l'Educaci\\u00f3\"],\"image\":\"https:\\\/\\\/projectes.xtec.cat\\\/recerca\\\/wp-content\\\/uploads\\\/usu2090\\\/2025\\\/05\\\/Gredi_URV.jpg\"},{\"id\":192,\"lat\":41.43900611,\"lon\":2.144317206,\"title\":\"Grup de Recerca en Educaci\\u00f3 Intercultural i G\\u00e8nere (GREDI-UB)\",\"permalink\":\"https:\\\/\\\/projectes.xtec.cat\\\/recerca\\\/gdr\\\/grup-de-recerca-en-educacio-intercultural-i-genere-gredi-ub\\\/\",\"subtitle\":\"Universitat de Barcelona. Facultat d'Educaci\\u00f3\",\"address\":\"Pg. de la Vall d'Hebron, 171, Edifici de Llevant08035 Barcelona\",\"phone\":\"934 035 248\",\"email\":\"gredi@ub.edu\",\"website\":\"https:\\\/\\\/www.ub.edu\\\/gredi\\\/\",\"ambits\":[\"psicologia\",\"social-i-humanistic\",\"sociologia\"],\"categories\":[\"grups-de-recerca-universitaris\"],\"arees\":[\"pedagogia\",\"psicologia-de-leducacio\",\"sociologia-de-leducacio\"],\"arees_interes\":[\"ciencies-socials-i-educacio-critica\",\"ciutadania-democratica\",\"coeducacio\",\"diversitat-i-inclusio\",\"identitat-i-genere\",\"interculturalitat-i-immigracio\",\"estrategies-docents\"],\"content\":\"Les seves principals l\\u00ednies d'investigaci\\u00f3 s\\u00f3n la participaci\\u00f3, el g\\u00e8nere, la interculturalitat i les metodologies.\",\"category_display_names\":[\"Grups de recerca universitaris\"],\"area_display_names\":[\"Pedagogia\",\"Psicologia de l'Educaci\\u00f3\",\"Sociologia de l'Educaci\\u00f3\"],\"image\":\"https:\\\/\\\/projectes.xtec.cat\\\/recerca\\\/wp-content\\\/uploads\\\/usu2090\\\/2025\\\/05\\\/Grup-de-recerca-en-Educacio-Intercultural-i-Genere-GREDI.png\"},{\"id\":191,\"lat\":41.561675299012464,\"lon\":2.0166161683274852,\"title\":\"Centre educatiu Tecnos Escola Cooperativa\",\"permalink\":\"https:\\\/\\\/projectes.xtec.cat\\\/recerca\\\/gdr\\\/tecnos-escola-cooperativa\\\/\",\"subtitle\":\"Xarxa REDU-CAT\",\"address\":\"C. de Topete, 34 08221 Terrassa\",\"phone\":\"\",\"email\":\"secretaria@tecnos.cat\",\"website\":\"https:\\\/\\\/www.escolatecnos.cat\\\/\",\"ambits\":[\"comprensio-escrita\",\"linguistic-i-literari\"],\"categories\":[\"xarxes-de-recerca-accio-i-centres-educatius-informats-en-evidencies\"],\"arees\":[\"didactica-de-la-llengua-i-la-literatura\",\"metodes-dinvestigacio-i-transferencia-del-coneixement\"],\"arees_interes\":[\"carrera-professional-docent\",\"desenvolupament-professional-docent\",\"formacio-continua\",\"xarxes-educatives\"],\"content\":\"<span style=\\\"font-weight: 400;\\\">Projecte de centre per a la millora de la compet\\u00e8ncia lectora.<\\\/span>\\r\\n\\r\\nParticipa en el projecte REDU-CAT, que busca dissenyar i validar un model metodol\\u00f2gic d\\u2019\\u00fas de l\\u2019evid\\u00e8ncia de recerca en centres educatius de Catalunya.\\r\\nhttps:\\\/\\\/www.reducat.cat\\\/\",\"category_display_names\":[\"Xarxes de recerca acci\\u00f3 i centres educatius informats en evid\\u00e8ncies\"],\"area_display_names\":[\"Did\\u00e0ctica de la Llengua i la Literatura\",\"M\\u00e8todes d'Investigaci\\u00f3 i Transfer\\u00e8ncia del Coneixement\"],\"image\":\"https:\\\/\\\/projectes.xtec.cat\\\/recerca\\\/wp-content\\\/uploads\\\/usu2090\\\/2025\\\/05\\\/32_Tecnos-Escola-Cooperativa.png\"},{\"id\":190,\"lat\":41.55573086445619,\"lon\":2.0154083227454223,\"title\":\"Centre educatiu Sagrat Cor de Jes\\u00fas\",\"permalink\":\"https:\\\/\\\/projectes.xtec.cat\\\/recerca\\\/gdr\\\/sagrat-cor-de-jesus\\\/\",\"subtitle\":\"Xarxa REDU-CAT\",\"address\":\"C. del Pare Font, 15208223 Terrassa\",\"phone\":\"937 862 816\",\"email\":\"info@sagratcorterrassa.com\",\"website\":\"https:\\\/\\\/www.sagratcorterrassa.com\\\/\",\"ambits\":[],\"categories\":[\"xarxes-de-recerca-accio-i-centres-educatius-informats-en-evidencies\"],\"arees\":[\"metodes-dinvestigacio-i-transferencia-del-coneixement\"],\"arees_interes\":[\"carrera-professional-docent\",\"desenvolupament-professional-docent\",\"diversitat-i-inclusio\",\"formacio-continua\",\"xarxes-educatives\"],\"content\":\"<span style=\\\"font-weight: 400;\\\">Investiga al voltant de la millora de l\\u2019atenci\\u00f3 a la diversitat.<\\\/span>\\r\\n\\r\\nParticipa en el projecte REDU-CAT, que busca dissenyar i validar un model metodol\\u00f2gic d\\u2019\\u00fas de l\\u2019evid\\u00e8ncia de recerca en centres educatius de Catalunya.\\r\\nhttps:\\\/\\\/www.reducat.cat\\\/\",\"category_display_names\":[\"Xarxes de recerca acci\\u00f3 i centres educatius informats en evid\\u00e8ncies\"],\"area_display_names\":[\"M\\u00e8todes d'Investigaci\\u00f3 i Transfer\\u00e8ncia del Coneixement\"],\"image\":\"https:\\\/\\\/projectes.xtec.cat\\\/recerca\\\/wp-content\\\/uploads\\\/usu2090\\\/2025\\\/05\\\/31_sagrat_cor.jpg\"},{\"id\":189,\"lat\":41.42372851399005,\"lon\":2.1703779959662564,\"title\":\"Escola Pit-Roig\",\"permalink\":\"https:\\\/\\\/projectes.xtec.cat\\\/recerca\\\/gdr\\\/pit-roig\\\/\",\"subtitle\":\"Xarxa REDU-CAT\",\"address\":\"C. d'Aguilar, 4 08032 Barcelona\",\"phone\":\"934 335 534\",\"email\":\"a8043875@xtec.cat\",\"website\":\"https:\\\/\\\/escolapitroig.cat\\\/\",\"ambits\":[\"comprensio-escrita\",\"linguistic-i-literari\",\"llengua-i-contingut\"],\"categories\":[\"xarxes-de-recerca-accio-i-centres-educatius-informats-en-evidencies\"],\"arees\":[\"didactica-de-la-llengua-i-la-literatura\",\"metodes-dinvestigacio-i-transferencia-del-coneixement\"],\"arees_interes\":[\"carrera-professional-docent\",\"desenvolupament-professional-docent\",\"formacio-continua\",\"xarxes-educatives\"],\"content\":\"<span style=\\\"font-weight: 400;\\\">Investiga al voltant de la millora de la comprensi\\u00f3 lectora.<\\\/span>\\r\\n\\r\\nParticipa en el projecte REDU-CAT, que busca dissenyar i validar un model metodol\\u00f2gic d\\u2019\\u00fas de l\\u2019evid\\u00e8ncia de recerca en centres educatius de Catalunya.\\r\\nhttps:\\\/\\\/www.reducat.cat\\\/\",\"category_display_names\":[\"Xarxes de recerca acci\\u00f3 i centres educatius informats en evid\\u00e8ncies\"],\"area_display_names\":[\"Did\\u00e0ctica de la Llengua i la Literatura\",\"M\\u00e8todes d'Investigaci\\u00f3 i Transfer\\u00e8ncia del Coneixement\"],\"image\":\"https:\\\/\\\/projectes.xtec.cat\\\/recerca\\\/wp-content\\\/uploads\\\/usu2090\\\/2025\\\/05\\\/30_Pit-Roig.png\"},{\"id\":188,\"lat\":41.73455454142236,\"lon\":1.826372253970467,\"title\":\"Centre educatiu L&#8217;Ave Maria Manresa\",\"permalink\":\"https:\\\/\\\/projectes.xtec.cat\\\/recerca\\\/gdr\\\/lave-maria-manresa\\\/\",\"subtitle\":\"Xarxa REDU-CAT\",\"address\":\"C. Major 58-6008242 Manresa\",\"phone\":\"938 742 161\",\"email\":\"a8020267@xtec.cat\",\"website\":\"https:\\\/\\\/www.avemariamanresa.cat\\\/\",\"ambits\":[\"comprensio-escrita\",\"linguistic-i-literari\"],\"categories\":[\"xarxes-de-recerca-accio-i-centres-educatius-informats-en-evidencies\"],\"arees\":[\"didactica-de-la-llengua-i-la-literatura\",\"metodes-dinvestigacio-i-transferencia-del-coneixement\"],\"arees_interes\":[\"carrera-professional-docent\",\"desenvolupament-professional-docent\",\"formacio-continua\",\"xarxes-educatives\"],\"content\":\"Investiga al voltant de la <span style=\\\"font-weight: 400;\\\">millora d'estrat\\u00e8gies i metodologies per treballar la lectura i el gust per la mateixa a l\\u2019escola, en totes les etapes. Facilitar a l\\u2019alumnat l\\u2019assimilaci\\u00f3 del proc\\u00e9s de lectoescriptura independentment de la llengua materna, millorar la comprensi\\u00f3 lectora a trav\\u00e9s d\\u2019estrat\\u00e8gies i metodologies innovadores i potenciar el gust per la lectura entre l\\u2019alumnat.<\\\/span>\\r\\n\\r\\nParticipa en el projecte REDU-CAT, que busca dissenyar i validar un model metodol\\u00f2gic d\\u2019\\u00fas de l\\u2019evid\\u00e8ncia de recerca en centres educatius de Catalunya.\\r\\nhttps:\\\/\\\/www.reducat.cat\\\/\",\"category_display_names\":[\"Xarxes de recerca acci\\u00f3 i centres educatius informats en evid\\u00e8ncies\"],\"area_display_names\":[\"Did\\u00e0ctica de la Llengua i la Literatura\",\"M\\u00e8todes d'Investigaci\\u00f3 i Transfer\\u00e8ncia del Coneixement\"],\"image\":\"https:\\\/\\\/projectes.xtec.cat\\\/recerca\\\/wp-content\\\/uploads\\\/usu2090\\\/2025\\\/05\\\/29_Ave-Maria-Manresa.webp\"},{\"id\":187,\"lat\":42.30887348595711,\"lon\":3.0133410930472935,\"title\":\"Institut Peralada\",\"permalink\":\"https:\\\/\\\/projectes.xtec.cat\\\/recerca\\\/gdr\\\/institut-peralada\\\/\",\"subtitle\":\"Xarxa REDU-CAT\",\"address\":\"Cam\\u00ed de la Garriga, 417491 Peralada\",\"phone\":\"872 660 157\",\"email\":\"b7010839@xtec.cat\",\"website\":\"https:\\\/\\\/agora.xtec.cat\\\/insperalada\\\/\",\"ambits\":[],\"categories\":[\"xarxes-de-recerca-accio-i-centres-educatius-informats-en-evidencies\"],\"arees\":[\"metodes-dinvestigacio-i-transferencia-del-coneixement\"],\"arees_interes\":[\"carrera-professional-docent\",\"desenvolupament-professional-docent\",\"formacio-continua\",\"estrategies-docents\",\"xarxes-educatives\"],\"content\":\"<span style=\\\"font-weight: 400;\\\">Investiga al voltant de l'avaluaci\\u00f3 de l'impacte dels resultats de l'alumnat gr\\u00e0cies a la pr\\u00e0ctica reflexiva entre docents.<\\\/span>\\r\\n\\r\\nParticipa en el projecte REDU-CAT, que busca dissenyar i validar un model metodol\\u00f2gic d\\u2019\\u00fas de l\\u2019evid\\u00e8ncia de recerca en centres educatius de Catalunya.\\r\\nhttps:\\\/\\\/www.reducat.cat\\\/\",\"category_display_names\":[\"Xarxes de recerca acci\\u00f3 i centres educatius informats en evid\\u00e8ncies\"],\"area_display_names\":[\"M\\u00e8todes d'Investigaci\\u00f3 i Transfer\\u00e8ncia del Coneixement\"],\"image\":\"https:\\\/\\\/projectes.xtec.cat\\\/recerca\\\/wp-content\\\/uploads\\\/usu2090\\\/2025\\\/05\\\/28_Institut-peralada.gif\"},{\"id\":186,\"lat\":41.38735003236456,\"lon\":2.1062670687749554,\"title\":\"Institut Pedralbes\",\"permalink\":\"https:\\\/\\\/projectes.xtec.cat\\\/recerca\\\/gdr\\\/institut-pedralbes\\\/\",\"subtitle\":\"Xarxa REDU-CAT\",\"address\":\"Av. d'Esplugues, 38 08034 Barcelona\",\"phone\":\"932 033 332\",\"email\":\"inspedralbes@xtec.cat\",\"website\":\"https:\\\/\\\/www.institutpedralbes.cat\\\/\",\"ambits\":[],\"categories\":[\"xarxes-de-recerca-accio-i-centres-educatius-informats-en-evidencies\"],\"arees\":[\"metodes-dinvestigacio-i-transferencia-del-coneixement\"],\"arees_interes\":[\"aprenentatge-basat-en-projectes-abp-pbl\",\"carrera-professional-docent\",\"desenvolupament-professional-docent\",\"formacio-continua\",\"estrategies-docents\",\"xarxes-educatives\"],\"content\":\"<span style=\\\"font-weight: 400;\\\">Investiga al voltant de la millora del treball per projectes.\\u00a0<\\\/span>\\r\\n\\r\\nParticipa en el projecte REDU-CAT, que busca dissenyar i validar un model metodol\\u00f2gic d\\u2019\\u00fas de l\\u2019evid\\u00e8ncia de recerca en centres educatius de Catalunya.\\r\\nhttps:\\\/\\\/www.reducat.cat\\\/\",\"category_display_names\":[\"Xarxes de recerca acci\\u00f3 i centres educatius informats en evid\\u00e8ncies\"],\"area_display_names\":[\"M\\u00e8todes d'Investigaci\\u00f3 i Transfer\\u00e8ncia del Coneixement\"],\"image\":\"https:\\\/\\\/projectes.xtec.cat\\\/recerca\\\/wp-content\\\/uploads\\\/usu2090\\\/2025\\\/05\\\/27_Institut-Pedralbes.jpg\"},{\"id\":184,\"lat\":41.227708063932866,\"lon\":1.7429603278372197,\"title\":\"Institut Alexandre Gal\\u00ed\",\"permalink\":\"https:\\\/\\\/projectes.xtec.cat\\\/recerca\\\/gdr\\\/institut-alexandre-gali\\\/\",\"subtitle\":\"Xarxa REDU-CAT\",\"address\":\"C. de Miquel Servet, 9608812 Les Roquetes\",\"phone\":\"938 143 585\",\"email\":\"correu@insalexandregali.cat\",\"website\":\"https:\\\/\\\/www.insalexandregali.cat\\\/\",\"ambits\":[\"cientific-i-tecnologic\"],\"categories\":[\"xarxes-de-recerca-accio-i-centres-educatius-informats-en-evidencies\"],\"arees\":[\"metodes-dinvestigacio-i-transferencia-del-coneixement\"],\"arees_interes\":[\"carrera-professional-docent\",\"desenvolupament-professional-docent\",\"formacio-continua\",\"xarxes-educatives\"],\"content\":\"<span style=\\\"font-weight: 400;\\\">Investiga al voltant de la millora de la compet\\u00e8ncia cient\\u00edfica.<\\\/span>\\r\\n\\r\\nParticipa en el projecte REDU-CAT, que busca dissenyar i validar un model metodol\\u00f2gic d\\u2019\\u00fas de l\\u2019evid\\u00e8ncia de recerca en centres educatius de Catalunya.\\r\\nhttps:\\\/\\\/www.reducat.cat\\\/\",\"category_display_names\":[\"Xarxes de recerca acci\\u00f3 i centres educatius informats en evid\\u00e8ncies\"],\"area_display_names\":[\"M\\u00e8todes d'Investigaci\\u00f3 i Transfer\\u00e8ncia del Coneixement\"],\"image\":\"https:\\\/\\\/projectes.xtec.cat\\\/recerca\\\/wp-content\\\/uploads\\\/usu2090\\\/2025\\\/05\\\/25_Institut-alexandre_gali.png\"},{\"id\":183,\"lat\":41.568976529124136,\"lon\":1.6412148306863557,\"title\":\"Institut Pla de les Moreres\",\"permalink\":\"https:\\\/\\\/projectes.xtec.cat\\\/recerca\\\/gdr\\\/institut-pla-de-les-moreres\\\/\",\"subtitle\":\"Xarxa REDU-CAT\",\"address\":\"C. de Crist\\u00f2for Colom, s\\\/n 08788 Vilanova del Cam\\u00ed\",\"phone\":\"938 041 950\",\"email\":\"a8044168@xtec.cat\",\"website\":\"https:\\\/\\\/institutpladelesmoreres.cat\\\/\",\"ambits\":[\"linguistic-i-literari\"],\"categories\":[\"xarxes-de-recerca-accio-i-centres-educatius-informats-en-evidencies\"],\"arees\":[\"metodes-dinvestigacio-i-transferencia-del-coneixement\"],\"arees_interes\":[\"carrera-professional-docent\",\"desenvolupament-professional-docent\",\"formacio-continua\",\"xarxes-educatives\"],\"content\":\"<span style=\\\"font-weight: 400;\\\">Investiga al voltant de l'avaluaci\\u00f3 de l'impacte del nou pla lector.<\\\/span>\\r\\n\\r\\nParticipa en el projecte REDU-CAT, que busca dissenyar i validar un model metodol\\u00f2gic d\\u2019\\u00fas de l\\u2019evid\\u00e8ncia de recerca en centres educatius de Catalunya.\\r\\nhttps:\\\/\\\/www.reducat.cat\\\/\",\"category_display_names\":[\"Xarxes de recerca acci\\u00f3 i centres educatius informats en evid\\u00e8ncies\"],\"area_display_names\":[\"M\\u00e8todes d'Investigaci\\u00f3 i Transfer\\u00e8ncia del Coneixement\"],\"image\":\"https:\\\/\\\/projectes.xtec.cat\\\/recerca\\\/wp-content\\\/uploads\\\/usu2090\\\/2025\\\/05\\\/24_Institut-Pla-de-les-Moreres.webp\"},{\"id\":182,\"lat\":41.39307355967677,\"lon\":2.161875169313645,\"title\":\"Institut escola Eixample\",\"permalink\":\"https:\\\/\\\/projectes.xtec.cat\\\/recerca\\\/gdr\\\/institut-escola-eixample\\\/\",\"subtitle\":\"Xarxa REDU-CAT\",\"address\":\"C. de Val\\u00e8ncia, 252 08007 Barcelona\",\"phone\":\"932 152 683\",\"email\":\"a8077149@xtec.cat\",\"website\":\"https:\\\/\\\/www.ieeixample.cat\\\/\",\"ambits\":[\"aprendre-a-aprendre\",\"desenvolupament-personal-i-social\"],\"categories\":[\"xarxes-de-recerca-accio-i-centres-educatius-informats-en-evidencies\"],\"arees\":[\"metodes-dinvestigacio-i-transferencia-del-coneixement\"],\"arees_interes\":[\"carrera-professional-docent\",\"desenvolupament-professional-docent\",\"formacio-continua\",\"xarxes-educatives\"],\"content\":\"<span style=\\\"font-weight: 400;\\\">Investiga al voltant del desenvolupament de la compet\\u00e8ncia Aprendre a aprendre en el claustre.<\\\/span>\\r\\n\\r\\nParticipa en el projecte REDU-CAT, que busca dissenyar i validar un model metodol\\u00f2gic d\\u2019\\u00fas de l\\u2019evid\\u00e8ncia de recerca en centres educatius de Catalunya.\\r\\nhttps:\\\/\\\/www.reducat.cat\\\/\",\"category_display_names\":[\"Xarxes de recerca acci\\u00f3 i centres educatius informats en evid\\u00e8ncies\"],\"area_display_names\":[\"M\\u00e8todes d'Investigaci\\u00f3 i Transfer\\u00e8ncia del Coneixement\"],\"image\":\"https:\\\/\\\/projectes.xtec.cat\\\/recerca\\\/wp-content\\\/uploads\\\/usu2090\\\/2025\\\/05\\\/23_IE_Eixample_.png\"},{\"id\":181,\"lat\":41.50520616558845,\"lon\":2.391885,\"title\":\"Centre educatiu Franciscanes Vilassar de Mar\",\"permalink\":\"https:\\\/\\\/projectes.xtec.cat\\\/recerca\\\/gdr\\\/franciscanes-vilassar-de-mar\\\/\",\"subtitle\":\"Xarxa REDU-CAT\",\"address\":\"Av. Montevideo, 14 08340 Vilassar de Mar\",\"phone\":\"937 591 687\",\"email\":\"escola@franciscanesvilassardemar.org\",\"website\":\"https:\\\/\\\/www.franciscanesvilassardemar.org\\\/\",\"ambits\":[],\"categories\":[\"xarxes-de-recerca-accio-i-centres-educatius-informats-en-evidencies\"],\"arees\":[\"educacio-inclusiva\",\"metodes-dinvestigacio-i-transferencia-del-coneixement\"],\"arees_interes\":[\"carrera-professional-docent\",\"codocencia\",\"desenvolupament-professional-docent\",\"diversitat-i-inclusio\",\"formacio-continua\",\"estrategies-docents\",\"xarxes-educatives\"],\"content\":\"<span style=\\\"font-weight: 400;\\\">Projecte de centre per a una escola inclusiva a trav\\u00e9s de la codoc\\u00e8ncia.\\u00a0<\\\/span>\\r\\n\\r\\nParticipa en el projecte REDU-CAT, que busca dissenyar i validar un model metodol\\u00f2gic d\\u2019\\u00fas de l\\u2019evid\\u00e8ncia de recerca en centres educatius de Catalunya.\\r\\nhttps:\\\/\\\/www.reducat.cat\\\/\",\"category_display_names\":[\"Xarxes de recerca acci\\u00f3 i centres educatius informats en evid\\u00e8ncies\"],\"area_display_names\":[\"Educaci\\u00f3 Inclusiva\",\"M\\u00e8todes d'Investigaci\\u00f3 i Transfer\\u00e8ncia del Coneixement\"],\"image\":\"https:\\\/\\\/projectes.xtec.cat\\\/recerca\\\/wp-content\\\/uploads\\\/usu2090\\\/2025\\\/05\\\/22_Franciscanes-vilassardemar.png\"},{\"id\":180,\"lat\":41.402342606068586,\"lon\":2.2000162711642055,\"title\":\"Centre educatiu Franciscanes Poblenou\",\"permalink\":\"https:\\\/\\\/projectes.xtec.cat\\\/recerca\\\/gdr\\\/franciscanes-poblenou\\\/\",\"subtitle\":\"Xarxa REDU-CAT\",\"address\":\"Rbla. del Poblenou, 94 - 96 08005 Barcelona\",\"phone\":\"933 000 931\",\"email\":\"escola@franciscanespoblenou.org\",\"website\":\"https:\\\/\\\/www.franciscanespoblenou.org\\\/\",\"ambits\":[],\"categories\":[\"xarxes-de-recerca-accio-i-centres-educatius-informats-en-evidencies\"],\"arees\":[\"educacio-inclusiva\",\"metodes-dinvestigacio-i-transferencia-del-coneixement\"],\"arees_interes\":[\"carrera-professional-docent\",\"desenvolupament-professional-docent\",\"diversitat-i-inclusio\",\"formacio-continua\",\"xarxes-educatives\"],\"content\":\"<span style=\\\"font-weight: 400;\\\">Investiga al voltant de la inclusi\\u00f3 i l'atenci\\u00f3 a la diversitat.<\\\/span>\\r\\n\\r\\nParticipa en el projecte REDU-CAT, que busca dissenyar i validar un model metodol\\u00f2gic d\\u2019\\u00fas de l\\u2019evid\\u00e8ncia de recerca en centres educatius de Catalunya.\\r\\nhttps:\\\/\\\/www.reducat.cat\\\/\",\"category_display_names\":[\"Xarxes de recerca acci\\u00f3 i centres educatius informats en evid\\u00e8ncies\"],\"area_display_names\":[\"Educaci\\u00f3 Inclusiva\",\"M\\u00e8todes d'Investigaci\\u00f3 i Transfer\\u00e8ncia del Coneixement\"],\"image\":\"https:\\\/\\\/projectes.xtec.cat\\\/recerca\\\/wp-content\\\/uploads\\\/usu2090\\\/2025\\\/05\\\/21_franciscanes_poblenou.png\"},{\"id\":169,\"lat\":41.547363698892,\"lon\":2.4391384394911553,\"title\":\"Institut Alexandre Satorras\",\"permalink\":\"https:\\\/\\\/projectes.xtec.cat\\\/recerca\\\/gdr\\\/institut-alexandre-satorras\\\/\",\"subtitle\":\"Xarxa RecercAULA\",\"address\":\"Av. Vel\\u00f2drom, 3708304 Matar\\u00f3\",\"phone\":\"937 987 711\",\"email\":\"iessatorras@xtec.cat\",\"website\":\"https:\\\/\\\/www.asatorras.cat\\\/\",\"ambits\":[\"professionalitzador\",\"social-i-humanistic\",\"sociologia\"],\"categories\":[\"xarxes-de-recerca-accio-i-centres-educatius-informats-en-evidencies\"],\"arees\":[\"metodes-dinvestigacio-i-transferencia-del-coneixement\",\"organitzacio-escolar-i-lideratge-educatiu\",\"sociologia-de-leducacio\"],\"arees_interes\":[\"absentisme\",\"aprenentatge-collaboratiu-i-cooperatiu\",\"desenvolupament-professional-docent\",\"diversitat-i-inclusio\",\"formacio-continua\",\"estrategies-docents\",\"segregacio-i-abandonament\"],\"content\":\"Forma part de la xarxa RecercAULA per la seva participaci\\u00f3 el Programa d'Innovaci\\u00f3: <a href=\\\"https:\\\/\\\/projectes.xtec.cat\\\/recerca\\\/recercaula\\\/\\\">\\u201cAprenentatge entre iguals: RecercAULA\\u201d<\\\/a> del Departament d'Educaci\\u00f3 i Formaci\\u00f3 Professional (2023-26).\\r\\n\\r\\nFa recerca acci\\u00f3 sobre l'aprenentatge cooperatiu i col\\u00b7laboratiu intercicle de grau mitj\\u00e0 per disminuir l'absentisme i l'abandonament escolar.\",\"category_display_names\":[\"Xarxes de recerca acci\\u00f3 i centres educatius informats en evid\\u00e8ncies\"],\"area_display_names\":[\"M\\u00e8todes d'Investigaci\\u00f3 i Transfer\\u00e8ncia del Coneixement\",\"Organitzaci\\u00f3 Escolar i Lideratge Educatiu\",\"Sociologia de l'Educaci\\u00f3\"],\"image\":\"https:\\\/\\\/projectes.xtec.cat\\\/recerca\\\/wp-content\\\/uploads\\\/usu2090\\\/2025\\\/05\\\/10_Institut-Alexandre-Satorras-_1_.png\"},{\"id\":166,\"lat\":41.450718110118316,\"lon\":2.192705815343178,\"title\":\"Institut-Escola Rec Comtal\",\"permalink\":\"https:\\\/\\\/projectes.xtec.cat\\\/recerca\\\/gdr\\\/institut-escola-rec-comtal\\\/\",\"subtitle\":\"Xarxa RecercAULA\",\"address\":\"Via de B\\u00e0rcino, 90 (edifici de prim\\u00e0ria i secund\\u00e0ria)C. de la Mare de D\\u00e9u de Lorda, 25 (edifici d'infantil)08033 Barcelona\",\"phone\":\"932 695 525\",\"email\":\"a8072310@xtec.cat\",\"website\":\"https:\\\/\\\/agora.xtec.cat\\\/iereccomtal\\\/\",\"ambits\":[\"convivencia-escolar\",\"desenvolupament-personal-i-social\"],\"categories\":[\"xarxes-de-recerca-accio-i-centres-educatius-informats-en-evidencies\"],\"arees\":[\"metodes-dinvestigacio-i-transferencia-del-coneixement\"],\"arees_interes\":[\"desenvolupament-professional-docent\",\"estructuracio-de-classes\",\"formacio-continua\",\"gestio-daula\",\"gestio-i-organitzacio-escolar\",\"estrategies-docents\"],\"content\":\"Forma part de la xarxa RecercAULA per la seva participaci\\u00f3 el Programa d'Innovaci\\u00f3: <a href=\\\"https:\\\/\\\/projectes.xtec.cat\\\/recerca\\\/recercaula\\\/\\\">\\u201cAprenentatge entre iguals: RecercAULA\\u201d<\\\/a> del Departament d'Educaci\\u00f3 i Formaci\\u00f3 Professional (2023-26).\\r\\n\\r\\nFa recerca acci\\u00f3 sobre l'efecte de l'estructuraci\\u00f3 de les classes en la conviv\\u00e8ncia i els resultats acad\\u00e8mics.\",\"category_display_names\":[\"Xarxes de recerca acci\\u00f3 i centres educatius informats en evid\\u00e8ncies\"],\"area_display_names\":[\"M\\u00e8todes d'Investigaci\\u00f3 i Transfer\\u00e8ncia del Coneixement\"],\"image\":\"https:\\\/\\\/projectes.xtec.cat\\\/recerca\\\/wp-content\\\/uploads\\\/usu2090\\\/2025\\\/05\\\/7_Escola-Rec-Comtal.jpg\"},{\"id\":165,\"lat\":41.93006328227889,\"lon\":3.1724647711642056,\"title\":\"Escola l&#8217;Olivar Vell\",\"permalink\":\"https:\\\/\\\/projectes.xtec.cat\\\/recerca\\\/gdr\\\/escola-lolivar-vell\\\/\",\"subtitle\":\"Xarxa RecercAULA\",\"address\":\"C. de la Font Martina, 317213 Esclany\\u00e0\",\"phone\":\"972 611 990\",\"email\":\"b7004876@xtec.cat\",\"website\":\"https:\\\/\\\/agora.xtec.cat\\\/ceipolivarvell\\\/\",\"ambits\":[],\"categories\":[\"xarxes-de-recerca-accio-i-centres-educatius-informats-en-evidencies\"],\"arees\":[\"metodes-dinvestigacio-i-transferencia-del-coneixement\"],\"arees_interes\":[\"desenvolupament-professional-docent\",\"estrategies-metacognitives\",\"formacio-continua\",\"estrategies-docents\"],\"content\":\"Forma part de la xarxa RecercAULA per la seva participaci\\u00f3 el Programa d'Innovaci\\u00f3: <a href=\\\"https:\\\/\\\/projectes.xtec.cat\\\/recerca\\\/recercaula\\\/\\\">\\u201cAprenentatge entre iguals: RecercAULA\\u201d<\\\/a> del Departament d'Educaci\\u00f3 i Formaci\\u00f3 Professional (2023-26).\\r\\n\\r\\nFa recerca acci\\u00f3 sobre quines estrat\\u00e8gies metacognitives en els ambients d'aprenentatge ajuden a desenvolupar l'autonomia dels infants.\",\"category_display_names\":[\"Xarxes de recerca acci\\u00f3 i centres educatius informats en evid\\u00e8ncies\"],\"area_display_names\":[\"M\\u00e8todes d'Investigaci\\u00f3 i Transfer\\u00e8ncia del Coneixement\"],\"image\":\"https:\\\/\\\/projectes.xtec.cat\\\/recerca\\\/wp-content\\\/uploads\\\/usu2090\\\/2025\\\/05\\\/6_Escola-Olivar-Vell.jpg\"},{\"id\":163,\"lat\":41.558935348259766,\"lon\":2.040057782502065,\"title\":\"Escola Salvador Vinyals i Gal\\u00ed\",\"permalink\":\"https:\\\/\\\/projectes.xtec.cat\\\/recerca\\\/gdr\\\/escola-salvador-vinyals-i-gali\\\/\",\"subtitle\":\"Xarxa RecercAULA\",\"address\":\"C. de la Rioja, 30 08227 Terrassa\",\"phone\":\"937 857 585\",\"email\":\"a8030297@xtec.cat\",\"website\":\"https:\\\/\\\/agora.xtec.cat\\\/ceipsalvadorvinyals\\\/\",\"ambits\":[\"cientific-i-tecnologic\"],\"categories\":[\"xarxes-de-recerca-accio-i-centres-educatius-informats-en-evidencies\"],\"arees\":[\"metodes-dinvestigacio-i-transferencia-del-coneixement\"],\"arees_interes\":[\"desenvolupament-professional-docent\",\"formacio-continua\",\"estrategies-docents\",\"stem\"],\"content\":\"Forma part de la xarxa RecercAULA per la seva participaci\\u00f3 el Programa d'Innovaci\\u00f3: <a href=\\\"https:\\\/\\\/projectes.xtec.cat\\\/recerca\\\/recercaula\\\/\\\">\\u201cAprenentatge entre iguals: RecercAULA\\u201d<\\\/a> del Departament d'Educaci\\u00f3 i Formaci\\u00f3 Professional (2023-26).\\r\\n\\r\\nFa recerca acci\\u00f3 sobre els elements clau que afavoreixen la millora del coneixement cient\\u00edfic i competencial de l'alumnat en l'espai STEM.\",\"category_display_names\":[\"Xarxes de recerca acci\\u00f3 i centres educatius informats en evid\\u00e8ncies\"],\"area_display_names\":[\"M\\u00e8todes d'Investigaci\\u00f3 i Transfer\\u00e8ncia del Coneixement\"],\"image\":\"https:\\\/\\\/projectes.xtec.cat\\\/recerca\\\/wp-content\\\/uploads\\\/usu2090\\\/2025\\\/05\\\/4_EscolaSalvadorEspriu.jpg\"},{\"id\":162,\"lat\":41.34681119,\"lon\":1.711160726,\"title\":\"Institut Vilafranca 2\",\"permalink\":\"https:\\\/\\\/projectes.xtec.cat\\\/recerca\\\/gdr\\\/institut-vilafranca-2\\\/\",\"subtitle\":\"Xarxa RecercAULA\",\"address\":\"C. de la Vinya, 25 08720 Vilafranca del Pened\\u00e8s\",\"phone\":\"930 013 726\",\"email\":\"insvilafranca2@xtec.cat\",\"website\":\"https:\\\/\\\/agora.xtec.cat\\\/insvilafranca2\\\/\",\"ambits\":[],\"categories\":[\"xarxes-de-recerca-accio-i-centres-educatius-informats-en-evidencies\"],\"arees\":[\"metodes-dinvestigacio-i-transferencia-del-coneixement\"],\"arees_interes\":[\"codocencia\",\"desenvolupament-professional-docent\",\"estructuracio-de-classes\",\"formacio-continua\",\"estrategies-docents\"],\"content\":\"Forma part de la xarxa RecercAULA per la seva participaci\\u00f3 el Programa d'Innovaci\\u00f3: <a href=\\\"https:\\\/\\\/projectes.xtec.cat\\\/recerca\\\/recercaula\\\/\\\">\\u201cAprenentatge entre iguals: RecercAULA\\u201d<\\\/a> del Departament d'Educaci\\u00f3 i Formaci\\u00f3 Professional (2023-26).\\r\\n\\r\\nFa recerca acci\\u00f3 sobre quins elements t\\u00e9 la codoc\\u00e8ncia en l'estructuraci\\u00f3 de les classes que generen un millor impacte en l'aprenentatge.\",\"category_display_names\":[\"Xarxes de recerca acci\\u00f3 i centres educatius informats en evid\\u00e8ncies\"],\"area_display_names\":[\"M\\u00e8todes d'Investigaci\\u00f3 i Transfer\\u00e8ncia del Coneixement\"],\"image\":\"https:\\\/\\\/projectes.xtec.cat\\\/recerca\\\/wp-content\\\/uploads\\\/usu2090\\\/2025\\\/06\\\/3_Institut-Vilafranca-2-.png\"},{\"id\":161,\"lat\":41.37709262,\"lon\":2.173502354,\"title\":\"EOI Barcelona Drassanes\",\"permalink\":\"https:\\\/\\\/projectes.xtec.cat\\\/recerca\\\/gdr\\\/eoi-barcelona-drassanes\\\/\",\"subtitle\":\"Xarxa RecercAULA\",\"address\":\"Av. de les Drassanes, 1408001 Barcelona\",\"phone\":\"933 249 330\",\"email\":\"eoibdrassanes@eoibd.cat\",\"website\":\"https:\\\/\\\/www.eoibd.cat\\\/ca\\\/\",\"ambits\":[\"linguistic-i-literari\",\"llengues-estrangeres\"],\"categories\":[\"xarxes-de-recerca-accio-i-centres-educatius-informats-en-evidencies\"],\"arees\":[\"didactica-de-la-llengua-i-la-literatura\",\"metodes-dinvestigacio-i-transferencia-del-coneixement\"],\"arees_interes\":[\"desenvolupament-professional-docent\",\"estrategies-metacognitives\",\"formacio-continua\",\"estrategies-docents\"],\"content\":\"Forma part de la xarxa RecercAULA per la seva participaci\\u00f3 el Programa d'Innovaci\\u00f3: <a href=\\\"https:\\\/\\\/projectes.xtec.cat\\\/recerca\\\/recercaula\\\/\\\">\\u201cAprenentatge entre iguals: RecercAULA\\u201d<\\\/a> del Departament d'Educaci\\u00f3 i Formaci\\u00f3 Professional (2023-26).\\r\\n\\r\\nFa recerca acci\\u00f3 sobre com les activitats metacognitives a l'aula afavoreixen l'autonomia de l'alumne.\",\"category_display_names\":[\"Xarxes de recerca acci\\u00f3 i centres educatius informats en evid\\u00e8ncies\"],\"area_display_names\":[\"Did\\u00e0ctica de la Llengua i la Literatura\",\"M\\u00e8todes d'Investigaci\\u00f3 i Transfer\\u00e8ncia del Coneixement\"],\"image\":\"https:\\\/\\\/projectes.xtec.cat\\\/recerca\\\/wp-content\\\/uploads\\\/usu2090\\\/2025\\\/06\\\/Xarxa-RecercAULA-de-centres-informats-en-evidencies-2-scaled.jpg\"},{\"id\":160,\"lat\":41.376188639,\"lon\":2.09646289,\"title\":\"EOI Esplugues\",\"permalink\":\"https:\\\/\\\/projectes.xtec.cat\\\/recerca\\\/gdr\\\/eoi-esplugues\\\/\",\"subtitle\":\"Xarxa RecercAULA\",\"address\":\"C. de Laure\\u00e0 Mir\\u00f3, 63 08950 Esplugues de Llobregat\",\"phone\":\"934 705 040\",\"email\":\"a8054344@xtec.cat\",\"website\":\"https:\\\/\\\/agora-eoi.xtec.cat\\\/eoiesplugues\\\/\",\"ambits\":[\"linguistic-i-literari\",\"llengues-estrangeres\"],\"categories\":[\"xarxes-de-recerca-accio-i-centres-educatius-informats-en-evidencies\"],\"arees\":[\"didactica-de-la-llengua-i-la-literatura\",\"metodes-dinvestigacio-i-transferencia-del-coneixement\"],\"arees_interes\":[\"estrategies-metacognitives\",\"estrategies-docents\"],\"content\":\"Forma part de la xarxa RecercAULA per la seva participaci\\u00f3 el Programa d'Innovaci\\u00f3: <a href=\\\"https:\\\/\\\/projectes.xtec.cat\\\/recerca\\\/recercaula\\\/\\\">\\u201cAprenentatge entre iguals: RecercAULA\\u201d<\\\/a> del Departament d'Educaci\\u00f3 i Formaci\\u00f3 Professional (2023-26).\\r\\n\\r\\nFa recerca acci\\u00f3 sobre la millora de la comunicaci\\u00f3 en l'aprenentatge de lleng\\u00fces amb la implementaci\\u00f3 d'estrat\\u00e8gies metacognitives.\",\"category_display_names\":[\"Xarxes de recerca acci\\u00f3 i centres educatius informats en evid\\u00e8ncies\"],\"area_display_names\":[\"Did\\u00e0ctica de la Llengua i la Literatura\",\"M\\u00e8todes d'Investigaci\\u00f3 i Transfer\\u00e8ncia del Coneixement\"],\"image\":\"https:\\\/\\\/projectes.xtec.cat\\\/recerca\\\/wp-content\\\/uploads\\\/usu2090\\\/2025\\\/06\\\/Xarxa-RecercAULA-de-centres-informats-en-evidencies-1-scaled.jpg\"}];\n\n        function mapa() {\n            return {\n                selectedMarkerData: null,\n                visibleMarkersList: [], \/\/ Added for the list of visible markers\n                visibleMarkersBounds: [], \/\/ To store the bounds of visible markers\n                currentView: 'list', \/\/ 'map' or 'list'\n                filters: [\n                    {\n                        name: 'tipus', \/\/ Corresponds to 'categories' in marker data\n                        label: 'Tipus',\n                        open: true,\n                        values: categories_json\n                    },\n                    {\n                        name: 'arees',\n                        label: '\u00c0rees de coneixement',\n                        open: true,\n                        values: arees_json\n                    },\n                    {\n                        name: 'arees_interes',\n                        label: '\u00c0rees d\\'inter\u00e8s',\n                        open: true,\n                        values: arees_interes_json\n                    },\n\t\t\t\t\t{\n                        name: 'ambits',\n                        label: '\u00c0mbits',\n                        open: true,\n                        values: ambits_json\n                    }\n                ],\n                activeFilters: {\n                    ambits: [],\n                    tipus: [], \/\/ Initialize for 'gdr-category' (tipus)\n                    arees: [],\n                    arees_interes: [],\n                    keyword: '' \/\/ Added for keyword search\n                },\n                initComponent: function() {\n                    alpineMapComponent = this; \/\/ Store the component instance\n                    \/\/ this.applyFilters(); \/\/ Initial filter application - REMOVED\n                },\n                setView: function(view) {\n                    this.currentView = view;\n                    if (view === 'map') {\n                        \/\/ Ensure map is visible and then invalidate size\n                        this.$nextTick(() => {\n                            if (map) {\n                                map.invalidateSize();\n                                if (this.visibleMarkersBounds && this.visibleMarkersBounds.length > 0) {\n                                    map.fitBounds(L.latLngBounds(this.visibleMarkersBounds));\n                                }\n                            }\n                        });\n                    }\n                },\n                applyFilters: function() {\n                    if (!markerClusterGroup || !map || !allMarkers) return; \n\n                    this.visibleMarkersList = []; \/\/ Clear the list before re-populating\n                    markerClusterGroup.clearLayers();\n                    this.visibleMarkersBounds = []; \/\/ Use component property to store bounds\n\n                    const searchTerm = this.activeFilters.keyword ? this.activeFilters.keyword.toLowerCase().trim() : \"\";\n                    console.log('Applying filters with search term:', this.activeFilters.keyword);\n\n                    allMarkers.forEach(function(marker) {\n                        const markerAmbits = marker.customData.ambits;\n                        const markerCategories = marker.customData.categories; \n                        const markerArees = marker.customData.arees;    \n                        const markerAreesInteres = marker.customData.arees_interes;   \n\n                        const selectedAmbits = this.activeFilters.ambits;\n                        const selectedTipus = this.activeFilters.tipus; \n                        const selectedArees = this.activeFilters.arees; \n                        const selectedAreesInteres = this.activeFilters.arees_interes;\n\n                        const ambitsMatch = selectedAmbits.length === 0 ||\n                                         selectedAmbits.some(catSlug => markerAmbits.includes(catSlug));\n\n                        const tipusMatch = selectedTipus.length === 0 ||\n                                         selectedTipus.some(catSlug => markerCategories.includes(catSlug));\n\n                        const areesMatch = selectedArees.length === 0 ||\n                                         selectedArees.some(areaSlug => markerArees.includes(areaSlug));\n\n                        const areesInteresMatch = selectedAreesInteres.length === 0 ||\n                                         selectedAreesInteres.some(areaSlug => markerAreesInteres.includes(areaSlug));\n\n                        let keywordMatch = true;\n                        if (searchTerm) {\n                            keywordMatch = (marker.customData.title && marker.customData.title.toLowerCase().includes(searchTerm)) ||\n                                           (marker.customData.subtitle && marker.customData.subtitle.toLowerCase().includes(searchTerm)) ||\n                                           (marker.customData.content && marker.customData.content.toLowerCase().includes(searchTerm));\n                        }\n\n                        if (ambitsMatch && tipusMatch && areesMatch && areesInteresMatch && keywordMatch) {\n                            markerClusterGroup.addLayer(marker);\n                            this.visibleMarkersBounds.push(marker.getLatLng()); \/\/ Store bounds\n                            this.visibleMarkersList.push(marker.customData); \/\/ Add to the list\n                        }\n                    }.bind(this)); \n\n                    if (this.visibleMarkersBounds.length > 0) {\n                        map.fitBounds(L.latLngBounds(this.visibleMarkersBounds));\n                    } else {\n                        \/\/ map.setView([41.3851, 2.1734], 10);\n                    }\n                },\n                handleMarkerClick: function(markerData) {\n                    console.log('Marker clicked:', markerData);\n                    this.selectedMarkerData = markerData;\n                    console.log('Selected marker data:', this.selectedMarkerData);\n                },\n                closeMarkerDetailsAlpine: function() {\n                    this.selectedMarkerData = null;\n                }\n            };\n        }\n\n        document.addEventListener('DOMContentLoaded', function () {\n            map = L.map('gdr-map').setView([41.3851, 2.1734], 10);\n\n            L.tileLayer('https:\/\/{s}.tile.openstreetmap.org\/{z}\/{x}\/{y}.png', {\n                attribution: '&copy; <a href=\"https:\/\/www.openstreetmap.org\/copyright\">OpenStreetMap<\/a> contributors'\n            }).addTo(map);\n\n            map.on('click', function() {\n                if (alpineMapComponent && alpineMapComponent.selectedMarkerData) {\n                    alpineMapComponent.closeMarkerDetailsAlpine();\n                }\n            });\n\n            markerClusterGroup = L.markerClusterGroup();\n            map.addLayer(markerClusterGroup);\n\n            console.log('Initial markers data:', initialMarkersData);\n            markersBounds = [];\n            \n            initialMarkersData.forEach(function(markerData) {\n                if (markerData.lat && markerData.lon) {\n                    var leafletMarker = L.marker([markerData.lat, markerData.lon]);\n                    \n                    leafletMarker.customData = markerData;\n                    \n                    leafletMarker.on('click', function(e) {\n                        L.DomEvent.stopPropagation(e); \n                        if (alpineMapComponent) {\n                            alpineMapComponent.handleMarkerClick(this.customData);\n                        }\n                    });\n\n                    allMarkers.push(leafletMarker);\n                    markerClusterGroup.addLayer(leafletMarker);\n                    markersBounds.push(leafletMarker.getLatLng());\n                }\n            });\n\n            if (markersBounds.length > 0) { \n                map.fitBounds(L.latLngBounds(markersBounds));\n            }\n            \n            \/\/ Alpine's x-init calls initComponent.\n            \/\/ Now, explicitly call applyFilters after markers are loaded and map is ready.\n            if (alpineMapComponent) {\n                alpineMapComponent.applyFilters();\n            }\n        });\n    <\/script>\n    \n<\/div>\n\n\n\n<div class=\"wp-block-columns alignwide is-layout-flex wp-container-core-columns-is-layout-1 wp-block-columns-is-layout-flex\" style=\"padding-right:0;padding-left:0\">\n<div class=\"wp-block-column box-link has-border-color is-layout-flow wp-block-column-is-layout-flow\" style=\"border-color:#abb8c3;border-width:1px;border-radius:5px;padding-top:var(--wp--preset--spacing--20);padding-right:var(--wp--preset--spacing--20);padding-bottom:var(--wp--preset--spacing--20);padding-left:var(--wp--preset--spacing--20)\">\n<div class=\"wp-block-getwid-icon-box getwid-animation has-text-center\" data-animation=\"zoomBig\"><div class=\"wp-block-getwid-icon-box__icon-container has-layout-stacked is-position-top\"><a href=\"https:\/\/projectes.xtec.cat\/recerca\/recercaula\/estrategies-educatives-hits\/\" class=\"wp-block-getwid-icon-box__icon-wrapper has-text-color has-ast-global-color-0-color\"><i class=\"fas fa-expand-arrows-alt\"><\/i><\/a><\/div><div class=\"wp-block-getwid-icon-box__content\">\n<h3 class=\"wp-block-heading has-medium-font-size\">Estrat\u00e8gies educatives d&#8217;alt impacte (HITS)<\/h3>\n<\/div><\/div>\n<\/div>\n\n\n\n<div class=\"wp-block-column box-link has-border-color is-layout-flow wp-block-column-is-layout-flow\" style=\"border-color:#abb8c3;border-width:1px;border-radius:5px;padding-top:var(--wp--preset--spacing--20);padding-right:var(--wp--preset--spacing--20);padding-bottom:var(--wp--preset--spacing--20);padding-left:var(--wp--preset--spacing--20)\">\n<div class=\"wp-block-getwid-icon-box getwid-animation has-text-center\" data-animation=\"zoomBig\"><div class=\"wp-block-getwid-icon-box__icon-container has-layout-stacked is-position-top\"><a href=\"https:\/\/projectes.xtec.cat\/recerca\/cerques-bibliografiques\/\" class=\"wp-block-getwid-icon-box__icon-wrapper has-text-color has-ast-global-color-0-color\"><i class=\"fas fa-search\"><\/i><\/a><\/div><div class=\"wp-block-getwid-icon-box__content\">\n<h3 class=\"wp-block-heading has-medium-font-size\">Cerques bibliogr\u00e0fiques<\/h3>\n<\/div><\/div>\n<\/div>\n\n\n\n<div class=\"wp-block-column box-link has-border-color is-layout-flow wp-block-column-is-layout-flow\" style=\"border-color:#abb8c3;border-width:1px;border-radius:5px;padding-top:var(--wp--preset--spacing--20);padding-right:var(--wp--preset--spacing--20);padding-bottom:var(--wp--preset--spacing--20);padding-left:var(--wp--preset--spacing--20)\">\n<div class=\"wp-block-getwid-icon-box getwid-animation has-text-center\" data-animation=\"zoomBig\"><div class=\"wp-block-getwid-icon-box__icon-container has-layout-stacked is-position-top\"><a href=\"https:\/\/projectes.xtec.cat\/recerca\/citacions-bibliografiques\/\" class=\"wp-block-getwid-icon-box__icon-wrapper has-text-color has-ast-global-color-0-color\"><i class=\"fas fa-quote-left\"><\/i><\/a><\/div><div class=\"wp-block-getwid-icon-box__content\">\n<h3 class=\"wp-block-heading has-medium-font-size\">Citacions bibliogr\u00e0fiques<\/h3>\n<\/div><\/div>\n<\/div>\n\n\n\n<div class=\"wp-block-column box-link has-border-color is-layout-flow wp-block-column-is-layout-flow\" style=\"border-color:#abb8c3;border-width:1px;border-radius:5px;padding-top:var(--wp--preset--spacing--20);padding-right:var(--wp--preset--spacing--20);padding-bottom:var(--wp--preset--spacing--20);padding-left:var(--wp--preset--spacing--20)\">\n<div class=\"wp-block-getwid-icon-box getwid-animation has-text-center\" data-animation=\"zoomBig\"><div class=\"wp-block-getwid-icon-box__icon-container has-layout-stacked is-position-top\"><a href=\"https:\/\/projectes.xtec.cat\/recerca\/banc-devidencies\/\" class=\"wp-block-getwid-icon-box__icon-wrapper has-text-color has-ast-global-color-0-color\"><i class=\"fas fa-book-open\"><\/i><\/a><\/div><div class=\"wp-block-getwid-icon-box__content\">\n<h3 class=\"wp-block-heading has-medium-font-size\">Banc d&#8217;evid\u00e8ncies<\/h3>\n<\/div><\/div>\n<\/div>\n<\/div>\n","protected":false},"excerpt":{"rendered":"<p>El mapa de la recerca educativa \u00e9s un espai de visibilitzaci\u00f3 d\u2019entitats que duen a terme recerca educativa a Catalunya. [&hellip;]<\/p>\n","protected":false},"author":2,"featured_media":8908,"parent":0,"menu_order":0,"comment_status":"closed","ping_status":"close","template":"","meta":{"site-sidebar-layout":"default","site-content-layout":"","ast-site-content-layout":"default","site-content-style":"default","site-sidebar-style":"default","ast-global-header-display":"","ast-banner-title-visibility":"","ast-main-header-display":"","ast-hfb-above-header-display":"","ast-hfb-below-header-display":"","ast-hfb-mobile-header-display":"","site-post-title":"","ast-breadcrumbs-content":"","ast-featured-img":"","footer-sml-layout":"","theme-transparent-header-meta":"","adv-header-id-meta":"","stick-header-meta":"","header-above-stick-meta":"","header-main-stick-meta":"","header-below-stick-meta":"","astra-migrate-meta-layouts":"set","ast-page-background-enabled":"default","ast-page-background-meta":{"desktop":{"background-color":"var(--ast-global-color-4)","background-image":"","background-repeat":"repeat","background-position":"center center","background-size":"auto","background-attachment":"scroll","background-type":"","background-media":"","overlay-type":"","overlay-color":"","overlay-opacity":"","overlay-gradient":""},"tablet":{"background-color":"","background-image":"","background-repeat":"repeat","background-position":"center center","background-size":"auto","background-attachment":"scroll","background-type":"","background-media":"","overlay-type":"","overlay-color":"","overlay-opacity":"","overlay-gradient":""},"mobile":{"background-color":"","background-image":"","background-repeat":"repeat","background-position":"center center","background-size":"auto","background-attachment":"scroll","background-type":"","background-media":"","overlay-type":"","overlay-color":"","overlay-opacity":"","overlay-gradient":""}},"ast-content-background-meta":{"desktop":{"background-color":"var(--ast-global-color-5)","background-image":"","background-repeat":"repeat","background-position":"center center","background-size":"auto","background-attachment":"scroll","background-type":"","background-media":"","overlay-type":"","overlay-color":"","overlay-opacity":"","overlay-gradient":""},"tablet":{"background-color":"var(--ast-global-color-5)","background-image":"","background-repeat":"repeat","background-position":"center center","background-size":"auto","background-attachment":"scroll","background-type":"","background-media":"","overlay-type":"","overlay-color":"","overlay-opacity":"","overlay-gradient":""},"mobile":{"background-color":"var(--ast-global-color-5)","background-image":"","background-repeat":"repeat","background-position":"center center","background-size":"auto","background-attachment":"scroll","background-type":"","background-media":"","overlay-type":"","overlay-color":"","overlay-opacity":"","overlay-gradient":""}},"footnotes":""},"class_list":["post-8903","page","type-page","status-publish","has-post-thumbnail","hentry"],"post_mailing_queue_ids":[],"_links":{"self":[{"href":"https:\/\/projectes.xtec.cat\/recerca\/wp-json\/wp\/v2\/pages\/8903","targetHints":{"allow":["GET"]}}],"collection":[{"href":"https:\/\/projectes.xtec.cat\/recerca\/wp-json\/wp\/v2\/pages"}],"about":[{"href":"https:\/\/projectes.xtec.cat\/recerca\/wp-json\/wp\/v2\/types\/page"}],"author":[{"embeddable":true,"href":"https:\/\/projectes.xtec.cat\/recerca\/wp-json\/wp\/v2\/users\/2"}],"replies":[{"embeddable":true,"href":"https:\/\/projectes.xtec.cat\/recerca\/wp-json\/wp\/v2\/comments?post=8903"}],"version-history":[{"count":6,"href":"https:\/\/projectes.xtec.cat\/recerca\/wp-json\/wp\/v2\/pages\/8903\/revisions"}],"predecessor-version":[{"id":10886,"href":"https:\/\/projectes.xtec.cat\/recerca\/wp-json\/wp\/v2\/pages\/8903\/revisions\/10886"}],"wp:featuredmedia":[{"embeddable":true,"href":"https:\/\/projectes.xtec.cat\/recerca\/wp-json\/wp\/v2\/media\/8908"}],"wp:attachment":[{"href":"https:\/\/projectes.xtec.cat\/recerca\/wp-json\/wp\/v2\/media?parent=8903"}],"curies":[{"name":"wp","href":"https:\/\/api.w.org\/{rel}","templated":true}]}}