{"id":9,"date":"2014-09-12T10:15:01","date_gmt":"2014-09-12T10:15:01","guid":{"rendered":"http:\/\/projectes.xtec.cat\/steamcat\/?page_id=9"},"modified":"2026-04-29T18:33:54","modified_gmt":"2026-04-29T16:33:54","slug":"pagina-dinici-buida","status":"publish","type":"page","link":"https:\/\/projectes.xtec.cat\/steamcat\/","title":{"rendered":""},"content":{"rendered":"\n<div class=\"wp-block-getwid-section getwid-section-content-full-width\"><div class=\"wp-block-getwid-section__wrapper\"><div class=\"wp-block-getwid-section__inner-wrapper\"><div class=\"wp-block-getwid-section__background-holder\"><div class=\"wp-block-getwid-section__background\"><\/div><div class=\"wp-block-getwid-section__foreground\"><\/div><\/div><div class=\"wp-block-getwid-section__content\"><div class=\"wp-block-getwid-section__inner-content\">\n<h2 class=\"wp-block-heading\">Programa d&#8217;Innovaci\u00f3 STEAMCat<\/h2>\n\n\n\n<p class=\"has-white-background-color has-text-color has-background has-link-color wp-elements-3b534e2df6a9b829a6c70b0231ca6a4d\" style=\"color:#2d2d2f;font-size:15px;line-height:1.5\">El <strong>Programa STEAMcat<\/strong> t\u00e9 com a objectiu fomentar l\u2019<strong>inter\u00e8s <\/strong>de l\u2019alumnat d\u2019Educaci\u00f3 Infantil, Prim\u00e0ria i Secund\u00e0ria Obligat\u00f2ria per les <strong>ci\u00e8ncies<\/strong>, la <strong>tecnologia<\/strong>, l\u2019<strong>enginyeria<\/strong>, les <strong>matem\u00e0tiques<\/strong> i la <strong>creativitat<\/strong> vinculada al disseny i l\u2019art. A trav\u00e9s d\u2019enfocaments interdisciplinaris, promou el <strong>pensament cr\u00edtic<\/strong> i afavoreix una transformaci\u00f3 positiva en l\u2019autopercepci\u00f3 de l\u2019alumnat envers aquestes disciplines. El programa impulsa l\u2019equitat de <strong>g\u00e8nere<\/strong> i <strong>social<\/strong>, i contribueix a la millora de la qualitat del sistema educatiu, reflectida en la <strong>millora<\/strong> de les capacitats i compet\u00e8ncies de l&#8217;alumnat participant.<br>El programa STEAMcat consisteix en l\u2019<strong>acompanyament<\/strong> dels centres mitjan\u00e7ant l\u2019<strong>assessorament<\/strong>, la creaci\u00f3 de la <strong>Comunitat STEAMcat<\/strong>, les <strong>formacions<\/strong> i els <strong>recursos<\/strong>, aprofitant el lideratge distribu\u00eft del centre, les metodologies, perspectives i tecnologies adients a l\u2019aula i el treball transversal del professorat. <a href=\"https:\/\/projectes.xtec.cat\/steamcat\/programa-dinnovacio-steamcat\/\" target=\"_blank\" rel=\"noreferrer noopener\"><mark style=\"background-color:rgba(0, 0, 0, 0)\" class=\"has-inline-color has-ast-global-color-0-color\">+ informaci\u00f3<\/mark><\/a><\/p>\n<\/div><\/div><\/div><\/div><\/div>\n\n\n\n<div class=\"wp-block-getwid-section alignwide alignwide\"><div class=\"wp-block-getwid-section__wrapper\"><div class=\"wp-block-getwid-section__inner-wrapper\"><div class=\"wp-block-getwid-section__background-holder\"><div class=\"wp-block-getwid-section__background has-background\" style=\"background-color:#fff3e0\"><\/div><div class=\"wp-block-getwid-section__foreground\"><\/div><\/div><div class=\"wp-block-getwid-section__content\"><div class=\"wp-block-getwid-section__inner-content\">\n<p class=\"has-text-align-center has-large-font-size\" style=\"padding-top:0;padding-right:0;padding-bottom:0;padding-left:0;line-height:1\"><strong>Vols visitar centres STEAMcat?<\/strong><br>activitat oberta a tot el professorat de Catalunya i acreditada<br><a href=\"https:\/\/projectes.xtec.cat\/steamcat\/comunitat-steamcat\/visites-a-centres\/\" target=\"_blank\" rel=\"noreferrer noopener\"><strong>Inscripcions obertes<\/strong><\/a><\/p>\n<\/div><\/div><\/div><\/div><\/div>\n\n\n\n<hr class=\"wp-block-separator has-alpha-channel-opacity\"\/>\n\n\n\n        <div class=\"wp-block-getwid-post-slider custom-post-type-post has-arrows-inside has-dots-outside\">\n            <div data-slider-option=\"{&quot;getwid_fade_effect&quot;:&quot;slide&quot;,&quot;getwid_autoplay&quot;:true,&quot;getwid_pause_on_hover&quot;:false,&quot;getwid_autoplay_speed&quot;:3000,&quot;getwid_infinite&quot;:true,&quot;getwid_animation_speed&quot;:800,&quot;getwid_arrows&quot;:&quot;inside&quot;,&quot;getwid_dots&quot;:&quot;outside&quot;}\" class=\"wp-block-getwid-post-slider__content\">\n                \t\t\t\t\t\t\t<div class=\"wp-block-getwid-post-slider__slide\" style=\"\">\n\t\t\t\t\t\t\t\t\n<div class=\"wp-block-getwid-post-slider__post \">\n            <div class=\"wp-block-getwid-post-slider__post-thumbnail\">\n            <img loading=\"lazy\" decoding=\"async\" width=\"1121\" height=\"793\" src=\"https:\/\/projectes.xtec.cat\/steamcat\/wp-content\/uploads\/usu1760\/2026\/04\/Caratula-eXplora26-2.png\" class=\"attachment-post-thumbnail size-post-thumbnail wp-post-image\" alt=\"\" srcset=\"https:\/\/projectes.xtec.cat\/steamcat\/wp-content\/uploads\/usu1760\/2026\/04\/Caratula-eXplora26-2.png 1121w, https:\/\/projectes.xtec.cat\/steamcat\/wp-content\/uploads\/usu1760\/2026\/04\/Caratula-eXplora26-2-300x212.png 300w, https:\/\/projectes.xtec.cat\/steamcat\/wp-content\/uploads\/usu1760\/2026\/04\/Caratula-eXplora26-2-1024x724.png 1024w, https:\/\/projectes.xtec.cat\/steamcat\/wp-content\/uploads\/usu1760\/2026\/04\/Caratula-eXplora26-2-768x543.png 768w\" sizes=\"auto, (max-width: 1121px) 100vw, 1121px\" \/>        <\/div>\n        <div class=\"wp-block-getwid-post-slider__post-overlay \"><\/div>\n    <div class=\"wp-block-getwid-post-slider__post-content-wrapper\">\n        <h3 class=\"wp-block-getwid-post-slider__post-title\"><a href=\"https:\/\/projectes.xtec.cat\/steamcat\/portada\/explorasteam26\/\">eXploraSTEAM&#8217;26<\/a><\/h3>        <div class=\"wp-block-getwid-post-slider__post-excerpt\"><p>Mini refugi t\u00e8rmic: suro, sensors i dades Una proposta per aconstar la ci\u00e8ncia, la tecnologia i la matem\u00e0tica.Generaci\u00f3, enregistrament i an\u00e0lisi de dades relacionades amb la capacitat a\u00efllant del suro.\u00das de l&#8217;enregistrador de dades de micro:bit, pensament computacional i creaci\u00f3 de codi.\u00das d&#8217;eines matem\u00e0tiques per l&#8217;an\u00e0lisi de les dades obtingudes. Tallerista: Carolina Crespo Etapa educativa: [&hellip;]<\/p>\n<\/div>\n    <\/div>\n<\/div>\n\t\t\t\t\t\t\t<\/div>\n\t\t\t\t\t\t\t\t\t\t\t\t\t<div class=\"wp-block-getwid-post-slider__slide\" style=\"\">\n\t\t\t\t\t\t\t\t\n<div class=\"wp-block-getwid-post-slider__post \">\n            <div class=\"wp-block-getwid-post-slider__post-thumbnail\">\n            <img loading=\"lazy\" decoding=\"async\" width=\"437\" height=\"485\" src=\"https:\/\/projectes.xtec.cat\/steamcat\/wp-content\/uploads\/usu1760\/2026\/04\/hortescolar.png\" class=\"attachment-post-thumbnail size-post-thumbnail wp-post-image\" alt=\"\" srcset=\"https:\/\/projectes.xtec.cat\/steamcat\/wp-content\/uploads\/usu1760\/2026\/04\/hortescolar.png 437w, https:\/\/projectes.xtec.cat\/steamcat\/wp-content\/uploads\/usu1760\/2026\/04\/hortescolar-270x300.png 270w\" sizes=\"auto, (max-width: 437px) 100vw, 437px\" \/>        <\/div>\n        <div class=\"wp-block-getwid-post-slider__post-overlay \"><\/div>\n    <div class=\"wp-block-getwid-post-slider__post-content-wrapper\">\n        <h3 class=\"wp-block-getwid-post-slider__post-title\"><a href=\"https:\/\/projectes.xtec.cat\/steamcat\/general\/taller-dagroecologia-escolar\/\">Taller d&#8217;agroecologia escolar<\/a><\/h3>        <div class=\"wp-block-getwid-post-slider__post-excerpt\"><p>Formaci\u00f3 dissenyada per dotar els docents d\u2019eines pr\u00e0ctiques i recursos pedag\u00f2gics per apropar l\u2019agroecologia a l\u2019aula de manera clara i significativa.&nbsp; Destinataris: docents de prim\u00e0ria, secund\u00e0ria i FP Certificaci\u00f3: 10h Sessi\u00f3 1: Dimarts 28 d&#8217;abril de 17 a 19h &#8211; virtualSessi\u00f3 2: Dimarts 5 de maig de 17 a 19h &#8211; virtualSessi\u00f3 3: Dissabte 9 [&hellip;]<\/p>\n<\/div>\n    <\/div>\n<\/div>\n\t\t\t\t\t\t\t<\/div>\n\t\t\t\t\t\t\t\t\t\t\t\t\t<div class=\"wp-block-getwid-post-slider__slide\" style=\"\">\n\t\t\t\t\t\t\t\t\n<div class=\"wp-block-getwid-post-slider__post \">\n            <div class=\"wp-block-getwid-post-slider__post-thumbnail\">\n            <img loading=\"lazy\" decoding=\"async\" width=\"1024\" height=\"766\" src=\"https:\/\/projectes.xtec.cat\/steamcat\/wp-content\/uploads\/usu1760\/2026\/03\/Premis-Dona-TIC-2026.png_1742757103.png\" class=\"attachment-post-thumbnail size-post-thumbnail wp-post-image\" alt=\"\" srcset=\"https:\/\/projectes.xtec.cat\/steamcat\/wp-content\/uploads\/usu1760\/2026\/03\/Premis-Dona-TIC-2026.png_1742757103.png 1024w, https:\/\/projectes.xtec.cat\/steamcat\/wp-content\/uploads\/usu1760\/2026\/03\/Premis-Dona-TIC-2026.png_1742757103-300x224.png 300w, https:\/\/projectes.xtec.cat\/steamcat\/wp-content\/uploads\/usu1760\/2026\/03\/Premis-Dona-TIC-2026.png_1742757103-768x575.png 768w\" sizes=\"auto, (max-width: 1024px) 100vw, 1024px\" \/>        <\/div>\n        <div class=\"wp-block-getwid-post-slider__post-overlay \"><\/div>\n    <div class=\"wp-block-getwid-post-slider__post-content-wrapper\">\n        <h3 class=\"wp-block-getwid-post-slider__post-title\"><a href=\"https:\/\/projectes.xtec.cat\/steamcat\/general\/premis-donatic-2026\/\">Premis DonaTIC 2026<\/a><\/h3>        <div class=\"wp-block-getwid-post-slider__post-excerpt\"><p>Docents STEAM, aquest premi tamb\u00e9 \u00e9s per a vosaltres! La convocat\u00f2ria dels Premis DonaTIC 2026 ja \u00e9s oberta i \u00e9s una magn\u00edfica oportunitat per donar visibilitat a la feina que moltes docents esteu fent per impulsar les compet\u00e8ncies digitals i tecnol\u00f2giques als centres educatius. Els premis reconeixen el talent, el lideratge i les iniciatives que [&hellip;]<\/p>\n<\/div>\n    <\/div>\n<\/div>\n\t\t\t\t\t\t\t<\/div>\n\t\t\t\t\t\t\t\t\t\t\t\t\t<div class=\"wp-block-getwid-post-slider__slide\" style=\"\">\n\t\t\t\t\t\t\t\t\n<div class=\"wp-block-getwid-post-slider__post \">\n            <div class=\"wp-block-getwid-post-slider__post-thumbnail\">\n            <img loading=\"lazy\" decoding=\"async\" width=\"450\" height=\"341\" src=\"https:\/\/projectes.xtec.cat\/steamcat\/wp-content\/uploads\/usu1760\/2026\/03\/mdt2026-1.jpg\" class=\"attachment-post-thumbnail size-post-thumbnail wp-post-image\" alt=\"\" srcset=\"https:\/\/projectes.xtec.cat\/steamcat\/wp-content\/uploads\/usu1760\/2026\/03\/mdt2026-1.jpg 450w, https:\/\/projectes.xtec.cat\/steamcat\/wp-content\/uploads\/usu1760\/2026\/03\/mdt2026-1-300x227.jpg 300w\" sizes=\"auto, (max-width: 450px) 100vw, 450px\" \/>        <\/div>\n        <div class=\"wp-block-getwid-post-slider__post-overlay \"><\/div>\n    <div class=\"wp-block-getwid-post-slider__post-content-wrapper\">\n        <h3 class=\"wp-block-getwid-post-slider__post-title\"><a href=\"https:\/\/projectes.xtec.cat\/steamcat\/general\/mercats-de-tecnologia-2026\/\">Mercats de Tecnologia 2026<\/a><\/h3>        <div class=\"wp-block-getwid-post-slider__post-excerpt\"><p>El Departament d&#8217;Educaci\u00f3 i Formaci\u00f3 Professional col\u00b7labora en l&#8217;organitzaci\u00f3 dels Mercats de Tecnologia que es realitzen en diferents punts de Catalunya. Els mercats de tecnologia s\u00f3n uns espais que ofereixen les universitats per fomentar les vocacions STEAM en l&#8217;alumnat d&#8217;educaci\u00f3 prim\u00e0ria, secund\u00e0ria i cicles formatius. S\u00f3n activitats obertes i gratu\u00efts per a tots els centres [&hellip;]<\/p>\n<\/div>\n    <\/div>\n<\/div>\n\t\t\t\t\t\t\t<\/div>\n\t\t\t\t\t\t\t\t\t\t\t\t\t<div class=\"wp-block-getwid-post-slider__slide\" style=\"\">\n\t\t\t\t\t\t\t\t\n<div class=\"wp-block-getwid-post-slider__post \">\n            <div class=\"wp-block-getwid-post-slider__post-thumbnail\">\n            <img loading=\"lazy\" decoding=\"async\" width=\"396\" height=\"227\" src=\"https:\/\/projectes.xtec.cat\/steamcat\/wp-content\/uploads\/usu1760\/2026\/02\/Targeta-LHora-Verda-del-Bon-Temps.webp\" class=\"attachment-post-thumbnail size-post-thumbnail wp-post-image\" alt=\"\" srcset=\"https:\/\/projectes.xtec.cat\/steamcat\/wp-content\/uploads\/usu1760\/2026\/02\/Targeta-LHora-Verda-del-Bon-Temps.webp 396w, https:\/\/projectes.xtec.cat\/steamcat\/wp-content\/uploads\/usu1760\/2026\/02\/Targeta-LHora-Verda-del-Bon-Temps-300x172.webp 300w\" sizes=\"auto, (max-width: 396px) 100vw, 396px\" \/>        <\/div>\n        <div class=\"wp-block-getwid-post-slider__post-overlay \"><\/div>\n    <div class=\"wp-block-getwid-post-slider__post-content-wrapper\">\n        <h3 class=\"wp-block-getwid-post-slider__post-title\"><a href=\"https:\/\/projectes.xtec.cat\/steamcat\/general\/la-ciencia-de-lhivern-lhora-verda-connectem-amb-la-natura-2026-feb-24\/\">La ci\u00e8ncia del bon temps &#8211; L&#8217;hora verda: connectem amb la natura 2026\u00a0|\u00a0MAY\u00a019<\/a><\/h3>        <div class=\"wp-block-getwid-post-slider__post-excerpt\"><p>L\u2019Hora Verda, el projecte d\u2019Escoles Verdes i el CREAF per connectar amb la natura i tenir una finestra oberta a la ci\u00e8ncia, presenta la tercera edici\u00f3 i l&#8217;\u00faltima d&#8217;aquest curs: la ci\u00e8ncia del bon temps!<\/p>\n<\/div>\n    <\/div>\n<\/div>\n\t\t\t\t\t\t\t<\/div>\n\t\t\t\t\t\t\t\t\t\t\t\t\t<div class=\"wp-block-getwid-post-slider__slide\" style=\"\">\n\t\t\t\t\t\t\t\t\n<div class=\"wp-block-getwid-post-slider__post \">\n            <div class=\"wp-block-getwid-post-slider__post-thumbnail\">\n            <img loading=\"lazy\" decoding=\"async\" width=\"1684\" height=\"920\" src=\"https:\/\/projectes.xtec.cat\/steamcat\/wp-content\/uploads\/usu1760\/2026\/01\/Captura-de-pantalla-2026-01-16-105713.png\" class=\"attachment-post-thumbnail size-post-thumbnail wp-post-image\" alt=\"\" srcset=\"https:\/\/projectes.xtec.cat\/steamcat\/wp-content\/uploads\/usu1760\/2026\/01\/Captura-de-pantalla-2026-01-16-105713.png 1684w, https:\/\/projectes.xtec.cat\/steamcat\/wp-content\/uploads\/usu1760\/2026\/01\/Captura-de-pantalla-2026-01-16-105713-300x164.png 300w, https:\/\/projectes.xtec.cat\/steamcat\/wp-content\/uploads\/usu1760\/2026\/01\/Captura-de-pantalla-2026-01-16-105713-1024x559.png 1024w, https:\/\/projectes.xtec.cat\/steamcat\/wp-content\/uploads\/usu1760\/2026\/01\/Captura-de-pantalla-2026-01-16-105713-768x420.png 768w, https:\/\/projectes.xtec.cat\/steamcat\/wp-content\/uploads\/usu1760\/2026\/01\/Captura-de-pantalla-2026-01-16-105713-1536x839.png 1536w\" sizes=\"auto, (max-width: 1684px) 100vw, 1684px\" \/>        <\/div>\n        <div class=\"wp-block-getwid-post-slider__post-overlay \"><\/div>\n    <div class=\"wp-block-getwid-post-slider__post-content-wrapper\">\n        <h3 class=\"wp-block-getwid-post-slider__post-title\"><a href=\"https:\/\/projectes.xtec.cat\/steamcat\/portada\/comencen-les-visites-a-centres-de-la-comunitat-steamcat\/\">Comencen les visites a centres de la Comunitat STEAMcat<\/a><\/h3>        <div class=\"wp-block-getwid-post-slider__post-excerpt\"><p>A partir del 28 de gener s\u2019inicien les visites a centres educatius de la Comunitat STEAMcat, una proposta oberta a tots els docents interessat en l\u2019educaci\u00f3 STEAM. La Comunitat STEAMcat engega les visites a centres com a espai d\u2019intercanvi i aprenentatge entre docents. Aquesta iniciativa permet con\u00e8ixer experi\u00e8ncies educatives en context real, compartir metodologies i [&hellip;]<\/p>\n<\/div>\n    <\/div>\n<\/div>\n\t\t\t\t\t\t\t<\/div>\n\t\t\t\t\t\t\t\t\t\t\t\t\t<div class=\"wp-block-getwid-post-slider__slide\" style=\"\">\n\t\t\t\t\t\t\t\t\n<div class=\"wp-block-getwid-post-slider__post \">\n            <div class=\"wp-block-getwid-post-slider__post-thumbnail\">\n            <img loading=\"lazy\" decoding=\"async\" width=\"1823\" height=\"450\" src=\"https:\/\/projectes.xtec.cat\/steamcat\/wp-content\/uploads\/usu1760\/2025\/07\/premi-escoles-2025.png\" class=\"attachment-post-thumbnail size-post-thumbnail wp-post-image\" alt=\"\" srcset=\"https:\/\/projectes.xtec.cat\/steamcat\/wp-content\/uploads\/usu1760\/2025\/07\/premi-escoles-2025.png 1823w, https:\/\/projectes.xtec.cat\/steamcat\/wp-content\/uploads\/usu1760\/2025\/07\/premi-escoles-2025-300x74.png 300w, https:\/\/projectes.xtec.cat\/steamcat\/wp-content\/uploads\/usu1760\/2025\/07\/premi-escoles-2025-1024x253.png 1024w, https:\/\/projectes.xtec.cat\/steamcat\/wp-content\/uploads\/usu1760\/2025\/07\/premi-escoles-2025-768x190.png 768w, https:\/\/projectes.xtec.cat\/steamcat\/wp-content\/uploads\/usu1760\/2025\/07\/premi-escoles-2025-1536x379.png 1536w\" sizes=\"auto, (max-width: 1823px) 100vw, 1823px\" \/>        <\/div>\n        <div class=\"wp-block-getwid-post-slider__post-overlay \"><\/div>\n    <div class=\"wp-block-getwid-post-slider__post-content-wrapper\">\n        <h3 class=\"wp-block-getwid-post-slider__post-title\"><a href=\"https:\/\/projectes.xtec.cat\/steamcat\/general\/xiii-premi-escola-agricultura-i-alimentacio-ecologica-2025\/\">XIII Premi Escola, Agricultura i Alimentaci\u00f3 Ecol\u00f2gica 2025<\/a><\/h3>        <div class=\"wp-block-getwid-post-slider__post-excerpt\"><p> XIII Premi Escola que reconeix projectes educatius sobre agricultura i alimentaci\u00f3 ecol\u00f2giques. El termini per presentar candidatures \u00e9s del 2 de juny al 21 de juliol de 2025.<\/p>\n<\/div>\n    <\/div>\n<\/div>\n\t\t\t\t\t\t\t<\/div>\n\t\t\t\t\t\t\t\t\t\t\t\t\t<div class=\"wp-block-getwid-post-slider__slide\" style=\"\">\n\t\t\t\t\t\t\t\t\n<div class=\"wp-block-getwid-post-slider__post \">\n            <div class=\"wp-block-getwid-post-slider__post-thumbnail\">\n            <img loading=\"lazy\" decoding=\"async\" width=\"450\" height=\"450\" src=\"https:\/\/projectes.xtec.cat\/steamcat\/wp-content\/uploads\/usu1760\/2025\/07\/250707-premi-ev.png_428131507.png\" class=\"attachment-post-thumbnail size-post-thumbnail wp-post-image\" alt=\"\" srcset=\"https:\/\/projectes.xtec.cat\/steamcat\/wp-content\/uploads\/usu1760\/2025\/07\/250707-premi-ev.png_428131507.png 450w, https:\/\/projectes.xtec.cat\/steamcat\/wp-content\/uploads\/usu1760\/2025\/07\/250707-premi-ev.png_428131507-300x300.png 300w, https:\/\/projectes.xtec.cat\/steamcat\/wp-content\/uploads\/usu1760\/2025\/07\/250707-premi-ev.png_428131507-150x150.png 150w\" sizes=\"auto, (max-width: 450px) 100vw, 450px\" \/>        <\/div>\n        <div class=\"wp-block-getwid-post-slider__post-overlay \"><\/div>\n    <div class=\"wp-block-getwid-post-slider__post-content-wrapper\">\n        <h3 class=\"wp-block-getwid-post-slider__post-title\"><a href=\"https:\/\/projectes.xtec.cat\/steamcat\/general\/premi-escoles-verdes-2025\/\">Premi escoles verdes 2025<\/a><\/h3>        <div class=\"wp-block-getwid-post-slider__post-excerpt\"><p>La Generalitat ha publicat la convocat\u00f2ria del Premi Escoles Verdes per al 2025, que reconeix p\u00fablicament traject\u00f2ries i iniciatives exemplars d\u2019educaci\u00f3 per a la sostenibilitat.<\/p>\n<\/div>\n    <\/div>\n<\/div>\n\t\t\t\t\t\t\t<\/div>\n\t\t\t\t\t\t            <\/div>\n        <\/div>\n        \n\n\n<div class=\"wp-block-getwid-section getwid-section-content-custom-width\"><div class=\"wp-block-getwid-section__wrapper\"><div class=\"wp-block-getwid-section__inner-wrapper\" style=\"max-width:2000px\"><div class=\"wp-block-getwid-section__background-holder\"><div class=\"wp-block-getwid-section__background has-background\" style=\"background-color:#fbfafa\"><\/div><div class=\"wp-block-getwid-section__foreground\"><\/div><\/div><div class=\"wp-block-getwid-section__content\"><div class=\"wp-block-getwid-section__inner-content\">\n<h1 class=\"wp-block-heading has-text-align-center has-ast-global-color-0-color has-text-color has-link-color wp-elements-9c78e302ab67b364264d877d0d6710af\">Not\u00edcies<\/h1>\n\n\n\n        <div class=\"wp-block-getwid-post-carousel custom-post-type-post has-slides-gap-large is-carousel has-arrows-outside has-dots-outside\">\n            <div data-slider-option=\"{&quot;sliderSlidesToShowDesktop&quot;:&quot;3&quot;,&quot;getwid_slidesToShowLaptop&quot;:&quot;5&quot;,&quot;getwid_slidesToShowTablet&quot;:&quot;1&quot;,&quot;getwid_slidesToShowMobile&quot;:&quot;1&quot;,&quot;getwid_autoplay_speed&quot;:6000,&quot;getwid_animation_speed&quot;:800,&quot;getwid_slidesToScroll&quot;:&quot;1&quot;,&quot;getwid_autoplay&quot;:true,&quot;getwid_pause_on_hover&quot;:false,&quot;getwid_infinite&quot;:true,&quot;getwid_center_mode&quot;:true,&quot;getwid_arrows&quot;:&quot;outside&quot;,&quot;getwid_dots&quot;:&quot;outside&quot;}\" class=\"wp-block-getwid-post-carousel__wrapper\">\n                \t\t\t\t\t\t\t<div class=\"wp-block-getwid-post-carousel__slide\">\n\t\t\t\t\t\t\t\t\n<div class=\"wp-block-getwid-post-carousel__post\">\n            <div class=\"wp-block-getwid-post-carousel__post-thumbnail\">\n            <a href=\"https:\/\/projectes.xtec.cat\/steamcat\/general\/participa-a-lacte-de-tancament-de-ledusat-challenge\/\"><img loading=\"lazy\" decoding=\"async\" width=\"1031\" height=\"872\" src=\"https:\/\/projectes.xtec.cat\/steamcat\/wp-content\/uploads\/usu1760\/2024\/10\/inundacio-brasil.jpg\" class=\"attachment-post-thumbnail size-post-thumbnail wp-post-image\" alt=\"\" srcset=\"https:\/\/projectes.xtec.cat\/steamcat\/wp-content\/uploads\/usu1760\/2024\/10\/inundacio-brasil.jpg 1031w, https:\/\/projectes.xtec.cat\/steamcat\/wp-content\/uploads\/usu1760\/2024\/10\/inundacio-brasil-300x254.jpg 300w, https:\/\/projectes.xtec.cat\/steamcat\/wp-content\/uploads\/usu1760\/2024\/10\/inundacio-brasil-1024x866.jpg 1024w, https:\/\/projectes.xtec.cat\/steamcat\/wp-content\/uploads\/usu1760\/2024\/10\/inundacio-brasil-768x650.jpg 768w\" sizes=\"auto, (max-width: 1031px) 100vw, 1031px\" \/><\/a>\n        <\/div>\n        <div class=\"wp-block-getwid-post-carousel__post-content-wrapper\">\n        <div class=\"wp-block-getwid-post-carousel__post-header\">\n            <h3 class=\"wp-block-getwid-post-carousel__post-title\"><a href=\"https:\/\/projectes.xtec.cat\/steamcat\/general\/participa-a-lacte-de-tancament-de-ledusat-challenge\/\">Participa a l\u2019acte de tancament de l\u2019Edusat Challenge<\/a><\/h3>        <\/div>\n        <div class=\"wp-block-getwid-post-carousel__post-excerpt\"><p>T&#8217;agrada l&#8217;espai, la ci\u00e8ncia i la tecnologia? Vine a la jornada final de l&#8217;Edusat Challenge 2025 que es celebrar\u00e0 el pr\u00f2xim divendres 16 de maig de 2025,&nbsp; a l\u2019Espai Bital de l\u2019Hospitalet de Llobregat. La jornada de cloenda comptar\u00e0 amb la participaci\u00f3 dels centres educatius que mostraran els els seus projectes relacionats amb l&#8217;observaci\u00f3 de [&hellip;]<\/p>\n<\/div>\n    <\/div>\n<\/div>\n\n\t\t\t\t\t\t\t<\/div>\n\t\t\t\t\t\t\t\t\t\t\t\t\t<div class=\"wp-block-getwid-post-carousel__slide\">\n\t\t\t\t\t\t\t\t\n<div class=\"wp-block-getwid-post-carousel__post\">\n            <div class=\"wp-block-getwid-post-carousel__post-thumbnail\">\n            <a href=\"https:\/\/projectes.xtec.cat\/steamcat\/general\/centres-seleccionats-cdp-25-26\/\"><img loading=\"lazy\" decoding=\"async\" width=\"565\" height=\"264\" src=\"https:\/\/projectes.xtec.cat\/steamcat\/wp-content\/uploads\/usu1760\/2024\/11\/Comunitat-botons-web-1.png\" class=\"attachment-post-thumbnail size-post-thumbnail wp-post-image\" alt=\"Comunitat de pr\u00e0ctica\" srcset=\"https:\/\/projectes.xtec.cat\/steamcat\/wp-content\/uploads\/usu1760\/2024\/11\/Comunitat-botons-web-1.png 565w, https:\/\/projectes.xtec.cat\/steamcat\/wp-content\/uploads\/usu1760\/2024\/11\/Comunitat-botons-web-1-300x140.png 300w\" sizes=\"auto, (max-width: 565px) 100vw, 565px\" \/><\/a>\n        <\/div>\n        <div class=\"wp-block-getwid-post-carousel__post-content-wrapper\">\n        <div class=\"wp-block-getwid-post-carousel__post-header\">\n            <h3 class=\"wp-block-getwid-post-carousel__post-title\"><a href=\"https:\/\/projectes.xtec.cat\/steamcat\/general\/centres-seleccionats-cdp-25-26\/\">Centres seleccionats CdP 25-26<\/a><\/h3>        <\/div>\n        <div class=\"wp-block-getwid-post-carousel__post-excerpt\"><p>Ja ha sortit publicada la Resoluci\u00f3 per la qual es fa p\u00fablica la llista de centres educatius seleccionats per participar en la comunitat de pr\u00e0ctica STEAMcat de la convocat\u00f2ria 2025-2026 Podeu consultar-la al portal de centres<\/p>\n<\/div>\n    <\/div>\n<\/div>\n\n\t\t\t\t\t\t\t<\/div>\n\t\t\t\t\t\t\t\t\t\t\t\t\t<div class=\"wp-block-getwid-post-carousel__slide\">\n\t\t\t\t\t\t\t\t\n<div class=\"wp-block-getwid-post-carousel__post\">\n            <div class=\"wp-block-getwid-post-carousel__post-thumbnail\">\n            <a href=\"https:\/\/projectes.xtec.cat\/steamcat\/general\/recerca-sobre-lensenyament-de-lenginyeria-a-leducacio-basica\/\"><img loading=\"lazy\" decoding=\"async\" width=\"1536\" height=\"1024\" src=\"https:\/\/projectes.xtec.cat\/steamcat\/wp-content\/uploads\/usu1760\/2025\/11\/image.png\" class=\"attachment-post-thumbnail size-post-thumbnail wp-post-image\" alt=\"\" srcset=\"https:\/\/projectes.xtec.cat\/steamcat\/wp-content\/uploads\/usu1760\/2025\/11\/image.png 1536w, https:\/\/projectes.xtec.cat\/steamcat\/wp-content\/uploads\/usu1760\/2025\/11\/image-300x200.png 300w, https:\/\/projectes.xtec.cat\/steamcat\/wp-content\/uploads\/usu1760\/2025\/11\/image-1024x683.png 1024w, https:\/\/projectes.xtec.cat\/steamcat\/wp-content\/uploads\/usu1760\/2025\/11\/image-768x512.png 768w\" sizes=\"auto, (max-width: 1536px) 100vw, 1536px\" \/><\/a>\n        <\/div>\n        <div class=\"wp-block-getwid-post-carousel__post-content-wrapper\">\n        <div class=\"wp-block-getwid-post-carousel__post-header\">\n            <h3 class=\"wp-block-getwid-post-carousel__post-title\"><a href=\"https:\/\/projectes.xtec.cat\/steamcat\/general\/recerca-sobre-lensenyament-de-lenginyeria-a-leducacio-basica\/\">Recerca sobre l\u2019ensenyament de l&#8217;enginyeria a l&#8217;educaci\u00f3 b\u00e0sica<\/a><\/h3>        <\/div>\n        <div class=\"wp-block-getwid-post-carousel__post-excerpt\"><p>Des de l\u2019Institut de Ci\u00e8ncies de l&#8217;Educaci\u00f3 de la Universitat Polit\u00e8cnica de Catalunya (ICE de la UPC) impulsem l&#8217;educaci\u00f3 en tecnologia i enginyeria tant a prim\u00e0ria com a secund\u00e0ria.&nbsp; Tenint en compte l\u2019\u00e8mfasi del nou curr\u00edculum en l&#8217;educaci\u00f3 en enginyeria i tecnologia, volem con\u00e8ixer quina \u00e9s la percepci\u00f3 del professorat (infantil, prim\u00e0ria i secund\u00e0ria) de [&hellip;]<\/p>\n<\/div>\n    <\/div>\n<\/div>\n\n\t\t\t\t\t\t\t<\/div>\n\t\t\t\t\t\t\t\t\t\t\t\t\t<div class=\"wp-block-getwid-post-carousel__slide\">\n\t\t\t\t\t\t\t\t\n<div class=\"wp-block-getwid-post-carousel__post\">\n            <div class=\"wp-block-getwid-post-carousel__post-thumbnail\">\n            <a href=\"https:\/\/projectes.xtec.cat\/steamcat\/noticies\/steam-a-la-fira-de-ciencia-en-equip-de-girona\/\"><img loading=\"lazy\" decoding=\"async\" width=\"1210\" height=\"908\" src=\"https:\/\/projectes.xtec.cat\/steamcat\/wp-content\/uploads\/usu1760\/2026\/04\/IMG_0305.png\" class=\"attachment-post-thumbnail size-post-thumbnail wp-post-image\" alt=\"\" srcset=\"https:\/\/projectes.xtec.cat\/steamcat\/wp-content\/uploads\/usu1760\/2026\/04\/IMG_0305.png 1210w, https:\/\/projectes.xtec.cat\/steamcat\/wp-content\/uploads\/usu1760\/2026\/04\/IMG_0305-300x225.png 300w, https:\/\/projectes.xtec.cat\/steamcat\/wp-content\/uploads\/usu1760\/2026\/04\/IMG_0305-1024x768.png 1024w, https:\/\/projectes.xtec.cat\/steamcat\/wp-content\/uploads\/usu1760\/2026\/04\/IMG_0305-768x576.png 768w\" sizes=\"auto, (max-width: 1210px) 100vw, 1210px\" \/><\/a>\n        <\/div>\n        <div class=\"wp-block-getwid-post-carousel__post-content-wrapper\">\n        <div class=\"wp-block-getwid-post-carousel__post-header\">\n            <h3 class=\"wp-block-getwid-post-carousel__post-title\"><a href=\"https:\/\/projectes.xtec.cat\/steamcat\/noticies\/steam-a-la-fira-de-ciencia-en-equip-de-girona\/\">STEAM a la Fira de Ci\u00e8ncia en Equip de Girona!<\/a><\/h3>        <\/div>\n        <div class=\"wp-block-getwid-post-carousel__post-excerpt\"><p>El programa STEAMCat va participar recentment a la Fira de la Ci\u00e8ncia en Equip de Girona, un esdeveniment que reuneix centres educatius i professionals de l\u2019\u00e0mbit cient\u00edfic i tecnol\u00f2gic de les comarques gironines. Durant la jornada, que va tenir lloc el passat 11 d\u2019abril, algunes de les ambaixadores del programa STEAMCat hi van ser present [&hellip;]<\/p>\n<\/div>\n    <\/div>\n<\/div>\n\n\t\t\t\t\t\t\t<\/div>\n\t\t\t\t\t\t\t\t\t\t\t\t\t<div class=\"wp-block-getwid-post-carousel__slide\">\n\t\t\t\t\t\t\t\t\n<div class=\"wp-block-getwid-post-carousel__post\">\n            <div class=\"wp-block-getwid-post-carousel__post-thumbnail\">\n            <a href=\"https:\/\/projectes.xtec.cat\/steamcat\/general\/les-comunitats-territorials-dsteamcat-impulsen-la-reflexio-sobre-lorientacio-educativa-i-les-vocacions-stem\/\"><img loading=\"lazy\" decoding=\"async\" width=\"2040\" height=\"1148\" src=\"https:\/\/projectes.xtec.cat\/steamcat\/wp-content\/uploads\/usu1760\/2026\/04\/Drone-centre-BCN.jpeg\" class=\"attachment-post-thumbnail size-post-thumbnail wp-post-image\" alt=\"\" srcset=\"https:\/\/projectes.xtec.cat\/steamcat\/wp-content\/uploads\/usu1760\/2026\/04\/Drone-centre-BCN.jpeg 2040w, https:\/\/projectes.xtec.cat\/steamcat\/wp-content\/uploads\/usu1760\/2026\/04\/Drone-centre-BCN-300x169.jpeg 300w, https:\/\/projectes.xtec.cat\/steamcat\/wp-content\/uploads\/usu1760\/2026\/04\/Drone-centre-BCN-1024x576.jpeg 1024w, https:\/\/projectes.xtec.cat\/steamcat\/wp-content\/uploads\/usu1760\/2026\/04\/Drone-centre-BCN-768x432.jpeg 768w, https:\/\/projectes.xtec.cat\/steamcat\/wp-content\/uploads\/usu1760\/2026\/04\/Drone-centre-BCN-1536x864.jpeg 1536w\" sizes=\"auto, (max-width: 2040px) 100vw, 2040px\" \/><\/a>\n        <\/div>\n        <div class=\"wp-block-getwid-post-carousel__post-content-wrapper\">\n        <div class=\"wp-block-getwid-post-carousel__post-header\">\n            <h3 class=\"wp-block-getwid-post-carousel__post-title\"><a href=\"https:\/\/projectes.xtec.cat\/steamcat\/general\/les-comunitats-territorials-dsteamcat-impulsen-la-reflexio-sobre-lorientacio-educativa-i-les-vocacions-stem\/\">Les comunitats territorials d&#8217;STEAMcat impulsen la reflexi\u00f3 sobre l\u2019orientaci\u00f3 educativa i les vocacions STEM<\/a><\/h3>        <\/div>\n        <div class=\"wp-block-getwid-post-carousel__post-excerpt\"><p>En el marc del programa STEAMcat, el 15 d\u2019abril, es van fer les comunitats territorials arreu de Catalunya amb una participaci\u00f3 molt destacada dels centres educatius del programa. Aquestes jornades han posat el focus en el treball vers l\u2019orientaci\u00f3 educativa, amb la voluntat d&#8217;enfortir-ne el paper dins dels centres i millorar l\u2019acompanyament de l\u2019alumnat. L\u2019objectiu [&hellip;]<\/p>\n<\/div>\n    <\/div>\n<\/div>\n\n\t\t\t\t\t\t\t<\/div>\n\t\t\t\t\t\t            <\/div>\n        <\/div>\n        <\/div><\/div><\/div><\/div><\/div>\n\n\n\n<div class=\"wp-block-getwid-section getwid-section-content-custom-width\"><div class=\"wp-block-getwid-section__wrapper\"><div class=\"wp-block-getwid-section__inner-wrapper\" style=\"max-width:1006px\"><div class=\"wp-block-getwid-section__background-holder\"><div class=\"wp-block-getwid-section__background\"><\/div><div class=\"wp-block-getwid-section__foreground\"><\/div><\/div><div class=\"wp-block-getwid-section__content\"><div class=\"wp-block-getwid-section__inner-content\"><\/div><\/div><\/div><\/div><\/div>\n\n\n\n<iframe height=\"500\" style=\"display: block; width: 100%; border: none\" src=\"https:\/\/sinapsi.xtec.cat\/ca\/embed\/?search-box=false&#038;synapse=centres-steamcat&#038;section=everything&#038;view=optimal\"><\/iframe>\n","protected":false},"excerpt":{"rendered":"","protected":false},"author":1,"featured_media":0,"parent":0,"menu_order":0,"comment_status":"closed","ping_status":"closed","template":"","meta":{"_bbp_topic_count":0,"_bbp_reply_count":0,"_bbp_total_topic_count":0,"_bbp_total_reply_count":0,"_bbp_voice_count":0,"_bbp_anonymous_reply_count":0,"_bbp_topic_count_hidden":0,"_bbp_reply_count_hidden":0,"_bbp_forum_subforum_count":0,"site-sidebar-layout":"default","site-content-layout":"","ast-site-content-layout":"full-width-container","site-content-style":"default","site-sidebar-style":"default","ast-global-header-display":"","ast-banner-title-visibility":"","ast-main-header-display":"","ast-hfb-above-header-display":"","ast-hfb-below-header-display":"","ast-hfb-mobile-header-display":"","site-post-title":"disabled","ast-breadcrumbs-content":"","ast-featured-img":"disabled","footer-sml-layout":"","theme-transparent-header-meta":"","adv-header-id-meta":"","stick-header-meta":"","header-above-stick-meta":"","header-main-stick-meta":"","header-below-stick-meta":"","astra-migrate-meta-layouts":"set","ast-page-background-enabled":"default","ast-page-background-meta":{"desktop":{"background-color":"var(--ast-global-color-4)","background-image":"","background-repeat":"repeat","background-position":"center center","background-size":"auto","background-attachment":"scroll","background-type":"","background-media":"","overlay-type":"","overlay-color":"","overlay-opacity":"","overlay-gradient":""},"tablet":{"background-color":"","background-image":"","background-repeat":"repeat","background-position":"center center","background-size":"auto","background-attachment":"scroll","background-type":"","background-media":"","overlay-type":"","overlay-color":"","overlay-opacity":"","overlay-gradient":""},"mobile":{"background-color":"","background-image":"","background-repeat":"repeat","background-position":"center center","background-size":"auto","background-attachment":"scroll","background-type":"","background-media":"","overlay-type":"","overlay-color":"","overlay-opacity":"","overlay-gradient":""}},"ast-content-background-meta":{"desktop":{"background-color":"var(--ast-global-color-5)","background-image":"","background-repeat":"repeat","background-position":"center center","background-size":"auto","background-attachment":"scroll","background-type":"","background-media":"","overlay-type":"","overlay-color":"","overlay-opacity":"","overlay-gradient":""},"tablet":{"background-color":"var(--ast-global-color-5)","background-image":"","background-repeat":"repeat","background-position":"center center","background-size":"auto","background-attachment":"scroll","background-type":"","background-media":"","overlay-type":"","overlay-color":"","overlay-opacity":"","overlay-gradient":""},"mobile":{"background-color":"var(--ast-global-color-5)","background-image":"","background-repeat":"repeat","background-position":"center center","background-size":"auto","background-attachment":"scroll","background-type":"","background-media":"","overlay-type":"","overlay-color":"","overlay-opacity":"","overlay-gradient":""}},"footnotes":""},"class_list":["post-9","page","type-page","status-publish","hentry"],"post_mailing_queue_ids":[],"_links":{"self":[{"href":"https:\/\/projectes.xtec.cat\/steamcat\/wp-json\/wp\/v2\/pages\/9","targetHints":{"allow":["GET"]}}],"collection":[{"href":"https:\/\/projectes.xtec.cat\/steamcat\/wp-json\/wp\/v2\/pages"}],"about":[{"href":"https:\/\/projectes.xtec.cat\/steamcat\/wp-json\/wp\/v2\/types\/page"}],"author":[{"embeddable":true,"href":"https:\/\/projectes.xtec.cat\/steamcat\/wp-json\/wp\/v2\/users\/1"}],"replies":[{"embeddable":true,"href":"https:\/\/projectes.xtec.cat\/steamcat\/wp-json\/wp\/v2\/comments?post=9"}],"version-history":[{"count":5,"href":"https:\/\/projectes.xtec.cat\/steamcat\/wp-json\/wp\/v2\/pages\/9\/revisions"}],"predecessor-version":[{"id":22030,"href":"https:\/\/projectes.xtec.cat\/steamcat\/wp-json\/wp\/v2\/pages\/9\/revisions\/22030"}],"wp:attachment":[{"href":"https:\/\/projectes.xtec.cat\/steamcat\/wp-json\/wp\/v2\/media?parent=9"}],"curies":[{"name":"wp","href":"https:\/\/api.w.org\/{rel}","templated":true}]}}