{"id":10042,"date":"2019-05-13T10:48:22","date_gmt":"2019-05-13T08:48:22","guid":{"rendered":"http:\/\/projectes.xtec.cat\/xarxadults\/?page_id=10042"},"modified":"2022-11-11T10:57:35","modified_gmt":"2022-11-11T09:57:35","slug":"programes","status":"publish","type":"page","link":"https:\/\/projectes.xtec.cat\/xarxadults\/iniciatives-pedagogiques\/programes\/","title":{"rendered":"Programes i projectes"},"content":{"rendered":"<p>&nbsp;<\/p>\n<p style=\"text-align: justify;\">\u00c9s voluntat del Departament d\u2019Educaci\u00f3 acompanyar els centres educatius del pa\u00eds en el proc\u00e9s de transformaci\u00f3 educativa per donar resposta a les necessitats del segle XXI i recon\u00e8ixer els esfor\u00e7os que s\u2019estan fent en termes d\u2019innovaci\u00f3 pedag\u00f2gica.<\/p>\n<p style=\"text-align: justify;\">El mapa de la innovaci\u00f3 pedag\u00f2gica de Catalunya \u00e9s un instrument que situa en el territori i visibilitza totes les iniciatives vinculades a la innovaci\u00f3 i a la recerca educativa que es desenvolupa en els centres educatius i que han estat reconegudes pel Departament d\u2019Educaci\u00f3 des del 2015, d\u2019acord amb el\u00a0<strong><span style=\"color: #993300;\"><a style=\"color: #993300;\" href=\"http:\/\/xtec.gencat.cat\/ca\/innovacio\/\" target=\"_blank\" rel=\"noopener noreferrer\">Marc de la Innovaci\u00f3 Pedag\u00f2gica de Catalunya<\/a><\/span><\/strong>.\u00a0Amb el mapa de la innovaci\u00f3 es pret\u00e9n impulsar el treball en xarxa entre els centres que comparteixen objectius al llarg del territori i posar en valor la informaci\u00f3 que faciliti la presa de decisions a tota la comunitat educativa, a l\u2019administraci\u00f3 i a altres agents. Aquesta presa de decisions ha de permetre promoure la inclusi\u00f3, la cohesi\u00f3 i l\u2019equitat, i facilitar la participaci\u00f3 de tots els centres en l\u2019\u00e8xit educatiu i la innovaci\u00f3 per a la millora.<\/p>\n<p style=\"text-align: justify;\">Us compartim<strong> <a href=\"https:\/\/www.youtube.com\/watch?v=BfPxnl_0l2I\" data-saferedirecturl=\"https:\/\/www.google.com\/url?q=https:\/\/www.youtube.com\/watch?v%3DBfPxnl_0l2I&amp;source=gmail&amp;ust=1615894440762000&amp;usg=AFQjCNFD7qCbLuxiQu0AWuNNe2Jv08m40w\">un v\u00eddeo<\/a><\/strong> de tots els programes d&#8217;innovaci\u00f3.<\/p>\n<p><iframe loading=\"lazy\" src=\"\/\/www.youtube.com\/embed\/BfPxnl_0l2I?t=1s\" width=\"560\" height=\"314\" data-mce-fragment=\"1\"><\/iframe><\/p>\n<p style=\"text-align: justify;\"><span style=\"font-family: inherit; font-size: 1em;\">Els <\/span><a style=\"font-family: inherit; font-size: 1em;\" href=\"http:\/\/xtec.gencat.cat\/ca\/innovacio\/programes_innovacio\/\" target=\"_blank\" rel=\"noopener noreferrer\"><strong><span style=\"color: #993300;\">programes d\u2019innovaci\u00f3<\/span><\/strong><\/a><span style=\"font-family: inherit; font-size: 1em;\"> consisteixen en plans d\u2019acci\u00f3 que el Departament d\u2019Educaci\u00f3 prioritza i impulsa, i que tenen com a finalitat millorar els resultats del sistema educatiu adequant-lo al canvi i a l\u2019evoluci\u00f3 social. Amb la mateixa finalitat tamb\u00e9 s\u2019inclouen les iniciatives d\u2019altres institucions amb les quals el Departament col\u00b7labora mitjan\u00e7ant acords o convenis. (Article 2 Ordre Ens\/303\/2015)<\/span><\/p>\n<table style=\"width: 786px; border-style: solid; border-color: #990606;\">\n<tbody>\n<tr>\n<td style=\"width: 164px; border-style: solid; border-color: #9c0606;\"><a href=\"https:\/\/projectes.xtec.cat\/xarxadults\/programes\/lart-de-parlar\/\" target=\"_blank\" rel=\"noopener noreferrer\"><img loading=\"lazy\" decoding=\"async\" class=\"aligncenter wp-image-10141\" title=\"Logo de l'Art de Parlar\" src=\"https:\/\/projectes.xtec.cat\/xarxadults\/wp-content\/uploads\/usu1741\/2019\/06\/Logo_ArtdeParlar-150x150.png\" alt=\"Logo de l'Art de Parlar\" width=\"143\" height=\"143\" \/><\/a><\/td>\n<td style=\"width: 164.8px;\"><a href=\"https:\/\/projectes.xtec.cat\/xarxadults\/programes\/altres-2\/\" target=\"_blank\" rel=\"noopener noreferrer\"><img loading=\"lazy\" decoding=\"async\" class=\"aligncenter wp-image-10108\" title=\"Logo Apadrinem el nostre patrimoni\" src=\"https:\/\/projectes.xtec.cat\/xarxadults\/wp-content\/uploads\/usu1741\/2019\/05\/blanc_460x260.png\" alt=\"Apadrinem el nostre patrimoni\" width=\"232\" height=\"132\" srcset=\"https:\/\/projectes.xtec.cat\/xarxadults\/wp-content\/uploads\/usu1741\/2019\/05\/blanc_460x260.png 460w, https:\/\/projectes.xtec.cat\/xarxadults\/wp-content\/uploads\/usu1741\/2019\/05\/blanc_460x260-300x170.png 300w\" sizes=\"auto, (max-width: 232px) 100vw, 232px\" \/><\/a><\/td>\n<td style=\"width: 213.6px;\"><a href=\"https:\/\/projectes.xtec.cat\/xarxadults\/programes\/programa-dinnovacio-dacceleracio-de-la-transformacio-educativa-eines-per-al-canvi\/\" target=\"_blank\" rel=\"noopener noreferrer\"><img loading=\"lazy\" decoding=\"async\" class=\"alignright wp-image-12503\" src=\"https:\/\/projectes.xtec.cat\/xarxadults\/wp-content\/uploads\/usu1741\/2021\/03\/Captura-4.jpg\" alt=\"\" width=\"172\" height=\"150\" srcset=\"https:\/\/projectes.xtec.cat\/xarxadults\/wp-content\/uploads\/usu1741\/2021\/03\/Captura-4.jpg 406w, https:\/\/projectes.xtec.cat\/xarxadults\/wp-content\/uploads\/usu1741\/2021\/03\/Captura-4-300x263.jpg 300w\" sizes=\"auto, (max-width: 172px) 100vw, 172px\" \/><\/a><\/p>\n<p>&nbsp;<\/p>\n<p>&nbsp;<\/p>\n<p>&nbsp;<\/p>\n<p>&nbsp;<\/p>\n<h6 class=\"entry-title\" style=\"text-align: center;\"><a href=\"https:\/\/projectes.xtec.cat\/xarxadults\/programes\/programa-dinnovacio-dacceleracio-de-la-transformacio-educativa-eines-per-al-canvi\/\" target=\"_blank\" rel=\"noopener noreferrer\"><span style=\"color: #993300;\">Programa d\u2019Innovaci\u00f3 d\u2019Acceleraci\u00f3 de la Transformaci\u00f3 Educativa \/ Eines per al Canvi<\/span><\/a><\/h6>\n<\/td>\n<td style=\"width: 233.6px;\">\n<div class=\"NG-menu__wrapper_title\"><\/div>\n<div class=\"NG-menu__wrapper_title2\">\n<p><a href=\"https:\/\/projectes.xtec.cat\/xarxadults\/wp-content\/uploads\/usu1741\/2021\/03\/Captura2-2.jpg\"><img loading=\"lazy\" decoding=\"async\" class=\"alignright size-full wp-image-12505\" src=\"https:\/\/projectes.xtec.cat\/xarxadults\/wp-content\/uploads\/usu1741\/2021\/03\/Captura2-2.jpg\" alt=\"\" width=\"759\" height=\"220\" srcset=\"https:\/\/projectes.xtec.cat\/xarxadults\/wp-content\/uploads\/usu1741\/2021\/03\/Captura2-2.jpg 759w, https:\/\/projectes.xtec.cat\/xarxadults\/wp-content\/uploads\/usu1741\/2021\/03\/Captura2-2-300x87.jpg 300w\" sizes=\"auto, (max-width: 759px) 100vw, 759px\" \/><\/a><\/p>\n<\/div>\n<\/td>\n<\/tr>\n<\/tbody>\n<\/table>\n<p style=\"text-align: justify;\">Els <a href=\"http:\/\/xtec.gencat.cat\/ca\/innovacio\/projectes_innovacio_pedagogica\/\" target=\"_blank\" rel=\"noopener noreferrer\"><strong><span style=\"color: #993300;\">projectes d\u2019innovaci\u00f3 pedag\u00f2gica<\/span><\/strong><\/a> consisteixen en iniciatives d\u2019un centre educatiu, o d\u2019un grup de centres, que formen part de manera expl\u00edcita del projecte educatiu de centre, que responen a objectius de millora educativa pr\u00e8viament fixats en un pla d\u2019acci\u00f3 i que aporten evid\u00e8ncies del canvi que ha significat per al centre o centres pel que fa a les compet\u00e8ncies dels alumnes o a l\u2019organitzaci\u00f3 i gesti\u00f3. (Article 2 Ordre Ens\/303\/2015)<\/p>\n<p style=\"text-align: justify;\">El Departament d\u2019Educaci\u00f3 vol promoure, recon\u00e8ixer i certificar els projectes d&#8217;innovaci\u00f3 pedag\u00f2gica impulsats des dels centres educatius per millorar la qualitat dels serveis que ofereixen contribuint a la millora del sistema educatiu.<\/p>\n<table style=\"border-collapse: collapse; width: 92.6884%; height: 302px;\" border=\"1\">\n<tbody>\n<tr style=\"height: 155px;\">\n<td style=\"width: 18.2621%; height: 155px;\"><a href=\"https:\/\/projectes.xtec.cat\/xarxadults\/programes\/garagelabs-en-els-centres-dadults\/\" target=\"_blank\" rel=\"noopener noreferrer\"><img loading=\"lazy\" decoding=\"async\" class=\"alignright wp-image-11664 size-full\" title=\"Logo Garage Lab\" src=\"https:\/\/projectes.xtec.cat\/xarxadults\/wp-content\/uploads\/usu1741\/2020\/09\/garageLabs2.jpg\" alt=\"Logo Garage Lab\" width=\"930\" height=\"245\" srcset=\"https:\/\/projectes.xtec.cat\/xarxadults\/wp-content\/uploads\/usu1741\/2020\/09\/garageLabs2.jpg 930w, https:\/\/projectes.xtec.cat\/xarxadults\/wp-content\/uploads\/usu1741\/2020\/09\/garageLabs2-300x79.jpg 300w, https:\/\/projectes.xtec.cat\/xarxadults\/wp-content\/uploads\/usu1741\/2020\/09\/garageLabs2-768x202.jpg 768w\" sizes=\"auto, (max-width: 930px) 100vw, 930px\" \/><\/a><\/td>\n<td style=\"width: 18.457%; height: 155px;\"><a href=\"https:\/\/projectes.xtec.cat\/xarxadults\/programes\/educacio-financera-efec-adults\/\" target=\"_blank\" rel=\"noopener noreferrer\"><img loading=\"lazy\" decoding=\"async\" class=\"alignnone wp-image-10631\" title=\"Logo d'EFEC Adults\" src=\"https:\/\/projectes.xtec.cat\/xarxadults\/wp-content\/uploads\/usu1741\/2019\/10\/Captura0.jpg\" alt=\"Logo d'EFEC Adults\" width=\"191\" height=\"49\" \/><\/a><\/td>\n<td style=\"width: 21.1215%; height: 155px;\"><a href=\"https:\/\/projectes.xtec.cat\/xarxadults\/programes\/lletres-a-laula\/\" target=\"_blank\" rel=\"noopener noreferrer\"><img loading=\"lazy\" decoding=\"async\" class=\"aligncenter wp-image-9394\" title=\"Logo Lletres a les aules\" src=\"https:\/\/projectes.xtec.cat\/xarxadults\/wp-content\/uploads\/usu1741\/2018\/06\/lletres-e1527962226944-300x293.png\" alt=\"Logo Lletres a les aules\" width=\"140\" height=\"137\" \/><\/a><\/td>\n<td style=\"width: 20.4951%; height: 155px;\"><a href=\"https:\/\/projectes.xtec.cat\/xarxadults\/programes\/filmoteca-de-catalunya\/\" target=\"_blank\" rel=\"noopener noreferrer\"><img loading=\"lazy\" decoding=\"async\" class=\"aligncenter wp-image-8904 size-full\" title=\"Logo Filmoteca de Catalunya\" src=\"https:\/\/projectes.xtec.cat\/xarxadults\/wp-content\/uploads\/usu1741\/2018\/01\/Sin-t\u00edtulo-11.png\" alt=\"Filmoteca de Catalunya\" width=\"176\" height=\"64\" \/><\/a><\/td>\n<td style=\"width: 30.3357%; height: 155px;\"><a href=\"https:\/\/projectes.xtec.cat\/xarxadults\/programes\/memorial-democratic\/\" target=\"_blank\" rel=\"noopener noreferrer\"><img loading=\"lazy\" decoding=\"async\" class=\"alignnone wp-image-8905 size-medium\" title=\"Logo Memorial Democr\u00e0tic\" src=\"https:\/\/projectes.xtec.cat\/xarxadults\/wp-content\/uploads\/usu1741\/2018\/01\/Sin-t\u00edtulo-12-300x150.png\" alt=\"Memorial Democr\u00e0tic\" width=\"300\" height=\"150\" \/><\/a><\/td>\n<\/tr>\n<tr style=\"height: 147px;\">\n<td style=\"width: 18.2621%; height: 147px;\"><a href=\"http:\/\/projectes.xtec.cat\/xarxadults\/programes\/europe-code-week\/\" target=\"_blank\" rel=\"noopener noreferrer\"><img loading=\"lazy\" decoding=\"async\" class=\"aligncenter\" title=\"Logo Europe Code Week\" src=\"https:\/\/agora.xtec.cat\/cfacastelldefels\/wp-content\/uploads\/usu251\/2019\/11\/CodeWeek-300x160.png\" alt=\"Logo Europe Code Week\" width=\"300\" height=\"160\" \/><\/a><\/td>\n<td style=\"width: 18.457%; height: 147px;\"><a href=\"https:\/\/projectes.xtec.cat\/xarxadults\/programes\/mobile-week-catalunya\/\" target=\"_blank\" rel=\"noopener noreferrer\"><img loading=\"lazy\" decoding=\"async\" class=\"alignright wp-image-11040\" title=\"Logo Mobile Week\" src=\"https:\/\/projectes.xtec.cat\/xarxadults\/wp-content\/uploads\/usu1741\/2020\/02\/images.png\" alt=\"Logo Mobile Week\" width=\"184\" height=\"52\" srcset=\"https:\/\/projectes.xtec.cat\/xarxadults\/wp-content\/uploads\/usu1741\/2020\/02\/images.png 423w, https:\/\/projectes.xtec.cat\/xarxadults\/wp-content\/uploads\/usu1741\/2020\/02\/images-300x84.png 300w\" sizes=\"auto, (max-width: 184px) 100vw, 184px\" \/><\/a><\/td>\n<td style=\"width: 21.1215%; height: 147px;\"><\/td>\n<td style=\"width: 20.4951%; height: 147px;\"><\/td>\n<td style=\"width: 30.3357%; height: 147px;\"><\/td>\n<\/tr>\n<\/tbody>\n<\/table>\n","protected":false},"excerpt":{"rendered":"<p>&nbsp;<br \/>\n\u00c9s voluntat del Departament d\u2019Educaci\u00f3 acompanyar els centres educatius del pa\u00eds en el proc\u00e9s de transformaci\u00f3 educativa per donar resposta a les necessitats del segle XXI i recon\u00e8ixer els esfor\u00e7os que s\u2019estan fent en termes d\u2019innovaci\u00f3 pedag\u00f2gica.<br \/>\nEl mapa de la innovaci\u00f3 pedag\u00f2gica de Catalunya \u00e9s&hellip;  <a href=\"https:\/\/projectes.xtec.cat\/xarxadults\/iniciatives-pedagogiques\/programes\/\" title=\"Read Programes i projectes\">Llegeix m\u00e9s\u00bb<\/a><\/p>\n","protected":false},"author":2,"featured_media":0,"parent":13564,"menu_order":10,"comment_status":"closed","ping_status":"closed","template":"page-templates\/side-menu.php","meta":{"_bbp_topic_count":0,"_bbp_reply_count":0,"_bbp_total_topic_count":0,"_bbp_total_reply_count":0,"_bbp_voice_count":0,"_bbp_anonymous_reply_count":0,"_bbp_topic_count_hidden":0,"_bbp_reply_count_hidden":0,"_bbp_forum_subforum_count":0,"footnotes":""},"class_list":["post-10042","page","type-page","status-publish","hentry"],"post_mailing_queue_ids":[],"_links":{"self":[{"href":"https:\/\/projectes.xtec.cat\/xarxadults\/wp-json\/wp\/v2\/pages\/10042","targetHints":{"allow":["GET"]}}],"collection":[{"href":"https:\/\/projectes.xtec.cat\/xarxadults\/wp-json\/wp\/v2\/pages"}],"about":[{"href":"https:\/\/projectes.xtec.cat\/xarxadults\/wp-json\/wp\/v2\/types\/page"}],"author":[{"embeddable":true,"href":"https:\/\/projectes.xtec.cat\/xarxadults\/wp-json\/wp\/v2\/users\/2"}],"replies":[{"embeddable":true,"href":"https:\/\/projectes.xtec.cat\/xarxadults\/wp-json\/wp\/v2\/comments?post=10042"}],"version-history":[{"count":4,"href":"https:\/\/projectes.xtec.cat\/xarxadults\/wp-json\/wp\/v2\/pages\/10042\/revisions"}],"predecessor-version":[{"id":13880,"href":"https:\/\/projectes.xtec.cat\/xarxadults\/wp-json\/wp\/v2\/pages\/10042\/revisions\/13880"}],"up":[{"embeddable":true,"href":"https:\/\/projectes.xtec.cat\/xarxadults\/wp-json\/wp\/v2\/pages\/13564"}],"wp:attachment":[{"href":"https:\/\/projectes.xtec.cat\/xarxadults\/wp-json\/wp\/v2\/media?parent=10042"}],"curies":[{"name":"wp","href":"https:\/\/api.w.org\/{rel}","templated":true}]}}