{"id":11113,"date":"2020-04-16T22:05:39","date_gmt":"2020-04-16T20:05:39","guid":{"rendered":"http:\/\/projectes.xtec.cat\/xarxadults\/?page_id=11113"},"modified":"2020-09-07T17:42:36","modified_gmt":"2020-09-07T15:42:36","slug":"actuacions-extraordinaries","status":"publish","type":"page","link":"https:\/\/projectes.xtec.cat\/xarxadults\/actuacions-extraordinaries\/","title":{"rendered":"Actuacions i Recursos en la nova normalitat"},"content":{"rendered":"<p>&nbsp;<\/p>\n<p style=\"text-align: justify;\"><span style=\"text-align: justify;\">El context generat per l\u2019epid\u00e8mia de coronavirus SARS-CoV-2 al nostre pa\u00eds i l\u2019adopci\u00f3 de mesures extraordin\u00e0ries com el tancament de les escoles ha suposat un gran repte a l&#8217;hora de garantir l\u2019educaci\u00f3 per a tothom, entesa com un dret fonamental i b\u00e0sic.<\/span><\/p>\n<p style=\"text-align: justify;\">Per al curs que tot just comen\u00e7a, i donada l\u2019excepcionalitat sanit\u00e0ria, educativa i social, els centres han pogut planificar i reorganitzar aspectes de funcionament, fruit d\u2019una reflexi\u00f3 de la realitat de cada centre i de manera participada amb la comunitat educativa. Aix\u00ed, aquests plans d\u2019obertura provisional contenen mesures excepcionals, de reagrupaments dels alumnes, d\u2019atenci\u00f3 d\u2019un nombre redu\u00eft de docents a cada grup, de reajustaments dels horaris d\u2019entrades i sortides, entre d\u2019altres. Tamb\u00e9 han previst reorganitzar la doc\u00e8ncia i les coordinacions entre el professorat, o la participaci\u00f3 en programes de millora, formacions espec\u00edfiques o tallers. I tot aix\u00f2, s\u2019ha fet dins el marc de les orientacions generals que el Departament d\u2019Educaci\u00f3 ha elaborat amb l\u2019assessorament i supervisi\u00f3 de la Inspecci\u00f3 d\u2019Educaci\u00f3 i en el context de l\u2019autonomia de centres.<\/p>\n<p style=\"text-align: justify;\"><span style=\"text-align: justify;\">Des del Departament d\u2019Educaci\u00f3 us animem a aprofundir en aquells aspectes que tenen a veure amb la vostra pr\u00e0ctica docent i tamb\u00e9 a prendre part en diferents activitats de formaci\u00f3 a dist\u00e0ncia. Per fer-ho, us oferim un recull actualitzat de <\/span><strong style=\"text-align: justify;\">recursos i activitats did\u00e0ctiques en l\u00ednia\u00a0<\/strong><span style=\"text-align: justify;\">que us poden ajudar tant a l\u2019hora d\u2019elaborar propostes did\u00e0ctiques per al vostre alumnat per tal que pugui avan\u00e7ar en el seu proc\u00e9s d\u2019aprenentatge, malgrat l\u2019aturada de l\u2019activitat presencial. Igualment, a l&#8217;apartat de formaci\u00f3 hi trobareu\u00a0<\/span><strong style=\"text-align: justify;\">propostes formatives<\/strong><span style=\"text-align: justify;\">, creades en el marc d&#8217;aquest context extraordinari.<\/span><\/p>\n<table style=\"height: 395px; width: 963px;\" width=\"699\">\n<tbody>\n<tr style=\"height: 395px;\">\n<td style=\"width: 188.444px; text-align: center;\"><a href=\"https:\/\/projectes.xtec.cat\/xarxadults\/actuacions-extraordinaries\/comunitat-educativa-restaurativa-i-resilient\/\" target=\"_blank\" rel=\"noopener noreferrer\"><span style=\"color: #993300;\"><strong>Comunitat educativa restaurativa i resilient<\/strong><\/span><\/a><\/p>\n<p><a href=\"https:\/\/projectes.xtec.cat\/xarxadults\/actuacions-extraordinaries\/comunitat-educativa-restaurativa-i-resilient\/\" target=\"_blank\" rel=\"noopener noreferrer\"><img loading=\"lazy\" decoding=\"async\" class=\"alignright size-full wp-image-11556\" src=\"https:\/\/projectes.xtec.cat\/xarxadults\/wp-content\/uploads\/usu1741\/2020\/09\/Captura-2.jpg\" alt=\"\" width=\"453\" height=\"408\" srcset=\"https:\/\/projectes.xtec.cat\/xarxadults\/wp-content\/uploads\/usu1741\/2020\/09\/Captura-2.jpg 453w, https:\/\/projectes.xtec.cat\/xarxadults\/wp-content\/uploads\/usu1741\/2020\/09\/Captura-2-300x270.jpg 300w\" sizes=\"auto, (max-width: 453px) 100vw, 453px\" \/><\/a><\/p>\n<p><strong><span style=\"color: #993300;\">\u00a0<\/span><\/strong><\/td>\n<td style=\"width: 192.889px; text-align: center; height: 395px;\"><a href=\"https:\/\/projectes.xtec.cat\/xarxadults\/actuacions-extraordinaries\/orientacions-i-comunicacions-del-departament-deducacio-en-el-periode-de-confinament\/\" target=\"_blank\" rel=\"noopener noreferrer\"><strong><span style=\"color: #993300;\">Orientacions i Comunicacions del Departament d&#8217;Educaci\u00f3<\/span><\/strong><\/a><\/p>\n<p><a href=\"https:\/\/projectes.xtec.cat\/xarxadults\/wp-content\/uploads\/usu1741\/2020\/09\/tempsnip.jpg\"><img loading=\"lazy\" decoding=\"async\" class=\"alignright size-full wp-image-11558\" src=\"https:\/\/projectes.xtec.cat\/xarxadults\/wp-content\/uploads\/usu1741\/2020\/09\/tempsnip.jpg\" alt=\"\" width=\"328\" height=\"274\" srcset=\"https:\/\/projectes.xtec.cat\/xarxadults\/wp-content\/uploads\/usu1741\/2020\/09\/tempsnip.jpg 328w, https:\/\/projectes.xtec.cat\/xarxadults\/wp-content\/uploads\/usu1741\/2020\/09\/tempsnip-300x250.jpg 300w\" sizes=\"auto, (max-width: 328px) 100vw, 328px\" \/><\/a><\/p>\n<p>&nbsp;<\/td>\n<td style=\"width: 208px; text-align: center; height: 395px;\"><a href=\"https:\/\/projectes.xtec.cat\/xarxadults\/actuacions-extraordinaries\/propostes-de-bones-practiques-telematiques-i-creacio-de-xarxes\/\" target=\"_blank\" rel=\"noopener noreferrer\"><strong><span style=\"color: #993300;\">Propostes de bones pr\u00e0ctiques tel\u00e8matiques i creaci\u00f3 de xarxes <\/span><\/strong><\/a><strong><a href=\"https:\/\/projectes.xtec.cat\/xarxadults\/wp-content\/uploads\/usu1741\/2020\/04\/Bones-pract.-i-xarxes.jpg\"><img loading=\"lazy\" decoding=\"async\" class=\"alignright size-full wp-image-11208\" src=\"https:\/\/projectes.xtec.cat\/xarxadults\/wp-content\/uploads\/usu1741\/2020\/04\/Bones-pract.-i-xarxes.jpg\" alt=\"\" width=\"333\" height=\"403\" srcset=\"https:\/\/projectes.xtec.cat\/xarxadults\/wp-content\/uploads\/usu1741\/2020\/04\/Bones-pract.-i-xarxes.jpg 333w, https:\/\/projectes.xtec.cat\/xarxadults\/wp-content\/uploads\/usu1741\/2020\/04\/Bones-pract.-i-xarxes-248x300.jpg 248w\" sizes=\"auto, (max-width: 333px) 100vw, 333px\" \/><\/a><\/strong><\/p>\n<p>&nbsp;<\/td>\n<td style=\"width: 204.444px; height: 395px;\">\n<p style=\"text-align: center;\"><a href=\"https:\/\/projectes.xtec.cat\/xarxadults\/actuacions-extraordinaries\/pla-daccio-centres-educatius-en-linia-entorns-daprenentatge-webinars-i-videotutorials\/\" target=\"_blank\" rel=\"noopener noreferrer\"><span style=\"color: #993300;\"><strong>Pla d\u2019acci\u00f3 centres educatius en l\u00ednia. Entorns d\u2019aprenentatge, webinars i videotutories<\/strong><\/span><\/a><\/p>\n<p style=\"text-align: center;\"><strong><a href=\"https:\/\/projectes.xtec.cat\/xarxadults\/wp-content\/uploads\/usu1741\/2020\/04\/Centres-en-linia-i-rec.jpg\"><img loading=\"lazy\" decoding=\"async\" class=\"wp-image-11209 aligncenter\" src=\"https:\/\/projectes.xtec.cat\/xarxadults\/wp-content\/uploads\/usu1741\/2020\/04\/Centres-en-linia-i-rec.jpg\" alt=\"\" width=\"164\" height=\"201\" srcset=\"https:\/\/projectes.xtec.cat\/xarxadults\/wp-content\/uploads\/usu1741\/2020\/04\/Centres-en-linia-i-rec.jpg 371w, https:\/\/projectes.xtec.cat\/xarxadults\/wp-content\/uploads\/usu1741\/2020\/04\/Centres-en-linia-i-rec-244x300.jpg 244w\" sizes=\"auto, (max-width: 164px) 100vw, 164px\" \/><\/a><\/strong><\/p>\n<p>&nbsp;<\/p>\n<p style=\"text-align: center;\">\n<\/td>\n<td style=\"width: 156.444px; text-align: center; height: 395px;\"><a href=\"https:\/\/projectes.xtec.cat\/xarxadults\/actuacions-extraordinaries\/formacio-del-professorat\/\" target=\"_blank\" rel=\"noopener noreferrer\"><span style=\"color: #993300;\"><strong>Formaci\u00f3 del professorat<\/strong><\/span><\/a><\/p>\n<p><a href=\"https:\/\/projectes.xtec.cat\/xarxadults\/wp-content\/uploads\/usu1741\/2020\/04\/Form-del-professorat.jpg\"><img loading=\"lazy\" decoding=\"async\" class=\"alignright  wp-image-11210\" src=\"https:\/\/projectes.xtec.cat\/xarxadults\/wp-content\/uploads\/usu1741\/2020\/04\/Form-del-professorat.jpg\" alt=\"\" width=\"149\" height=\"184\" srcset=\"https:\/\/projectes.xtec.cat\/xarxadults\/wp-content\/uploads\/usu1741\/2020\/04\/Form-del-professorat.jpg 336w, https:\/\/projectes.xtec.cat\/xarxadults\/wp-content\/uploads\/usu1741\/2020\/04\/Form-del-professorat-242x300.jpg 242w\" sizes=\"auto, (max-width: 149px) 100vw, 149px\" \/><\/a><\/td>\n<\/tr>\n<\/tbody>\n<\/table>\n<p><em>Des del Servei d&#8217;Educaci\u00f3 al Llarg de la Vida us oferim un recull d&#8217;actuacions i recursos agrupades per fer m\u00e9s f\u00e0cil el seu acc\u00e9s. Esperem que sigui del vostre inter\u00e8s!<\/em><\/p>\n","protected":false},"excerpt":{"rendered":"<p>&nbsp;<br \/>\nEl context generat per l\u2019epid\u00e8mia de coronavirus SARS-CoV-2 al nostre pa\u00eds i l\u2019adopci\u00f3 de mesures extraordin\u00e0ries com el tancament de les escoles ha suposat un gran repte a l&#8217;hora de garantir l\u2019educaci\u00f3 per a tothom, entesa com un dret fonamental i b\u00e0sic.<br \/>\nPer al curs que&hellip;  <a href=\"https:\/\/projectes.xtec.cat\/xarxadults\/actuacions-extraordinaries\/\" title=\"Read Actuacions i Recursos en la nova normalitat\">Llegeix m\u00e9s\u00bb<\/a><\/p>\n","protected":false},"author":1,"featured_media":0,"parent":0,"menu_order":0,"comment_status":"closed","ping_status":"closed","template":"page-templates\/side-menu.php","meta":{"_bbp_topic_count":0,"_bbp_reply_count":0,"_bbp_total_topic_count":0,"_bbp_total_reply_count":0,"_bbp_voice_count":0,"_bbp_anonymous_reply_count":0,"_bbp_topic_count_hidden":0,"_bbp_reply_count_hidden":0,"_bbp_forum_subforum_count":0,"footnotes":""},"class_list":["post-11113","page","type-page","status-publish","hentry"],"post_mailing_queue_ids":[],"_links":{"self":[{"href":"https:\/\/projectes.xtec.cat\/xarxadults\/wp-json\/wp\/v2\/pages\/11113","targetHints":{"allow":["GET"]}}],"collection":[{"href":"https:\/\/projectes.xtec.cat\/xarxadults\/wp-json\/wp\/v2\/pages"}],"about":[{"href":"https:\/\/projectes.xtec.cat\/xarxadults\/wp-json\/wp\/v2\/types\/page"}],"author":[{"embeddable":true,"href":"https:\/\/projectes.xtec.cat\/xarxadults\/wp-json\/wp\/v2\/users\/1"}],"replies":[{"embeddable":true,"href":"https:\/\/projectes.xtec.cat\/xarxadults\/wp-json\/wp\/v2\/comments?post=11113"}],"version-history":[{"count":3,"href":"https:\/\/projectes.xtec.cat\/xarxadults\/wp-json\/wp\/v2\/pages\/11113\/revisions"}],"predecessor-version":[{"id":11576,"href":"https:\/\/projectes.xtec.cat\/xarxadults\/wp-json\/wp\/v2\/pages\/11113\/revisions\/11576"}],"wp:attachment":[{"href":"https:\/\/projectes.xtec.cat\/xarxadults\/wp-json\/wp\/v2\/media?parent=11113"}],"curies":[{"name":"wp","href":"https:\/\/api.w.org\/{rel}","templated":true}]}}