{"id":11416,"date":"2020-06-16T11:24:10","date_gmt":"2020-06-16T09:24:10","guid":{"rendered":"http:\/\/projectes.xtec.cat\/xarxadults\/?page_id=11416"},"modified":"2022-05-31T14:44:55","modified_gmt":"2022-05-31T12:44:55","slug":"jornada-semipresencialitat-en-leducacio-al-llarg-de-la-vida-experiencies-per-compartir-i-aprendre","status":"publish","type":"page","link":"https:\/\/projectes.xtec.cat\/xarxadults\/activitats-2\/jornades-i-trobades-pedagogiques\/jornada-semipresencialitat-en-leducacio-al-llarg-de-la-vida-experiencies-per-compartir-i-aprendre\/","title":{"rendered":"Jornada Semipresencialitat en l&#8217;Educaci\u00f3 al Llarg de la Vida: Experi\u00e8ncies per Compartir i Aprendre"},"content":{"rendered":"<p><a href=\"https:\/\/projectes.xtec.cat\/xarxadults\/wp-content\/uploads\/usu1741\/2020\/06\/Banner-Jornada-CFAs-1-juliol-Rev-final.png\"><img loading=\"lazy\" decoding=\"async\" class=\"aligncenter wp-image-11396\" src=\"https:\/\/projectes.xtec.cat\/xarxadults\/wp-content\/uploads\/usu1741\/2020\/06\/Banner-Jornada-CFAs-1-juliol-Rev-final-1024x512.png\" alt=\"Infografia: Semipresencialitat en l'educaci\u00f3 al llarg de la vida: Experi\u00e8ncies per compartir i aprendre. 1 de juliol de 2020\" width=\"522\" height=\"261\" srcset=\"https:\/\/projectes.xtec.cat\/xarxadults\/wp-content\/uploads\/usu1741\/2020\/06\/Banner-Jornada-CFAs-1-juliol-Rev-final.png 1024w, https:\/\/projectes.xtec.cat\/xarxadults\/wp-content\/uploads\/usu1741\/2020\/06\/Banner-Jornada-CFAs-1-juliol-Rev-final-300x150.png 300w, https:\/\/projectes.xtec.cat\/xarxadults\/wp-content\/uploads\/usu1741\/2020\/06\/Banner-Jornada-CFAs-1-juliol-Rev-final-768x384.png 768w\" sizes=\"auto, (max-width: 522px) 100vw, 522px\" \/><\/a><\/p>\n<p style=\"text-align: justify;\">Dins de les diferents actuacions que s&#8217;estan iniciant de dinamitzaci\u00f3 i transformaci\u00f3 de l&#8217;educaci\u00f3 al llarg de la vida des de la Direcci\u00f3 General d&#8217;Innovaci\u00f3, Recerca i Cultura Digital, va organitzar una Jornada de treball per poder compartir experi\u00e8ncies tots plegats.<\/p>\n<p style=\"text-align: justify;\">La jornada, desenvolupada de forma telem\u00e0tica, inclou diverses pon\u00e8ncies de centres de formaci\u00f3 d&#8217;adults sobre la seva experi\u00e8ncia en el desenvolupament d&#8217;activitats formatives i ensenyaments de manera semipresencial, aix\u00ed com una taula rodona per intercanviar punts de vista sobre aquesta modalitat docent.<span style=\"font-family: inherit; font-size: 1em;\"> Tal com podeu veure en el <\/span><span style=\"color: #993300;\"><strong><a style=\"color: #993300;\" href=\"https:\/\/projectes.xtec.cat\/xarxadults\/wp-content\/uploads\/usu1741\/2020\/06\/Programa-Jornada-CFAs-1-juliol-REv-final.pdf\" target=\"_blank\" rel=\"noopener noreferrer\">programa de la jornada<\/a><\/strong><\/span><span style=\"font-family: inherit; font-size: 1em;\"> adjunt.<\/span><\/p>\n<div><strong>Objectius:<\/strong><\/div>\n<div><\/div>\n<ul>\n<li>Reflexionar sobre el significat i les implicacions de l\u2019aprenentatge semipresencial en el context de la societat de la informaci\u00f3.<\/li>\n<li>Mostrar una proposta metodol\u00f2gica semipresencial funcional als diversos ensenyaments.<\/li>\n<li>Con\u00e8ixer diverses propostes did\u00e0ctiques i experi\u00e8ncies d\u2019aula vinculades a les metodologies semipresencials de l\u2019aprenentatge en diversos ensenyaments.<\/li>\n<\/ul>\n<table>\n<tbody>\n<tr>\n<td style=\"width: 282.667px;\">\n<h3 style=\"text-align: center;\"><span style=\"color: #008080;\"><strong>Pon\u00e8ncies<\/strong><\/span><\/h3>\n<p><img loading=\"lazy\" decoding=\"async\" class=\" wp-image-11392 alignleft\" src=\"https:\/\/projectes.xtec.cat\/xarxadults\/wp-content\/uploads\/usu1741\/2020\/06\/LOGO-Experi\u00e8ncies-per-Compartir-i-Aprendre-Rev-final-1024x564.jpg\" alt=\"\" width=\"263\" height=\"145\" srcset=\"https:\/\/projectes.xtec.cat\/xarxadults\/wp-content\/uploads\/usu1741\/2020\/06\/LOGO-Experi\u00e8ncies-per-Compartir-i-Aprendre-Rev-final-1024x564.jpg 1024w, https:\/\/projectes.xtec.cat\/xarxadults\/wp-content\/uploads\/usu1741\/2020\/06\/LOGO-Experi\u00e8ncies-per-Compartir-i-Aprendre-Rev-final-300x165.jpg 300w, https:\/\/projectes.xtec.cat\/xarxadults\/wp-content\/uploads\/usu1741\/2020\/06\/LOGO-Experi\u00e8ncies-per-Compartir-i-Aprendre-Rev-final-768x423.jpg 768w, https:\/\/projectes.xtec.cat\/xarxadults\/wp-content\/uploads\/usu1741\/2020\/06\/LOGO-Experi\u00e8ncies-per-Compartir-i-Aprendre-Rev-final.jpg 1181w\" sizes=\"auto, (max-width: 263px) 100vw, 263px\" \/><\/td>\n<td style=\"width: 855.111px;\">\n<ul>\n<li><b>9:30 &#8211; 10:00 h Benvinguda i presentaci\u00f3 de la jornada <\/b>a c\u00e0rrec de la \u00a0Directora General d&#8217;Innovaci\u00f3, Recerca i Cultura Digital, Sra. Mar Camacho Mart\u00ed<\/li>\n<\/ul>\n<p>&nbsp;<\/p>\n<ul>\n<li><strong>10:00 &#8211; 10:20 h &#8220;La semipresencialitat dins del marc normatiu&#8221;<\/strong> a c\u00e0rrec del Sr. Jos\u00e9 Pilar Espino, Cap de Servei d&#8217;Educaci\u00f3 al Llarg de la Vida<\/li>\n<\/ul>\n<p><strong><span style=\"color: #993300;\"><a style=\"color: #993300;\" href=\"https:\/\/projectes.xtec.cat\/xarxadults\/wp-content\/uploads\/usu1741\/2020\/07\/Presentaci\u00f3-MARC-NORMATIU.pdf\">Presentaci\u00f3 MARC NORMATIU<\/a><\/span><\/strong><\/p>\n<ul>\n<li><strong>10:20 &#8211; 10:40 h Presentaci\u00f3 experi\u00e8ncia 1 : &#8220;L&#8217;autoformaci\u00f3 integrada al GESO i la semipresencialitat&#8221;<\/strong> a c\u00e0rrec del Sr. Toni P\u00e9rez Lasierra del CFA Sant Boi<\/li>\n<\/ul>\n<p><strong><span style=\"color: #993300;\"><a style=\"color: #993300;\" href=\"https:\/\/projectes.xtec.cat\/xarxadults\/wp-content\/uploads\/usu1741\/2020\/07\/Presentaci\u00f3-CFA-SANT-BOI.pdf\">Presentaci\u00f3 CFA SANT BOI<\/a><\/span><\/strong><\/p>\n<ul>\n<li><strong>10:40 &#8211; 11:00 h Presentaci\u00f3 experi\u00e8ncia 2 : &#8220;La semipresencialitat: una nova eina per acollir un nou tipus d&#8217;alumnat&#8221;<\/strong> a c\u00e0rrec del Sr. Manel Catal\u00e0 i Ros del CFA Mollerussa<\/li>\n<\/ul>\n<p><strong><span style=\"color: #993300;\"><a style=\"color: #993300;\" href=\"https:\/\/projectes.xtec.cat\/xarxadults\/wp-content\/uploads\/usu1741\/2020\/07\/CFA-Mollerussa.pdf\">CFA Mollerussa<\/a><\/span><\/strong><\/p>\n<ul>\n<li><strong>11:00 &#8211; 11:15 h Descans<\/strong><\/li>\n<\/ul>\n<p>&nbsp;<\/p>\n<ul>\n<li><strong>11:15 &#8211; 11:35 h Presentaci\u00f3 experi\u00e8ncia 3 : &#8220;Una metodologia flexible i complement\u00e0ria de present i de futur&#8221;<\/strong> a c\u00e0rrec de la Sra. Maite Domingo Masd\u00e9u del CFA Valls<\/li>\n<\/ul>\n<p><strong><span style=\"color: #993300;\"><a style=\"color: #993300;\" href=\"https:\/\/projectes.xtec.cat\/xarxadults\/wp-content\/uploads\/usu1741\/2020\/07\/CFA-Valls.pdf\">CFA Valls<\/a><\/span><\/strong><\/p>\n<ul>\n<li><strong>11:35 &#8211; 11:55 h Presentaci\u00f3 experi\u00e8ncia 4 : \u201cModalitats formatives no presencials&#8221;<\/strong> a c\u00e0rrec del Sr. Joan Padr\u00f3s Rodr\u00edguez del CFA Palau de Mar<\/li>\n<\/ul>\n<p><span style=\"color: #993300;\"><a href=\"https:\/\/projectes.xtec.cat\/xarxadults\/wp-content\/uploads\/usu1741\/2020\/07\/Presentaci\u00f3-CFA-PALAU-MAR.pdf\" target=\"_blank\" rel=\"noopener noreferrer\"><strong><span style=\"color: #993300;\">Presentaci\u00f3 CFA PALAU MAR<\/span><\/strong><\/a><\/span><\/p>\n<ul>\n<li><strong>11:55 &#8211; 12:30 h Torn de preguntes<\/strong> a les pon\u00e8ncies de les experi\u00e8ncies presentades<\/li>\n<\/ul>\n<p>&nbsp;<\/p>\n<ul>\n<li><strong>12:30 &#8211; 13:15 h Taula rodona sobre el futur de la semipresencialitat<\/strong> en l&#8217;educaci\u00f3 al llarg de la vida amb la participaci\u00f3 dels ponents de les experi\u00e8ncies i moderada pel Sub-director General de Transformaci\u00f3 Educativa, Sr. Josep Llu\u00eds Serrano i Belmonte<\/li>\n<\/ul>\n<p>&nbsp;<\/p>\n<ul>\n<li><strong>13:15 &#8211; 13:30 h Comiat<\/strong> a c\u00e0rrec del Sub-director General de Transformaci\u00f3 Educativa, Sr. Josep Llu\u00eds Serrano i Belmonte<\/li>\n<\/ul>\n<\/td>\n<\/tr>\n<\/tbody>\n<\/table>\n<p style=\"text-align: justify;\">Durant la Jornada es va realitzar un Jamboard amb les idees claus de les diverses pon\u00e8ncies i les aportacions dels participants. Aquestes s\u00f3n algunes de les informacions rebudes:<\/p>\n<p><a href=\"https:\/\/projectes.xtec.cat\/xarxadults\/wp-content\/uploads\/usu1741\/2020\/07\/IMG_20200702_110618_v2-min.jpg\"><img loading=\"lazy\" decoding=\"async\" class=\"wp-image-11480 alignleft\" src=\"https:\/\/projectes.xtec.cat\/xarxadults\/wp-content\/uploads\/usu1741\/2020\/07\/IMG_20200702_110618_v2-min-1024x600.jpg\" alt=\"\" width=\"527\" height=\"309\" srcset=\"https:\/\/projectes.xtec.cat\/xarxadults\/wp-content\/uploads\/usu1741\/2020\/07\/IMG_20200702_110618_v2-min-1024x600.jpg 1024w, https:\/\/projectes.xtec.cat\/xarxadults\/wp-content\/uploads\/usu1741\/2020\/07\/IMG_20200702_110618_v2-min-300x176.jpg 300w, https:\/\/projectes.xtec.cat\/xarxadults\/wp-content\/uploads\/usu1741\/2020\/07\/IMG_20200702_110618_v2-min-768x450.jpg 768w\" sizes=\"auto, (max-width: 527px) 100vw, 527px\" \/><\/a><\/p>\n<p><a href=\"https:\/\/projectes.xtec.cat\/xarxadults\/wp-content\/uploads\/usu1741\/2020\/07\/IMG_20200702_110625_v2-min.jpg\"><img loading=\"lazy\" decoding=\"async\" class=\"wp-image-11481 alignright\" src=\"https:\/\/projectes.xtec.cat\/xarxadults\/wp-content\/uploads\/usu1741\/2020\/07\/IMG_20200702_110625_v2-min-1024x581.jpg\" alt=\"\" width=\"540\" height=\"306\" srcset=\"https:\/\/projectes.xtec.cat\/xarxadults\/wp-content\/uploads\/usu1741\/2020\/07\/IMG_20200702_110625_v2-min-1024x581.jpg 1024w, https:\/\/projectes.xtec.cat\/xarxadults\/wp-content\/uploads\/usu1741\/2020\/07\/IMG_20200702_110625_v2-min-300x170.jpg 300w, https:\/\/projectes.xtec.cat\/xarxadults\/wp-content\/uploads\/usu1741\/2020\/07\/IMG_20200702_110625_v2-min-768x436.jpg 768w\" sizes=\"auto, (max-width: 540px) 100vw, 540px\" \/><\/a><a href=\"https:\/\/projectes.xtec.cat\/xarxadults\/wp-content\/uploads\/usu1741\/2020\/07\/IMG_20200702_110629_v2-min.jpg\"><img loading=\"lazy\" decoding=\"async\" class=\"wp-image-11482 alignnone\" src=\"https:\/\/projectes.xtec.cat\/xarxadults\/wp-content\/uploads\/usu1741\/2020\/07\/IMG_20200702_110629_v2-min-1024x577.jpg\" alt=\"\" width=\"536\" height=\"301\" srcset=\"https:\/\/projectes.xtec.cat\/xarxadults\/wp-content\/uploads\/usu1741\/2020\/07\/IMG_20200702_110629_v2-min-1024x577.jpg 1024w, https:\/\/projectes.xtec.cat\/xarxadults\/wp-content\/uploads\/usu1741\/2020\/07\/IMG_20200702_110629_v2-min-300x169.jpg 300w, https:\/\/projectes.xtec.cat\/xarxadults\/wp-content\/uploads\/usu1741\/2020\/07\/IMG_20200702_110629_v2-min-768x433.jpg 768w\" sizes=\"auto, (max-width: 536px) 100vw, 536px\" \/><\/a><a href=\"https:\/\/projectes.xtec.cat\/xarxadults\/wp-content\/uploads\/usu1741\/2020\/07\/IMG_20200702_110633_v2-min.jpg\"><img loading=\"lazy\" decoding=\"async\" class=\"alignright wp-image-11483\" src=\"https:\/\/projectes.xtec.cat\/xarxadults\/wp-content\/uploads\/usu1741\/2020\/07\/IMG_20200702_110633_v2-min-1024x590.jpg\" alt=\"\" width=\"525\" height=\"303\" srcset=\"https:\/\/projectes.xtec.cat\/xarxadults\/wp-content\/uploads\/usu1741\/2020\/07\/IMG_20200702_110633_v2-min-1024x590.jpg 1024w, https:\/\/projectes.xtec.cat\/xarxadults\/wp-content\/uploads\/usu1741\/2020\/07\/IMG_20200702_110633_v2-min-300x173.jpg 300w, https:\/\/projectes.xtec.cat\/xarxadults\/wp-content\/uploads\/usu1741\/2020\/07\/IMG_20200702_110633_v2-min-768x443.jpg 768w\" sizes=\"auto, (max-width: 525px) 100vw, 525px\" \/><\/a><a href=\"https:\/\/projectes.xtec.cat\/xarxadults\/wp-content\/uploads\/usu1741\/2020\/07\/IMG_20200702_110637_v2-min.jpg\"><img loading=\"lazy\" decoding=\"async\" class=\" wp-image-11484 alignleft\" src=\"https:\/\/projectes.xtec.cat\/xarxadults\/wp-content\/uploads\/usu1741\/2020\/07\/IMG_20200702_110637_v2-min-1024x578.jpg\" alt=\"\" width=\"566\" height=\"320\" srcset=\"https:\/\/projectes.xtec.cat\/xarxadults\/wp-content\/uploads\/usu1741\/2020\/07\/IMG_20200702_110637_v2-min-1024x578.jpg 1024w, https:\/\/projectes.xtec.cat\/xarxadults\/wp-content\/uploads\/usu1741\/2020\/07\/IMG_20200702_110637_v2-min-300x169.jpg 300w, https:\/\/projectes.xtec.cat\/xarxadults\/wp-content\/uploads\/usu1741\/2020\/07\/IMG_20200702_110637_v2-min-768x434.jpg 768w\" sizes=\"auto, (max-width: 566px) 100vw, 566px\" \/><\/a><a href=\"https:\/\/projectes.xtec.cat\/xarxadults\/wp-content\/uploads\/usu1741\/2020\/07\/IMG_20200702_110641_v2-min.jpg\"><img loading=\"lazy\" decoding=\"async\" class=\"wp-image-11485 alignright\" src=\"https:\/\/projectes.xtec.cat\/xarxadults\/wp-content\/uploads\/usu1741\/2020\/07\/IMG_20200702_110641_v2-min-1024x588.jpg\" alt=\"\" width=\"562\" height=\"322\" srcset=\"https:\/\/projectes.xtec.cat\/xarxadults\/wp-content\/uploads\/usu1741\/2020\/07\/IMG_20200702_110641_v2-min-1024x588.jpg 1024w, https:\/\/projectes.xtec.cat\/xarxadults\/wp-content\/uploads\/usu1741\/2020\/07\/IMG_20200702_110641_v2-min-300x172.jpg 300w, https:\/\/projectes.xtec.cat\/xarxadults\/wp-content\/uploads\/usu1741\/2020\/07\/IMG_20200702_110641_v2-min-768x441.jpg 768w\" sizes=\"auto, (max-width: 562px) 100vw, 562px\" \/><\/a><\/p>\n<p>&nbsp;<\/p>\n<p>&nbsp;<\/p>\n<p>&nbsp;<\/p>\n<p>&nbsp;<\/p>\n<p>&nbsp;<\/p>\n<p>&nbsp;<\/p>\n<p>&nbsp;<\/p>\n<p>&nbsp;<\/p>\n<p>&nbsp;<\/p>\n<p>&nbsp;<\/p>\n<p>&nbsp;<\/p>\n<p>&nbsp;<\/p>\n<p>&nbsp;<\/p>\n<p>&nbsp;<\/p>\n<p>&nbsp;<\/p>\n<p>&nbsp;<\/p>\n<p>&nbsp;<\/p>\n<p>&nbsp;<\/p>\n<p>&nbsp;<\/p>\n<p>&nbsp;<\/p>\n<p>&nbsp;<\/p>\n<p>Algunes<span style=\"color: #993300;\"> adreces i links d&#8217;inter\u00e8s<\/span> s\u00f3n:<\/p>\n<ul>\n<li>Web del Christensen Institute, on es recullen diversos models de blended learning: <a href=\"http:\/\/www.blendedlearning.org\/basics\/\">http:\/\/www.blendedlearning.org\/basics\/<\/a><\/li>\n<li dir=\"ltr\">Web amb diversos models de blended learning: <a href=\"https:\/\/www.teachthought.com\/learning\/12-types-of-blended-learning\/\">https:\/\/www.teachthought.com\/learning\/12-types-of-blended-learning\/<\/a><\/li>\n<li dir=\"ltr\">Article de Jean F.\u00a0 Col\u00e0s (2017): <a href=\"https:\/\/ined21.com\/lifelong-learning-para-todos\/\">Lifelong Learning para tod@s<\/a><\/li>\n<li dir=\"ltr\">Article d&#8217;Antonio Febles (2020):\u00a0 <a href=\"https:\/\/ined21.com\/tecnologia-en-el-aula-integrarla-o-morir-en-el-intento\/\">Tecnolog\u00eda en el Aula. \u00bfIntegrarla o morir en el intento?<\/a><\/li>\n<li dir=\"ltr\">Article de Fabiola Flores\u00a0 Castro (2020) <a href=\"https:\/\/www.schoolrubric.com\/lo-que-nadie-te-conto-de-la-formacion-del-profesor-en-linea-y-su-desempeno-en-la-educacion-a-distancia\/\">Lo que nadie te cont\u00f3 sobre la formaci\u00f3n del profesor en l\u00ednea y su desempe\u00f1o en la educaci\u00f3n a distancia<\/a><\/li>\n<li dir=\"ltr\">Article de Lorenzo Garc\u00eda Aretio (2018):\u00a0 <a href=\"http:\/\/revistas.uned.es\/index.php\/ried\/article\/view\/19683\">Blended learning y la convergencia entre la educaci\u00f3n presencial y a distancia<\/a><\/li>\n<li dir=\"ltr\">Article d&#8217;Alan\u00a0 November (2017): <a href=\"http:\/\/novemberlearning.com\/educational-resources-for-educators\/teaching-and-learning-articles\/networks-lifelong-learning-tale-two-students\/\">Networks for Lifelong Learning: A Tale of Two Students<\/a><\/li>\n<li>Alineat amb les pon\u00e8ncies de la Jornada trobem la seg\u00fcent documentaci\u00f3 presentada per la Comissi\u00f3 Europeu l&#8217;any: <a href=\"https:\/\/www.schooleducationgateway.eu\/es\/pub\/resources\/publications\/blended-learning-guidelines.htm\">https:\/\/www.schooleducationgateway.eu\/es\/pub\/resources\/publications\/blended-learning-guidelines.htm<\/a><\/li>\n<\/ul>\n<p>&nbsp;<\/p>\n","protected":false},"excerpt":{"rendered":"<p><a href=\"https:\/\/projectes.xtec.cat\/xarxadults\/wp-content\/uploads\/usu1741\/2020\/06\/Banner-Jornada-CFAs-1-juliol-Rev-final.png\"><\/a><br \/>\nDins de les diferents actuacions que s&#8217;estan iniciant de dinamitzaci\u00f3 i transformaci\u00f3 de l&#8217;educaci\u00f3 al llarg de la vida des de la Direcci\u00f3 General d&#8217;Innovaci\u00f3, Recerca i Cultura Digital, va organitzar una Jornada de treball per poder compartir experi\u00e8ncies tots plegats.<br \/>\nLa jornada, desenvolupada de&hellip;  <a href=\"https:\/\/projectes.xtec.cat\/xarxadults\/activitats-2\/jornades-i-trobades-pedagogiques\/jornada-semipresencialitat-en-leducacio-al-llarg-de-la-vida-experiencies-per-compartir-i-aprendre\/\" title=\"Read Jornada Semipresencialitat en l&#8217;Educaci\u00f3 al Llarg de la Vida: Experi\u00e8ncies per Compartir i Aprendre\">Llegeix m\u00e9s\u00bb<\/a><\/p>\n","protected":false},"author":1,"featured_media":0,"parent":13345,"menu_order":50,"comment_status":"closed","ping_status":"closed","template":"page-templates\/side-menu.php","meta":{"_bbp_topic_count":0,"_bbp_reply_count":0,"_bbp_total_topic_count":0,"_bbp_total_reply_count":0,"_bbp_voice_count":0,"_bbp_anonymous_reply_count":0,"_bbp_topic_count_hidden":0,"_bbp_reply_count_hidden":0,"_bbp_forum_subforum_count":0,"footnotes":""},"class_list":["post-11416","page","type-page","status-publish","hentry"],"post_mailing_queue_ids":[],"_links":{"self":[{"href":"https:\/\/projectes.xtec.cat\/xarxadults\/wp-json\/wp\/v2\/pages\/11416","targetHints":{"allow":["GET"]}}],"collection":[{"href":"https:\/\/projectes.xtec.cat\/xarxadults\/wp-json\/wp\/v2\/pages"}],"about":[{"href":"https:\/\/projectes.xtec.cat\/xarxadults\/wp-json\/wp\/v2\/types\/page"}],"author":[{"embeddable":true,"href":"https:\/\/projectes.xtec.cat\/xarxadults\/wp-json\/wp\/v2\/users\/1"}],"replies":[{"embeddable":true,"href":"https:\/\/projectes.xtec.cat\/xarxadults\/wp-json\/wp\/v2\/comments?post=11416"}],"version-history":[{"count":3,"href":"https:\/\/projectes.xtec.cat\/xarxadults\/wp-json\/wp\/v2\/pages\/11416\/revisions"}],"predecessor-version":[{"id":13664,"href":"https:\/\/projectes.xtec.cat\/xarxadults\/wp-json\/wp\/v2\/pages\/11416\/revisions\/13664"}],"up":[{"embeddable":true,"href":"https:\/\/projectes.xtec.cat\/xarxadults\/wp-json\/wp\/v2\/pages\/13345"}],"wp:attachment":[{"href":"https:\/\/projectes.xtec.cat\/xarxadults\/wp-json\/wp\/v2\/media?parent=11416"}],"curies":[{"name":"wp","href":"https:\/\/api.w.org\/{rel}","templated":true}]}}