{"id":12859,"date":"2021-07-07T21:16:28","date_gmt":"2021-07-07T19:16:28","guid":{"rendered":"http:\/\/projectes.xtec.cat\/xarxadults\/?page_id=12859"},"modified":"2022-01-20T09:51:55","modified_gmt":"2022-01-20T08:51:55","slug":"jornada-dorientacio-clau-dexit-en-la-formacio-de-persones-adultes","status":"publish","type":"page","link":"https:\/\/projectes.xtec.cat\/xarxadults\/activitats-2\/jornades-i-trobades-pedagogiques\/jornada-dorientacio-clau-dexit-en-la-formacio-de-persones-adultes\/","title":{"rendered":"Jornada d&#8217;Orientaci\u00f3: Clau d&#8217;\u00e8xit en la formaci\u00f3 de persones adultes"},"content":{"rendered":"<p>&nbsp;<\/p>\n<p><a href=\"https:\/\/projectes.xtec.cat\/xarxadults\/wp-content\/uploads\/usu1741\/2021\/06\/BANNER-APAISAT.jpg\"><img loading=\"lazy\" decoding=\"async\" class=\"aligncenter wp-image-12742\" src=\"https:\/\/projectes.xtec.cat\/xarxadults\/wp-content\/uploads\/usu1741\/2021\/06\/BANNER-APAISAT-1024x512.jpg\" alt=\"logo de la primera jornada d'orientaci\u00f3 com a clau d'\u00e8xit en la formaci\u00f3 de persones adultes que se celebrar\u00e0 l'1 de juliol de 2021\" width=\"525\" height=\"262\" srcset=\"https:\/\/projectes.xtec.cat\/xarxadults\/wp-content\/uploads\/usu1741\/2021\/06\/BANNER-APAISAT-1024x512.jpg 1024w, https:\/\/projectes.xtec.cat\/xarxadults\/wp-content\/uploads\/usu1741\/2021\/06\/BANNER-APAISAT-300x150.jpg 300w, https:\/\/projectes.xtec.cat\/xarxadults\/wp-content\/uploads\/usu1741\/2021\/06\/BANNER-APAISAT-768x384.jpg 768w\" sizes=\"auto, (max-width: 525px) 100vw, 525px\" \/><\/a><\/p>\n<p style=\"text-align: justify;\">Dins de les diferents actuacions que s&#8217;estan iniciant de dinamitzaci\u00f3 i transformaci\u00f3 de l&#8217;educaci\u00f3 al llarg de la vida des de la Direcci\u00f3 General d&#8217;Innovaci\u00f3, Recerca i Cultura Digital, s&#8217;ha organitzat una Jornada de treball per poder compartir experi\u00e8ncies.<\/p>\n<p style=\"text-align: justify;\">Des del Servei d&#8217;Educaci\u00f3 al Llarg de la Vida ha organitzat una <strong><span style=\"color: #993300;\">Jornada de cloenda<\/span><\/strong><span style=\"font-family: inherit; font-size: 1em;\">de la 1a edici\u00f3 del Projecte <\/span><a style=\"font-family: inherit; font-size: 1em;\" href=\"https:\/\/projectes.xtec.cat\/xarxadults\/orientacio\/\" target=\"_blank\" rel=\"noopener noreferrer\"><strong><span style=\"color: #993300;\">L\u2019orientaci\u00f3 educativa: factor clau d\u2019\u00e8xit en l\u2019educaci\u00f3 al llarg de la vida<\/span><\/strong><\/a><span style=\"font-family: inherit; font-size: 1em;\">\u00a0el dia <\/span><strong style=\"font-family: inherit; font-size: 1em;\">1 de juliol de 2021. <\/strong><span style=\"font-family: inherit; font-size: 1em;\">\u00a0En aquesta jornada s&#8217;ha fet difusi\u00f3 del treball realitzat pels centres de formaci\u00f3 d&#8217;adults i s&#8217;ha reflexionat sobre la import\u00e0ncia de l\u2019orientaci\u00f3 en l\u2019educaci\u00f3 al llarg de la vida. Tamb\u00e9 ha estat un moment per convidar a nous centres a participar en la 2a edici\u00f3 d&#8217;aquest projecte el curs 2021 &#8211; 2022.<\/span><\/p>\n<p style=\"text-align: justify;\">La <a href=\"https:\/\/sites.google.com\/xtec.cat\/jornada-orientacio-cfa\/programa\" target=\"_blank\" rel=\"noopener noreferrer\"><span style=\"color: #993300;\"><strong>Jornada<\/strong> <\/span><\/a>s&#8217;ha desenvolupat de forma telem\u00e0tica. Tal com es pot veure al <a href=\"https:\/\/projectes.xtec.cat\/xarxadults\/wp-content\/uploads\/usu1741\/2021\/06\/PROGRAMA-CFAs-1-JUL-2021.pdf\"><span style=\"color: #993300;\"><strong>Programa<\/strong><\/span><\/a>, ha incl\u00f2s diverses pon\u00e8ncies d&#8217;experts en l&#8217;\u00e0mbit de l&#8217;orientaci\u00f3 educativa en adults, experi\u00e8ncies de centres de formaci\u00f3 d&#8217;adults en el projecte, aix\u00ed com una taula rodona formada per participants de diversos sectors eductius per intercanviar punts de vista.<\/p>\n<div><\/div>\n<div>Trobareu les pon\u00e8ncies al <a href=\"https:\/\/sites.google.com\/xtec.cat\/jornada-orientacio-cfa\/projecte-dorientaci%C3%B3-educativa\" target=\"_blank\" rel=\"noopener noreferrer\"><strong><span style=\"color: #993300;\">sites del Servei d&#8217;Educaci\u00f3 al Llarg de la Vida<\/span><\/strong><\/a>.<\/div>\n<div><\/div>\n<div><\/div>\n<table>\n<tbody>\n<tr>\n<td style=\"width: 269px;\">\n<h3 style=\"text-align: center;\"><span style=\"color: #008080;\"><strong>Pon\u00e8ncies<\/strong><\/span><\/h3>\n<p><a href=\"https:\/\/projectes.xtec.cat\/xarxadults\/wp-content\/uploads\/usu1741\/2021\/07\/BANNER-QUADRAT.jpg\"><img loading=\"lazy\" decoding=\"async\" class=\"alignright size-large wp-image-12864\" src=\"https:\/\/projectes.xtec.cat\/xarxadults\/wp-content\/uploads\/usu1741\/2021\/07\/BANNER-QUADRAT-1024x1024.jpg\" alt=\"\" width=\"1024\" height=\"1024\" srcset=\"https:\/\/projectes.xtec.cat\/xarxadults\/wp-content\/uploads\/usu1741\/2021\/07\/BANNER-QUADRAT-1024x1024.jpg 1024w, https:\/\/projectes.xtec.cat\/xarxadults\/wp-content\/uploads\/usu1741\/2021\/07\/BANNER-QUADRAT-150x150.jpg 150w, https:\/\/projectes.xtec.cat\/xarxadults\/wp-content\/uploads\/usu1741\/2021\/07\/BANNER-QUADRAT-300x300.jpg 300w, https:\/\/projectes.xtec.cat\/xarxadults\/wp-content\/uploads\/usu1741\/2021\/07\/BANNER-QUADRAT-768x768.jpg 768w, https:\/\/projectes.xtec.cat\/xarxadults\/wp-content\/uploads\/usu1741\/2021\/07\/BANNER-QUADRAT.jpg 1080w\" sizes=\"auto, (max-width: 1024px) 100vw, 1024px\" \/><\/a><\/td>\n<td style=\"width: 701px;\">\n<ul>\n<li><b>9:00 &#8211; 9:15 h Benvinguda i presentaci\u00f3 de la jornada <\/b>a c\u00e0rrec del Director General d&#8217;Innovaci\u00f3, Digitalitzaci\u00f3 i Recerca Educativa, Sr. Joan Cuevas<\/li>\n<\/ul>\n<p>&nbsp;<\/p>\n<ul>\n<li><strong>9:15 &#8211; 10:15 h Pon\u00e8ncia &#8220;Evid\u00e8ncies cient\u00edfiques en l&#8217;orientaci\u00f3 educativa: claus per a l&#8217;\u00e8xit de tothom&#8221;<\/strong> a c\u00e0rrec de la Dra. Andrea Khalfaoui, doctora i investigadora en educaci\u00f3 per la universitat de Deusto<strong>.<\/strong><\/li>\n<\/ul>\n<p><a href=\"https:\/\/drive.google.com\/file\/d\/1nQXJ1hry8pRHTDs4DCj35ieB5RMYweo-\/view?usp=sharing\" target=\"_blank\" rel=\"noopener noreferrer\"><strong><span style=\"color: #993300;\">Pon\u00e8ncia Dra. Andrea Khalfaoui<\/span><\/strong><\/a><\/p>\n<p><a href=\"https:\/\/drive.google.com\/file\/d\/1bkJ3AktjHv8cazdyjpmTYRYG6hwM6N5J\/view?usp=sharing\"><strong><span style=\"color: #993300;\">V\u00eddeo pon\u00e8ncia Dra. Andrea Khalfaoui<\/span><\/strong><\/a><\/p>\n<p>&nbsp;<\/p>\n<ul>\n<li><strong>10:15 &#8211; 11:00 h Pon\u00e8ncia &#8220;Orientar als centres de formaci\u00f3 d&#8217;adults: com tracem el cam\u00ed?&#8221;<\/strong> a c\u00e0rrec de la Sra. Isabel S\u00e1nchez, orientadora educativa al Departament d&#8217;Educaci\u00f3.<\/li>\n<\/ul>\n<p><a href=\"https:\/\/drive.google.com\/file\/d\/13x3ieWTJG8LXMw2PGI4BsfS-CaFUP0QT\/view?usp=sharing\" target=\"_blank\" rel=\"noopener noreferrer\"><strong><span style=\"color: #993300;\">Pon\u00e8ncia Sra. Isabel S\u00e1nchez<\/span><\/strong><\/a><\/p>\n<p><a href=\"https:\/\/drive.google.com\/file\/d\/1nkOKEcDN7_aAs_Gwb4PUl3P_7N9my3IP\/view?usp=sharing\"><strong><span style=\"color: #993300;\">V\u00eddeo pon\u00e8ncia Sra. Isabel S\u00e1nchez<\/span><\/strong><\/a><\/p>\n<p>&nbsp;<\/p>\n<ul>\n<li><strong>11:00 &#8211; 11:15 h Presentaci\u00f3 del projecte: &#8220;Orientaci\u00f3 educativa: factor clau d&#8217;\u00e8xit en l&#8217;educaci\u00f3 al llarg<br \/>\nde la vida&#8221;, <\/strong>a c\u00e0rrec del Sr. Josep Llu\u00eds Serrano, Subdirector General de Transformaci\u00f3 Educativa<\/li>\n<\/ul>\n<p><a href=\"https:\/\/drive.google.com\/file\/d\/1wEkYV1Kx2DAHgxDg2L6tb2AzsqBqzCEl\/view?usp=sharing\" target=\"_blank\" rel=\"noopener noreferrer\"><strong><span style=\"color: #993300;\">Presentaci\u00f3 Projecte Orientaci\u00f3 Educativa<\/span><\/strong><\/a><\/p>\n<p><a href=\"https:\/\/drive.google.com\/file\/d\/1HVqSRpj_IlCVfyDSJJOq1oqeLSkRVu93\/view?usp=sharing\"><strong><span style=\"color: #993300;\">V\u00eddeo presentaci\u00f3 Projecte Orientaci\u00f3 educativa<\/span><\/strong><\/a><\/p>\n<p>&nbsp;<\/p>\n<ul>\n<li><strong>11:15 &#8211; 11:30 h Descans<\/strong><\/li>\n<\/ul>\n<p>&nbsp;<\/p>\n<ul>\n<li><strong>11:30 &#8211; 12:30 h Experi\u00e8ncies de centres\u00a0<\/strong>\n<ul>\n<li style=\"list-style-type: none;\">\n<ul style=\"list-style-type: circle;\">\n<li><a href=\"https:\/\/drive.google.com\/file\/d\/1uVYHeNVQe9FONTmujwBhet1CEE2v_rW6\/view?usp=sharing\" target=\"_blank\" rel=\"noopener noreferrer\"><strong><span style=\"color: #993300;\">Experi\u00e8ncia CFA Barceloneta\u00a0\u00a0\u00a0\u00a0<\/span><\/strong><\/a><\/li>\n<li><a href=\"https:\/\/drive.google.com\/file\/d\/1PD-GrSil7AXoRQoA5dexZ8dEOtvQEgqB\/view?usp=sharing\"><strong><span style=\"color: #993300;\">V\u00eddeo experi\u00e8ncia CFA Barceloneta<\/span><\/strong><\/a><\/li>\n<li><a href=\"https:\/\/drive.google.com\/file\/d\/18HESei1c0rOyt1QPD4YnklT96Os4PnTM\/view?usp=sharing\" target=\"_blank\" rel=\"noopener noreferrer\"><strong><span style=\"color: #993300;\">Experi\u00e8ncia CFA Vilaseca<\/span><\/strong><\/a><\/li>\n<li><a href=\"https:\/\/drive.google.com\/file\/d\/1fExkfenhRlSafQbz3kv7vorG8bFMtIt1\/view?usp=sharing\"><strong><span style=\"color: #993300;\">V\u00eddeo experi\u00e8ncia CFA Vilaseca<\/span><\/strong><\/a><\/li>\n<li><a href=\"https:\/\/drive.google.com\/file\/d\/16kSoMwlJOMIs-v5q6Q3K7VeJcOuLSQyY\/view?usp=sharing\" target=\"_blank\" rel=\"noopener noreferrer\"><strong><span style=\"color: #993300;\">Experi\u00e8ncia CFA La Garrotxa<\/span><\/strong><\/a><\/li>\n<li><a href=\"https:\/\/drive.google.com\/file\/d\/1Lgya5LaC422RdZN9etNEc8cGBIxFGWUX\/view?usp=sharing\"><strong><span style=\"color: #993300;\">V\u00eddeo experi\u00e8ncia CFA La Garrotxa<\/span><\/strong><\/a><\/li>\n<\/ul>\n<\/li>\n<\/ul>\n<\/li>\n<\/ul>\n<ul>\n<li><strong>12:30 &#8211; 13:30 h Taula rodona sobre l&#8217;orientaci\u00f3 educativa al llarg de la vida<\/strong> amb la participaci\u00f3 dels ponents Sr. Josep Maria Sanahuja (professor de Pedagogia Aplicada a la UAB), Sr. Eduard Pi\u00f1ero (coordinador del CFA Girona), Sra. Imma Clarens (Inspectora d&#8217;Educaci\u00f3), Sr. Jordi Ullod (Director del CFA Sant Adri\u00e0), Sra. Al\u00e8xia Malivern (Assessora t\u00e8cnica de l&#8217;Ag\u00e8ncia FPCAT) i moderada pel Sr. Josep Llu\u00eds Serrano i Belmonte (Sub-director General de Transformaci\u00f3 Educativa)<\/li>\n<\/ul>\n<p><a href=\"https:\/\/drive.google.com\/file\/d\/1dAr5DIVZtj2VBlV8HiFOG1VypjxMNl1j\/view?usp=sharing\"><strong><span style=\"color: #993300;\">V\u00eddeo taula rodona<\/span><\/strong><\/a><\/p>\n<p>&nbsp;<\/p>\n<ul>\n<li><strong>13:30 &#8211; 13:45 h Comiat<\/strong> a c\u00e0rrec del Sub-director General de Transformaci\u00f3 Educativa, Sr. Josep Llu\u00eds Serrano i Belmonte<\/li>\n<\/ul>\n<\/td>\n<\/tr>\n<\/tbody>\n<\/table>\n<p>&nbsp;<\/p>\n<p>Algunes<span style=\"color: #993300;\"> adreces i links d&#8217;inter\u00e8s<\/span> s\u00f3n:<\/p>\n<ul>\n<li style=\"list-style-type: none;\">\n<ul class=\"n8H08c UVNKR\">\n<li class=\"TYR86d wXCUfe zfr3Q\" dir=\"ltr\">\n<p class=\"CDt4Ke zfr3Q\" dir=\"ltr\"><a class=\"XqQF9c rXJpyf\" href=\"https:\/\/www.google.com\/url?q=https%3A%2F%2Fivalua.cat%2Fsites%2Fdefault%2Ffiles%2F2020-07%2FInfografia%2520QFE12.pdf&amp;sa=D&amp;sntz=1&amp;usg=AFQjCNE05lYvGSKZDZXChADUAPUAPDNNgA\" target=\"_blank\" rel=\"noopener noreferrer\"><strong>L\u2019orientaci\u00f3 educativa: quin impacte t\u00e9 i com fer-la m\u00e9s efectiva?<\/strong><\/a> .Iv\u00e0lua<\/p>\n<\/li>\n<li class=\"TYR86d wXCUfe zfr3Q\" dir=\"ltr\">\n<p class=\"CDt4Ke zfr3Q\" dir=\"ltr\"><a class=\"XqQF9c rXJpyf\" href=\"https:\/\/www.google.com\/url?q=https%3A%2F%2Ffp.gencat.cat%2Fca%2Fambits%2Finformacio-i-orientacio-per-a-la-trajectoria-formativa-i-professional%2F&amp;sa=D&amp;sntz=1&amp;usg=AFQjCNEvDYKUJ0zposdpr-VDiKdMusxMXw\" target=\"_blank\" rel=\"noopener noreferrer\"><strong>Informaci\u00f3 i orientaci\u00f3 per a la traject\u00f2ria formativa i professional<\/strong><\/a><strong>. <\/strong><a class=\"XqQF9c rXJpyf\" href=\"http:\/\/www.google.com\/url?q=http%3A%2F%2Ffp.gencat.cat%2F&amp;sa=D&amp;sntz=1&amp;usg=AFQjCNHsbLdLMC1_TVNhdEKHFRrJfa-4kw\" target=\"_blank\" rel=\"noopener noreferrer\">fp.gencat.cat<\/a><\/p>\n<\/li>\n<li class=\"TYR86d wXCUfe zfr3Q\" dir=\"ltr\">\n<p class=\"CDt4Ke zfr3Q\" dir=\"ltr\"><a class=\"XqQF9c rXJpyf\" href=\"https:\/\/www.google.com\/url?q=https%3A%2F%2Fepale.ec.europa.eu%2Fen%2Fblog%2Fguidance-and-orientation-adult-learners-goal&amp;sa=D&amp;sntz=1&amp;usg=AFQjCNGnI4Cu4KPFtj3F_FbGkvX4dwg-ew\" target=\"_blank\" rel=\"noopener noreferrer\"><strong>Guidance and orientation for Adult Learners: the GOALproject.<\/strong><\/a> A collaboration between six partner countries: Belgium (Flanders), the Czech Republic, Iceland, Lithuania, the Netherlands, and Slovenia.<\/p>\n<\/li>\n<\/ul>\n<\/li>\n<\/ul>\n<p>&nbsp;<\/p>\n","protected":false},"excerpt":{"rendered":"<p>&nbsp;<br \/>\n<a href=\"https:\/\/projectes.xtec.cat\/xarxadults\/wp-content\/uploads\/usu1741\/2021\/06\/BANNER-APAISAT.jpg\"><\/a><br \/>\nDins de les diferents actuacions que s&#8217;estan iniciant de dinamitzaci\u00f3 i transformaci\u00f3 de l&#8217;educaci\u00f3 al llarg de la vida des de la Direcci\u00f3 General d&#8217;Innovaci\u00f3, Recerca i Cultura Digital, s&#8217;ha organitzat una Jornada de treball per poder compartir experi\u00e8ncies.<br \/>\nDes del Servei d&#8217;Educaci\u00f3 al Llarg&hellip;  <a href=\"https:\/\/projectes.xtec.cat\/xarxadults\/activitats-2\/jornades-i-trobades-pedagogiques\/jornada-dorientacio-clau-dexit-en-la-formacio-de-persones-adultes\/\" title=\"Read Jornada d&#8217;Orientaci\u00f3: Clau d&#8217;\u00e8xit en la formaci\u00f3 de persones adultes\">Llegeix m\u00e9s\u00bb<\/a><\/p>\n","protected":false},"author":1,"featured_media":0,"parent":13345,"menu_order":40,"comment_status":"closed","ping_status":"closed","template":"page-templates\/side-menu.php","meta":{"_bbp_topic_count":0,"_bbp_reply_count":0,"_bbp_total_topic_count":0,"_bbp_total_reply_count":0,"_bbp_voice_count":0,"_bbp_anonymous_reply_count":0,"_bbp_topic_count_hidden":0,"_bbp_reply_count_hidden":0,"_bbp_forum_subforum_count":0,"footnotes":""},"class_list":["post-12859","page","type-page","status-publish","hentry"],"post_mailing_queue_ids":[],"_links":{"self":[{"href":"https:\/\/projectes.xtec.cat\/xarxadults\/wp-json\/wp\/v2\/pages\/12859","targetHints":{"allow":["GET"]}}],"collection":[{"href":"https:\/\/projectes.xtec.cat\/xarxadults\/wp-json\/wp\/v2\/pages"}],"about":[{"href":"https:\/\/projectes.xtec.cat\/xarxadults\/wp-json\/wp\/v2\/types\/page"}],"author":[{"embeddable":true,"href":"https:\/\/projectes.xtec.cat\/xarxadults\/wp-json\/wp\/v2\/users\/1"}],"replies":[{"embeddable":true,"href":"https:\/\/projectes.xtec.cat\/xarxadults\/wp-json\/wp\/v2\/comments?post=12859"}],"version-history":[{"count":4,"href":"https:\/\/projectes.xtec.cat\/xarxadults\/wp-json\/wp\/v2\/pages\/12859\/revisions"}],"predecessor-version":[{"id":12872,"href":"https:\/\/projectes.xtec.cat\/xarxadults\/wp-json\/wp\/v2\/pages\/12859\/revisions\/12872"}],"up":[{"embeddable":true,"href":"https:\/\/projectes.xtec.cat\/xarxadults\/wp-json\/wp\/v2\/pages\/13345"}],"wp:attachment":[{"href":"https:\/\/projectes.xtec.cat\/xarxadults\/wp-json\/wp\/v2\/media?parent=12859"}],"curies":[{"name":"wp","href":"https:\/\/api.w.org\/{rel}","templated":true}]}}