{"id":12917,"date":"2021-07-31T21:42:04","date_gmt":"2021-07-31T19:42:04","guid":{"rendered":"https:\/\/projectes.xtec.cat\/xarxadults\/?page_id=12917"},"modified":"2024-01-16T10:37:02","modified_gmt":"2024-01-16T09:37:02","slug":"definicio-de-conceptes-associats-a-la-modalitat-semipresencial-densenyament-aprenentatge","status":"publish","type":"page","link":"https:\/\/projectes.xtec.cat\/xarxadults\/ensenyaments\/modalitat-semipresencial\/definicio-de-conceptes-associats-a-la-modalitat-semipresencial-densenyament-aprenentatge\/","title":{"rendered":"Conceptes associats a la modalitat semipresencial"},"content":{"rendered":"<p>&nbsp;<\/p>\n<p><a href=\"https:\/\/projectes.xtec.cat\/xarxadults\/wp-content\/uploads\/usu1741\/2021\/07\/pexels-julia-m-cameron-4144923-1-scaled.jpg\"><img loading=\"lazy\" decoding=\"async\" class=\"alignleft wp-image-12919\" src=\"https:\/\/projectes.xtec.cat\/xarxadults\/wp-content\/uploads\/usu1741\/2021\/07\/pexels-julia-m-cameron-4144923-1-1024x683.jpg\" alt=\"Taula amb ordinador en la qual es veu una persona treballant\" width=\"345\" height=\"230\" srcset=\"https:\/\/projectes.xtec.cat\/xarxadults\/wp-content\/uploads\/usu1741\/2021\/07\/pexels-julia-m-cameron-4144923-1-1024x683.jpg 1024w, https:\/\/projectes.xtec.cat\/xarxadults\/wp-content\/uploads\/usu1741\/2021\/07\/pexels-julia-m-cameron-4144923-1-300x200.jpg 300w, https:\/\/projectes.xtec.cat\/xarxadults\/wp-content\/uploads\/usu1741\/2021\/07\/pexels-julia-m-cameron-4144923-1-768x513.jpg 768w, https:\/\/projectes.xtec.cat\/xarxadults\/wp-content\/uploads\/usu1741\/2021\/07\/pexels-julia-m-cameron-4144923-1-1536x1025.jpg 1536w, https:\/\/projectes.xtec.cat\/xarxadults\/wp-content\/uploads\/usu1741\/2021\/07\/pexels-julia-m-cameron-4144923-1-2048x1367.jpg 2048w\" sizes=\"auto, (max-width: 345px) 100vw, 345px\" \/><\/a><\/p>\n<p style=\"text-align: justify;\"><span lang=\"ca\">La modalitat semipresencial cada cop est\u00e0 m\u00e9s estesa entre els centres de formaci\u00f3 d&#8217;adults. Amb l&#8217;objectiu de clarificar conceptes associats a aquesta modalitat formativa d&#8217;ensenyament-aprenentatge, des del Servei d&#8217;Educaci\u00f3 al Llarg de la Vida hem elaborat <a href=\"https:\/\/projectes.xtec.cat\/xarxadults\/wp-content\/uploads\/usu1741\/2021\/07\/Definicio-de-conceptes-semipresencialitat.pdf\" target=\"_blank\" rel=\"noopener\"><span style=\"color: #800000;\"><b>aquest document<\/b><\/span><\/a>.<\/span><\/p>\n<p style=\"text-align: justify;\">Esperem que us resulti \u00fatil.<\/p>\n<p>&nbsp;<\/p>\n","protected":false},"excerpt":{"rendered":"<p>&nbsp;<br \/>\n<a href=\"https:\/\/projectes.xtec.cat\/xarxadults\/wp-content\/uploads\/usu1741\/2021\/07\/pexels-julia-m-cameron-4144923-1-scaled.jpg\"><\/a><br \/>\nLa modalitat semipresencial cada cop est\u00e0 m\u00e9s estesa entre els centres de formaci\u00f3 d&#8217;adults. Amb l&#8217;objectiu de clarificar conceptes associats a aquesta modalitat formativa d&#8217;ensenyament-aprenentatge, des del Servei d&#8217;Educaci\u00f3 al Llarg de la Vida hem elaborat <a href=\"https:\/\/projectes.xtec.cat\/xarxadults\/wp-content\/uploads\/usu1741\/2021\/07\/Definicio-de-conceptes-semipresencialitat.pdf\" target=\"_blank\" rel=\"noopener\">aquest document<\/a>.<br \/>\nEsperem que us resulti&hellip;  <a href=\"https:\/\/projectes.xtec.cat\/xarxadults\/ensenyaments\/modalitat-semipresencial\/definicio-de-conceptes-associats-a-la-modalitat-semipresencial-densenyament-aprenentatge\/\" title=\"Read Conceptes associats a la modalitat semipresencial\">Llegeix m\u00e9s\u00bb<\/a><\/p>\n","protected":false},"author":1,"featured_media":0,"parent":12902,"menu_order":10,"comment_status":"closed","ping_status":"closed","template":"page-templates\/side-menu.php","meta":{"_bbp_topic_count":0,"_bbp_reply_count":0,"_bbp_total_topic_count":0,"_bbp_total_reply_count":0,"_bbp_voice_count":0,"_bbp_anonymous_reply_count":0,"_bbp_topic_count_hidden":0,"_bbp_reply_count_hidden":0,"_bbp_forum_subforum_count":0,"footnotes":""},"class_list":["post-12917","page","type-page","status-publish","hentry"],"post_mailing_queue_ids":[],"_links":{"self":[{"href":"https:\/\/projectes.xtec.cat\/xarxadults\/wp-json\/wp\/v2\/pages\/12917","targetHints":{"allow":["GET"]}}],"collection":[{"href":"https:\/\/projectes.xtec.cat\/xarxadults\/wp-json\/wp\/v2\/pages"}],"about":[{"href":"https:\/\/projectes.xtec.cat\/xarxadults\/wp-json\/wp\/v2\/types\/page"}],"author":[{"embeddable":true,"href":"https:\/\/projectes.xtec.cat\/xarxadults\/wp-json\/wp\/v2\/users\/1"}],"replies":[{"embeddable":true,"href":"https:\/\/projectes.xtec.cat\/xarxadults\/wp-json\/wp\/v2\/comments?post=12917"}],"version-history":[{"count":6,"href":"https:\/\/projectes.xtec.cat\/xarxadults\/wp-json\/wp\/v2\/pages\/12917\/revisions"}],"predecessor-version":[{"id":14188,"href":"https:\/\/projectes.xtec.cat\/xarxadults\/wp-json\/wp\/v2\/pages\/12917\/revisions\/14188"}],"up":[{"embeddable":true,"href":"https:\/\/projectes.xtec.cat\/xarxadults\/wp-json\/wp\/v2\/pages\/12902"}],"wp:attachment":[{"href":"https:\/\/projectes.xtec.cat\/xarxadults\/wp-json\/wp\/v2\/media?parent=12917"}],"curies":[{"name":"wp","href":"https:\/\/api.w.org\/{rel}","templated":true}]}}