{"id":13343,"date":"2022-01-20T10:04:58","date_gmt":"2022-01-20T09:04:58","guid":{"rendered":"https:\/\/projectes.xtec.cat\/xarxadults\/?page_id=13343"},"modified":"2022-02-16T14:13:17","modified_gmt":"2022-02-16T13:13:17","slug":"activitats-2","status":"publish","type":"page","link":"https:\/\/projectes.xtec.cat\/xarxadults\/activitats-2\/","title":{"rendered":"ACTIVITATS DOCENTS"},"content":{"rendered":"<p>Activitats formatives adre\u00e7ades a docents de centres de formaci\u00f3 d\u2019adults<\/p>\n<h3><a href=\"https:\/\/projectes.xtec.cat\/xarxadults\/activitats-2\/jornades-i-trobades-pedagogiques\/\">Jornades i trobades pedag\u00f2giques<\/a><\/h3>\n<p>Modalitat de formaci\u00f3 intensiva i de curta durada al voltant d&#8217;un tema monogr\u00e0fic. La inscripci\u00f3 es realitzar\u00e0 en funci\u00f3 de la data en qu\u00e8 es programin les activitats.<\/p>\n<h3><a href=\"http:\/\/xtec.gencat.cat\/ca\/formacio\/formaciocollectiusespecifics\/educacio-llarg-vida\/\">Cursos telem\u00e0tics<\/a><\/h3>\n<p>Modalitat de formaci\u00f3 individual. La inscripci\u00f3 a les activitats de l&#8217;oferta es realitzar\u00e0 en tres torns, si \u00e9s el cas: un primer torn al setembre; un segon torn al gener, i un tercer torn al maig (formaci\u00f3 d\u2019estiu).<\/p>\n<h3><a href=\"https:\/\/projectes.xtec.cat\/xarxadults\/activitats-2\/grups-de-treball\/\">Grups de treball<\/a><\/h3>\n<p><span style=\"font-family: inherit; font-size: 1em;\">Modalitat de reflexi\u00f3 col\u00b7lectiva per a docents experts en temes espec\u00edfics. Les tasques a desenvolupar per cada grup depenen de les l\u00ednies estrat\u00e8giques del Departament d\u2019Educaci\u00f3 i de les necessitats determinades cada curs pel Servei d\u2019Educaci\u00f3 al Llarg de la Vida.<\/span><\/p>\n","protected":false},"excerpt":{"rendered":"<p>Activitats formatives adre\u00e7ades a docents de centres de formaci\u00f3 d\u2019adults<br \/>\n<a href=\"https:\/\/projectes.xtec.cat\/xarxadults\/activitats-2\/jornades-i-trobades-pedagogiques\/\">Jornades i trobades pedag\u00f2giques<\/a><br \/>\nModalitat de formaci\u00f3 intensiva i de curta durada al voltant d&#8217;un tema monogr\u00e0fic. La inscripci\u00f3 es realitzar\u00e0 en funci\u00f3 de la data en qu\u00e8 es programin les activitats.<br \/>\n<a href=\"http:\/\/xtec.gencat.cat\/ca\/formacio\/formaciocollectiusespecifics\/educacio-llarg-vida\/\">Cursos telem\u00e0tics<\/a><br \/>\nModalitat de formaci\u00f3&hellip;  <a href=\"https:\/\/projectes.xtec.cat\/xarxadults\/activitats-2\/\" title=\"Read ACTIVITATS DOCENTS\">Llegeix m\u00e9s\u00bb<\/a><\/p>\n","protected":false},"author":361,"featured_media":0,"parent":0,"menu_order":0,"comment_status":"closed","ping_status":"closed","template":"page-templates\/side-menu.php","meta":{"_bbp_topic_count":0,"_bbp_reply_count":0,"_bbp_total_topic_count":0,"_bbp_total_reply_count":0,"_bbp_voice_count":0,"_bbp_anonymous_reply_count":0,"_bbp_topic_count_hidden":0,"_bbp_reply_count_hidden":0,"_bbp_forum_subforum_count":0,"footnotes":""},"class_list":["post-13343","page","type-page","status-publish","hentry"],"post_mailing_queue_ids":[],"_links":{"self":[{"href":"https:\/\/projectes.xtec.cat\/xarxadults\/wp-json\/wp\/v2\/pages\/13343","targetHints":{"allow":["GET"]}}],"collection":[{"href":"https:\/\/projectes.xtec.cat\/xarxadults\/wp-json\/wp\/v2\/pages"}],"about":[{"href":"https:\/\/projectes.xtec.cat\/xarxadults\/wp-json\/wp\/v2\/types\/page"}],"author":[{"embeddable":true,"href":"https:\/\/projectes.xtec.cat\/xarxadults\/wp-json\/wp\/v2\/users\/361"}],"replies":[{"embeddable":true,"href":"https:\/\/projectes.xtec.cat\/xarxadults\/wp-json\/wp\/v2\/comments?post=13343"}],"version-history":[{"count":4,"href":"https:\/\/projectes.xtec.cat\/xarxadults\/wp-json\/wp\/v2\/pages\/13343\/revisions"}],"predecessor-version":[{"id":13568,"href":"https:\/\/projectes.xtec.cat\/xarxadults\/wp-json\/wp\/v2\/pages\/13343\/revisions\/13568"}],"wp:attachment":[{"href":"https:\/\/projectes.xtec.cat\/xarxadults\/wp-json\/wp\/v2\/media?parent=13343"}],"curies":[{"name":"wp","href":"https:\/\/api.w.org\/{rel}","templated":true}]}}