{"id":10287,"date":"2022-01-10T07:51:33","date_gmt":"2022-01-10T06:51:33","guid":{"rendered":"https:\/\/projectes.xtec.cat\/xtcd\/?page_id=10287"},"modified":"2022-09-08T13:02:34","modified_gmt":"2022-09-08T11:02:34","slug":"sessio-3-area-3-ensenyament-i-aprenentatge","status":"publish","type":"page","link":"https:\/\/projectes.xtec.cat\/xtcd\/competencia-digital-docent\/sessions-2021-22\/sessio-3-area-3-ensenyament-i-aprenentatge\/","title":{"rendered":"Sessi\u00f3 3. \u00c0rea 3: Ensenyament i aprenentatge"},"content":{"rendered":"<div class=\"seccio\">\n<div class=\"wp-block-columns\">\n<div class=\"wp-block-column\" style=\"flex-basis: 40%;\">\n<h3>Data<\/h3>\n<p>20 de gener de 2022, 18 h<\/p>\n<h3>Descripci\u00f3<\/h3>\n<p>En aquesta sessi\u00f3 es desenvoluparan els seg\u00fcents temes:<\/p>\n<ul>\n<li>\u00c0rea 3: Ensenyament &#8211; Aprenentatge\n<ul>\n<li>Ensenyament i Aprenentatge<\/li>\n<li>Orientaci\u00f3 i suport a l&#8217;aprenentatge<\/li>\n<li>Aprenentatge col\u00b7laboratiu<\/li>\n<li>Aprenentatge autoregulat<\/li>\n<li>Els entorns virtuals d&#8217;aprenentatge<\/li>\n<li>Experi\u00e8ncia de centre<\/li>\n<\/ul>\n<\/li>\n<\/ul>\n<\/div>\n<div class=\"wp-block-column\">\n<div class=\"h5p-iframe-wrapper\"><iframe id=\"h5p-iframe-14\" class=\"h5p-iframe\" data-content-id=\"14\" style=\"height:1px\" src=\"about:blank\" frameBorder=\"0\" scrolling=\"no\" title=\"XT-CDD - 2122 - Sessi\u00f3 3\"><\/iframe><\/div>\n<\/div>\n<\/div>\n<div class=\"wp-block-columns\">\n<div class=\"wp-block-column\">\n<p style=\"font-weight: bold;\">Ponents<\/p>\n<ul>\n<li>Maria Masjoan (\u00c0rea de Cultura digital, Departament d&#8217;Educaci\u00f3)<\/li>\n<li>F\u00e8lix Tejero (\u00c0rea de Cultura digital, Departament d&#8217;Educaci\u00f3)<\/li>\n<li>Anna Rubio (Professora del Dpt. Did\u00e0ctica i Organitzaci\u00f3 Educativa. Universitat de Barcelona)<\/li>\n<li>Manel Trenchs (Professor i Google Innovator &amp; Trainer)<\/li>\n<li>Em\u00edlia Mil\u00e0 i Laia Palou (Ins Salas i Xandri &#8211; Sant Quirze del Vall\u00e8s)<\/li>\n<li>Elisabet Alsina (Ins Vilatzara &#8211; Vilassar de Mar)<\/li>\n<\/ul>\n<\/div>\n<\/div>\n<div class=\"wp-block-columns\">\n<div class=\"wp-block-column\">\n<h3>Recursos associats<\/h3>\n<ul>\n<li><a href=\"https:\/\/docs.google.com\/presentation\/d\/e\/2PACX-1vSGth4FWe33j26fFS6BMwEuSIwna7El1GF3HQpCpxBQ1lUixJ6ajkuu2Hfveed_O3tseEqvPN-ZFQ7v\/pub?start=false&amp;loop=false&amp;delayms=3000\">Presentaci\u00f3 &#8211; \u00c0rea 3: Ensenyament i Aprenentatge<\/a><\/li>\n<li><a href=\"https:\/\/view.genial.ly\/61e0660b96763d0de454f727\/presentation-ins-salas-i-xandri-subxarxa-competencia-digital-docent\">Ins Salas i Xandri: Gesti\u00f3 i organitzaci\u00f3 de l&#8217;\u00fas de les tecnologies digitals<\/a><\/li>\n<\/ul>\n<h3>Seminaris territorials associats<\/h3>\n<p><iframe style=\"display: block; width: 800px; border: none;\" src=\"https:\/\/sinapsi.xtec.cat\/ca\/embed\/?search-box=true&amp;search=&quot;sub-cdd-sessi\u00f33&quot;\" height=\"800\"><\/iframe><\/p>\n<h3>Converses al Nus<\/h3>\n<p><a href=\"https:\/\/projectes.xtec.cat\/xtcd\/wp-content\/uploads\/usu1403\/2021\/10\/nus-3.png\"><img loading=\"lazy\" decoding=\"async\" class=\"wp-image-9954 alignleft\" src=\"https:\/\/projectes.xtec.cat\/xtcd\/wp-content\/uploads\/usu1403\/2021\/10\/nus-3.png\" alt=\"\" width=\"75\" height=\"75\" srcset=\"https:\/\/projectes.xtec.cat\/xtcd\/wp-content\/uploads\/usu1403\/2021\/10\/nus-3.png 203w, https:\/\/projectes.xtec.cat\/xtcd\/wp-content\/uploads\/usu1403\/2021\/10\/nus-3-150x150.png 150w\" sizes=\"auto, (max-width: 75px) 100vw, 75px\" \/><\/a>Despr\u00e9s dels seminaris web i els seminaris territorials, podeu continuar parlant dels temes tractats al <a href=\"https:\/\/comunitat.edigital.cat\/c\/cdd\/129\" target=\"_blank\" rel=\"noopener\">Nus de la Compet\u00e8ncia digital docent<\/a>. Us hi esperem!<\/p>\n<\/div>\n<\/div>\n","protected":false},"excerpt":{"rendered":"<p>Data 20 de gener de 2022, 18 h Descripci\u00f3 En aquesta sessi\u00f3 es desenvoluparan els seg\u00fcents temes: \u00c0rea 3: Ensenyament &#8211; Aprenentatge Ensenyament i Aprenentatge Orientaci\u00f3 i suport a l&#8217;aprenentatge Aprenentatge col\u00b7laboratiu Aprenentatge autoregulat Els entorns virtuals d&#8217;aprenentatge Experi\u00e8ncia de centre Ponents Maria Masjoan (\u00c0rea de Cultura digital, Departament d&#8217;Educaci\u00f3) F\u00e8lix Tejero (\u00c0rea de Cultura [&hellip;]<\/p>\n","protected":false},"author":450,"featured_media":0,"parent":9348,"menu_order":30,"comment_status":"closed","ping_status":"closed","template":"","meta":{"site-sidebar-layout":"no-sidebar","site-content-layout":"page-builder","ast-site-content-layout":"","site-content-style":"default","site-sidebar-style":"default","ast-global-header-display":"","ast-banner-title-visibility":"","ast-main-header-display":"disabled","ast-hfb-above-header-display":"","ast-hfb-below-header-display":"","ast-hfb-mobile-header-display":"","site-post-title":"","ast-breadcrumbs-content":"","ast-featured-img":"","footer-sml-layout":"","theme-transparent-header-meta":"default","adv-header-id-meta":"9237","stick-header-meta":"default","header-above-stick-meta":"","header-main-stick-meta":"","header-below-stick-meta":"","astra-migrate-meta-layouts":"default","ast-page-background-enabled":"default","ast-page-background-meta":{"desktop":{"background-color":"","background-image":"","background-repeat":"repeat","background-position":"center center","background-size":"auto","background-attachment":"scroll","background-type":"","background-media":"","overlay-type":"","overlay-color":"","overlay-opacity":"","overlay-gradient":""},"tablet":{"background-color":"","background-image":"","background-repeat":"repeat","background-position":"center center","background-size":"auto","background-attachment":"scroll","background-type":"","background-media":"","overlay-type":"","overlay-color":"","overlay-opacity":"","overlay-gradient":""},"mobile":{"background-color":"","background-image":"","background-repeat":"repeat","background-position":"center center","background-size":"auto","background-attachment":"scroll","background-type":"","background-media":"","overlay-type":"","overlay-color":"","overlay-opacity":"","overlay-gradient":""}},"ast-content-background-meta":{"desktop":{"background-color":"var(--ast-global-color-5)","background-image":"","background-repeat":"repeat","background-position":"center center","background-size":"auto","background-attachment":"scroll","background-type":"","background-media":"","overlay-type":"","overlay-color":"","overlay-opacity":"","overlay-gradient":""},"tablet":{"background-color":"var(--ast-global-color-5)","background-image":"","background-repeat":"repeat","background-position":"center center","background-size":"auto","background-attachment":"scroll","background-type":"","background-media":"","overlay-type":"","overlay-color":"","overlay-opacity":"","overlay-gradient":""},"mobile":{"background-color":"var(--ast-global-color-5)","background-image":"","background-repeat":"repeat","background-position":"center center","background-size":"auto","background-attachment":"scroll","background-type":"","background-media":"","overlay-type":"","overlay-color":"","overlay-opacity":"","overlay-gradient":""}},"footnotes":""},"class_list":["post-10287","page","type-page","status-publish","hentry"],"_links":{"self":[{"href":"https:\/\/projectes.xtec.cat\/xtcd\/wp-json\/wp\/v2\/pages\/10287","targetHints":{"allow":["GET"]}}],"collection":[{"href":"https:\/\/projectes.xtec.cat\/xtcd\/wp-json\/wp\/v2\/pages"}],"about":[{"href":"https:\/\/projectes.xtec.cat\/xtcd\/wp-json\/wp\/v2\/types\/page"}],"author":[{"embeddable":true,"href":"https:\/\/projectes.xtec.cat\/xtcd\/wp-json\/wp\/v2\/users\/450"}],"replies":[{"embeddable":true,"href":"https:\/\/projectes.xtec.cat\/xtcd\/wp-json\/wp\/v2\/comments?post=10287"}],"version-history":[{"count":4,"href":"https:\/\/projectes.xtec.cat\/xtcd\/wp-json\/wp\/v2\/pages\/10287\/revisions"}],"predecessor-version":[{"id":10567,"href":"https:\/\/projectes.xtec.cat\/xtcd\/wp-json\/wp\/v2\/pages\/10287\/revisions\/10567"}],"up":[{"embeddable":true,"href":"https:\/\/projectes.xtec.cat\/xtcd\/wp-json\/wp\/v2\/pages\/9348"}],"wp:attachment":[{"href":"https:\/\/projectes.xtec.cat\/xtcd\/wp-json\/wp\/v2\/media?parent=10287"}],"curies":[{"name":"wp","href":"https:\/\/api.w.org\/{rel}","templated":true}]}}