{"id":11057,"date":"2022-09-08T12:00:49","date_gmt":"2022-09-08T10:00:49","guid":{"rendered":"https:\/\/projectes.xtec.cat\/xtcd\/?page_id=11057"},"modified":"2023-06-20T13:40:18","modified_gmt":"2023-06-20T11:40:18","slug":"sessions-2022-23","status":"publish","type":"page","link":"https:\/\/projectes.xtec.cat\/xtcd\/competencia-digital-docent\/sessions-2022-23\/","title":{"rendered":"Sessions 2022-23"},"content":{"rendered":"<div class=\"seccio gris-petita\">\n<p class=\"text-destacat\" style=\"font-size: 1.1em;\">Cada sessi\u00f3 est\u00e0 formada per un <strong>seminari web<\/strong> que s&#8217;emet en streaming a tots els participants; <strong>sessions territorials<\/strong>, on els assessors i referents completen i fan el seguiment de les tasques derivades i, per \u00faltim, les <strong>converses virtuals<\/strong> a la plataforma de comunicaci\u00f3 <strong>Nus<\/strong>.<\/p>\n<\/div>\n<div class=\"secci\u00f3\">\n<div class=\"sessions-list\">\n<div class=\"seccio\">\n<div class=\"wp-block-columns\">\n<div class=\"wp-block-column sessio\" data-aos=\"fade-right\" data-aos-duration=\"1500\">\n<h2>Presentaci\u00f3 de la subxarxa de la Compet\u00e8ncia digital docent<\/h2>\n<p><span class=\"data-ses\">15 de setembre de 2022<\/span> <span class=\"data-ses\">18:00<\/span><\/p>\n<p>En aquesta sessi\u00f3 es presentar\u00e0 la subxarxa de compet\u00e8ncia digital docent posant el focus en:<\/p>\n<ul>\n<li>Els objectius de la subxarxa<\/li>\n<li>El marc competencial<\/li>\n<li>L\u2019estructura i organitzaci\u00f3 de l\u2019activitat formativa<\/li>\n<li>El Nus: espai de comunicaci\u00f3<\/li>\n<\/ul>\n<p><a class=\"button\" href=\"https:\/\/projectes.xtec.cat\/xtcd\/competencia-digital-docent\/sessions-2022-23\/sessio-de-presentacio\/\">M\u00e9s informaci\u00f3<\/a><\/p>\n<\/div>\n<div class=\"wp-block-column\"><\/div>\n<\/div>\n<\/div>\n<div class=\"seccio\">\n<div class=\"wp-block-columns\">\n<div class=\"wp-block-column sessio\" data-aos=\"fade-left\" data-aos-duration=\"1500\">\n<h2>Sessi\u00f3 1<\/h2>\n<p><span class=\"data-ses\">20 d&#8217;octubre de 2022<\/span> <span class=\"data-ses\">18:00<\/span><\/p>\n<h3>\u00c0rea 1: Comprom\u00eds professional<\/h3>\n<p><img loading=\"lazy\" decoding=\"async\" class=\"wp-image-9207 alignright\" src=\"https:\/\/projectes.xtec.cat\/repo\/wp-content\/uploads\/usu2637\/2021\/08\/1.svg\" alt=\"\" width=\"150\" height=\"150\" \/><\/p>\n<ul>\n<li>Comunicaci\u00f3 organitzativa<\/li>\n<li>Participaci\u00f3, col\u00b7laboraci\u00f3 i coordinaci\u00f3 professional<\/li>\n<li>Pr\u00e0ctica reflexiva<\/li>\n<li>Desenvolupament professional digital continu<\/li>\n<li>Protecci\u00f3 de dades personals, privadesa, seguretat i benestar digital<\/li>\n<\/ul>\n<p><a class=\"button\" href=\"https:\/\/projectes.xtec.cat\/xtcd\/competencia-digital-docent\/sessions-2022-23\/sessio-1-area-1-compromis-professional\/ \">M\u00e9s informaci\u00f3<\/a><\/p>\n<\/div>\n<div class=\"wp-block-column sessio\" data-aos=\"fade-right\" data-aos-duration=\"1500\">\n<h2>Sessi\u00f3 2<\/h2>\n<p><span class=\"data-ses\">24 de novembre de 2022<\/span> <span class=\"data-ses\">17:30<\/span><\/p>\n<h3>\u00c0rea 2 de la CDD: Continguts digitals<\/h3>\n<h3><img loading=\"lazy\" decoding=\"async\" class=\"wp-image-9207 alignright\" src=\"https:\/\/projectes.xtec.cat\/repo\/wp-content\/uploads\/usu2637\/2021\/08\/2.svg\" alt=\"\" width=\"150\" height=\"150\" \/><\/h3>\n<p>Cerca, creaci\u00f3 i intercanvi de recursos digitals<\/p>\n<p><strong>Els continguts digitals i com presentar-los a l\u2019alumnat<\/strong><\/p>\n<ul>\n<li>Selecci\u00f3 de recursos<\/li>\n<li>Creaci\u00f3 de recursos digitals<\/li>\n<li>Propietat intel\u00b7lectual<\/li>\n<li>Dades personals<\/li>\n<li>Plataformes per la creaci\u00f3 de recursos educatius digitals<\/li>\n<\/ul>\n<p><a class=\"button\" href=\"https:\/\/projectes.xtec.cat\/xtcd\/competencia-digital-docent\/sessions-2022-23\/sessio-2-area-2-continguts-digitals\/\">M\u00e9s informaci\u00f3<\/a><\/p>\n<\/div>\n<\/div>\n<\/div>\n<\/div>\n<div class=\"seccio\">\n<div class=\"sessions-list\">\n<div class=\"wp-block-columns\">\n<div class=\"wp-block-column sessio\" data-aos=\"fade-left\" data-aos-duration=\"1500\">\n<h2>Sessi\u00f3 3<\/h2>\n<p><span class=\"data-ses\">9 de febrer de 2023<\/span> <span class=\"data-ses\">18:00<\/span><\/p>\n<h3>\u00c0rea 3 de la CDD: Ensenyament-Aprenentatge<\/h3>\n<p><img loading=\"lazy\" decoding=\"async\" class=\"wp-image-9209 alignright\" src=\"https:\/\/projectes.xtec.cat\/repo\/wp-content\/uploads\/usu2637\/2021\/08\/3.svg\" alt=\"\" width=\"150\" height=\"150\" \/><br \/>\nGesti\u00f3 i organitzaci\u00f3 de l\u2019\u00fas de les tecnologies digitals en l\u2019ensenyament i en l\u2019aprenentatge<\/p>\n<ul>\n<li>Ensenyament<\/li>\n<li>Orientaci\u00f3 i suport a l\u2019aprenentatge<\/li>\n<li>Aprenentatge col\u00b7laboratiu<\/li>\n<li>Aprenentatge autoregulat<\/li>\n<li>Projectes impulsats des de l\u2019\u00c0rea de Cultura digital (Micro:bit, App inventor, MHM, canal de reporters, v\u00eddeos curriculars, PCD,&#8230;)<\/li>\n<\/ul>\n<p><a class=\"button\" href=\"https:\/\/projectes.xtec.cat\/xtcd\/competencia-digital-docent\/sessions-2022-23\/sessio-3-area-3-ensenyament-aprenentatge\/\">M\u00e9s informaci\u00f3<\/a><\/p>\n<\/div>\n<div class=\"wp-block-column sessio\" data-aos=\"fade-right\" data-aos-duration=\"1500\">\n<h2>Sessi\u00f3 4<\/h2>\n<p><span class=\"data-ses\">23 de mar\u00e7 de 2023<\/span> <span class=\"data-ses\">17:30<\/span><\/p>\n<h3>\u00c0rea 4 de la CDD: Avaluaci\u00f3 i retroalimentaci\u00f3<\/h3>\n<h3><img loading=\"lazy\" decoding=\"async\" class=\"wp-image-9207 alignright\" src=\"https:\/\/projectes.xtec.cat\/repo\/wp-content\/uploads\/usu2637\/2021\/08\/4.svg\" alt=\"\" width=\"150\" height=\"150\" \/><\/h3>\n<p>Utilitzaci\u00f3 de les tecnologies i estrat\u00e8gies digitals per millorar l\u2019avaluaci\u00f3 i la retroalimentaci\u00f3.<\/p>\n<ul>\n<li>Estrat\u00e8gies d\u2019avaluaci\u00f3<\/li>\n<li>Anal\u00edtiques d\u2019aprenentatge<\/li>\n<li>Retroalimentaci\u00f3, programaci\u00f3 i presa de decisions<\/li>\n<\/ul>\n<p><a class=\"button\" href=\"https:\/\/projectes.xtec.cat\/xtcd\/sessio-4-area-4-avaluacio-i-retroalimentacio\/\">M\u00e9s informaci\u00f3<\/a><\/p>\n<\/div>\n<\/div>\n<\/div>\n<div class=\"seccio\">\n<div class=\"sessions-list\">\n<div class=\"wp-block-columns\">\n<div class=\"wp-block-column sessio\" data-aos=\"fade-left\" data-aos-duration=\"1500\">\n<h2>Sessi\u00f3 5<\/h2>\n<p><span class=\"data-ses\">20 d\u2019abril de 2023<\/span> <span class=\"data-ses\">18:00<\/span><\/p>\n<h3>\u00c0rea 5 de la CDD: Empoderament de l&#8217;alumnat<\/h3>\n<p><img loading=\"lazy\" decoding=\"async\" class=\"wp-image-9207 alignright\" src=\"https:\/\/projectes.xtec.cat\/repo\/wp-content\/uploads\/usu2637\/2021\/08\/5.svg\" alt=\"\" width=\"150\" height=\"150\" \/><\/p>\n<p>\u00das de les tecnologies digitals per millorar la inclusi\u00f3, la personalitzaci\u00f3 i el comprom\u00eds actiu de l\u2019alumnat amb el seu propi aprenentatge<\/p>\n<ul>\n<li>Accessibilitat i inclusi\u00f3<\/li>\n<li>Personalitzaci\u00f3<\/li>\n<li>Comprom\u00eds actiu de l\u2019alumnat amb el seu propi aprenentatge<\/li>\n<\/ul>\n<p><a class=\"button\" href=\"https:\/\/projectes.xtec.cat\/xtcd\/competencia-digital-docent\/sessions-2022-23\/sessio-5-area-5-empoderament-de-lalumnat\/\">M\u00e9s informaci\u00f3<\/a><\/p>\n<\/div>\n<div class=\"wp-block-column sessio\" data-aos=\"fade-left\" data-aos-duration=\"1500\">\n<h2>Sessi\u00f3 6<\/h2>\n<p><span class=\"data-ses\">18 de maig de 2023<\/span> <span class=\"data-ses\">17:30<\/span><\/p>\n<h3>\u00c0rea 6 de la CDD: Compet\u00e8ncia Digital de l\u2019Alumnat<\/h3>\n<p><img loading=\"lazy\" decoding=\"async\" class=\"wp-image-9220 alignright\" src=\"https:\/\/projectes.xtec.cat\/repo\/wp-content\/uploads\/usu2637\/2021\/08\/6.svg\" alt=\"\" width=\"150\" height=\"150\" \/><\/p>\n<p>Desenvolupament de la Compet\u00e8ncia Digital de l\u2019Alumnat (CDA)<\/p>\n<ul>\n<li>Informaci\u00f3 i alfabetitzaci\u00f3 medi\u00e0tica<\/li>\n<li>Comunicaci\u00f3 i col\u00b7laboraci\u00f3 digital<\/li>\n<li>Creaci\u00f3 de continguts<\/li>\n<li>\u00das responsable i benestar digital<\/li>\n<li>Resoluci\u00f3 de problemes<\/li>\n<\/ul>\n<p><a class=\"button\" href=\"https:\/\/projectes.xtec.cat\/xtcd\/sessio-6-area-6-desenvolupament-de-la-competencia-digital-de-lalumnat\/\">M\u00e9s informaci\u00f3<\/a><\/p>\n<\/div>\n<\/div>\n<\/div>\n<div class=\"seccio\">\n<div class=\"sessions-list\">\n<div class=\"wp-block-columns\">\n<div class=\"wp-block-column sessio\" data-aos=\"fade-right\" data-aos-duration=\"1000\">\n<h2>Tancament<\/h2>\n<p><span class=\"data-ses\">29 de juny de 2023<\/span> <span class=\"data-ses\">18:00<\/span><\/p>\n<p>Valoraci\u00f3 de les experi\u00e8ncies desenvolupades en la subxarxa territorial de compet\u00e8ncia digital docent<\/p>\n<p><a class=\"button\" href=\"https:\/\/projectes.xtec.cat\/xtcd\/competencia-digital-docent\/sessions-2022-23\/subxarxa-de-competencia-digital-docent-sessio-de-tancament\/\">M\u00e9s informaci\u00f3<\/a><\/p>\n<\/div>\n<div class=\"wp-block-column\"><\/div>\n<\/div>\n<\/div>\n<\/div>\n<\/div>\n<\/div>\n<\/div>\n<div class=\"seccio gris-petita\">\n<p class=\"text-destacat\" style=\"font-size: 1.1em;\">Tamb\u00e9 podeu accedir a les <a href=\"https:\/\/projectes.xtec.cat\/xtcd\/competencia-digital-docent\/sessions-2021-22\/\">sessions del curs 2021-22<\/a><\/p>\n<\/div>\n","protected":false},"excerpt":{"rendered":"<p>Cada sessi\u00f3 est\u00e0 formada per un seminari web que s&#8217;emet en streaming a tots els participants; sessions territorials, on els assessors i referents completen i fan el seguiment de les tasques derivades i, per \u00faltim, les converses virtuals a la plataforma de comunicaci\u00f3 Nus. Presentaci\u00f3 de la subxarxa de la Compet\u00e8ncia digital docent 15 de [&hellip;]<\/p>\n","protected":false},"author":2,"featured_media":0,"parent":9141,"menu_order":20,"comment_status":"closed","ping_status":"closed","template":"","meta":{"site-sidebar-layout":"no-sidebar","site-content-layout":"page-builder","ast-site-content-layout":"","site-content-style":"default","site-sidebar-style":"default","ast-global-header-display":"","ast-banner-title-visibility":"","ast-main-header-display":"disabled","ast-hfb-above-header-display":"","ast-hfb-below-header-display":"","ast-hfb-mobile-header-display":"","site-post-title":"","ast-breadcrumbs-content":"","ast-featured-img":"","footer-sml-layout":"","theme-transparent-header-meta":"default","adv-header-id-meta":"9324","stick-header-meta":"default","header-above-stick-meta":"","header-main-stick-meta":"","header-below-stick-meta":"","astra-migrate-meta-layouts":"default","ast-page-background-enabled":"default","ast-page-background-meta":{"desktop":{"background-color":"","background-image":"","background-repeat":"repeat","background-position":"center center","background-size":"auto","background-attachment":"scroll","background-type":"","background-media":"","overlay-type":"","overlay-color":"","overlay-opacity":"","overlay-gradient":""},"tablet":{"background-color":"","background-image":"","background-repeat":"repeat","background-position":"center center","background-size":"auto","background-attachment":"scroll","background-type":"","background-media":"","overlay-type":"","overlay-color":"","overlay-opacity":"","overlay-gradient":""},"mobile":{"background-color":"","background-image":"","background-repeat":"repeat","background-position":"center center","background-size":"auto","background-attachment":"scroll","background-type":"","background-media":"","overlay-type":"","overlay-color":"","overlay-opacity":"","overlay-gradient":""}},"ast-content-background-meta":{"desktop":{"background-color":"var(--ast-global-color-5)","background-image":"","background-repeat":"repeat","background-position":"center center","background-size":"auto","background-attachment":"scroll","background-type":"","background-media":"","overlay-type":"","overlay-color":"","overlay-opacity":"","overlay-gradient":""},"tablet":{"background-color":"var(--ast-global-color-5)","background-image":"","background-repeat":"repeat","background-position":"center center","background-size":"auto","background-attachment":"scroll","background-type":"","background-media":"","overlay-type":"","overlay-color":"","overlay-opacity":"","overlay-gradient":""},"mobile":{"background-color":"var(--ast-global-color-5)","background-image":"","background-repeat":"repeat","background-position":"center center","background-size":"auto","background-attachment":"scroll","background-type":"","background-media":"","overlay-type":"","overlay-color":"","overlay-opacity":"","overlay-gradient":""}},"footnotes":""},"class_list":["post-11057","page","type-page","status-publish","hentry"],"_links":{"self":[{"href":"https:\/\/projectes.xtec.cat\/xtcd\/wp-json\/wp\/v2\/pages\/11057","targetHints":{"allow":["GET"]}}],"collection":[{"href":"https:\/\/projectes.xtec.cat\/xtcd\/wp-json\/wp\/v2\/pages"}],"about":[{"href":"https:\/\/projectes.xtec.cat\/xtcd\/wp-json\/wp\/v2\/types\/page"}],"author":[{"embeddable":true,"href":"https:\/\/projectes.xtec.cat\/xtcd\/wp-json\/wp\/v2\/users\/2"}],"replies":[{"embeddable":true,"href":"https:\/\/projectes.xtec.cat\/xtcd\/wp-json\/wp\/v2\/comments?post=11057"}],"version-history":[{"count":3,"href":"https:\/\/projectes.xtec.cat\/xtcd\/wp-json\/wp\/v2\/pages\/11057\/revisions"}],"predecessor-version":[{"id":12334,"href":"https:\/\/projectes.xtec.cat\/xtcd\/wp-json\/wp\/v2\/pages\/11057\/revisions\/12334"}],"up":[{"embeddable":true,"href":"https:\/\/projectes.xtec.cat\/xtcd\/wp-json\/wp\/v2\/pages\/9141"}],"wp:attachment":[{"href":"https:\/\/projectes.xtec.cat\/xtcd\/wp-json\/wp\/v2\/media?parent=11057"}],"curies":[{"name":"wp","href":"https:\/\/api.w.org\/{rel}","templated":true}]}}