{"id":12114,"date":"2023-05-15T13:29:17","date_gmt":"2023-05-15T11:29:17","guid":{"rendered":"https:\/\/projectes.xtec.cat\/xtcd\/?page_id=12114"},"modified":"2023-08-31T18:16:53","modified_gmt":"2023-08-31T16:16:53","slug":"sessio-6-area-6-desenvolupament-de-la-competencia-digital-de-lalumnat","status":"publish","type":"page","link":"https:\/\/projectes.xtec.cat\/xtcd\/sessio-6-area-6-desenvolupament-de-la-competencia-digital-de-lalumnat\/","title":{"rendered":"Sessi\u00f3 6. \u00c0rea 6: Desenvolupament de la compet\u00e8ncia digital de l&#8217;alumnat"},"content":{"rendered":"\n<div style=\"height:40px\" aria-hidden=\"true\" class=\"wp-block-spacer\"><\/div>\n\n\n\n<div class=\"wp-block-columns is-layout-flex wp-container-core-columns-is-layout-2 wp-block-columns-is-layout-flex\">\n<div class=\"wp-block-column is-layout-flow wp-block-column-is-layout-flow\" style=\"flex-basis:40%\">\n<h3 class=\"wp-block-heading\">Data<\/h3>\n\n\n\n<p class=\"has-normal-font-size\">18 de maig de 2023, 17:30 h<\/p>\n\n\n\n<div style=\"height:30px\" aria-hidden=\"true\" class=\"wp-block-spacer\"><\/div>\n\n\n\n<h3 class=\"wp-block-heading\">Descripci\u00f3<\/h3>\n\n\n\n<p class=\"has-normal-font-size\">En aquesta sessi\u00f3 es desenvoluparan els seg\u00fcents temes:<\/p>\n\n\n\n<ul class=\"has-normal-font-size wp-block-list\"><li>\u00c0rea 6: Desenvolupament de la compet\u00e8ncia digital de l&#8217;alumnat<ul><li>Alfabetitzaci\u00f3 medi\u00e0tica i en el tractament de la informaci\u00f3 i de les dades<\/li><li>Comunicaci\u00f3, col\u00b7laboraci\u00f3 i ciutadania digital<\/li><li>Creaci\u00f3 de continguts digitals<\/li><li>\u00das responsable i benestar digital<\/li><li>Resoluci\u00f3 de problemes<\/li><\/ul><\/li><li>Projectes per desenvolupar la compet\u00e8ncia digital de l&#8217;alumnat<\/li><\/ul>\n\n\n\n<h3 class=\"wp-block-heading\">Ponents<\/h3>\n\n\n\n<ul class=\"wp-block-list\" id=\"block-35476aba-017d-4a3c-94e4-338b2304e3e6\"><li>Maria Masjoan &#8211; \u00c0rea de Cultura digital, Departament d&#8217;Educaci\u00f3<\/li><li>Carlota Aran &#8211; \u00c0rea de Cultura digital, Departament d&#8217;Educaci\u00f3<\/li><\/ul>\n<\/div>\n\n\n\n<div class=\"wp-block-column is-layout-flow wp-block-column-is-layout-flow\">\n<div style=\"height:20px\" aria-hidden=\"true\" class=\"wp-block-spacer\"><\/div>\n\n\n<div class=\"h5p-iframe-wrapper\"><iframe id=\"h5p-iframe-48\" class=\"h5p-iframe\" data-content-id=\"48\" style=\"height:1px\" src=\"about:blank\" frameBorder=\"0\" scrolling=\"no\" title=\"XT-CDD - 2223 - \u00c0rea 6: Desenvolupament de la CDD\"><\/iframe><\/div>\n\n\n\n<div style=\"height:27px\" aria-hidden=\"true\" class=\"wp-block-spacer\"><\/div>\n\n\n\n<p class=\"has-normal-font-size\">Si no podeu veure el v\u00eddeo aneu a: <a href=\"https:\/\/youtu.be\/3AEfdBjgyVg\">https:\/\/www.youtube.com\/watch?v=AxkXIDdt6zs<\/a><\/p>\n\n\n\n<div style=\"height:24px\" aria-hidden=\"true\" class=\"wp-block-spacer\"><\/div>\n\n\n\n<div class=\"wp-block-columns is-layout-flex wp-container-core-columns-is-layout-1 wp-block-columns-is-layout-flex\">\n<div class=\"wp-block-column is-vertically-aligned-center is-layout-flow wp-block-column-is-layout-flow\">\n<div class=\"wp-block-buttons is-content-justification-center is-layout-flex wp-block-buttons-is-layout-flex\">\n<div class=\"wp-block-button is-style-outline is-style-outline--1\"><a class=\"wp-block-button__link\" href=\"https:\/\/forms.gle\/tKfReDfMLT5vFsBYA\" target=\"_blank\" rel=\"noreferrer noopener\">Formulari d&#8217;assist\u00e8ncia i valoraci\u00f3<\/a><\/div>\n<\/div>\n<\/div>\n<\/div>\n<\/div>\n<\/div>\n\n\n\n<div class=\"wp-block-columns is-layout-flex wp-container-core-columns-is-layout-3 wp-block-columns-is-layout-flex\">\n<div class=\"wp-block-column is-layout-flow wp-block-column-is-layout-flow\">\n<h3 class=\"wp-block-heading\">Recursos<\/h3>\n\n\n\n<ul class=\"wp-block-list\"><li><a href=\"https:\/\/docs.google.com\/presentation\/d\/e\/2PACX-1vTfpfrJESAeCklDdSKYvVaZHgWPYBNf7UQlS2RVhSrTSIkvghoALqauIz9QfPEXJ3WQWya7g3npUhho\/pub?start=false&amp;loop=false&amp;delayms=3000\">\u00c0rea 6: Desenvolupament de la Compet\u00e8ncia digital de l&#8217;alumnat<\/a><\/li><li><a href=\"https:\/\/docs.google.com\/presentation\/d\/e\/2PACX-1vRJwHndBzx_8hpJRVAt2INjBeKrNDU6JKsH03CGsat3DMkNklwqWq59WGyJZAbRSvuxKoaf76VS86cn\/pub?start=false&amp;loop=false&amp;delayms=3000\">Projecte Canal de Reporters i projecte Focus <\/a><\/li><li><a href=\"https:\/\/docs.google.com\/presentation\/d\/e\/2PACX-1vRHUcSu1W6-ZPY9SiJtv6sBXteKHGWaQGG0C2S904z0gl4cj0Z5AAmup2W7D61D-79q-v6XRWiSfrcH\/pub?start=false&amp;loop=false&amp;delayms=3000\">Programa Educatiu NewSpace<\/a><\/li><li><a href=\"https:\/\/docs.google.com\/presentation\/d\/e\/2PACX-1vQgyBu3ym9mOcvD_hKOullh_T01gWjXXMe-kNpooKnLmF3gryL1xhK9Ap6-uhq-fd0HYVgwRsgKxu6D\/pub?start=false&amp;loop=false&amp;delayms=3000\">Recursos per al desenvolupament del pensament computacional de l&#8217;alumnat <\/a><\/li><li><a href=\"https:\/\/docs.google.com\/presentation\/d\/e\/2PACX-1vSIVH3yVienIgX6HL03J0AlyerR64kDle0v6XZjkx8h0ikXTLmu69H_JOy1eiz2xBUaHWAAtaRk5TKi\/pub?start=false&amp;loop=false&amp;delayms=3000\">Mobile History Map<\/a><\/li><li><a href=\"https:\/\/projectes.xtec.cat\/digital\/\">Nodes Digital<\/a><\/li><\/ul>\n\n\n\n<div style=\"height:12px\" aria-hidden=\"true\" class=\"wp-block-spacer\"><\/div>\n\n\n\n<h3 class=\"wp-block-heading\">Seminaris territorials associats<\/h3>\n\n\n\n<ul class=\"wp-block-list\"><li>Consulteu amb el vostre CRP la data del seminari territorial associat.<\/li><\/ul>\n\n\n\n<div style=\"height:20px\" aria-hidden=\"true\" class=\"wp-block-spacer\"><\/div>\n\n\n\n<h3 class=\"wp-block-heading\">Participaci\u00f3 en el Nus<\/h3>\n\n\n\n<p>Despr\u00e9s dels seminaris web i els seminaris territorials, podeu continuar parlant dels temes tractats al <a rel=\"noreferrer noopener\" href=\"https:\/\/comunitat.edigital.cat\/c\/cdd\/129\" target=\"_blank\">Nus<\/a><\/p>\n<\/div>\n<\/div>\n\n\n\n<div style=\"height:100px\" aria-hidden=\"true\" class=\"wp-block-spacer\"><\/div>\n","protected":false},"excerpt":{"rendered":"<p>Data 18 de maig de 2023, 17:30 h Descripci\u00f3 En aquesta sessi\u00f3 es desenvoluparan els seg\u00fcents temes: \u00c0rea 6: Desenvolupament de la compet\u00e8ncia digital de l&#8217;alumnat Alfabetitzaci\u00f3 medi\u00e0tica i en el tractament de la informaci\u00f3 i de les dades Comunicaci\u00f3, col\u00b7laboraci\u00f3 i ciutadania digital Creaci\u00f3 de continguts digitals \u00das responsable i benestar digital Resoluci\u00f3 de [&hellip;]<\/p>\n","protected":false},"author":450,"featured_media":0,"parent":0,"menu_order":0,"comment_status":"closed","ping_status":"close","template":"","meta":{"site-sidebar-layout":"no-sidebar","site-content-layout":"plain-container","ast-site-content-layout":"","site-content-style":"default","site-sidebar-style":"default","ast-global-header-display":"disabled","ast-banner-title-visibility":"","ast-main-header-display":"","ast-hfb-above-header-display":"","ast-hfb-below-header-display":"","ast-hfb-mobile-header-display":"","site-post-title":"","ast-breadcrumbs-content":"","ast-featured-img":"","footer-sml-layout":"","theme-transparent-header-meta":"","adv-header-id-meta":"9237","stick-header-meta":"","header-above-stick-meta":"","header-main-stick-meta":"","header-below-stick-meta":"","astra-migrate-meta-layouts":"default","ast-page-background-enabled":"default","ast-page-background-meta":{"desktop":{"background-color":"","background-image":"","background-repeat":"repeat","background-position":"center center","background-size":"auto","background-attachment":"scroll","background-type":"","background-media":"","overlay-type":"","overlay-color":"","overlay-opacity":"","overlay-gradient":""},"tablet":{"background-color":"","background-image":"","background-repeat":"repeat","background-position":"center center","background-size":"auto","background-attachment":"scroll","background-type":"","background-media":"","overlay-type":"","overlay-color":"","overlay-opacity":"","overlay-gradient":""},"mobile":{"background-color":"","background-image":"","background-repeat":"repeat","background-position":"center center","background-size":"auto","background-attachment":"scroll","background-type":"","background-media":"","overlay-type":"","overlay-color":"","overlay-opacity":"","overlay-gradient":""}},"ast-content-background-meta":{"desktop":{"background-color":"var(--ast-global-color-5)","background-image":"","background-repeat":"repeat","background-position":"center center","background-size":"auto","background-attachment":"scroll","background-type":"","background-media":"","overlay-type":"","overlay-color":"","overlay-opacity":"","overlay-gradient":""},"tablet":{"background-color":"var(--ast-global-color-5)","background-image":"","background-repeat":"repeat","background-position":"center center","background-size":"auto","background-attachment":"scroll","background-type":"","background-media":"","overlay-type":"","overlay-color":"","overlay-opacity":"","overlay-gradient":""},"mobile":{"background-color":"var(--ast-global-color-5)","background-image":"","background-repeat":"repeat","background-position":"center center","background-size":"auto","background-attachment":"scroll","background-type":"","background-media":"","overlay-type":"","overlay-color":"","overlay-opacity":"","overlay-gradient":""}},"footnotes":""},"class_list":["post-12114","page","type-page","status-publish","hentry"],"_links":{"self":[{"href":"https:\/\/projectes.xtec.cat\/xtcd\/wp-json\/wp\/v2\/pages\/12114","targetHints":{"allow":["GET"]}}],"collection":[{"href":"https:\/\/projectes.xtec.cat\/xtcd\/wp-json\/wp\/v2\/pages"}],"about":[{"href":"https:\/\/projectes.xtec.cat\/xtcd\/wp-json\/wp\/v2\/types\/page"}],"author":[{"embeddable":true,"href":"https:\/\/projectes.xtec.cat\/xtcd\/wp-json\/wp\/v2\/users\/450"}],"replies":[{"embeddable":true,"href":"https:\/\/projectes.xtec.cat\/xtcd\/wp-json\/wp\/v2\/comments?post=12114"}],"version-history":[{"count":3,"href":"https:\/\/projectes.xtec.cat\/xtcd\/wp-json\/wp\/v2\/pages\/12114\/revisions"}],"predecessor-version":[{"id":12133,"href":"https:\/\/projectes.xtec.cat\/xtcd\/wp-json\/wp\/v2\/pages\/12114\/revisions\/12133"}],"wp:attachment":[{"href":"https:\/\/projectes.xtec.cat\/xtcd\/wp-json\/wp\/v2\/media?parent=12114"}],"curies":[{"name":"wp","href":"https:\/\/api.w.org\/{rel}","templated":true}]}}