{"id":8726,"date":"2020-10-23T11:43:08","date_gmt":"2020-10-23T09:43:08","guid":{"rendered":"https:\/\/projectes.xtec.cat\/xtcd\/?page_id=8726"},"modified":"2021-09-11T15:27:40","modified_gmt":"2021-09-11T13:27:40","slug":"sessio-1-2020-21","status":"publish","type":"page","link":"https:\/\/projectes.xtec.cat\/xtcd\/sessio-1-2020-21\/","title":{"rendered":"Sessi\u00f3 1 &#8211; 2020\/21"},"content":{"rendered":"<p>&nbsp;<\/p>\n<div>\n<h2><span style=\"color: #850404;\">Orientacions i recursos per a l&#8217;avaluaci\u00f3 de la compet\u00e8ncia digital de l&#8217;alumnat<\/span><\/h2>\n<p><a href=\"https:\/\/projectes.xtec.cat\/xtcd\/wp-content\/uploads\/usu1403\/2020\/10\/alumnes3.png\"><img loading=\"lazy\" decoding=\"async\" class=\"alignleft wp-image-8729 size-medium\" src=\"https:\/\/projectes.xtec.cat\/xtcd\/wp-content\/uploads\/usu1403\/2020\/10\/alumnes3-300x300.png\" alt=\"\" width=\"300\" height=\"300\" srcset=\"https:\/\/projectes.xtec.cat\/xtcd\/wp-content\/uploads\/usu1403\/2020\/10\/alumnes3-300x300.png 300w, https:\/\/projectes.xtec.cat\/xtcd\/wp-content\/uploads\/usu1403\/2020\/10\/alumnes3-150x150.png 150w, https:\/\/projectes.xtec.cat\/xtcd\/wp-content\/uploads\/usu1403\/2020\/10\/alumnes3.png 370w\" sizes=\"auto, (max-width: 300px) 100vw, 300px\" \/><\/a><\/p>\n<p><strong><br \/>\n26 d&#8217;octubre de 2020<\/strong> &#8211; <strong>17:30 h<\/strong><\/p>\n<p>Primera sessi\u00f3 dels Seminaris de la Xarxa Territorial de Cultura Digital #XTCD, punt de trobada de les accions per a la transformaci\u00f3 digital dels centres educatius de Catalunya, treballant en xarxa per a construir coneixement i millorar la compet\u00e8ncia digital d\u2019alumnat, docents i centres . Compta amb espais digitals per afavorir la reflexi\u00f3 i compartir coneixement.<\/p>\n<p>Aquest curs la <strong>participaci\u00f3 a la XTCD \u00e9s oberta a tot el professorat<\/strong> interessat a compartir experi\u00e8ncies en cultura digital a l\u2019aula.<\/p>\n<\/div>\n<div>\n<p>En el marc de l\u2019eix 1 del <a href=\"http:\/\/ensenyament.gencat.cat\/ca\/departament\/linies-estrategiques\/pla-educacio-digital\" target=\"_blank\" rel=\"noopener noreferrer\">Pla d&#8217;educaci\u00f3 digital de Catalunya<\/a> (PEDC), s\u2019inscriu l\u2019<strong>assoliment de la compet\u00e8ncia digital de l\u2019alumnat<\/strong> (d\u2019ara endavant, CDA), en concret en l\u2019objectiu espec\u00edfic 1: Proporcionar orientacions metodol\u00f2giques i d\u2019avaluaci\u00f3 que permetin establir un seguiment sobre l\u2019assoliment de la compet\u00e8ncia digital al llarg dels nivells de totes les etapes educatives. Aquest objectiu recull la l\u00ednia d\u2019actuaci\u00f3 1.2: Publicaci\u00f3 d\u2019orientacions per a l\u2019avaluaci\u00f3 transversal dels \u00e0mbits de l\u2019assoliment de la compet\u00e8ncia digital per a cada nivell de totes les etapes educatives.<\/p>\n<p>L\u2019objectiu d&#8217;aquesta sessi\u00f3 \u00e9s facilitar orientacions, estrat\u00e8gies i recursos per a aquesta l\u00ednia d\u2019actuaci\u00f3 del PEDC.<\/p>\n<\/div>\n<p><span style=\"color: #850404;\">\u00a0<\/span><\/p>\n<h5>Estructura de la sessi\u00f3<\/h5>\n<p style=\"text-align: left;\">Aquesta primera sessi\u00f3 est\u00e0 formada per diversos blocs de continguts. Tots ells es descriuen m\u00e9s avall. Els tres primers blocs es desenvoluparan en format <em>webinar<\/em> que es podr\u00e0 seguir accedint l&#8217;enlla\u00e7 seg\u00fcent:<\/p>\n<p style=\"text-align: left; padding-left: 40px;\"><iframe loading=\"lazy\" src=\"https:\/\/www.youtube.com\/embed\/CtEMaMWdYbc\" width=\"560\" height=\"315\" frameborder=\"0\"><\/iframe><br \/>\n26 d&#8217;octubre de 2020 &#8211; 17:30 h<\/p>\n<h5>1 &#8211; Introducci\u00f3<\/h5>\n<blockquote><p>Inclour\u00e0 informaci\u00f3 i novetats del Pla d\u2019Educaci\u00f3 Digital de Catalunya facilitades per l\u2019\u00c0rea de Cultura Digital i del contingut de la sessi\u00f3.<br \/>\nA c\u00e0rrec de la Subdirectora General de Recerca i Cultura Digital, Sra Ana Albalat Mart\u00ednez.<br \/>\nPrevisi\u00f3 de durada: 10&#8242;<\/p><\/blockquote>\n<h5>2 &#8211; Compartim experi\u00e8ncies<\/h5>\n<blockquote><p>S\u2019exposar\u00e0 l&#8217;experi\u00e8ncia de l&#8217;Institut Narc\u00eds Oller de Valls al voltant de l&#8217;avaluaci\u00f3 de la compet\u00e8ncia digital de l&#8217;alumnat.<br \/>\nA c\u00e0rrec dels docents Anna Casamitjana i Jaume Bartol\u00ed.<br \/>\nPrevisi\u00f3 de durada: 35&#8242;<\/p><\/blockquote>\n<h5>3 &#8211; P\u00edndola formativa<\/h5>\n<blockquote><p>Exposici\u00f3 formativa al voltant de l&#8217;avaluaci\u00f3 de la compet\u00e8ncia digital de l&#8217;alumnat. Inclour\u00e0 exemples i enc\u00e0rrec de feina a desenvolupar per les persones participants en el seminari.<br \/>\nB\u00e0sicament consistir\u00e0 a demanar la seva participaci\u00f3 activa als f\u00f2rums de debat que es posaran a la seva disposici\u00f3 al bloc 4 de cada sessi\u00f3.<br \/>\nEls materials corresponents a aquest bloc estan referenciats a l&#8217;apartat Documentaci\u00f3 d&#8217;aquesta mateixa p\u00e0gina.<br \/>\nA c\u00e0rrec de l\u2019\u00c0rea de Cultura Digital.<br \/>\nPrevisi\u00f3 de durada: 45&#8242;<\/p><\/blockquote>\n<h5>4 &#8211; Debat i dubtes<\/h5>\n<blockquote><p>Presentaci\u00f3 de la din\u00e0mica de funcionament de les sessions: Informaci\u00f3, documentaci\u00f3 i espais d&#8217;intercanvi a Odissea (<a href=\"https:\/\/odissea.xtec.cat\/course\/view.php?id=71142\" target=\"_blank\" rel=\"noopener noreferrer\">Xarxa Territorial de Cultura Digital<\/a>).<br \/>\nEs posaran a disposici\u00f3 del professorat f\u00f2rums de debat, intercanvi i dubtes, un per a cada Servei Territorial. Aquests f\u00f2rums seran gestionats pels Serveis Educatius i els Serveis Territorials, que en faran la dinamitzaci\u00f3 i el seguiment de la participaci\u00f3 dels docents. Les evid\u00e8ncies del desenvolupament de les tasques s\u2019extrauran, principalment, d\u2019aquests espais de participaci\u00f3, per a la certificaci\u00f3 corresponent.<br \/>\nEls participants inscrits al GTAF,\u00a0 accediran a un grup territorial del curs creat a Odissea. En alguns casos tamb\u00e9 s\u2019hi inclouran tasques, si cal que es facin trameses.<br \/>\nA c\u00e0rrec de l\u2019\u00c0rea de Cultura Digital.<br \/>\nPrevisi\u00f3 de durada: 5&#8242;<\/p><\/blockquote>\n<h5>Documentaci\u00f3<\/h5>\n<p><span style=\"color: #808080;\"><br \/>\n<a href=\"https:\/\/projectes.xtec.cat\/xtcd\/wp-content\/uploads\/usu1403\/2020\/10\/DOC_AVALUACI\u00d3_CD_ALUMNAT_ESO.png\"><img loading=\"lazy\" decoding=\"async\" class=\"alignleft size-thumbnail wp-image-8756\" src=\"https:\/\/projectes.xtec.cat\/xtcd\/wp-content\/uploads\/usu1403\/2020\/10\/DOC_AVALUACI\u00d3_CD_ALUMNAT_ESO-150x150.png\" alt=\"\" width=\"150\" height=\"150\" \/><\/a><br \/>\nAquest document s\u2019ha elaborat en el marc del Pla d\u2019Educaci\u00f3 digital de Catalunya, impulsat pel Departament d\u2019Educaci\u00f3, segueix les recomanacions de la UNESCO, l\u2019OCDE i altres organitzacions amb compet\u00e8ncies educatives, aix\u00ed com les pol\u00edtiques de la Uni\u00f3 Europea, en la tipificaci\u00f3 de la compet\u00e8ncia digital com una de les compet\u00e8ncies clau de la ciutadania en la societat actual.<br \/>\n<a href=\"https:\/\/drive.google.com\/file\/d\/1n4TdPg6oKkJO0XDwAuHpWXO6IxDKmPi3\/view\" target=\"_blank\" rel=\"noopener noreferrer\">Document<\/a><br \/>\n<\/span><\/p>\n<p><a href=\"https:\/\/drive.google.com\/file\/d\/1NF4GPJJBcnxQUjQq75duHNwUTPrJErui\/view\" target=\"_blank\" rel=\"noopener noreferrer\"><img loading=\"lazy\" decoding=\"async\" class=\"alignleft wp-image-8737 size-thumbnail\" src=\"https:\/\/projectes.xtec.cat\/xtcd\/wp-content\/uploads\/usu1403\/2020\/10\/Captura-de-Pantalla-2020-10-23-a-les-11.35.25-150x150.png\" alt=\"\" width=\"150\" height=\"150\" \/><\/a><br \/>\n<span style=\"color: #808080;\">V\u00eddeo explicatiu sobre el document &#8220;Orientacions per a l&#8217;avaluaci\u00f3 de la compet\u00e8ncia digital de l&#8217;alumnat a l&#8217;ESO&#8221;.\u00a0<\/span><br \/>\n<a href=\"https:\/\/drive.google.com\/file\/d\/1NF4GPJJBcnxQUjQq75duHNwUTPrJErui\/view\" target=\"_blank\" rel=\"noopener noreferrer\">V\u00eddeo<\/a><\/p>\n<p>&nbsp;<\/p>\n<p>&nbsp;<\/p>\n<p>&nbsp;<\/p>\n","protected":false},"excerpt":{"rendered":"<p>&nbsp; Orientacions i recursos per a l&#8217;avaluaci\u00f3 de la compet\u00e8ncia digital de l&#8217;alumnat 26 d&#8217;octubre de 2020 &#8211; 17:30 h Primera sessi\u00f3 dels Seminaris de la Xarxa Territorial de Cultura Digital #XTCD, punt de trobada de les accions per a la transformaci\u00f3 digital dels centres educatius de Catalunya, treballant en xarxa per a construir coneixement [&hellip;]<\/p>\n","protected":false},"author":4,"featured_media":0,"parent":0,"menu_order":0,"comment_status":"closed","ping_status":"closed","template":"","meta":{"site-sidebar-layout":"default","site-content-layout":"","ast-site-content-layout":"","site-content-style":"default","site-sidebar-style":"default","ast-global-header-display":"","ast-banner-title-visibility":"","ast-main-header-display":"","ast-hfb-above-header-display":"","ast-hfb-below-header-display":"","ast-hfb-mobile-header-display":"","site-post-title":"","ast-breadcrumbs-content":"","ast-featured-img":"","footer-sml-layout":"","theme-transparent-header-meta":"","adv-header-id-meta":"","stick-header-meta":"","header-above-stick-meta":"","header-main-stick-meta":"","header-below-stick-meta":"","astra-migrate-meta-layouts":"default","ast-page-background-enabled":"default","ast-page-background-meta":{"desktop":{"background-color":"","background-image":"","background-repeat":"repeat","background-position":"center center","background-size":"auto","background-attachment":"scroll","background-type":"","background-media":"","overlay-type":"","overlay-color":"","overlay-opacity":"","overlay-gradient":""},"tablet":{"background-color":"","background-image":"","background-repeat":"repeat","background-position":"center center","background-size":"auto","background-attachment":"scroll","background-type":"","background-media":"","overlay-type":"","overlay-color":"","overlay-opacity":"","overlay-gradient":""},"mobile":{"background-color":"","background-image":"","background-repeat":"repeat","background-position":"center center","background-size":"auto","background-attachment":"scroll","background-type":"","background-media":"","overlay-type":"","overlay-color":"","overlay-opacity":"","overlay-gradient":""}},"ast-content-background-meta":{"desktop":{"background-color":"var(--ast-global-color-5)","background-image":"","background-repeat":"repeat","background-position":"center center","background-size":"auto","background-attachment":"scroll","background-type":"","background-media":"","overlay-type":"","overlay-color":"","overlay-opacity":"","overlay-gradient":""},"tablet":{"background-color":"var(--ast-global-color-5)","background-image":"","background-repeat":"repeat","background-position":"center center","background-size":"auto","background-attachment":"scroll","background-type":"","background-media":"","overlay-type":"","overlay-color":"","overlay-opacity":"","overlay-gradient":""},"mobile":{"background-color":"var(--ast-global-color-5)","background-image":"","background-repeat":"repeat","background-position":"center center","background-size":"auto","background-attachment":"scroll","background-type":"","background-media":"","overlay-type":"","overlay-color":"","overlay-opacity":"","overlay-gradient":""}},"footnotes":""},"class_list":["post-8726","page","type-page","status-publish","hentry"],"_links":{"self":[{"href":"https:\/\/projectes.xtec.cat\/xtcd\/wp-json\/wp\/v2\/pages\/8726","targetHints":{"allow":["GET"]}}],"collection":[{"href":"https:\/\/projectes.xtec.cat\/xtcd\/wp-json\/wp\/v2\/pages"}],"about":[{"href":"https:\/\/projectes.xtec.cat\/xtcd\/wp-json\/wp\/v2\/types\/page"}],"author":[{"embeddable":true,"href":"https:\/\/projectes.xtec.cat\/xtcd\/wp-json\/wp\/v2\/users\/4"}],"replies":[{"embeddable":true,"href":"https:\/\/projectes.xtec.cat\/xtcd\/wp-json\/wp\/v2\/comments?post=8726"}],"version-history":[{"count":4,"href":"https:\/\/projectes.xtec.cat\/xtcd\/wp-json\/wp\/v2\/pages\/8726\/revisions"}],"predecessor-version":[{"id":8758,"href":"https:\/\/projectes.xtec.cat\/xtcd\/wp-json\/wp\/v2\/pages\/8726\/revisions\/8758"}],"wp:attachment":[{"href":"https:\/\/projectes.xtec.cat\/xtcd\/wp-json\/wp\/v2\/media?parent=8726"}],"curies":[{"name":"wp","href":"https:\/\/api.w.org\/{rel}","templated":true}]}}